{"id":94459,"date":"2019-04-11T14:39:28","date_gmt":"2019-04-11T14:39:28","guid":{"rendered":"https:\/\/www.emb.be\/projet\/private-residence-court-saint-etienne\/"},"modified":"2026-04-26T12:00:28","modified_gmt":"2026-04-26T12:00:28","slug":"private-residence-court-saint-etienne","status":"publish","type":"dt_portfolio","link":"https:\/\/www.emb.be\/en\/project\/private-residence-court-saint-etienne\/","title":{"rendered":"Private Residence \u2013 Court-Saint-\u00c9tienne"},"content":{"rendered":"\t\t<div data-elementor-type=\"wp-post\" data-elementor-id=\"94459\" class=\"elementor elementor-94459 elementor-800\" data-elementor-post-type=\"dt_portfolio\">\n\t\t\t\t\t\t<section class=\"elementor-section elementor-top-section elementor-element elementor-element-7c9f13ba elementor-section-boxed elementor-section-height-default elementor-section-height-default\" data-id=\"7c9f13ba\" data-element_type=\"section\" data-e-type=\"section\">\n\t\t\t\t\t\t<div class=\"elementor-container elementor-column-gap-wider\">\n\t\t\t\t\t<div class=\"elementor-column elementor-col-50 elementor-top-column elementor-element elementor-element-15ee1813\" data-id=\"15ee1813\" data-element_type=\"column\" data-e-type=\"column\">\n\t\t\t<div class=\"elementor-widget-wrap elementor-element-populated\">\n\t\t\t\t\t\t<div class=\"elementor-element elementor-element-104b8b3d elementor-widget elementor-widget-heading\" data-id=\"104b8b3d\" data-element_type=\"widget\" data-e-type=\"widget\" data-widget_type=\"heading.default\">\n\t\t\t\t\t<h2 class=\"elementor-heading-title elementor-size-default\">Client<\/h2>\t\t\t\t<\/div>\n\t\t\t\t<div class=\"elementor-element elementor-element-2e93ebc8 elementor-widget elementor-widget-spacer\" data-id=\"2e93ebc8\" data-element_type=\"widget\" data-e-type=\"widget\" data-widget_type=\"spacer.default\">\n\t\t\t\t\t\t\t<div class=\"elementor-spacer\">\n\t\t\t<div class=\"elementor-spacer-inner\"><\/div>\n\t\t<\/div>\n\t\t\t\t\t\t<\/div>\n\t\t\t\t<div class=\"elementor-element elementor-element-2cd4e129 elementor-widget elementor-widget-text-editor\" data-id=\"2cd4e129\" data-element_type=\"widget\" data-e-type=\"widget\" data-widget_type=\"text-editor.default\">\n\t\t\t\t\t\t\t\t\t<p>Private Residence \u2013 Court-Saint-\u00c9tienne<\/p>\t\t\t\t\t\t\t\t<\/div>\n\t\t\t\t\t<\/div>\n\t\t<\/div>\n\t\t\t\t<div class=\"elementor-column elementor-col-50 elementor-top-column elementor-element elementor-element-486276d3\" data-id=\"486276d3\" data-element_type=\"column\" data-e-type=\"column\">\n\t\t\t<div class=\"elementor-widget-wrap elementor-element-populated\">\n\t\t\t\t\t\t<div class=\"elementor-element elementor-element-64731a82 elementor-widget__width-initial elementor-widget elementor-widget-heading\" data-id=\"64731a82\" data-element_type=\"widget\" data-e-type=\"widget\" data-widget_type=\"heading.default\">\n\t\t\t\t\t<h2 class=\"elementor-heading-title elementor-size-default\">Challenge<\/h2>\t\t\t\t<\/div>\n\t\t\t\t<div class=\"elementor-element elementor-element-59bdb38f elementor-widget elementor-widget-spacer\" data-id=\"59bdb38f\" data-element_type=\"widget\" data-e-type=\"widget\" data-widget_type=\"spacer.default\">\n\t\t\t\t\t\t\t<div class=\"elementor-spacer\">\n\t\t\t<div class=\"elementor-spacer-inner\"><\/div>\n\t\t<\/div>\n\t\t\t\t\t\t<\/div>\n\t\t\t\t<div class=\"elementor-element elementor-element-33a0aa32 elementor-widget elementor-widget-text-editor\" data-id=\"33a0aa32\" data-element_type=\"widget\" data-e-type=\"widget\" data-widget_type=\"text-editor.default\">\n\t\t\t\t\t\t\t\t\t<p>Create aesthetic continuity between interior and exterior floors with a high-end Blue Stone-type decorative finish. Ensure resistance to daily use, ease of maintenance, and harmonious integration with the terrace and garden. <\/p>\t\t\t\t\t\t\t\t<\/div>\n\t\t\t\t\t<\/div>\n\t\t<\/div>\n\t\t\t\t\t<\/div>\n\t\t<\/section>\n\t\t<div class=\"elementor-element elementor-element-4af2ad63 e-flex e-con-boxed e-con e-parent\" data-id=\"4af2ad63\" data-element_type=\"container\" data-e-type=\"container\">\n\t\t\t\t\t<div class=\"e-con-inner\">\n\t\t\t\t<div class=\"elementor-element elementor-element-293654dc elementor-widget elementor-widget-gallery\" data-id=\"293654dc\" data-element_type=\"widget\" data-e-type=\"widget\" data-settings=\"{&quot;columns&quot;:3,&quot;aspect_ratio&quot;:&quot;1:1&quot;,&quot;gallery_layout&quot;:&quot;grid&quot;,&quot;columns_tablet&quot;:2,&quot;columns_mobile&quot;:1,&quot;gap&quot;:{&quot;unit&quot;:&quot;px&quot;,&quot;size&quot;:10,&quot;sizes&quot;:[]},&quot;gap_tablet&quot;:{&quot;unit&quot;:&quot;px&quot;,&quot;size&quot;:10,&quot;sizes&quot;:[]},&quot;gap_mobile&quot;:{&quot;unit&quot;:&quot;px&quot;,&quot;size&quot;:10,&quot;sizes&quot;:[]},&quot;overlay_background&quot;:&quot;yes&quot;,&quot;content_hover_animation&quot;:&quot;fade-in&quot;}\" data-widget_type=\"gallery.default\">\n\t\t\t\t\t\t\t<div class=\"elementor-gallery__container\">\n\t\t\t\t\t\t\t<div class=\"e-gallery-item elementor-gallery-item elementor-animated-content\">\n\t\t\t\t\t<div class=\"e-gallery-image elementor-gallery-item__image\" data-thumbnail=\"https:\/\/www.emb.be\/wp-content\/uploads\/2019\/04\/Terrasse-exterieure-en-beton-decoratif-effet-Blue-Stone-avec-paves-japonais.jpg\" data-width=\"2048\" data-height=\"1365\" aria-label=\"Terrasse ext\u00e9rieure en b\u00e9ton d\u00e9coratif effet Blue Stone avec pav\u00e9s japonais\" role=\"img\" ><\/div>\n\t\t\t\t\t\t\t\t\t\t\t<div class=\"elementor-gallery-item__overlay\"><\/div>\n\t\t\t\t\t\t\t\t\t\t\t\t\t\t<\/div>\n\t\t\t\t\t\t\t<div class=\"e-gallery-item elementor-gallery-item elementor-animated-content\">\n\t\t\t\t\t<div class=\"e-gallery-image elementor-gallery-item__image\" data-thumbnail=\"https:\/\/www.emb.be\/wp-content\/uploads\/2019\/04\/Amenagement-jardin-avec-dalles-beton-et-cheminement-paysager-contemporain.jpg\" data-width=\"1365\" data-height=\"2048\" aria-label=\"Am\u00e9nagement jardin avec dalles b\u00e9ton et cheminement paysager contemporain\" role=\"img\" ><\/div>\n\t\t\t\t\t\t\t\t\t\t\t<div class=\"elementor-gallery-item__overlay\"><\/div>\n\t\t\t\t\t\t\t\t\t\t\t\t\t\t<\/div>\n\t\t\t\t\t\t\t<div class=\"e-gallery-item elementor-gallery-item elementor-animated-content\">\n\t\t\t\t\t<div class=\"e-gallery-image elementor-gallery-item__image\" data-thumbnail=\"https:\/\/www.emb.be\/wp-content\/uploads\/2019\/04\/Sol-interieur-en-beton-decoratif-Blue-Stone-avec-vue-sur-terrasse-exterieure.jpg\" data-width=\"1365\" data-height=\"2048\" aria-label=\"Sol int\u00e9rieur en b\u00e9ton d\u00e9coratif Blue Stone avec vue sur terrasse ext\u00e9rieure\" role=\"img\" ><\/div>\n\t\t\t\t\t\t\t\t\t\t\t<div class=\"elementor-gallery-item__overlay\"><\/div>\n\t\t\t\t\t\t\t\t\t\t\t\t\t\t<\/div>\n\t\t\t\t\t\t\t<div class=\"e-gallery-item elementor-gallery-item elementor-animated-content\">\n\t\t\t\t\t<div class=\"e-gallery-image elementor-gallery-item__image\" data-thumbnail=\"https:\/\/www.emb.be\/wp-content\/uploads\/2019\/04\/Finition-sol-interieur-effet-pierre-naturelle-type-Blue-Stone-\u2013-habitat-contemporain.jpg\" data-width=\"1365\" data-height=\"2048\" aria-label=\"Finition sol int\u00e9rieur effet pierre naturelle type Blue Stone \u2013 habitat contemporain\" role=\"img\" ><\/div>\n\t\t\t\t\t\t\t\t\t\t\t<div class=\"elementor-gallery-item__overlay\"><\/div>\n\t\t\t\t\t\t\t\t\t\t\t\t\t\t<\/div>\n\t\t\t\t\t\t\t<div class=\"e-gallery-item elementor-gallery-item elementor-animated-content\">\n\t\t\t\t\t<div class=\"e-gallery-image elementor-gallery-item__image\" data-thumbnail=\"https:\/\/www.emb.be\/wp-content\/uploads\/2019\/04\/Continuite-sol-interieur-et-terrasse-en-beton-decoratif-haut-de-gamme.jpg\" data-width=\"1365\" data-height=\"2048\" aria-label=\"Continuit\u00e9 sol int\u00e9rieur et terrasse en b\u00e9ton d\u00e9coratif haut de gamme\" role=\"img\" ><\/div>\n\t\t\t\t\t\t\t\t\t\t\t<div class=\"elementor-gallery-item__overlay\"><\/div>\n\t\t\t\t\t\t\t\t\t\t\t\t\t\t<\/div>\n\t\t\t\t\t\t\t<div class=\"e-gallery-item elementor-gallery-item elementor-animated-content\">\n\t\t\t\t\t<div class=\"e-gallery-image elementor-gallery-item__image\" data-thumbnail=\"https:\/\/www.emb.be\/wp-content\/uploads\/2019\/04\/Revetement-de-sol-design-en-beton-MinHardur-effet-pierre-bleue.jpg\" data-width=\"1365\" data-height=\"2048\" aria-label=\"Rev\u00eatement de sol design en b\u00e9ton MinHardur effet pierre bleue\" role=\"img\" ><\/div>\n\t\t\t\t\t\t\t\t\t\t\t<div class=\"elementor-gallery-item__overlay\"><\/div>\n\t\t\t\t\t\t\t\t\t\t\t\t\t\t<\/div>\n\t\t\t\t\t\t\t<div class=\"e-gallery-item elementor-gallery-item elementor-animated-content\">\n\t\t\t\t\t<div class=\"e-gallery-image elementor-gallery-item__image\" data-thumbnail=\"https:\/\/www.emb.be\/wp-content\/uploads\/2019\/04\/Escalier-interieur-en-beton-decoratif-finition-Blue-Stone.jpg\" data-width=\"2048\" data-height=\"1365\" aria-label=\"Escalier int\u00e9rieur en b\u00e9ton d\u00e9coratif finition Blue Stone\" role=\"img\" ><\/div>\n\t\t\t\t\t\t\t\t\t\t\t<div class=\"elementor-gallery-item__overlay\"><\/div>\n\t\t\t\t\t\t\t\t\t\t\t\t\t\t<\/div>\n\t\t\t\t\t\t\t<div class=\"e-gallery-item elementor-gallery-item elementor-animated-content\">\n\t\t\t\t\t<div class=\"e-gallery-image elementor-gallery-item__image\" data-thumbnail=\"https:\/\/www.emb.be\/wp-content\/uploads\/2019\/04\/Detail-finition-sol-interieur-en-beton-poli-effet-pierre-naturelle.jpg\" data-width=\"2048\" data-height=\"1365\" aria-label=\"D\u00e9tail finition sol int\u00e9rieur en b\u00e9ton poli effet pierre naturelle\" role=\"img\" ><\/div>\n\t\t\t\t\t\t\t\t\t\t\t<div class=\"elementor-gallery-item__overlay\"><\/div>\n\t\t\t\t\t\t\t\t\t\t\t\t\t\t<\/div>\n\t\t\t\t\t\t\t<div class=\"e-gallery-item elementor-gallery-item elementor-animated-content\">\n\t\t\t\t\t<div class=\"e-gallery-image elementor-gallery-item__image\" data-thumbnail=\"https:\/\/www.emb.be\/wp-content\/uploads\/2019\/04\/Ouverture-interieure-sur-terrasse-beton-et-amenagement-paysager-contemporain.jpg\" data-width=\"1365\" data-height=\"2048\" aria-label=\"Ouverture int\u00e9rieure sur terrasse b\u00e9ton et am\u00e9nagement paysager contemporain\" role=\"img\" ><\/div>\n\t\t\t\t\t\t\t\t\t\t\t<div class=\"elementor-gallery-item__overlay\"><\/div>\n\t\t\t\t\t\t\t\t\t\t\t\t\t\t<\/div>\n\t\t\t\t\t<\/div>\n\t\t\t\t\t<\/div>\n\t\t\t\t\t<\/div>\n\t\t\t\t<\/div>\n\t\t\t\t<\/div>\n\t\t","protected":false},"excerpt":{"rendered":"<p>Complete flooring installation for a contemporary home with a Blue Stone-type decorative finish.<\/p>\n","protected":false},"author":2,"featured_media":94461,"comment_status":"open","ping_status":"closed","template":"","dt_portfolio_category":[292,285],"dt_portfolio_tags":[],"class_list":["post-94459","dt_portfolio","type-dt_portfolio","status-publish","has-post-thumbnail","hentry","dt_portfolio_category-decorative-concrete","dt_portfolio_category-finishes-alternatives"],"yoast_head":"<!-- This site is optimized with the Yoast SEO plugin v27.4 - https:\/\/yoast.com\/product\/yoast-seo-wordpress\/ -->\n<title>Private Residence \u2013 Court-Saint-\u00c9tienne - EMB<\/title>\n<meta name=\"robots\" content=\"index, follow, max-snippet:-1, max-image-preview:large, max-video-preview:-1\" \/>\n<link rel=\"canonical\" href=\"https:\/\/www.emb.be\/en\/project\/private-residence-court-saint-etienne\/\" \/>\n<meta property=\"og:locale\" content=\"en_US\" \/>\n<meta property=\"og:type\" content=\"article\" \/>\n<meta property=\"og:title\" content=\"Private Residence \u2013 Court-Saint-\u00c9tienne - EMB\" \/>\n<meta property=\"og:description\" content=\"Complete flooring installation for a contemporary home with a Blue Stone-type decorative finish.\" \/>\n<meta property=\"og:url\" content=\"https:\/\/www.emb.be\/en\/project\/private-residence-court-saint-etienne\/\" \/>\n<meta property=\"og:site_name\" content=\"EMB\" \/>\n<meta property=\"article:publisher\" content=\"https:\/\/www.facebook.com\/emb.belgium\/\" \/>\n<meta property=\"article:modified_time\" content=\"2026-04-26T12:00:28+00:00\" \/>\n<meta property=\"og:image\" content=\"https:\/\/www.emb.be\/wp-content\/uploads\/2019\/04\/Salon-moderne-avec-sol-en-beton-decoratif-fonce-effet-Blue-Stone.jpg\" \/>\n\t<meta property=\"og:image:width\" content=\"2048\" \/>\n\t<meta property=\"og:image:height\" content=\"1365\" \/>\n\t<meta property=\"og:image:type\" content=\"image\/jpeg\" \/>\n<meta name=\"twitter:card\" content=\"summary_large_image\" \/>\n<script type=\"application\/ld+json\" class=\"yoast-schema-graph\">{\"@context\":\"https:\\\/\\\/schema.org\",\"@graph\":[{\"@type\":\"WebPage\",\"@id\":\"https:\\\/\\\/www.emb.be\\\/en\\\/project\\\/private-residence-court-saint-etienne\\\/\",\"url\":\"https:\\\/\\\/www.emb.be\\\/en\\\/project\\\/private-residence-court-saint-etienne\\\/\",\"name\":\"Private Residence \u2013 Court-Saint-\u00c9tienne - EMB\",\"isPartOf\":{\"@id\":\"https:\\\/\\\/www.emb.be\\\/en\\\/#website\"},\"primaryImageOfPage\":{\"@id\":\"https:\\\/\\\/www.emb.be\\\/en\\\/project\\\/private-residence-court-saint-etienne\\\/#primaryimage\"},\"image\":{\"@id\":\"https:\\\/\\\/www.emb.be\\\/en\\\/project\\\/private-residence-court-saint-etienne\\\/#primaryimage\"},\"thumbnailUrl\":\"https:\\\/\\\/www.emb.be\\\/wp-content\\\/uploads\\\/2019\\\/04\\\/Salon-moderne-avec-sol-en-beton-decoratif-fonce-effet-Blue-Stone.jpg\",\"datePublished\":\"2019-04-11T14:39:28+00:00\",\"dateModified\":\"2026-04-26T12:00:28+00:00\",\"breadcrumb\":{\"@id\":\"https:\\\/\\\/www.emb.be\\\/en\\\/project\\\/private-residence-court-saint-etienne\\\/#breadcrumb\"},\"inLanguage\":\"en-US\",\"potentialAction\":[{\"@type\":\"ReadAction\",\"target\":[\"https:\\\/\\\/www.emb.be\\\/en\\\/project\\\/private-residence-court-saint-etienne\\\/\"]}]},{\"@type\":\"ImageObject\",\"inLanguage\":\"en-US\",\"@id\":\"https:\\\/\\\/www.emb.be\\\/en\\\/project\\\/private-residence-court-saint-etienne\\\/#primaryimage\",\"url\":\"https:\\\/\\\/www.emb.be\\\/wp-content\\\/uploads\\\/2019\\\/04\\\/Salon-moderne-avec-sol-en-beton-decoratif-fonce-effet-Blue-Stone.jpg\",\"contentUrl\":\"https:\\\/\\\/www.emb.be\\\/wp-content\\\/uploads\\\/2019\\\/04\\\/Salon-moderne-avec-sol-en-beton-decoratif-fonce-effet-Blue-Stone.jpg\",\"width\":2048,\"height\":1365},{\"@type\":\"BreadcrumbList\",\"@id\":\"https:\\\/\\\/www.emb.be\\\/en\\\/project\\\/private-residence-court-saint-etienne\\\/#breadcrumb\",\"itemListElement\":[{\"@type\":\"ListItem\",\"position\":1,\"name\":\"Accueil\",\"item\":\"https:\\\/\\\/www.emb.be\\\/en\\\/\"},{\"@type\":\"ListItem\",\"position\":2,\"name\":\"Portfolio\",\"item\":\"https:\\\/\\\/www.emb.be\\\/en\\\/project\\\/\"},{\"@type\":\"ListItem\",\"position\":3,\"name\":\"Private Residence \u2013 Court-Saint-\u00c9tienne\"}]},{\"@type\":\"WebSite\",\"@id\":\"https:\\\/\\\/www.emb.be\\\/en\\\/#website\",\"url\":\"https:\\\/\\\/www.emb.be\\\/en\\\/\",\"name\":\"EMB\",\"description\":\"\",\"publisher\":{\"@id\":\"https:\\\/\\\/www.emb.be\\\/en\\\/#organization\"},\"potentialAction\":[{\"@type\":\"SearchAction\",\"target\":{\"@type\":\"EntryPoint\",\"urlTemplate\":\"https:\\\/\\\/www.emb.be\\\/en\\\/?s={search_term_string}\"},\"query-input\":{\"@type\":\"PropertyValueSpecification\",\"valueRequired\":true,\"valueName\":\"search_term_string\"}}],\"inLanguage\":\"en-US\"},{\"@type\":\"Organization\",\"@id\":\"https:\\\/\\\/www.emb.be\\\/en\\\/#organization\",\"name\":\"EMB\",\"url\":\"https:\\\/\\\/www.emb.be\\\/en\\\/\",\"logo\":{\"@type\":\"ImageObject\",\"inLanguage\":\"en-US\",\"@id\":\"https:\\\/\\\/www.emb.be\\\/en\\\/#\\\/schema\\\/logo\\\/image\\\/\",\"url\":\"https:\\\/\\\/www.emb.be\\\/wp-content\\\/uploads\\\/2026\\\/02\\\/favicon_emb.png\",\"contentUrl\":\"https:\\\/\\\/www.emb.be\\\/wp-content\\\/uploads\\\/2026\\\/02\\\/favicon_emb.png\",\"width\":500,\"height\":500,\"caption\":\"EMB\"},\"image\":{\"@id\":\"https:\\\/\\\/www.emb.be\\\/en\\\/#\\\/schema\\\/logo\\\/image\\\/\"},\"sameAs\":[\"https:\\\/\\\/www.facebook.com\\\/emb.belgium\\\/\",\"https:\\\/\\\/be.linkedin.com\\\/company\\\/emb-entreprises-miot\"]}]}<\/script>\n<!-- \/ Yoast SEO plugin. -->","yoast_head_json":{"title":"Private Residence \u2013 Court-Saint-\u00c9tienne - EMB","robots":{"index":"index","follow":"follow","max-snippet":"max-snippet:-1","max-image-preview":"max-image-preview:large","max-video-preview":"max-video-preview:-1"},"canonical":"https:\/\/www.emb.be\/en\/project\/private-residence-court-saint-etienne\/","og_locale":"en_US","og_type":"article","og_title":"Private Residence \u2013 Court-Saint-\u00c9tienne - EMB","og_description":"Complete flooring installation for a contemporary home with a Blue Stone-type decorative finish.","og_url":"https:\/\/www.emb.be\/en\/project\/private-residence-court-saint-etienne\/","og_site_name":"EMB","article_publisher":"https:\/\/www.facebook.com\/emb.belgium\/","article_modified_time":"2026-04-26T12:00:28+00:00","og_image":[{"width":2048,"height":1365,"url":"https:\/\/www.emb.be\/wp-content\/uploads\/2019\/04\/Salon-moderne-avec-sol-en-beton-decoratif-fonce-effet-Blue-Stone.jpg","type":"image\/jpeg"}],"twitter_card":"summary_large_image","schema":{"@context":"https:\/\/schema.org","@graph":[{"@type":"WebPage","@id":"https:\/\/www.emb.be\/en\/project\/private-residence-court-saint-etienne\/","url":"https:\/\/www.emb.be\/en\/project\/private-residence-court-saint-etienne\/","name":"Private Residence \u2013 Court-Saint-\u00c9tienne - EMB","isPartOf":{"@id":"https:\/\/www.emb.be\/en\/#website"},"primaryImageOfPage":{"@id":"https:\/\/www.emb.be\/en\/project\/private-residence-court-saint-etienne\/#primaryimage"},"image":{"@id":"https:\/\/www.emb.be\/en\/project\/private-residence-court-saint-etienne\/#primaryimage"},"thumbnailUrl":"https:\/\/www.emb.be\/wp-content\/uploads\/2019\/04\/Salon-moderne-avec-sol-en-beton-decoratif-fonce-effet-Blue-Stone.jpg","datePublished":"2019-04-11T14:39:28+00:00","dateModified":"2026-04-26T12:00:28+00:00","breadcrumb":{"@id":"https:\/\/www.emb.be\/en\/project\/private-residence-court-saint-etienne\/#breadcrumb"},"inLanguage":"en-US","potentialAction":[{"@type":"ReadAction","target":["https:\/\/www.emb.be\/en\/project\/private-residence-court-saint-etienne\/"]}]},{"@type":"ImageObject","inLanguage":"en-US","@id":"https:\/\/www.emb.be\/en\/project\/private-residence-court-saint-etienne\/#primaryimage","url":"https:\/\/www.emb.be\/wp-content\/uploads\/2019\/04\/Salon-moderne-avec-sol-en-beton-decoratif-fonce-effet-Blue-Stone.jpg","contentUrl":"https:\/\/www.emb.be\/wp-content\/uploads\/2019\/04\/Salon-moderne-avec-sol-en-beton-decoratif-fonce-effet-Blue-Stone.jpg","width":2048,"height":1365},{"@type":"BreadcrumbList","@id":"https:\/\/www.emb.be\/en\/project\/private-residence-court-saint-etienne\/#breadcrumb","itemListElement":[{"@type":"ListItem","position":1,"name":"Accueil","item":"https:\/\/www.emb.be\/en\/"},{"@type":"ListItem","position":2,"name":"Portfolio","item":"https:\/\/www.emb.be\/en\/project\/"},{"@type":"ListItem","position":3,"name":"Private Residence \u2013 Court-Saint-\u00c9tienne"}]},{"@type":"WebSite","@id":"https:\/\/www.emb.be\/en\/#website","url":"https:\/\/www.emb.be\/en\/","name":"EMB","description":"","publisher":{"@id":"https:\/\/www.emb.be\/en\/#organization"},"potentialAction":[{"@type":"SearchAction","target":{"@type":"EntryPoint","urlTemplate":"https:\/\/www.emb.be\/en\/?s={search_term_string}"},"query-input":{"@type":"PropertyValueSpecification","valueRequired":true,"valueName":"search_term_string"}}],"inLanguage":"en-US"},{"@type":"Organization","@id":"https:\/\/www.emb.be\/en\/#organization","name":"EMB","url":"https:\/\/www.emb.be\/en\/","logo":{"@type":"ImageObject","inLanguage":"en-US","@id":"https:\/\/www.emb.be\/en\/#\/schema\/logo\/image\/","url":"https:\/\/www.emb.be\/wp-content\/uploads\/2026\/02\/favicon_emb.png","contentUrl":"https:\/\/www.emb.be\/wp-content\/uploads\/2026\/02\/favicon_emb.png","width":500,"height":500,"caption":"EMB"},"image":{"@id":"https:\/\/www.emb.be\/en\/#\/schema\/logo\/image\/"},"sameAs":["https:\/\/www.facebook.com\/emb.belgium\/","https:\/\/be.linkedin.com\/company\/emb-entreprises-miot"]}]}},"_links":{"self":[{"href":"https:\/\/www.emb.be\/en\/wp-json\/wp\/v2\/dt_portfolio\/94459","targetHints":{"allow":["GET"]}}],"collection":[{"href":"https:\/\/www.emb.be\/en\/wp-json\/wp\/v2\/dt_portfolio"}],"about":[{"href":"https:\/\/www.emb.be\/en\/wp-json\/wp\/v2\/types\/dt_portfolio"}],"author":[{"embeddable":true,"href":"https:\/\/www.emb.be\/en\/wp-json\/wp\/v2\/users\/2"}],"replies":[{"embeddable":true,"href":"https:\/\/www.emb.be\/en\/wp-json\/wp\/v2\/comments?post=94459"}],"version-history":[{"count":1,"href":"https:\/\/www.emb.be\/en\/wp-json\/wp\/v2\/dt_portfolio\/94459\/revisions"}],"predecessor-version":[{"id":94470,"href":"https:\/\/www.emb.be\/en\/wp-json\/wp\/v2\/dt_portfolio\/94459\/revisions\/94470"}],"wp:featuredmedia":[{"embeddable":true,"href":"https:\/\/www.emb.be\/en\/wp-json\/wp\/v2\/media\/94461"}],"wp:attachment":[{"href":"https:\/\/www.emb.be\/en\/wp-json\/wp\/v2\/media?parent=94459"}],"wp:term":[{"taxonomy":"dt_portfolio_category","embeddable":true,"href":"https:\/\/www.emb.be\/en\/wp-json\/wp\/v2\/dt_portfolio_category?post=94459"},{"taxonomy":"dt_portfolio_tags","embeddable":true,"href":"https:\/\/www.emb.be\/en\/wp-json\/wp\/v2\/dt_portfolio_tags?post=94459"}],"curies":[{"name":"wp","href":"https:\/\/api.w.org\/{rel}","templated":true}]}}