{"id":94583,"date":"2018-04-11T14:33:41","date_gmt":"2018-04-11T14:33:41","guid":{"rendered":"https:\/\/www.emb.be\/projet\/team-construct-indoor-concrete-floor\/"},"modified":"2026-04-26T12:01:10","modified_gmt":"2026-04-26T12:01:10","slug":"team-construct-indoor-concrete-floor","status":"publish","type":"dt_portfolio","link":"https:\/\/www.emb.be\/en\/project\/team-construct-indoor-concrete-floor\/","title":{"rendered":"Team Construct \u2013 indoor concrete floor"},"content":{"rendered":"\t\t<div data-elementor-type=\"wp-post\" data-elementor-id=\"94583\" class=\"elementor elementor-94583 elementor-810\" data-elementor-post-type=\"dt_portfolio\">\n\t\t\t\t\t\t<section class=\"elementor-section elementor-top-section elementor-element elementor-element-7e139562 elementor-section-boxed elementor-section-height-default elementor-section-height-default\" data-id=\"7e139562\" data-element_type=\"section\" data-e-type=\"section\">\n\t\t\t\t\t\t<div class=\"elementor-container elementor-column-gap-wider\">\n\t\t\t\t\t<div class=\"elementor-column elementor-col-50 elementor-top-column elementor-element elementor-element-3963f35c\" data-id=\"3963f35c\" data-element_type=\"column\" data-e-type=\"column\">\n\t\t\t<div class=\"elementor-widget-wrap elementor-element-populated\">\n\t\t\t\t\t\t<div class=\"elementor-element elementor-element-4f65d820 elementor-widget elementor-widget-heading\" data-id=\"4f65d820\" data-element_type=\"widget\" data-e-type=\"widget\" data-widget_type=\"heading.default\">\n\t\t\t\t\t<h2 class=\"elementor-heading-title elementor-size-default\">Client<\/h2>\t\t\t\t<\/div>\n\t\t\t\t<div class=\"elementor-element elementor-element-d59377c elementor-widget elementor-widget-spacer\" data-id=\"d59377c\" data-element_type=\"widget\" data-e-type=\"widget\" data-widget_type=\"spacer.default\">\n\t\t\t\t\t\t\t<div class=\"elementor-spacer\">\n\t\t\t<div class=\"elementor-spacer-inner\"><\/div>\n\t\t<\/div>\n\t\t\t\t\t\t<\/div>\n\t\t\t\t<div class=\"elementor-element elementor-element-78cc334e elementor-widget elementor-widget-text-editor\" data-id=\"78cc334e\" data-element_type=\"widget\" data-e-type=\"widget\" data-widget_type=\"text-editor.default\">\n\t\t\t\t\t\t\t\t\t<p>Team Construct \u2013 indoor concrete floor<\/p>\t\t\t\t\t\t\t\t<\/div>\n\t\t\t\t\t<\/div>\n\t\t<\/div>\n\t\t\t\t<div class=\"elementor-column elementor-col-50 elementor-top-column elementor-element elementor-element-50cd84f7\" data-id=\"50cd84f7\" data-element_type=\"column\" data-e-type=\"column\">\n\t\t\t<div class=\"elementor-widget-wrap elementor-element-populated\">\n\t\t\t\t\t\t<div class=\"elementor-element elementor-element-2245e1fb elementor-widget__width-initial elementor-widget elementor-widget-heading\" data-id=\"2245e1fb\" data-element_type=\"widget\" data-e-type=\"widget\" data-widget_type=\"heading.default\">\n\t\t\t\t\t<h2 class=\"elementor-heading-title elementor-size-default\">Challenge<\/h2>\t\t\t\t<\/div>\n\t\t\t\t<div class=\"elementor-element elementor-element-13312256 elementor-widget elementor-widget-spacer\" data-id=\"13312256\" data-element_type=\"widget\" data-e-type=\"widget\" data-widget_type=\"spacer.default\">\n\t\t\t\t\t\t\t<div class=\"elementor-spacer\">\n\t\t\t<div class=\"elementor-spacer-inner\"><\/div>\n\t\t<\/div>\n\t\t\t\t\t\t<\/div>\n\t\t\t\t<div class=\"elementor-element elementor-element-590003e2 elementor-widget elementor-widget-text-editor\" data-id=\"590003e2\" data-element_type=\"widget\" data-e-type=\"widget\" data-widget_type=\"text-editor.default\">\n\t\t\t\t\t\t\t\t\t<p>Install a robust, aesthetically pleasing floor suitable for a showroom frequented by customers and building professionals. Ensure durability, ease of maintenance, and consistency with a materials display environment. <\/p>\t\t\t\t\t\t\t\t<\/div>\n\t\t\t\t\t<\/div>\n\t\t<\/div>\n\t\t\t\t\t<\/div>\n\t\t<\/section>\n\t\t<div class=\"elementor-element elementor-element-1a66223e e-flex e-con-boxed e-con e-parent\" data-id=\"1a66223e\" data-element_type=\"container\" data-e-type=\"container\">\n\t\t\t\t\t<div class=\"e-con-inner\">\n\t\t\t\t<div class=\"elementor-element elementor-element-1f696d38 elementor-widget elementor-widget-gallery\" data-id=\"1f696d38\" data-element_type=\"widget\" data-e-type=\"widget\" data-settings=\"{&quot;columns&quot;:3,&quot;aspect_ratio&quot;:&quot;1:1&quot;,&quot;gallery_layout&quot;:&quot;grid&quot;,&quot;columns_tablet&quot;:2,&quot;columns_mobile&quot;:1,&quot;gap&quot;:{&quot;unit&quot;:&quot;px&quot;,&quot;size&quot;:10,&quot;sizes&quot;:[]},&quot;gap_tablet&quot;:{&quot;unit&quot;:&quot;px&quot;,&quot;size&quot;:10,&quot;sizes&quot;:[]},&quot;gap_mobile&quot;:{&quot;unit&quot;:&quot;px&quot;,&quot;size&quot;:10,&quot;sizes&quot;:[]},&quot;overlay_background&quot;:&quot;yes&quot;,&quot;content_hover_animation&quot;:&quot;fade-in&quot;}\" data-widget_type=\"gallery.default\">\n\t\t\t\t\t\t\t<div class=\"elementor-gallery__container\">\n\t\t\t\t\t\t\t<div class=\"e-gallery-item elementor-gallery-item elementor-animated-content\">\n\t\t\t\t\t<div class=\"e-gallery-image elementor-gallery-item__image\" data-thumbnail=\"https:\/\/www.emb.be\/wp-content\/uploads\/2018\/04\/Sol-en-beton-MinHardur-Blue-Stone-pour-showroom-materiaux.jpg\" data-width=\"1365\" data-height=\"2048\" aria-label=\"Sol en b\u00e9ton MinHardur Blue Stone pour showroom mat\u00e9riaux\" role=\"img\" ><\/div>\n\t\t\t\t\t\t\t\t\t\t\t<div class=\"elementor-gallery-item__overlay\"><\/div>\n\t\t\t\t\t\t\t\t\t\t\t\t\t\t<\/div>\n\t\t\t\t\t\t\t<div class=\"e-gallery-item elementor-gallery-item elementor-animated-content\">\n\t\t\t\t\t<div class=\"e-gallery-image elementor-gallery-item__image\" data-thumbnail=\"https:\/\/www.emb.be\/wp-content\/uploads\/2018\/04\/Revetement-beton-interieur-pour-espace-dexposition-professionnel.jpg\" data-width=\"2048\" data-height=\"1365\" aria-label=\"Rev\u00eatement b\u00e9ton int\u00e9rieur pour espace d\u2019exposition professionnel\" role=\"img\" ><\/div>\n\t\t\t\t\t\t\t\t\t\t\t<div class=\"elementor-gallery-item__overlay\"><\/div>\n\t\t\t\t\t\t\t\t\t\t\t\t\t\t<\/div>\n\t\t\t\t\t\t\t<div class=\"e-gallery-item elementor-gallery-item elementor-animated-content\">\n\t\t\t\t\t<div class=\"e-gallery-image elementor-gallery-item__image\" data-thumbnail=\"https:\/\/www.emb.be\/wp-content\/uploads\/2018\/04\/Surface-beton-durable-pour-hall-daccueil-et-bureaux.jpg\" data-width=\"1365\" data-height=\"2048\" aria-label=\"Surface b\u00e9ton durable pour hall d\u2019accueil et bureaux\" role=\"img\" ><\/div>\n\t\t\t\t\t\t\t\t\t\t\t<div class=\"elementor-gallery-item__overlay\"><\/div>\n\t\t\t\t\t\t\t\t\t\t\t\t\t\t<\/div>\n\t\t\t\t\t\t\t<div class=\"e-gallery-item elementor-gallery-item elementor-animated-content\">\n\t\t\t\t\t<div class=\"e-gallery-image elementor-gallery-item__image\" data-thumbnail=\"https:\/\/www.emb.be\/wp-content\/uploads\/2018\/04\/Detail-beton-poli-pour-usage-professionnel-intensif.jpg\" data-width=\"2048\" data-height=\"1365\" aria-label=\"D\u00e9tail b\u00e9ton poli pour usage professionnel intensif\" role=\"img\" ><\/div>\n\t\t\t\t\t\t\t\t\t\t\t<div class=\"elementor-gallery-item__overlay\"><\/div>\n\t\t\t\t\t\t\t\t\t\t\t\t\t\t<\/div>\n\t\t\t\t\t\t\t<div class=\"e-gallery-item elementor-gallery-item elementor-animated-content\">\n\t\t\t\t\t<div class=\"e-gallery-image elementor-gallery-item__image\" data-thumbnail=\"https:\/\/www.emb.be\/wp-content\/uploads\/2018\/04\/Revetement-de-sol-beton-continu-pour-showroom-materiaux.jpg\" data-width=\"2048\" data-height=\"1365\" aria-label=\"Rev\u00eatement de sol b\u00e9ton continu pour showroom mat\u00e9riaux\" role=\"img\" ><\/div>\n\t\t\t\t\t\t\t\t\t\t\t<div class=\"elementor-gallery-item__overlay\"><\/div>\n\t\t\t\t\t\t\t\t\t\t\t\t\t\t<\/div>\n\t\t\t\t\t\t\t<div class=\"e-gallery-item elementor-gallery-item elementor-animated-content\">\n\t\t\t\t\t<div class=\"e-gallery-image elementor-gallery-item__image\" data-thumbnail=\"https:\/\/www.emb.be\/wp-content\/uploads\/2018\/04\/Sol-beton-esthetique-pour-espace-dexposition-batiment.jpg\" data-width=\"2048\" data-height=\"1365\" aria-label=\"Sol b\u00e9ton esth\u00e9tique pour espace d\u2019exposition b\u00e2timent\" role=\"img\" ><\/div>\n\t\t\t\t\t\t\t\t\t\t\t<div class=\"elementor-gallery-item__overlay\"><\/div>\n\t\t\t\t\t\t\t\t\t\t\t\t\t\t<\/div>\n\t\t\t\t\t<\/div>\n\t\t\t\t\t<\/div>\n\t\t\t\t\t<\/div>\n\t\t\t\t<\/div>\n\t\t\t\t<\/div>\n\t\t","protected":false},"excerpt":{"rendered":"<p>Installation of a MinHardur concrete floor in Blue Stone tint for the Team Construct showroom in Ruisbroeck.<\/p>\n","protected":false},"author":2,"featured_media":94584,"comment_status":"open","ping_status":"closed","template":"","dt_portfolio_category":[287,292],"dt_portfolio_tags":[],"class_list":["post-94583","dt_portfolio","type-dt_portfolio","status-publish","has-post-thumbnail","hentry","dt_portfolio_category-concrete-floors","dt_portfolio_category-decorative-concrete"],"yoast_head":"<!-- This site is optimized with the Yoast SEO plugin v27.4 - https:\/\/yoast.com\/product\/yoast-seo-wordpress\/ -->\n<title>Team Construct \u2013 indoor concrete floor - EMB<\/title>\n<meta name=\"robots\" content=\"index, follow, max-snippet:-1, max-image-preview:large, max-video-preview:-1\" \/>\n<link rel=\"canonical\" href=\"https:\/\/www.emb.be\/en\/project\/team-construct-indoor-concrete-floor\/\" \/>\n<meta property=\"og:locale\" content=\"en_US\" \/>\n<meta property=\"og:type\" content=\"article\" \/>\n<meta property=\"og:title\" content=\"Team Construct \u2013 indoor concrete floor - EMB\" \/>\n<meta property=\"og:description\" content=\"Installation of a MinHardur concrete floor in Blue Stone tint for the Team Construct showroom in Ruisbroeck.\" \/>\n<meta property=\"og:url\" content=\"https:\/\/www.emb.be\/en\/project\/team-construct-indoor-concrete-floor\/\" \/>\n<meta property=\"og:site_name\" content=\"EMB\" \/>\n<meta property=\"article:publisher\" content=\"https:\/\/www.facebook.com\/emb.belgium\/\" \/>\n<meta property=\"article:modified_time\" content=\"2026-04-26T12:01:10+00:00\" \/>\n<meta property=\"og:image\" content=\"https:\/\/www.emb.be\/wp-content\/uploads\/2018\/04\/Sol-beton-esthetique-pour-espace-dexposition-batiment.jpg\" \/>\n\t<meta property=\"og:image:width\" content=\"2048\" \/>\n\t<meta property=\"og:image:height\" content=\"1365\" \/>\n\t<meta property=\"og:image:type\" content=\"image\/jpeg\" \/>\n<meta name=\"twitter:card\" content=\"summary_large_image\" \/>\n<script type=\"application\/ld+json\" class=\"yoast-schema-graph\">{\"@context\":\"https:\\\/\\\/schema.org\",\"@graph\":[{\"@type\":\"WebPage\",\"@id\":\"https:\\\/\\\/www.emb.be\\\/en\\\/project\\\/team-construct-indoor-concrete-floor\\\/\",\"url\":\"https:\\\/\\\/www.emb.be\\\/en\\\/project\\\/team-construct-indoor-concrete-floor\\\/\",\"name\":\"Team Construct \u2013 indoor concrete floor - EMB\",\"isPartOf\":{\"@id\":\"https:\\\/\\\/www.emb.be\\\/en\\\/#website\"},\"primaryImageOfPage\":{\"@id\":\"https:\\\/\\\/www.emb.be\\\/en\\\/project\\\/team-construct-indoor-concrete-floor\\\/#primaryimage\"},\"image\":{\"@id\":\"https:\\\/\\\/www.emb.be\\\/en\\\/project\\\/team-construct-indoor-concrete-floor\\\/#primaryimage\"},\"thumbnailUrl\":\"https:\\\/\\\/www.emb.be\\\/wp-content\\\/uploads\\\/2018\\\/04\\\/Sol-beton-esthetique-pour-espace-dexposition-batiment.jpg\",\"datePublished\":\"2018-04-11T14:33:41+00:00\",\"dateModified\":\"2026-04-26T12:01:10+00:00\",\"breadcrumb\":{\"@id\":\"https:\\\/\\\/www.emb.be\\\/en\\\/project\\\/team-construct-indoor-concrete-floor\\\/#breadcrumb\"},\"inLanguage\":\"en-US\",\"potentialAction\":[{\"@type\":\"ReadAction\",\"target\":[\"https:\\\/\\\/www.emb.be\\\/en\\\/project\\\/team-construct-indoor-concrete-floor\\\/\"]}]},{\"@type\":\"ImageObject\",\"inLanguage\":\"en-US\",\"@id\":\"https:\\\/\\\/www.emb.be\\\/en\\\/project\\\/team-construct-indoor-concrete-floor\\\/#primaryimage\",\"url\":\"https:\\\/\\\/www.emb.be\\\/wp-content\\\/uploads\\\/2018\\\/04\\\/Sol-beton-esthetique-pour-espace-dexposition-batiment.jpg\",\"contentUrl\":\"https:\\\/\\\/www.emb.be\\\/wp-content\\\/uploads\\\/2018\\\/04\\\/Sol-beton-esthetique-pour-espace-dexposition-batiment.jpg\",\"width\":2048,\"height\":1365,\"caption\":\"Sol b\u00e9ton esth\u00e9tique pour espace d\u2019exposition b\u00e2timent\"},{\"@type\":\"BreadcrumbList\",\"@id\":\"https:\\\/\\\/www.emb.be\\\/en\\\/project\\\/team-construct-indoor-concrete-floor\\\/#breadcrumb\",\"itemListElement\":[{\"@type\":\"ListItem\",\"position\":1,\"name\":\"Accueil\",\"item\":\"https:\\\/\\\/www.emb.be\\\/en\\\/\"},{\"@type\":\"ListItem\",\"position\":2,\"name\":\"Portfolio\",\"item\":\"https:\\\/\\\/www.emb.be\\\/en\\\/project\\\/\"},{\"@type\":\"ListItem\",\"position\":3,\"name\":\"Team Construct \u2013 indoor concrete floor\"}]},{\"@type\":\"WebSite\",\"@id\":\"https:\\\/\\\/www.emb.be\\\/en\\\/#website\",\"url\":\"https:\\\/\\\/www.emb.be\\\/en\\\/\",\"name\":\"EMB\",\"description\":\"\",\"publisher\":{\"@id\":\"https:\\\/\\\/www.emb.be\\\/en\\\/#organization\"},\"potentialAction\":[{\"@type\":\"SearchAction\",\"target\":{\"@type\":\"EntryPoint\",\"urlTemplate\":\"https:\\\/\\\/www.emb.be\\\/en\\\/?s={search_term_string}\"},\"query-input\":{\"@type\":\"PropertyValueSpecification\",\"valueRequired\":true,\"valueName\":\"search_term_string\"}}],\"inLanguage\":\"en-US\"},{\"@type\":\"Organization\",\"@id\":\"https:\\\/\\\/www.emb.be\\\/en\\\/#organization\",\"name\":\"EMB\",\"url\":\"https:\\\/\\\/www.emb.be\\\/en\\\/\",\"logo\":{\"@type\":\"ImageObject\",\"inLanguage\":\"en-US\",\"@id\":\"https:\\\/\\\/www.emb.be\\\/en\\\/#\\\/schema\\\/logo\\\/image\\\/\",\"url\":\"https:\\\/\\\/www.emb.be\\\/wp-content\\\/uploads\\\/2026\\\/02\\\/favicon_emb.png\",\"contentUrl\":\"https:\\\/\\\/www.emb.be\\\/wp-content\\\/uploads\\\/2026\\\/02\\\/favicon_emb.png\",\"width\":500,\"height\":500,\"caption\":\"EMB\"},\"image\":{\"@id\":\"https:\\\/\\\/www.emb.be\\\/en\\\/#\\\/schema\\\/logo\\\/image\\\/\"},\"sameAs\":[\"https:\\\/\\\/www.facebook.com\\\/emb.belgium\\\/\",\"https:\\\/\\\/be.linkedin.com\\\/company\\\/emb-entreprises-miot\"]}]}<\/script>\n<!-- \/ Yoast SEO plugin. -->","yoast_head_json":{"title":"Team Construct \u2013 indoor concrete floor - EMB","robots":{"index":"index","follow":"follow","max-snippet":"max-snippet:-1","max-image-preview":"max-image-preview:large","max-video-preview":"max-video-preview:-1"},"canonical":"https:\/\/www.emb.be\/en\/project\/team-construct-indoor-concrete-floor\/","og_locale":"en_US","og_type":"article","og_title":"Team Construct \u2013 indoor concrete floor - EMB","og_description":"Installation of a MinHardur concrete floor in Blue Stone tint for the Team Construct showroom in Ruisbroeck.","og_url":"https:\/\/www.emb.be\/en\/project\/team-construct-indoor-concrete-floor\/","og_site_name":"EMB","article_publisher":"https:\/\/www.facebook.com\/emb.belgium\/","article_modified_time":"2026-04-26T12:01:10+00:00","og_image":[{"width":2048,"height":1365,"url":"https:\/\/www.emb.be\/wp-content\/uploads\/2018\/04\/Sol-beton-esthetique-pour-espace-dexposition-batiment.jpg","type":"image\/jpeg"}],"twitter_card":"summary_large_image","schema":{"@context":"https:\/\/schema.org","@graph":[{"@type":"WebPage","@id":"https:\/\/www.emb.be\/en\/project\/team-construct-indoor-concrete-floor\/","url":"https:\/\/www.emb.be\/en\/project\/team-construct-indoor-concrete-floor\/","name":"Team Construct \u2013 indoor concrete floor - EMB","isPartOf":{"@id":"https:\/\/www.emb.be\/en\/#website"},"primaryImageOfPage":{"@id":"https:\/\/www.emb.be\/en\/project\/team-construct-indoor-concrete-floor\/#primaryimage"},"image":{"@id":"https:\/\/www.emb.be\/en\/project\/team-construct-indoor-concrete-floor\/#primaryimage"},"thumbnailUrl":"https:\/\/www.emb.be\/wp-content\/uploads\/2018\/04\/Sol-beton-esthetique-pour-espace-dexposition-batiment.jpg","datePublished":"2018-04-11T14:33:41+00:00","dateModified":"2026-04-26T12:01:10+00:00","breadcrumb":{"@id":"https:\/\/www.emb.be\/en\/project\/team-construct-indoor-concrete-floor\/#breadcrumb"},"inLanguage":"en-US","potentialAction":[{"@type":"ReadAction","target":["https:\/\/www.emb.be\/en\/project\/team-construct-indoor-concrete-floor\/"]}]},{"@type":"ImageObject","inLanguage":"en-US","@id":"https:\/\/www.emb.be\/en\/project\/team-construct-indoor-concrete-floor\/#primaryimage","url":"https:\/\/www.emb.be\/wp-content\/uploads\/2018\/04\/Sol-beton-esthetique-pour-espace-dexposition-batiment.jpg","contentUrl":"https:\/\/www.emb.be\/wp-content\/uploads\/2018\/04\/Sol-beton-esthetique-pour-espace-dexposition-batiment.jpg","width":2048,"height":1365,"caption":"Sol b\u00e9ton esth\u00e9tique pour espace d\u2019exposition b\u00e2timent"},{"@type":"BreadcrumbList","@id":"https:\/\/www.emb.be\/en\/project\/team-construct-indoor-concrete-floor\/#breadcrumb","itemListElement":[{"@type":"ListItem","position":1,"name":"Accueil","item":"https:\/\/www.emb.be\/en\/"},{"@type":"ListItem","position":2,"name":"Portfolio","item":"https:\/\/www.emb.be\/en\/project\/"},{"@type":"ListItem","position":3,"name":"Team Construct \u2013 indoor concrete floor"}]},{"@type":"WebSite","@id":"https:\/\/www.emb.be\/en\/#website","url":"https:\/\/www.emb.be\/en\/","name":"EMB","description":"","publisher":{"@id":"https:\/\/www.emb.be\/en\/#organization"},"potentialAction":[{"@type":"SearchAction","target":{"@type":"EntryPoint","urlTemplate":"https:\/\/www.emb.be\/en\/?s={search_term_string}"},"query-input":{"@type":"PropertyValueSpecification","valueRequired":true,"valueName":"search_term_string"}}],"inLanguage":"en-US"},{"@type":"Organization","@id":"https:\/\/www.emb.be\/en\/#organization","name":"EMB","url":"https:\/\/www.emb.be\/en\/","logo":{"@type":"ImageObject","inLanguage":"en-US","@id":"https:\/\/www.emb.be\/en\/#\/schema\/logo\/image\/","url":"https:\/\/www.emb.be\/wp-content\/uploads\/2026\/02\/favicon_emb.png","contentUrl":"https:\/\/www.emb.be\/wp-content\/uploads\/2026\/02\/favicon_emb.png","width":500,"height":500,"caption":"EMB"},"image":{"@id":"https:\/\/www.emb.be\/en\/#\/schema\/logo\/image\/"},"sameAs":["https:\/\/www.facebook.com\/emb.belgium\/","https:\/\/be.linkedin.com\/company\/emb-entreprises-miot"]}]}},"_links":{"self":[{"href":"https:\/\/www.emb.be\/en\/wp-json\/wp\/v2\/dt_portfolio\/94583","targetHints":{"allow":["GET"]}}],"collection":[{"href":"https:\/\/www.emb.be\/en\/wp-json\/wp\/v2\/dt_portfolio"}],"about":[{"href":"https:\/\/www.emb.be\/en\/wp-json\/wp\/v2\/types\/dt_portfolio"}],"author":[{"embeddable":true,"href":"https:\/\/www.emb.be\/en\/wp-json\/wp\/v2\/users\/2"}],"replies":[{"embeddable":true,"href":"https:\/\/www.emb.be\/en\/wp-json\/wp\/v2\/comments?post=94583"}],"version-history":[{"count":1,"href":"https:\/\/www.emb.be\/en\/wp-json\/wp\/v2\/dt_portfolio\/94583\/revisions"}],"predecessor-version":[{"id":94590,"href":"https:\/\/www.emb.be\/en\/wp-json\/wp\/v2\/dt_portfolio\/94583\/revisions\/94590"}],"wp:featuredmedia":[{"embeddable":true,"href":"https:\/\/www.emb.be\/en\/wp-json\/wp\/v2\/media\/94584"}],"wp:attachment":[{"href":"https:\/\/www.emb.be\/en\/wp-json\/wp\/v2\/media?parent=94583"}],"wp:term":[{"taxonomy":"dt_portfolio_category","embeddable":true,"href":"https:\/\/www.emb.be\/en\/wp-json\/wp\/v2\/dt_portfolio_category?post=94583"},{"taxonomy":"dt_portfolio_tags","embeddable":true,"href":"https:\/\/www.emb.be\/en\/wp-json\/wp\/v2\/dt_portfolio_tags?post=94583"}],"curies":[{"name":"wp","href":"https:\/\/api.w.org\/{rel}","templated":true}]}}