{"id":94034,"date":"2026-02-17T13:27:19","date_gmt":"2026-02-17T13:27:19","guid":{"rendered":"https:\/\/www.emb.be\/floor-insulation\/"},"modified":"2026-04-26T10:45:47","modified_gmt":"2026-04-26T10:45:47","slug":"floor-insulation","status":"publish","type":"page","link":"https:\/\/www.emb.be\/en\/floor-insulation\/","title":{"rendered":"Floor Insulation"},"content":{"rendered":"\t\t<div data-elementor-type=\"wp-page\" data-elementor-id=\"94034\" class=\"elementor elementor-94034 elementor-93309\" data-elementor-post-type=\"page\">\n\t\t\t\t\t\t<section class=\"elementor-section elementor-top-section elementor-element elementor-element-d6baacc elementor-section-height-min-height elementor-section-items-stretch elementor-section-content-middle elementor-reverse-tablet elementor-reverse-mobile elementor-section-boxed elementor-section-height-default\" data-id=\"d6baacc\" data-element_type=\"section\" data-e-type=\"section\">\n\t\t\t\t\t\t<div class=\"elementor-container elementor-column-gap-wider\">\n\t\t\t\t\t<div class=\"elementor-column elementor-col-50 elementor-top-column elementor-element elementor-element-224057fd\" data-id=\"224057fd\" data-element_type=\"column\" data-e-type=\"column\">\n\t\t\t<div class=\"elementor-widget-wrap elementor-element-populated\">\n\t\t\t\t\t\t<div class=\"elementor-element elementor-element-25f436ec elementor-widget elementor-widget-heading\" data-id=\"25f436ec\" data-element_type=\"widget\" data-e-type=\"widget\" data-widget_type=\"heading.default\">\n\t\t\t\t\t<h2 class=\"elementor-heading-title elementor-size-default\">Floor insulation in Brussels for homes and professional buildings<\/h2>\t\t\t\t<\/div>\n\t\t\t\t<div class=\"elementor-element elementor-element-3d747250 elementor-widget elementor-widget-spacer\" data-id=\"3d747250\" data-element_type=\"widget\" data-e-type=\"widget\" data-widget_type=\"spacer.default\">\n\t\t\t\t\t\t\t<div class=\"elementor-spacer\">\n\t\t\t<div class=\"elementor-spacer-inner\"><\/div>\n\t\t<\/div>\n\t\t\t\t\t\t<\/div>\n\t\t\t\t<div class=\"elementor-element elementor-element-63685ba elementor-widget elementor-widget-text-editor\" data-id=\"63685ba\" data-element_type=\"widget\" data-e-type=\"widget\" data-widget_type=\"text-editor.default\">\n\t\t\t\t\t\t\t\t\t<p><strong>Floor insulation<\/strong> reduces heat loss, improves thermal comfort, and meets current energy requirements in both new builds and renovations.<\/p><p>As a <strong>floor insulation company<\/strong> in <a href=\"https:\/\/www.bruxelles.be\/\">Brussels<\/a>, EMB implements solutions tailored to every project: <strong>under-screed membranes<\/strong>, <strong>insulation panels<\/strong>, sprayed <strong>PUR<\/strong>, or <strong>acoustic insulation<\/strong>.<\/p><p>We also assist you with energy grant applications for your insulation work in <strong>Belgium<\/strong>.<\/p>\t\t\t\t\t\t\t\t<\/div>\n\t\t\t\t<div class=\"elementor-element elementor-element-7c127746 elementor-widget elementor-widget-spacer\" data-id=\"7c127746\" data-element_type=\"widget\" data-e-type=\"widget\" data-widget_type=\"spacer.default\">\n\t\t\t\t\t\t\t<div class=\"elementor-spacer\">\n\t\t\t<div class=\"elementor-spacer-inner\"><\/div>\n\t\t<\/div>\n\t\t\t\t\t\t<\/div>\n\t\t\t\t\t<\/div>\n\t\t<\/div>\n\t\t\t\t<div class=\"elementor-column elementor-col-50 elementor-top-column elementor-element elementor-element-2c5669d4\" data-id=\"2c5669d4\" data-element_type=\"column\" data-e-type=\"column\">\n\t\t\t<div class=\"elementor-widget-wrap elementor-element-populated\">\n\t\t\t\t\t\t<div class=\"elementor-element elementor-element-6d9ce109 elementor-widget__width-initial elementor-widget-mobile__width-auto elementor-widget elementor-widget-image\" data-id=\"6d9ce109\" data-element_type=\"widget\" data-e-type=\"widget\" data-widget_type=\"image.default\">\n\t\t\t\t\t\t\t\t\t\t\t\t\t\t\t<img decoding=\"async\" src=\"https:\/\/www.emb.be\/wp-content\/uploads\/elementor\/thumbs\/isolation-sol-bruxelles-membrane-sous-chape-01-rme9nxvurrecmx2efr9ifltblwz72gmflgljt27ymo.jpg\" title=\"Installation of an under-screed membrane for floor insulation in Brussels on a renovation site\" alt=\"Installation of an under-screed membrane for floor insulation in Brussels on a renovation site\" loading=\"lazy\" \/>\t\t\t\t\t\t\t\t\t\t\t\t\t\t\t<\/div>\n\t\t\t\t\t<\/div>\n\t\t<\/div>\n\t\t\t\t\t<\/div>\n\t\t<\/section>\n\t\t\t\t<section class=\"elementor-section elementor-top-section elementor-element elementor-element-5833c390 elementor-section-boxed elementor-section-height-default elementor-section-height-default\" data-id=\"5833c390\" data-element_type=\"section\" data-e-type=\"section\">\n\t\t\t\t\t\t<div class=\"elementor-container elementor-column-gap-wider\">\n\t\t\t\t\t<div class=\"elementor-column elementor-col-100 elementor-top-column elementor-element elementor-element-2ae653f9\" data-id=\"2ae653f9\" data-element_type=\"column\" data-e-type=\"column\">\n\t\t\t<div class=\"elementor-widget-wrap elementor-element-populated\">\n\t\t\t\t\t\t<div class=\"elementor-element elementor-element-1e62a80e elementor-widget elementor-widget-heading\" data-id=\"1e62a80e\" data-element_type=\"widget\" data-e-type=\"widget\" data-widget_type=\"heading.default\">\n\t\t\t\t\t<h2 class=\"elementor-heading-title elementor-size-default\">Floor insulation: what you need to know<\/h2>\t\t\t\t<\/div>\n\t\t\t\t<div class=\"elementor-element elementor-element-79266ef2 content-align-center icon-position-top icon-vertical-align-center icon-box-vertical-align-center elementor-widget elementor-widget-the7_icon_box_grid_widget\" data-id=\"79266ef2\" data-element_type=\"widget\" data-e-type=\"widget\" data-widget_type=\"the7_icon_box_grid_widget.default\">\n\t\t\t\t<div class=\"elementor-widget-container\">\n\t\t\t\t\t<div class=\"the7-box-grid-wrapper the7-elementor-widget loading-effect-none the7_icon_box_grid_widget-79266ef2\">\t\t\t<div class=\"dt-css-grid\">\n\t\t\t\t\t\t\t\t\t<div class=\"wf-cell shown\">\n\t\t\t\t\t\t<div class=\"the7-icon-box-grid\">\t\t\t\t\t\t\t<div class=\"box-content-wrapper\">\n\t\t\t\t\t\t\t\t\t\t\t\t\t\t\t\t<div class=\"box-content\">\n\t\t\t\t\t\t\t\t\t\t\t\t\t\t\t\t\t\t\t\t\t\t\t\t\t\t\t\t\t<h3 class=\"box-heading\">\n\t\t\t\t\t\t\t\t\t\t\t<a aria-label=\"Reduced heat loss\">\t\t\t\t\t\t\t\t\t\t\t\tReduced heat loss\t\t\t\t\t\t\t\t\t\t\t<\/a>\t\t\t\t\t\t\t\t\t\t<\/h3>\n\t\t\t\t\t\t\t\t\t\t\t\t\t\t\t\t\t\t\t\t\t\t\t\t\t\t\t\t<div class=\"box-description\">Thermal floor insulation limits energy loss and improves the building's performance.<\/div>\n\t\t\t\t\t\t\t\t\t\t\t\t\t\t\t\t\t\t\t\t\t\t\t\t\t\t<\/div>\n\t\t\t\t\t\t\t<\/div>\n\t\t\t\t\t\t<\/div>\t\t\t\t\t<\/div>\n\t\t\t\t\t\t\t\t\t<div class=\"wf-cell shown\">\n\t\t\t\t\t\t<div class=\"the7-icon-box-grid\">\t\t\t\t\t\t\t<div class=\"box-content-wrapper\">\n\t\t\t\t\t\t\t\t\t\t\t\t\t\t\t\t<div class=\"box-content\">\n\t\t\t\t\t\t\t\t\t\t\t\t\t\t\t\t\t\t\t\t\t\t\t\t\t\t\t\t\t<h3 class=\"box-heading\">\n\t\t\t\t\t\t\t\t\t\t\t<a aria-label=\"Enhanced thermal comfort\">\t\t\t\t\t\t\t\t\t\t\t\tEnhanced thermal comfort\t\t\t\t\t\t\t\t\t\t\t<\/a>\t\t\t\t\t\t\t\t\t\t<\/h3>\n\t\t\t\t\t\t\t\t\t\t\t\t\t\t\t\t\t\t\t\t\t\t\t\t\t\t\t\t<div class=\"box-description\">An insulated floor provides a better thermal sensation and reduces indoor temperature fluctuations.<\/div>\n\t\t\t\t\t\t\t\t\t\t\t\t\t\t\t\t\t\t\t\t\t\t\t\t\t\t<\/div>\n\t\t\t\t\t\t\t<\/div>\n\t\t\t\t\t\t<\/div>\t\t\t\t\t<\/div>\n\t\t\t\t\t\t\t\t\t<div class=\"wf-cell shown\">\n\t\t\t\t\t\t<div class=\"the7-icon-box-grid\">\t\t\t\t\t\t\t<div class=\"box-content-wrapper\">\n\t\t\t\t\t\t\t\t\t\t\t\t\t\t\t\t<div class=\"box-content\">\n\t\t\t\t\t\t\t\t\t\t\t\t\t\t\t\t\t\t\t\t\t\t\t\t\t\t\t\t\t<h3 class=\"box-heading\">\n\t\t\t\t\t\t\t\t\t\t\t<a aria-label=\"Superior acoustic insulation\">\t\t\t\t\t\t\t\t\t\t\t\tSuperior acoustic insulation\t\t\t\t\t\t\t\t\t\t\t<\/a>\t\t\t\t\t\t\t\t\t\t<\/h3>\n\t\t\t\t\t\t\t\t\t\t\t\t\t\t\t\t\t\t\t\t\t\t\t\t\t\t\t\t<div class=\"box-description\">Tailored solutions reduce noise transmission between levels and improve living comfort.<\/div>\n\t\t\t\t\t\t\t\t\t\t\t\t\t\t\t\t\t\t\t\t\t\t\t\t\t\t<\/div>\n\t\t\t\t\t\t\t<\/div>\n\t\t\t\t\t\t<\/div>\t\t\t\t\t<\/div>\n\t\t\t\t\t\t\t\t\t<div class=\"wf-cell shown\">\n\t\t\t\t\t\t<div class=\"the7-icon-box-grid\">\t\t\t\t\t\t\t<div class=\"box-content-wrapper\">\n\t\t\t\t\t\t\t\t\t\t\t\t\t\t\t\t<div class=\"box-content\">\n\t\t\t\t\t\t\t\t\t\t\t\t\t\t\t\t\t\t\t\t\t\t\t\t\t\t\t\t\t<h3 class=\"box-heading\">\n\t\t\t\t\t\t\t\t\t\t\t<a href=\"https:\/\/www.emb.be\/servies\/service01\" aria-label=\"Project-specific solutions\">\t\t\t\t\t\t\t\t\t\t\t\tProject-specific solutions\t\t\t\t\t\t\t\t\t\t\t<\/a>\t\t\t\t\t\t\t\t\t\t<\/h3>\n\t\t\t\t\t\t\t\t\t\t\t\t\t\t\t\t\t\t\t\t\t\t\t\t\t\t\t\t<div class=\"box-description\">Under-screed insulation, panels, or spraying: each system is selected based on the building and its use.<\/div>\n\t\t\t\t\t\t\t\t\t\t\t\t\t\t\t\t\t\t\t\t\t\t\t\t\t\t<\/div>\n\t\t\t\t\t\t\t<\/div>\n\t\t\t\t\t\t<\/div>\t\t\t\t\t<\/div>\n\t\t\t\t\t\t\t<\/div>\n\t\t<\/div>\t\t\t\t<\/div>\n\t\t\t\t<\/div>\n\t\t\t\t\t<\/div>\n\t\t<\/div>\n\t\t\t\t\t<\/div>\n\t\t<\/section>\n\t\t\t\t<section class=\"elementor-section elementor-top-section elementor-element elementor-element-7934ea1d elementor-section-boxed elementor-section-height-default elementor-section-height-default\" data-id=\"7934ea1d\" data-element_type=\"section\" data-e-type=\"section\" data-settings=\"{&quot;background_background&quot;:&quot;classic&quot;}\">\n\t\t\t\t\t\t<div class=\"elementor-container elementor-column-gap-wider\">\n\t\t\t\t\t<div class=\"elementor-column elementor-col-100 elementor-top-column elementor-element elementor-element-60da10e7\" data-id=\"60da10e7\" data-element_type=\"column\" data-e-type=\"column\">\n\t\t\t<div class=\"elementor-widget-wrap elementor-element-populated\">\n\t\t\t\t\t\t<div class=\"elementor-element elementor-element-5ce40216 elementor-widget elementor-widget-heading\" data-id=\"5ce40216\" data-element_type=\"widget\" data-e-type=\"widget\" data-widget_type=\"heading.default\">\n\t\t\t\t\t<h2 class=\"elementor-heading-title elementor-size-default\">Floor Insulation Solutions<\/h2>\t\t\t\t<\/div>\n\t\t\t\t\t<\/div>\n\t\t<\/div>\n\t\t\t\t\t<\/div>\n\t\t<\/section>\n\t\t\t\t<section class=\"elementor-section elementor-top-section elementor-element elementor-element-76d61c9e elementor-section-boxed elementor-section-height-default elementor-section-height-default\" data-id=\"76d61c9e\" data-element_type=\"section\" data-e-type=\"section\" data-settings=\"{&quot;background_background&quot;:&quot;classic&quot;}\">\n\t\t\t\t\t\t<div class=\"elementor-container elementor-column-gap-wider\">\n\t\t\t\t\t<div class=\"elementor-column elementor-col-50 elementor-top-column elementor-element elementor-element-3d9c98a6\" data-id=\"3d9c98a6\" data-element_type=\"column\" data-e-type=\"column\">\n\t\t\t<div class=\"elementor-widget-wrap elementor-element-populated\">\n\t\t\t\t\t\t<div class=\"elementor-element elementor-element-4f783fd1 elementor-widget-mobile__width-auto elementor-widget elementor-widget-image\" data-id=\"4f783fd1\" data-element_type=\"widget\" data-e-type=\"widget\" data-widget_type=\"image.default\">\n\t\t\t\t\t\t\t\t\t\t\t\t\t\t\t<img decoding=\"async\" src=\"https:\/\/www.emb.be\/wp-content\/uploads\/elementor\/thumbs\/preparation-isolation-sol-avant-chape-bruxelles-02-rme9nzrg3sgf3n8m9b7oymnb8q2cnqun2ip0bpmolk.jpg\" title=\"Preparation of floor insulation before screeding in a hallway on a Brussels construction site\" alt=\"Preparation of floor insulation before screeding in a hallway on a Brussels construction site\" loading=\"lazy\" \/>\t\t\t\t\t\t\t\t\t\t\t\t\t\t\t<\/div>\n\t\t\t\t<div class=\"elementor-element elementor-element-130929d7 elementor-widget elementor-widget-spacer\" data-id=\"130929d7\" data-element_type=\"widget\" data-e-type=\"widget\" data-widget_type=\"spacer.default\">\n\t\t\t\t\t\t\t<div class=\"elementor-spacer\">\n\t\t\t<div class=\"elementor-spacer-inner\"><\/div>\n\t\t<\/div>\n\t\t\t\t\t\t<\/div>\n\t\t\t\t<div class=\"elementor-element elementor-element-4e7c5f6 elementor-widget elementor-widget-heading\" data-id=\"4e7c5f6\" data-element_type=\"widget\" data-e-type=\"widget\" data-widget_type=\"heading.default\">\n\t\t\t\t\t<h3 class=\"elementor-heading-title elementor-size-default\">Thermal floor insulation<\/h3>\t\t\t\t<\/div>\n\t\t\t\t<div class=\"elementor-element elementor-element-6f31fcd1 elementor-widget elementor-widget-spacer\" data-id=\"6f31fcd1\" data-element_type=\"widget\" data-e-type=\"widget\" data-widget_type=\"spacer.default\">\n\t\t\t\t\t\t\t<div class=\"elementor-spacer\">\n\t\t\t<div class=\"elementor-spacer-inner\"><\/div>\n\t\t<\/div>\n\t\t\t\t\t\t<\/div>\n\t\t\t\t<div class=\"elementor-element elementor-element-4b9d048 elementor-icon-list--layout-traditional elementor-list-item-link-full_width elementor-widget elementor-widget-icon-list\" data-id=\"4b9d048\" data-element_type=\"widget\" data-e-type=\"widget\" data-widget_type=\"icon-list.default\">\n\t\t\t\t\t\t\t<ul class=\"elementor-icon-list-items\">\n\t\t\t\t\t\t\t<li class=\"elementor-icon-list-item\">\n\t\t\t\t\t\t\t\t\t\t\t<span class=\"elementor-icon-list-icon\">\n\t\t\t\t\t\t\t<svg aria-hidden=\"true\" class=\"e-font-icon-svg e-fas-check\" viewBox=\"0 0 512 512\" xmlns=\"http:\/\/www.w3.org\/2000\/svg\"><path d=\"M173.898 439.404l-166.4-166.4c-9.997-9.997-9.997-26.206 0-36.204l36.203-36.204c9.997-9.998 26.207-9.998 36.204 0L192 312.69 432.095 72.596c9.997-9.997 26.207-9.997 36.204 0l36.203 36.204c9.997 9.997 9.997 26.206 0 36.204l-294.4 294.401c-9.998 9.997-26.207 9.997-36.204-.001z\"><\/path><\/svg>\t\t\t\t\t\t<\/span>\n\t\t\t\t\t\t\t\t\t\t<span class=\"elementor-icon-list-text\">Under-screed insulation panels<\/span>\n\t\t\t\t\t\t\t\t\t<\/li>\n\t\t\t\t\t\t\t\t<li class=\"elementor-icon-list-item\">\n\t\t\t\t\t\t\t\t\t\t\t<span class=\"elementor-icon-list-icon\">\n\t\t\t\t\t\t\t<svg aria-hidden=\"true\" class=\"e-font-icon-svg e-fas-check\" viewBox=\"0 0 512 512\" xmlns=\"http:\/\/www.w3.org\/2000\/svg\"><path d=\"M173.898 439.404l-166.4-166.4c-9.997-9.997-9.997-26.206 0-36.204l36.203-36.204c9.997-9.998 26.207-9.998 36.204 0L192 312.69 432.095 72.596c9.997-9.997 26.207-9.997 36.204 0l36.203 36.204c9.997 9.997 9.997 26.206 0 36.204l-294.4 294.401c-9.998 9.997-26.207 9.997-36.204-.001z\"><\/path><\/svg>\t\t\t\t\t\t<\/span>\n\t\t\t\t\t\t\t\t\t\t<span class=\"elementor-icon-list-text\">Insulating membranes<\/span>\n\t\t\t\t\t\t\t\t\t<\/li>\n\t\t\t\t\t\t\t\t<li class=\"elementor-icon-list-item\">\n\t\t\t\t\t\t\t\t\t\t\t<span class=\"elementor-icon-list-icon\">\n\t\t\t\t\t\t\t<svg aria-hidden=\"true\" class=\"e-font-icon-svg e-fas-check\" viewBox=\"0 0 512 512\" xmlns=\"http:\/\/www.w3.org\/2000\/svg\"><path d=\"M173.898 439.404l-166.4-166.4c-9.997-9.997-9.997-26.206 0-36.204l36.203-36.204c9.997-9.998 26.207-9.998 36.204 0L192 312.69 432.095 72.596c9.997-9.997 26.207-9.997 36.204 0l36.203 36.204c9.997 9.997 9.997 26.206 0 36.204l-294.4 294.401c-9.998 9.997-26.207 9.997-36.204-.001z\"><\/path><\/svg>\t\t\t\t\t\t<\/span>\n\t\t\t\t\t\t\t\t\t\t<span class=\"elementor-icon-list-text\">Sprayed PUR<\/span>\n\t\t\t\t\t\t\t\t\t<\/li>\n\t\t\t\t\t\t\t\t<li class=\"elementor-icon-list-item\">\n\t\t\t\t\t\t\t\t\t\t\t<span class=\"elementor-icon-list-icon\">\n\t\t\t\t\t\t\t<svg aria-hidden=\"true\" class=\"e-font-icon-svg e-fas-check\" viewBox=\"0 0 512 512\" xmlns=\"http:\/\/www.w3.org\/2000\/svg\"><path d=\"M173.898 439.404l-166.4-166.4c-9.997-9.997-9.997-26.206 0-36.204l36.203-36.204c9.997-9.998 26.207-9.998 36.204 0L192 312.69 432.095 72.596c9.997-9.997 26.207-9.997 36.204 0l36.203 36.204c9.997 9.997 9.997 26.206 0 36.204l-294.4 294.401c-9.998 9.997-26.207 9.997-36.204-.001z\"><\/path><\/svg>\t\t\t\t\t\t<\/span>\n\t\t\t\t\t\t\t\t\t\t<span class=\"elementor-icon-list-text\">Sprayed EPS<\/span>\n\t\t\t\t\t\t\t\t\t<\/li>\n\t\t\t\t\t\t\t\t<li class=\"elementor-icon-list-item\">\n\t\t\t\t\t\t\t\t\t\t\t<span class=\"elementor-icon-list-icon\">\n\t\t\t\t\t\t\t<svg aria-hidden=\"true\" class=\"e-font-icon-svg e-fas-check\" viewBox=\"0 0 512 512\" xmlns=\"http:\/\/www.w3.org\/2000\/svg\"><path d=\"M173.898 439.404l-166.4-166.4c-9.997-9.997-9.997-26.206 0-36.204l36.203-36.204c9.997-9.998 26.207-9.998 36.204 0L192 312.69 432.095 72.596c9.997-9.997 26.207-9.997 36.204 0l36.203 36.204c9.997 9.997 9.997 26.206 0 36.204l-294.4 294.401c-9.998 9.997-26.207 9.997-36.204-.001z\"><\/path><\/svg>\t\t\t\t\t\t<\/span>\n\t\t\t\t\t\t\t\t\t\t<span class=\"elementor-icon-list-text\">Solutions tailored for renovations<\/span>\n\t\t\t\t\t\t\t\t\t<\/li>\n\t\t\t\t\t\t\t\t<li class=\"elementor-icon-list-item\">\n\t\t\t\t\t\t\t\t\t\t\t<span class=\"elementor-icon-list-icon\">\n\t\t\t\t\t\t\t<svg aria-hidden=\"true\" class=\"e-font-icon-svg e-fas-check\" viewBox=\"0 0 512 512\" xmlns=\"http:\/\/www.w3.org\/2000\/svg\"><path d=\"M173.898 439.404l-166.4-166.4c-9.997-9.997-9.997-26.206 0-36.204l36.203-36.204c9.997-9.998 26.207-9.998 36.204 0L192 312.69 432.095 72.596c9.997-9.997 26.207-9.997 36.204 0l36.203 36.204c9.997 9.997 9.997 26.206 0 36.204l-294.4 294.401c-9.998 9.997-26.207 9.997-36.204-.001z\"><\/path><\/svg>\t\t\t\t\t\t<\/span>\n\t\t\t\t\t\t\t\t\t\t<span class=\"elementor-icon-list-text\">Bio-based insulation materials<\/span>\n\t\t\t\t\t\t\t\t\t<\/li>\n\t\t\t\t\t\t<\/ul>\n\t\t\t\t\t\t<\/div>\n\t\t\t\t\t<\/div>\n\t\t<\/div>\n\t\t\t\t<div class=\"elementor-column elementor-col-50 elementor-top-column elementor-element elementor-element-3cfe3c1d\" data-id=\"3cfe3c1d\" data-element_type=\"column\" data-e-type=\"column\">\n\t\t\t<div class=\"elementor-widget-wrap elementor-element-populated\">\n\t\t\t\t\t\t<div class=\"elementor-element elementor-element-694e6ec9 elementor-widget-mobile__width-auto elementor-widget elementor-widget-image\" data-id=\"694e6ec9\" data-element_type=\"widget\" data-e-type=\"widget\" data-widget_type=\"image.default\">\n\t\t\t\t\t\t\t\t\t\t\t\t\t\t\t<img decoding=\"async\" src=\"https:\/\/www.emb.be\/wp-content\/uploads\/elementor\/thumbs\/isolation-thermique-sol-sous-chape-bruxelles-03-rme9nytlwyf4s19zest2e4vunc6zg1qwqe1iufo2rs.jpg\" title=\"Thermal floor insulation under screed on a large interior surface under renovation in Brussels\" alt=\"Thermal floor insulation under screed on a large interior surface under renovation in Brussels\" loading=\"lazy\" \/>\t\t\t\t\t\t\t\t\t\t\t\t\t\t\t<\/div>\n\t\t\t\t<div class=\"elementor-element elementor-element-aee2584 elementor-widget elementor-widget-spacer\" data-id=\"aee2584\" data-element_type=\"widget\" data-e-type=\"widget\" data-widget_type=\"spacer.default\">\n\t\t\t\t\t\t\t<div class=\"elementor-spacer\">\n\t\t\t<div class=\"elementor-spacer-inner\"><\/div>\n\t\t<\/div>\n\t\t\t\t\t\t<\/div>\n\t\t\t\t<div class=\"elementor-element elementor-element-e4a2f3e elementor-widget elementor-widget-heading\" data-id=\"e4a2f3e\" data-element_type=\"widget\" data-e-type=\"widget\" data-widget_type=\"heading.default\">\n\t\t\t\t\t<h3 class=\"elementor-heading-title elementor-size-default\">Acoustic insulation<\/h3>\t\t\t\t<\/div>\n\t\t\t\t<div class=\"elementor-element elementor-element-46c2d36b elementor-widget elementor-widget-spacer\" data-id=\"46c2d36b\" data-element_type=\"widget\" data-e-type=\"widget\" data-widget_type=\"spacer.default\">\n\t\t\t\t\t\t\t<div class=\"elementor-spacer\">\n\t\t\t<div class=\"elementor-spacer-inner\"><\/div>\n\t\t<\/div>\n\t\t\t\t\t\t<\/div>\n\t\t\t\t<div class=\"elementor-element elementor-element-317a8ee2 elementor-icon-list--layout-traditional elementor-list-item-link-full_width elementor-widget elementor-widget-icon-list\" data-id=\"317a8ee2\" data-element_type=\"widget\" data-e-type=\"widget\" data-widget_type=\"icon-list.default\">\n\t\t\t\t\t\t\t<ul class=\"elementor-icon-list-items\">\n\t\t\t\t\t\t\t<li class=\"elementor-icon-list-item\">\n\t\t\t\t\t\t\t\t\t\t\t<span class=\"elementor-icon-list-icon\">\n\t\t\t\t\t\t\t<svg aria-hidden=\"true\" class=\"e-font-icon-svg e-fas-check\" viewBox=\"0 0 512 512\" xmlns=\"http:\/\/www.w3.org\/2000\/svg\"><path d=\"M173.898 439.404l-166.4-166.4c-9.997-9.997-9.997-26.206 0-36.204l36.203-36.204c9.997-9.998 26.207-9.998 36.204 0L192 312.69 432.095 72.596c9.997-9.997 26.207-9.997 36.204 0l36.203 36.204c9.997 9.997 9.997 26.206 0 36.204l-294.4 294.401c-9.998 9.997-26.207 9.997-36.204-.001z\"><\/path><\/svg>\t\t\t\t\t\t<\/span>\n\t\t\t\t\t\t\t\t\t\t<span class=\"elementor-icon-list-text\">Under-screed acoustic membranes<\/span>\n\t\t\t\t\t\t\t\t\t<\/li>\n\t\t\t\t\t\t\t\t<li class=\"elementor-icon-list-item\">\n\t\t\t\t\t\t\t\t\t\t\t<span class=\"elementor-icon-list-icon\">\n\t\t\t\t\t\t\t<svg aria-hidden=\"true\" class=\"e-font-icon-svg e-fas-check\" viewBox=\"0 0 512 512\" xmlns=\"http:\/\/www.w3.org\/2000\/svg\"><path d=\"M173.898 439.404l-166.4-166.4c-9.997-9.997-9.997-26.206 0-36.204l36.203-36.204c9.997-9.998 26.207-9.998 36.204 0L192 312.69 432.095 72.596c9.997-9.997 26.207-9.997 36.204 0l36.203 36.204c9.997 9.997 9.997 26.206 0 36.204l-294.4 294.401c-9.998 9.997-26.207 9.997-36.204-.001z\"><\/path><\/svg>\t\t\t\t\t\t<\/span>\n\t\t\t\t\t\t\t\t\t\t<span class=\"elementor-icon-list-text\">Thickness adapted to the project (\u2248 3 mm to 1 cm)<\/span>\n\t\t\t\t\t\t\t\t\t<\/li>\n\t\t\t\t\t\t\t\t<li class=\"elementor-icon-list-item\">\n\t\t\t\t\t\t\t\t\t\t\t<span class=\"elementor-icon-list-icon\">\n\t\t\t\t\t\t\t<svg aria-hidden=\"true\" class=\"e-font-icon-svg e-fas-check\" viewBox=\"0 0 512 512\" xmlns=\"http:\/\/www.w3.org\/2000\/svg\"><path d=\"M173.898 439.404l-166.4-166.4c-9.997-9.997-9.997-26.206 0-36.204l36.203-36.204c9.997-9.998 26.207-9.998 36.204 0L192 312.69 432.095 72.596c9.997-9.997 26.207-9.997 36.204 0l36.203 36.204c9.997 9.997 9.997 26.206 0 36.204l-294.4 294.401c-9.998 9.997-26.207 9.997-36.204-.001z\"><\/path><\/svg>\t\t\t\t\t\t<\/span>\n\t\t\t\t\t\t\t\t\t\t<span class=\"elementor-icon-list-text\">Solutions for homes and apartment buildings<\/span>\n\t\t\t\t\t\t\t\t\t<\/li>\n\t\t\t\t\t\t\t\t<li class=\"elementor-icon-list-item\">\n\t\t\t\t\t\t\t\t\t\t\t<span class=\"elementor-icon-list-icon\">\n\t\t\t\t\t\t\t<svg aria-hidden=\"true\" class=\"e-font-icon-svg e-fas-check\" viewBox=\"0 0 512 512\" xmlns=\"http:\/\/www.w3.org\/2000\/svg\"><path d=\"M173.898 439.404l-166.4-166.4c-9.997-9.997-9.997-26.206 0-36.204l36.203-36.204c9.997-9.998 26.207-9.998 36.204 0L192 312.69 432.095 72.596c9.997-9.997 26.207-9.997 36.204 0l36.203 36.204c9.997 9.997 9.997 26.206 0 36.204l-294.4 294.401c-9.998 9.997-26.207 9.997-36.204-.001z\"><\/path><\/svg>\t\t\t\t\t\t<\/span>\n\t\t\t\t\t\t\t\t\t\t<span class=\"elementor-icon-list-text\">Adaptation according to the building's purpose<\/span>\n\t\t\t\t\t\t\t\t\t<\/li>\n\t\t\t\t\t\t<\/ul>\n\t\t\t\t\t\t<\/div>\n\t\t\t\t\t<\/div>\n\t\t<\/div>\n\t\t\t\t\t<\/div>\n\t\t<\/section>\n\t\t\t\t<section class=\"elementor-section elementor-top-section elementor-element elementor-element-2b557fdb elementor-section-height-min-height elementor-section-items-stretch elementor-section-content-middle elementor-reverse-tablet elementor-reverse-mobile elementor-section-boxed elementor-section-height-default\" data-id=\"2b557fdb\" data-element_type=\"section\" data-e-type=\"section\">\n\t\t\t\t\t\t<div class=\"elementor-container elementor-column-gap-wider\">\n\t\t\t\t\t<div class=\"elementor-column elementor-col-50 elementor-top-column elementor-element elementor-element-776db8c5\" data-id=\"776db8c5\" data-element_type=\"column\" data-e-type=\"column\">\n\t\t\t<div class=\"elementor-widget-wrap elementor-element-populated\">\n\t\t\t\t\t\t<div class=\"elementor-element elementor-element-13b89fa7 elementor-widget elementor-widget-heading\" data-id=\"13b89fa7\" data-element_type=\"widget\" data-e-type=\"widget\" data-widget_type=\"heading.default\">\n\t\t\t\t\t<h2 class=\"elementor-heading-title elementor-size-default\">Why choose EMB for your floor insulation in Brussels?<\/h2>\t\t\t\t<\/div>\n\t\t\t\t<div class=\"elementor-element elementor-element-11fdddfa elementor-widget elementor-widget-spacer\" data-id=\"11fdddfa\" data-element_type=\"widget\" data-e-type=\"widget\" data-widget_type=\"spacer.default\">\n\t\t\t\t\t\t\t<div class=\"elementor-spacer\">\n\t\t\t<div class=\"elementor-spacer-inner\"><\/div>\n\t\t<\/div>\n\t\t\t\t\t\t<\/div>\n\t\t\t\t<div class=\"elementor-element elementor-element-475af48c elementor-widget elementor-widget-text-editor\" data-id=\"475af48c\" data-element_type=\"widget\" data-e-type=\"widget\" data-widget_type=\"text-editor.default\">\n\t\t\t\t\t\t\t\t\t<p>As a <strong>floor insulation company in Brussels<\/strong>, EMB supports individuals, architects, and professionals in implementing solutions tailored to every building, whether for new construction or floor insulation renovation.<\/p><p>Our approach combines technical analysis, material selection, and expert implementation to guarantee high-performance and durable thermal floor insulation.<\/p>\t\t\t\t\t\t\t\t<\/div>\n\t\t\t\t<div class=\"elementor-element elementor-element-119df25c elementor-widget elementor-widget-spacer\" data-id=\"119df25c\" data-element_type=\"widget\" data-e-type=\"widget\" data-widget_type=\"spacer.default\">\n\t\t\t\t\t\t\t<div class=\"elementor-spacer\">\n\t\t\t<div class=\"elementor-spacer-inner\"><\/div>\n\t\t<\/div>\n\t\t\t\t\t\t<\/div>\n\t\t\t\t<div class=\"elementor-element elementor-element-346d2ce9 elementor-icon-list--layout-traditional elementor-list-item-link-full_width elementor-widget elementor-widget-icon-list\" data-id=\"346d2ce9\" data-element_type=\"widget\" data-e-type=\"widget\" data-widget_type=\"icon-list.default\">\n\t\t\t\t\t\t\t<ul class=\"elementor-icon-list-items\">\n\t\t\t\t\t\t\t<li class=\"elementor-icon-list-item\">\n\t\t\t\t\t\t\t\t\t\t\t<span class=\"elementor-icon-list-icon\">\n\t\t\t\t\t\t\t<svg aria-hidden=\"true\" class=\"e-font-icon-svg e-fas-check\" viewBox=\"0 0 512 512\" xmlns=\"http:\/\/www.w3.org\/2000\/svg\"><path d=\"M173.898 439.404l-166.4-166.4c-9.997-9.997-9.997-26.206 0-36.204l36.203-36.204c9.997-9.998 26.207-9.998 36.204 0L192 312.69 432.095 72.596c9.997-9.997 26.207-9.997 36.204 0l36.203 36.204c9.997 9.997 9.997 26.206 0 36.204l-294.4 294.401c-9.998 9.997-26.207 9.997-36.204-.001z\"><\/path><\/svg>\t\t\t\t\t\t<\/span>\n\t\t\t\t\t\t\t\t\t\t<span class=\"elementor-icon-list-text\">Expertise in thermal and acoustic floor insulation<\/span>\n\t\t\t\t\t\t\t\t\t<\/li>\n\t\t\t\t\t\t\t\t<li class=\"elementor-icon-list-item\">\n\t\t\t\t\t\t\t\t\t\t\t<span class=\"elementor-icon-list-icon\">\n\t\t\t\t\t\t\t<svg aria-hidden=\"true\" class=\"e-font-icon-svg e-fas-check\" viewBox=\"0 0 512 512\" xmlns=\"http:\/\/www.w3.org\/2000\/svg\"><path d=\"M173.898 439.404l-166.4-166.4c-9.997-9.997-9.997-26.206 0-36.204l36.203-36.204c9.997-9.998 26.207-9.998 36.204 0L192 312.69 432.095 72.596c9.997-9.997 26.207-9.997 36.204 0l36.203 36.204c9.997 9.997 9.997 26.206 0 36.204l-294.4 294.401c-9.998 9.997-26.207 9.997-36.204-.001z\"><\/path><\/svg>\t\t\t\t\t\t<\/span>\n\t\t\t\t\t\t\t\t\t\t<span class=\"elementor-icon-list-text\">Installation of under-screed membranes tailored to the project<\/span>\n\t\t\t\t\t\t\t\t\t<\/li>\n\t\t\t\t\t\t\t\t<li class=\"elementor-icon-list-item\">\n\t\t\t\t\t\t\t\t\t\t\t<span class=\"elementor-icon-list-icon\">\n\t\t\t\t\t\t\t<svg aria-hidden=\"true\" class=\"e-font-icon-svg e-fas-check\" viewBox=\"0 0 512 512\" xmlns=\"http:\/\/www.w3.org\/2000\/svg\"><path d=\"M173.898 439.404l-166.4-166.4c-9.997-9.997-9.997-26.206 0-36.204l36.203-36.204c9.997-9.998 26.207-9.998 36.204 0L192 312.69 432.095 72.596c9.997-9.997 26.207-9.997 36.204 0l36.203 36.204c9.997 9.997 9.997 26.206 0 36.204l-294.4 294.401c-9.998 9.997-26.207 9.997-36.204-.001z\"><\/path><\/svg>\t\t\t\t\t\t<\/span>\n\t\t\t\t\t\t\t\t\t\t<span class=\"elementor-icon-list-text\">Compliance with energy and technical requirements<\/span>\n\t\t\t\t\t\t\t\t\t<\/li>\n\t\t\t\t\t\t\t\t<li class=\"elementor-icon-list-item\">\n\t\t\t\t\t\t\t\t\t\t\t<span class=\"elementor-icon-list-icon\">\n\t\t\t\t\t\t\t<svg aria-hidden=\"true\" class=\"e-font-icon-svg e-fas-check\" viewBox=\"0 0 512 512\" xmlns=\"http:\/\/www.w3.org\/2000\/svg\"><path d=\"M173.898 439.404l-166.4-166.4c-9.997-9.997-9.997-26.206 0-36.204l36.203-36.204c9.997-9.998 26.207-9.998 36.204 0L192 312.69 432.095 72.596c9.997-9.997 26.207-9.997 36.204 0l36.203 36.204c9.997 9.997 9.997 26.206 0 36.204l-294.4 294.401c-9.998 9.997-26.207 9.997-36.204-.001z\"><\/path><\/svg>\t\t\t\t\t\t<\/span>\n\t\t\t\t\t\t\t\t\t\t<span class=\"elementor-icon-list-text\">Solutions for new construction and renovation<\/span>\n\t\t\t\t\t\t\t\t\t<\/li>\n\t\t\t\t\t\t<\/ul>\n\t\t\t\t\t\t<\/div>\n\t\t\t\t\t<\/div>\n\t\t<\/div>\n\t\t\t\t<div class=\"elementor-column elementor-col-50 elementor-top-column elementor-element elementor-element-1e177897\" data-id=\"1e177897\" data-element_type=\"column\" data-e-type=\"column\">\n\t\t\t<div class=\"elementor-widget-wrap elementor-element-populated\">\n\t\t\t\t\t\t<div class=\"elementor-element elementor-element-21c77b30 elementor-widget__width-initial elementor-widget-mobile__width-auto elementor-widget elementor-widget-image\" data-id=\"21c77b30\" data-element_type=\"widget\" data-e-type=\"widget\" data-widget_type=\"image.default\">\n\t\t\t\t\t\t\t\t\t\t\t\t\t\t\t<img decoding=\"async\" src=\"https:\/\/www.emb.be\/wp-content\/uploads\/elementor\/thumbs\/sol-beton-lave-exterieur-bruxelles-belgique-rip7vqycl8q5d4g3bzriz9os3db1dyrrpcjawd5gr4.jpg\" title=\"Outdoor exposed aggregate concrete for surroundings and stairs in Brussels\" alt=\"Outdoor exposed aggregate concrete for surroundings and stairs in Brussels\" loading=\"lazy\" \/>\t\t\t\t\t\t\t\t\t\t\t\t\t\t\t<\/div>\n\t\t\t\t\t<\/div>\n\t\t<\/div>\n\t\t\t\t\t<\/div>\n\t\t<\/section>\n\t\t<div class=\"elementor-element elementor-element-245de9cc e-con-full e-flex e-con e-parent\" data-id=\"245de9cc\" data-element_type=\"container\" data-e-type=\"container\" data-settings=\"{&quot;animation&quot;:&quot;none&quot;,&quot;background_background&quot;:&quot;classic&quot;}\">\n\t\t<div class=\"elementor-element elementor-element-34457248 e-con-full animated-slow e-transform e-flex e-con e-child\" data-id=\"34457248\" data-element_type=\"container\" data-e-type=\"container\" data-settings=\"{&quot;background_background&quot;:&quot;classic&quot;,&quot;animation&quot;:&quot;none&quot;,&quot;_transform_scaleX_effect_hover&quot;:{&quot;unit&quot;:&quot;px&quot;,&quot;size&quot;:&quot;&quot;,&quot;sizes&quot;:[]},&quot;_transform_scaleX_effect_hover_tablet&quot;:{&quot;unit&quot;:&quot;px&quot;,&quot;size&quot;:&quot;&quot;,&quot;sizes&quot;:[]},&quot;_transform_scaleX_effect_hover_mobile&quot;:{&quot;unit&quot;:&quot;px&quot;,&quot;size&quot;:&quot;&quot;,&quot;sizes&quot;:[]},&quot;_transform_scaleY_effect_hover&quot;:{&quot;unit&quot;:&quot;px&quot;,&quot;size&quot;:&quot;&quot;,&quot;sizes&quot;:[]},&quot;_transform_scaleY_effect_hover_tablet&quot;:{&quot;unit&quot;:&quot;px&quot;,&quot;size&quot;:&quot;&quot;,&quot;sizes&quot;:[]},&quot;_transform_scaleY_effect_hover_mobile&quot;:{&quot;unit&quot;:&quot;px&quot;,&quot;size&quot;:&quot;&quot;,&quot;sizes&quot;:[]}}\">\n\t\t\t\t<\/div>\n\t\t<div class=\"elementor-element elementor-element-49dda471 e-con-full e-flex e-con e-child\" data-id=\"49dda471\" data-element_type=\"container\" data-e-type=\"container\">\n\t\t\t\t<div class=\"elementor-element elementor-element-6ad97559 elementor-widget elementor-widget-heading\" data-id=\"6ad97559\" data-element_type=\"widget\" data-e-type=\"widget\" data-widget_type=\"heading.default\">\n\t\t\t\t\t<h2 class=\"elementor-heading-title elementor-size-default\">How to choose the right floor insulation?<\/h2>\t\t\t\t<\/div>\n\t\t\t\t<div class=\"elementor-element elementor-element-51748409 elementor-widget elementor-widget-spacer\" data-id=\"51748409\" data-element_type=\"widget\" data-e-type=\"widget\" data-widget_type=\"spacer.default\">\n\t\t\t\t\t\t\t<div class=\"elementor-spacer\">\n\t\t\t<div class=\"elementor-spacer-inner\"><\/div>\n\t\t<\/div>\n\t\t\t\t\t\t<\/div>\n\t\t\t\t<div class=\"elementor-element elementor-element-562a96f elementor-widget elementor-widget-text-editor\" data-id=\"562a96f\" data-element_type=\"widget\" data-e-type=\"widget\" data-widget_type=\"text-editor.default\">\n\t\t\t\t\t\t\t\t\t<p>The choice of insulation depends on several technical criteria: building type, existing substrate, energy requirements, and site constraints. A preliminary analysis ensures a durable and high-performance solution. As every project is unique, our teams guide you toward the most suitable solution: under-screed insulation, PUR\/EPS spraying, or technical membranes.  <\/p>\t\t\t\t\t\t\t\t<\/div>\n\t\t\t\t<div class=\"elementor-element elementor-element-641632c elementor-widget elementor-widget-spacer\" data-id=\"641632c\" data-element_type=\"widget\" data-e-type=\"widget\" data-widget_type=\"spacer.default\">\n\t\t\t\t\t\t\t<div class=\"elementor-spacer\">\n\t\t\t<div class=\"elementor-spacer-inner\"><\/div>\n\t\t<\/div>\n\t\t\t\t\t\t<\/div>\n\t\t\t\t<div class=\"elementor-element elementor-element-696ea57c icon-position-mobile-left icon-vertical-align-center content-align-left icon-box-vertical-align-top icon-position-left elementor-widget elementor-widget-the7_icon_box_grid_widget\" data-id=\"696ea57c\" data-element_type=\"widget\" data-e-type=\"widget\" data-widget_type=\"the7_icon_box_grid_widget.default\">\n\t\t\t\t<div class=\"elementor-widget-container\">\n\t\t\t\t\t<div class=\"the7-box-grid-wrapper the7-elementor-widget loading-effect-none the7_icon_box_grid_widget-696ea57c\">\t\t\t<div class=\"dt-css-grid\">\n\t\t\t\t\t\t\t\t\t<div class=\"wf-cell shown\">\n\t\t\t\t\t\t<a class=\"the7-icon-box-grid box-hover\" aria-label=\"Type of existing substrate\">\t\t\t\t\t\t\t<div class=\"box-content-wrapper\">\n\t\t\t\t\t\t\t\t\t\t\t\t\t\t\t\t\t<div class=\"elementor-icon-div\">\t\t\t\t\t\t\t\t\t\t<div class=\"elementor-icon\">\n\t\t\t\t\t\t\t\t\t\t\t\t\t\t\t\t\t\t\t\t\t<\/div>\n\t\t\t\t\t\t\t\t\t<\/div>\t\t\t\t\t\t\t\t\t\t\t\t\t\t\t\t<div class=\"box-content\">\n\t\t\t\t\t\t\t\t\t\t\t\t\t\t\t\t\t\t\t\t\t\t\t\t\t\t\t\t\t<div class=\"box-heading\">\n\t\t\t\t\t\t\t\t\t\t\t\t\t\t\t\t\t\t\t\t\t\t\tType of existing substrate\t\t\t\t\t\t\t\t\t\t\t\t\t\t\t\t\t\t\t\t\t<\/div>\n\t\t\t\t\t\t\t\t\t\t\t\t\t\t\t\t\t\t\t\t\t\t\t\t\t\t\t\t\t\t\t\t\t\t\t<\/div>\n\t\t\t\t\t\t\t<\/div>\n\t\t\t\t\t\t<\/a>\t\t\t\t\t<\/div>\n\t\t\t\t\t\t\t\t\t<div class=\"wf-cell shown\">\n\t\t\t\t\t\t<a class=\"the7-icon-box-grid box-hover\" aria-label=\"Desired thermal performance\">\t\t\t\t\t\t\t<div class=\"box-content-wrapper\">\n\t\t\t\t\t\t\t\t\t\t\t\t\t\t\t\t\t<div class=\"elementor-icon-div\">\t\t\t\t\t\t\t\t\t\t<div class=\"elementor-icon\">\n\t\t\t\t\t\t\t\t\t\t\t\t\t\t\t\t\t\t\t\t\t<\/div>\n\t\t\t\t\t\t\t\t\t<\/div>\t\t\t\t\t\t\t\t\t\t\t\t\t\t\t\t<div class=\"box-content\">\n\t\t\t\t\t\t\t\t\t\t\t\t\t\t\t\t\t\t\t\t\t\t\t\t\t\t\t\t\t<div class=\"box-heading\">\n\t\t\t\t\t\t\t\t\t\t\t\t\t\t\t\t\t\t\t\t\t\t\tDesired thermal performance\t\t\t\t\t\t\t\t\t\t\t\t\t\t\t\t\t\t\t\t\t<\/div>\n\t\t\t\t\t\t\t\t\t\t\t\t\t\t\t\t\t\t\t\t\t\t\t\t\t\t\t\t\t\t\t\t\t\t\t<\/div>\n\t\t\t\t\t\t\t<\/div>\n\t\t\t\t\t\t<\/a>\t\t\t\t\t<\/div>\n\t\t\t\t\t\t\t\t\t<div class=\"wf-cell shown\">\n\t\t\t\t\t\t<a class=\"the7-icon-box-grid box-hover\" aria-label=\"Acoustic insulation needs\">\t\t\t\t\t\t\t<div class=\"box-content-wrapper\">\n\t\t\t\t\t\t\t\t\t\t\t\t\t\t\t\t\t<div class=\"elementor-icon-div\">\t\t\t\t\t\t\t\t\t\t<div class=\"elementor-icon\">\n\t\t\t\t\t\t\t\t\t\t\t\t\t\t\t\t\t\t\t\t\t<\/div>\n\t\t\t\t\t\t\t\t\t<\/div>\t\t\t\t\t\t\t\t\t\t\t\t\t\t\t\t<div class=\"box-content\">\n\t\t\t\t\t\t\t\t\t\t\t\t\t\t\t\t\t\t\t\t\t\t\t\t\t\t\t\t\t<div class=\"box-heading\">\n\t\t\t\t\t\t\t\t\t\t\t\t\t\t\t\t\t\t\t\t\t\t\tAcoustic insulation needs\t\t\t\t\t\t\t\t\t\t\t\t\t\t\t\t\t\t\t\t\t<\/div>\n\t\t\t\t\t\t\t\t\t\t\t\t\t\t\t\t\t\t\t\t\t\t\t\t\t\t\t\t\t\t\t\t\t\t\t<\/div>\n\t\t\t\t\t\t\t<\/div>\n\t\t\t\t\t\t<\/a>\t\t\t\t\t<\/div>\n\t\t\t\t\t\t\t\t\t<div class=\"wf-cell shown\">\n\t\t\t\t\t\t<a class=\"the7-icon-box-grid box-hover\" aria-label=\"Technical site constraints\">\t\t\t\t\t\t\t<div class=\"box-content-wrapper\">\n\t\t\t\t\t\t\t\t\t\t\t\t\t\t\t\t\t<div class=\"elementor-icon-div\">\t\t\t\t\t\t\t\t\t\t<div class=\"elementor-icon\">\n\t\t\t\t\t\t\t\t\t\t\t\t\t\t\t\t\t\t\t\t\t<\/div>\n\t\t\t\t\t\t\t\t\t<\/div>\t\t\t\t\t\t\t\t\t\t\t\t\t\t\t\t<div class=\"box-content\">\n\t\t\t\t\t\t\t\t\t\t\t\t\t\t\t\t\t\t\t\t\t\t\t\t\t\t\t\t\t<div class=\"box-heading\">\n\t\t\t\t\t\t\t\t\t\t\t\t\t\t\t\t\t\t\t\t\t\t\tTechnical site constraints\t\t\t\t\t\t\t\t\t\t\t\t\t\t\t\t\t\t\t\t\t<\/div>\n\t\t\t\t\t\t\t\t\t\t\t\t\t\t\t\t\t\t\t\t\t\t\t\t\t\t\t\t\t\t\t\t\t\t\t<\/div>\n\t\t\t\t\t\t\t<\/div>\n\t\t\t\t\t\t<\/a>\t\t\t\t\t<\/div>\n\t\t\t\t\t\t\t\t\t<div class=\"wf-cell shown\">\n\t\t\t\t\t\t<a class=\"the7-icon-box-grid box-hover\" aria-label=\"Compatibility with the screed, underfloor heating system, and flooring\">\t\t\t\t\t\t\t<div class=\"box-content-wrapper\">\n\t\t\t\t\t\t\t\t\t\t\t\t\t\t\t\t\t<div class=\"elementor-icon-div\">\t\t\t\t\t\t\t\t\t\t<div class=\"elementor-icon\">\n\t\t\t\t\t\t\t\t\t\t\t\t\t\t\t\t\t\t\t\t\t<\/div>\n\t\t\t\t\t\t\t\t\t<\/div>\t\t\t\t\t\t\t\t\t\t\t\t\t\t\t\t<div class=\"box-content\">\n\t\t\t\t\t\t\t\t\t\t\t\t\t\t\t\t\t\t\t\t\t\t\t\t\t\t\t\t\t<div class=\"box-heading\">\n\t\t\t\t\t\t\t\t\t\t\t\t\t\t\t\t\t\t\t\t\t\t\tCompatibility with the screed, underfloor heating system, and flooring\t\t\t\t\t\t\t\t\t\t\t\t\t\t\t\t\t\t\t\t\t<\/div>\n\t\t\t\t\t\t\t\t\t\t\t\t\t\t\t\t\t\t\t\t\t\t\t\t\t\t\t\t\t\t\t\t\t\t\t<\/div>\n\t\t\t\t\t\t\t<\/div>\n\t\t\t\t\t\t<\/a>\t\t\t\t\t<\/div>\n\t\t\t\t\t\t\t<\/div>\n\t\t<\/div>\t\t\t\t<\/div>\n\t\t\t\t<\/div>\n\t\t\t\t<div class=\"elementor-element elementor-element-77e1f29e elementor-widget elementor-widget-spacer\" data-id=\"77e1f29e\" data-element_type=\"widget\" data-e-type=\"widget\" data-widget_type=\"spacer.default\">\n\t\t\t\t\t\t\t<div class=\"elementor-spacer\">\n\t\t\t<div class=\"elementor-spacer-inner\"><\/div>\n\t\t<\/div>\n\t\t\t\t\t\t<\/div>\n\t\t\t\t<\/div>\n\t\t\t\t<\/div>\n\t\t\t\t<section class=\"elementor-section elementor-top-section elementor-element elementor-element-6978f220 elementor-section-boxed elementor-section-height-default elementor-section-height-default\" data-id=\"6978f220\" data-element_type=\"section\" data-e-type=\"section\">\n\t\t\t\t\t\t<div class=\"elementor-container elementor-column-gap-wider\">\n\t\t\t\t\t<div class=\"elementor-column elementor-col-100 elementor-top-column elementor-element elementor-element-df1e15b\" data-id=\"df1e15b\" data-element_type=\"column\" data-e-type=\"column\">\n\t\t\t<div class=\"elementor-widget-wrap elementor-element-populated\">\n\t\t\t\t\t\t<div class=\"elementor-element elementor-element-173c2bb3 elementor-widget elementor-widget-heading\" data-id=\"173c2bb3\" data-element_type=\"widget\" data-e-type=\"widget\" data-widget_type=\"heading.default\">\n\t\t\t\t\t<h2 class=\"elementor-heading-title elementor-size-default\">Floor Insulation Projects<\/h2>\t\t\t\t<\/div>\n\t\t\t\t\t<\/div>\n\t\t<\/div>\n\t\t\t\t\t<\/div>\n\t\t<\/section>\n\t\t\t\t<section class=\"elementor-section elementor-top-section elementor-element elementor-element-40d90e46 elementor-section-boxed elementor-section-height-default elementor-section-height-default\" data-id=\"40d90e46\" data-element_type=\"section\" data-e-type=\"section\">\n\t\t\t\t\t\t<div class=\"elementor-container elementor-column-gap-wider\">\n\t\t\t\t\t<div class=\"elementor-column elementor-col-100 elementor-top-column elementor-element elementor-element-63c24c8d\" data-id=\"63c24c8d\" data-element_type=\"column\" data-e-type=\"column\">\n\t\t\t<div class=\"elementor-widget-wrap elementor-element-populated\">\n\t\t\t\t\t\t<div class=\"elementor-element elementor-element-5ab65df7 img-align-top slide-h-position-center image-vertical-align-center arrows-relative-to-image icon-box-vertical-align-top preserve-img-ratio-cover bullets-small-dot-stroke elementor-widget elementor-widget-the7-elements-simple-posts-carousel\" data-id=\"5ab65df7\" data-element_type=\"widget\" data-e-type=\"widget\" data-settings=\"{&quot;widget_columns&quot;:3,&quot;gap_between_posts&quot;:{&quot;unit&quot;:&quot;px&quot;,&quot;size&quot;:45,&quot;sizes&quot;:[]},&quot;widget_columns_tablet&quot;:2,&quot;widget_columns_mobile&quot;:1,&quot;gap_between_posts_tablet&quot;:{&quot;unit&quot;:&quot;px&quot;,&quot;size&quot;:&quot;&quot;,&quot;sizes&quot;:[]},&quot;gap_between_posts_mobile&quot;:{&quot;unit&quot;:&quot;px&quot;,&quot;size&quot;:&quot;&quot;,&quot;sizes&quot;:[]}}\" data-widget_type=\"the7-elements-simple-posts-carousel.default\">\n\t\t\t\t<div class=\"elementor-widget-container\">\n\t\t\t\t\t<div class=\"disable-arrows-hover-bg owl-carousel the7-elementor-widget the7-simple-widget-posts-carousel elementor-owl-carousel-call loading-effect-none classic-layout-list the7-elements-simple-posts-carousel-5ab65df7\" data-scroll-mode=\"1\" data-auto-height=\"false\" data-speed=\"600\" data-autoplay=\"false\" data-autoplay_speed=\"\"><article class=\"post visible wrapper dt-owl-item-wrap post-94310 dt_portfolio type-dt_portfolio status-publish has-post-thumbnail hentry dt_portfolio_category-concrete-floors\">\n\t\t\t\t<div class=\"post-content-wrapper\">\n\t\t\t\t\t\t\t\t\t\t\t<div class=\"the7-simple-post-thumb\">\n\t\t\t\t\t\t\t<a class=\"post-thumbnail-rollover layzr-bg img-css-resize-wrapper\" aria-label=\"Post image\" href=\"https:\/\/www.emb.be\/en\/project\/hand-smoothed-minhardur-floor-in-lrg-shade-in-a-private-villa\/\"><img fetchpriority=\"high\" decoding=\"async\" width=\"1600\" height=\"1066\" src=\"data:image\/svg+xml,%3Csvg%20xmlns%3D&#039;http%3A%2F%2Fwww.w3.org%2F2000%2Fsvg&#039;%20viewBox%3D&#039;0%200%201600%201066&#039;%2F%3E\" class=\"attachment-full size-full preload-me aspect lazy lazy-load\" alt=\"\" sizes=\"(max-width: 1600px) 100vw, 1600px\" style=\"--ratio: 1600 \/ 1066;\" data-src=\"https:\/\/www.emb.be\/wp-content\/uploads\/2026\/04\/prive-minhardur-lrg-entree-01.jpg\" loading=\"eager\" data-srcset=\"https:\/\/www.emb.be\/wp-content\/uploads\/2026\/04\/prive-minhardur-lrg-entree-01.jpg 1600w, https:\/\/www.emb.be\/wp-content\/uploads\/2026\/04\/prive-minhardur-lrg-entree-01-300x200.jpg 300w, https:\/\/www.emb.be\/wp-content\/uploads\/2026\/04\/prive-minhardur-lrg-entree-01-1024x682.jpg 1024w, https:\/\/www.emb.be\/wp-content\/uploads\/2026\/04\/prive-minhardur-lrg-entree-01-768x512.jpg 768w, https:\/\/www.emb.be\/wp-content\/uploads\/2026\/04\/prive-minhardur-lrg-entree-01-1536x1023.jpg 1536w\" \/><span class=\"the7-hover-icon\"><i aria-hidden=\"true\" class=\"feather feather-more-horizontal\"><\/i><\/span><\/a>\t\t\t\t\t\t<\/div>\n\t\t\t\t\t\n\t\t\t\t\t<div class=\"post-entry-content\">\n\t\t\t\t\t\t<h5 class=\"heading\"><a href=\"https:\/\/www.emb.be\/en\/project\/hand-smoothed-minhardur-floor-in-lrg-shade-in-a-private-villa\/\" rel=\"bookmark\" title=\"Hand-smoothed MinHardur floor in LRG shade in a private villa\" class=\"post-title\">Hand-smoothed MinHardur floor in LRG shade in a private villa<\/a><\/h5><div class=\"entry-meta\"><span class=\"meta-item category-link\"><a href=\"https:\/\/www.emb.be\/en\/portfolio-category\/concrete-floors\/\" rel=\"tag\">Concrete Floors<\/a><\/span><\/div><div class=\"details-wrap\"><a href=\"https:\/\/www.emb.be\/en\/project\/hand-smoothed-minhardur-floor-in-lrg-shade-in-a-private-villa\/\" target=\"\" aria-label=\"Read more about Hand-smoothed MinHardur floor in LRG shade in a private villa\" class=\"box-button elementor-button elementor-size-xs\">View project<\/a><\/div>\t\t\t\t\t<\/div>\n\t\t\t\t<\/div>\n\n\t\t\t<\/article><article class=\"post visible wrapper dt-owl-item-wrap post-94287 dt_portfolio type-dt_portfolio status-publish has-post-thumbnail hentry dt_portfolio_category-finishes-alternatives\">\n\t\t\t\t<div class=\"post-content-wrapper\">\n\t\t\t\t\t\t\t\t\t\t\t<div class=\"the7-simple-post-thumb\">\n\t\t\t\t\t\t\t<a class=\"post-thumbnail-rollover layzr-bg img-css-resize-wrapper\" aria-label=\"Post image\" href=\"https:\/\/www.emb.be\/en\/project\/microtopping-for-the-offices-of-group-s-ursulines-street\/\"><img decoding=\"async\" width=\"1600\" height=\"1066\" src=\"data:image\/svg+xml,%3Csvg%20xmlns%3D&#039;http%3A%2F%2Fwww.w3.org%2F2000%2Fsvg&#039;%20viewBox%3D&#039;0%200%201600%201066&#039;%2F%3E\" class=\"attachment-full size-full preload-me aspect lazy lazy-load\" alt=\"\" sizes=\"(max-width: 1600px) 100vw, 1600px\" style=\"--ratio: 1600 \/ 1066;\" data-src=\"https:\/\/www.emb.be\/wp-content\/uploads\/2026\/04\/group-s-ursulines-detail-plinthe-microtopping-06.jpg\" loading=\"eager\" data-srcset=\"https:\/\/www.emb.be\/wp-content\/uploads\/2026\/04\/group-s-ursulines-detail-plinthe-microtopping-06.jpg 1600w, https:\/\/www.emb.be\/wp-content\/uploads\/2026\/04\/group-s-ursulines-detail-plinthe-microtopping-06-300x200.jpg 300w, https:\/\/www.emb.be\/wp-content\/uploads\/2026\/04\/group-s-ursulines-detail-plinthe-microtopping-06-1024x682.jpg 1024w, https:\/\/www.emb.be\/wp-content\/uploads\/2026\/04\/group-s-ursulines-detail-plinthe-microtopping-06-768x512.jpg 768w, https:\/\/www.emb.be\/wp-content\/uploads\/2026\/04\/group-s-ursulines-detail-plinthe-microtopping-06-1536x1023.jpg 1536w\" \/><span class=\"the7-hover-icon\"><i aria-hidden=\"true\" class=\"feather feather-more-horizontal\"><\/i><\/span><\/a>\t\t\t\t\t\t<\/div>\n\t\t\t\t\t\n\t\t\t\t\t<div class=\"post-entry-content\">\n\t\t\t\t\t\t<h5 class=\"heading\"><a href=\"https:\/\/www.emb.be\/en\/project\/microtopping-for-the-offices-of-group-s-ursulines-street\/\" rel=\"bookmark\" title=\"Microtopping for the offices of Group S, Ursulines Street\" class=\"post-title\">Microtopping for the offices of Group S, Ursulines Street<\/a><\/h5><div class=\"entry-meta\"><span class=\"meta-item category-link\"><a href=\"https:\/\/www.emb.be\/en\/portfolio-category\/finishes-alternatives\/\" rel=\"tag\">Finishes &amp; alternatives<\/a><\/span><\/div><div class=\"details-wrap\"><a href=\"https:\/\/www.emb.be\/en\/project\/microtopping-for-the-offices-of-group-s-ursulines-street\/\" target=\"\" aria-label=\"Read more about Microtopping for the offices of Group S, Ursulines Street\" class=\"box-button elementor-button elementor-size-xs\">View project<\/a><\/div>\t\t\t\t\t<\/div>\n\t\t\t\t<\/div>\n\n\t\t\t<\/article><article class=\"post visible wrapper dt-owl-item-wrap post-94316 dt_portfolio type-dt_portfolio status-publish has-post-thumbnail hentry dt_portfolio_category-technical-concrete\">\n\t\t\t\t<div class=\"post-content-wrapper\">\n\t\t\t\t\t\t\t\t\t\t\t<div class=\"the7-simple-post-thumb\">\n\t\t\t\t\t\t\t<a class=\"post-thumbnail-rollover layzr-bg img-css-resize-wrapper\" aria-label=\"Post image\" href=\"https:\/\/www.emb.be\/en\/project\/grooved-concrete-ramp-for-an-underground-car-park-in-evere\/\"><img decoding=\"async\" width=\"1600\" height=\"1066\" src=\"data:image\/svg+xml,%3Csvg%20xmlns%3D&#039;http%3A%2F%2Fwww.w3.org%2F2000%2Fsvg&#039;%20viewBox%3D&#039;0%200%201600%201066&#039;%2F%3E\" class=\"attachment-full size-full preload-me aspect lazy lazy-load\" alt=\"\" sizes=\"(max-width: 1600px) 100vw, 1600px\" style=\"--ratio: 1600 \/ 1066;\" data-src=\"https:\/\/www.emb.be\/wp-content\/uploads\/2026\/04\/evere-rampe-striee-vue-aerienne-01.jpg\" loading=\"eager\" data-srcset=\"https:\/\/www.emb.be\/wp-content\/uploads\/2026\/04\/evere-rampe-striee-vue-aerienne-01.jpg 1600w, https:\/\/www.emb.be\/wp-content\/uploads\/2026\/04\/evere-rampe-striee-vue-aerienne-01-300x200.jpg 300w, https:\/\/www.emb.be\/wp-content\/uploads\/2026\/04\/evere-rampe-striee-vue-aerienne-01-1024x682.jpg 1024w, https:\/\/www.emb.be\/wp-content\/uploads\/2026\/04\/evere-rampe-striee-vue-aerienne-01-768x512.jpg 768w, https:\/\/www.emb.be\/wp-content\/uploads\/2026\/04\/evere-rampe-striee-vue-aerienne-01-1536x1023.jpg 1536w\" \/><span class=\"the7-hover-icon\"><i aria-hidden=\"true\" class=\"feather feather-more-horizontal\"><\/i><\/span><\/a>\t\t\t\t\t\t<\/div>\n\t\t\t\t\t\n\t\t\t\t\t<div class=\"post-entry-content\">\n\t\t\t\t\t\t<h5 class=\"heading\"><a href=\"https:\/\/www.emb.be\/en\/project\/grooved-concrete-ramp-for-an-underground-car-park-in-evere\/\" rel=\"bookmark\" title=\"Grooved concrete ramp for an underground car park in Evere\" class=\"post-title\">Grooved concrete ramp for an underground car park in Evere<\/a><\/h5><div class=\"entry-meta\"><span class=\"meta-item category-link\"><a href=\"https:\/\/www.emb.be\/en\/portfolio-category\/technical-concrete\/\" rel=\"tag\">Technical concrete<\/a><\/span><\/div><div class=\"details-wrap\"><a href=\"https:\/\/www.emb.be\/en\/project\/grooved-concrete-ramp-for-an-underground-car-park-in-evere\/\" target=\"\" aria-label=\"Read more about Grooved concrete ramp for an underground car park in Evere\" class=\"box-button elementor-button elementor-size-xs\">View project<\/a><\/div>\t\t\t\t\t<\/div>\n\t\t\t\t<\/div>\n\n\t\t\t<\/article><article class=\"post visible wrapper dt-owl-item-wrap post-94340 dt_portfolio type-dt_portfolio status-publish has-post-thumbnail hentry dt_portfolio_category-concrete-floors\">\n\t\t\t\t<div class=\"post-content-wrapper\">\n\t\t\t\t\t\t\t\t\t\t\t<div class=\"the7-simple-post-thumb\">\n\t\t\t\t\t\t\t<a class=\"post-thumbnail-rollover layzr-bg img-css-resize-wrapper\" aria-label=\"Post image\" href=\"https:\/\/www.emb.be\/en\/project\/minhardur-hand-finished-interior-flooring-for-an-architect-designed-home\/\"><img decoding=\"async\" width=\"1200\" height=\"1600\" src=\"data:image\/svg+xml,%3Csvg%20xmlns%3D&#039;http%3A%2F%2Fwww.w3.org%2F2000%2Fsvg&#039;%20viewBox%3D&#039;0%200%201200%201600&#039;%2F%3E\" class=\"attachment-full size-full preload-me aspect lazy lazy-load\" alt=\"Sol en b\u00e9ton int\u00e9rieur MinHardur manuel dans un espace de vie haut de gamme\" sizes=\"(max-width: 1200px) 100vw, 1200px\" style=\"--ratio: 1200 \/ 1600;\" data-src=\"https:\/\/www.emb.be\/wp-content\/uploads\/2026\/04\/beton-interieur-minhardur-manuel-espace-vie-03.jpg\" loading=\"eager\" data-srcset=\"https:\/\/www.emb.be\/wp-content\/uploads\/2026\/04\/beton-interieur-minhardur-manuel-espace-vie-03.jpg 1200w, https:\/\/www.emb.be\/wp-content\/uploads\/2026\/04\/beton-interieur-minhardur-manuel-espace-vie-03-225x300.jpg 225w, https:\/\/www.emb.be\/wp-content\/uploads\/2026\/04\/beton-interieur-minhardur-manuel-espace-vie-03-768x1024.jpg 768w, https:\/\/www.emb.be\/wp-content\/uploads\/2026\/04\/beton-interieur-minhardur-manuel-espace-vie-03-1152x1536.jpg 1152w\" \/><span class=\"the7-hover-icon\"><i aria-hidden=\"true\" class=\"feather feather-more-horizontal\"><\/i><\/span><\/a>\t\t\t\t\t\t<\/div>\n\t\t\t\t\t\n\t\t\t\t\t<div class=\"post-entry-content\">\n\t\t\t\t\t\t<h5 class=\"heading\"><a href=\"https:\/\/www.emb.be\/en\/project\/minhardur-hand-finished-interior-flooring-for-an-architect-designed-home\/\" rel=\"bookmark\" title=\"MinHardur hand-finished interior flooring for an architect-designed home\" class=\"post-title\">MinHardur hand-finished interior flooring for an architect-designed home<\/a><\/h5><div class=\"entry-meta\"><span class=\"meta-item category-link\"><a href=\"https:\/\/www.emb.be\/en\/portfolio-category\/concrete-floors\/\" rel=\"tag\">Concrete Floors<\/a><\/span><\/div><div class=\"details-wrap\"><a href=\"https:\/\/www.emb.be\/en\/project\/minhardur-hand-finished-interior-flooring-for-an-architect-designed-home\/\" target=\"\" aria-label=\"Read more about MinHardur hand-finished interior flooring for an architect-designed home\" class=\"box-button elementor-button elementor-size-xs\">View project<\/a><\/div>\t\t\t\t\t<\/div>\n\t\t\t\t<\/div>\n\n\t\t\t<\/article><article class=\"post visible wrapper dt-owl-item-wrap post-94317 dt_portfolio type-dt_portfolio status-publish has-post-thumbnail hentry dt_portfolio_category-concrete-floors\">\n\t\t\t\t<div class=\"post-content-wrapper\">\n\t\t\t\t\t\t\t\t\t\t\t<div class=\"the7-simple-post-thumb\">\n\t\t\t\t\t\t\t<a class=\"post-thumbnail-rollover layzr-bg img-css-resize-wrapper\" aria-label=\"Post image\" href=\"https:\/\/www.emb.be\/en\/project\/hand-troweled-interior-concrete-in-contemporary-villa\/\"><img decoding=\"async\" width=\"1066\" height=\"1600\" src=\"data:image\/svg+xml,%3Csvg%20xmlns%3D&#039;http%3A%2F%2Fwww.w3.org%2F2000%2Fsvg&#039;%20viewBox%3D&#039;0%200%201066%201600&#039;%2F%3E\" class=\"attachment-full size-full preload-me aspect lazy lazy-load\" alt=\"Sol en b\u00e9ton int\u00e9rieur liss\u00e9 manuellement dans une villa contemporaine avec finition gris clair\" sizes=\"(max-width: 1066px) 100vw, 1066px\" style=\"--ratio: 1066 \/ 1600;\" data-src=\"https:\/\/www.emb.be\/wp-content\/uploads\/2026\/04\/beton-interieur-lissage-manuel-villa-01.jpg\" loading=\"eager\" data-srcset=\"https:\/\/www.emb.be\/wp-content\/uploads\/2026\/04\/beton-interieur-lissage-manuel-villa-01.jpg 1066w, https:\/\/www.emb.be\/wp-content\/uploads\/2026\/04\/beton-interieur-lissage-manuel-villa-01-200x300.jpg 200w, https:\/\/www.emb.be\/wp-content\/uploads\/2026\/04\/beton-interieur-lissage-manuel-villa-01-682x1024.jpg 682w, https:\/\/www.emb.be\/wp-content\/uploads\/2026\/04\/beton-interieur-lissage-manuel-villa-01-768x1153.jpg 768w, https:\/\/www.emb.be\/wp-content\/uploads\/2026\/04\/beton-interieur-lissage-manuel-villa-01-1023x1536.jpg 1023w\" \/><span class=\"the7-hover-icon\"><i aria-hidden=\"true\" class=\"feather feather-more-horizontal\"><\/i><\/span><\/a>\t\t\t\t\t\t<\/div>\n\t\t\t\t\t\n\t\t\t\t\t<div class=\"post-entry-content\">\n\t\t\t\t\t\t<h5 class=\"heading\"><a href=\"https:\/\/www.emb.be\/en\/project\/hand-troweled-interior-concrete-in-contemporary-villa\/\" rel=\"bookmark\" title=\"Hand-Troweled Interior Concrete in Contemporary Villa\" class=\"post-title\">Hand-Troweled Interior Concrete in Contemporary Villa<\/a><\/h5><div class=\"entry-meta\"><span class=\"meta-item category-link\"><a href=\"https:\/\/www.emb.be\/en\/portfolio-category\/concrete-floors\/\" rel=\"tag\">Concrete Floors<\/a><\/span><\/div><div class=\"details-wrap\"><a href=\"https:\/\/www.emb.be\/en\/project\/hand-troweled-interior-concrete-in-contemporary-villa\/\" target=\"\" aria-label=\"Read more about Hand-Troweled Interior Concrete in Contemporary Villa\" class=\"box-button elementor-button elementor-size-xs\">View project<\/a><\/div>\t\t\t\t\t<\/div>\n\t\t\t\t<\/div>\n\n\t\t\t<\/article><article class=\"post visible wrapper dt-owl-item-wrap post-94379 dt_portfolio type-dt_portfolio status-publish has-post-thumbnail hentry dt_portfolio_category-technical-concrete\">\n\t\t\t\t<div class=\"post-content-wrapper\">\n\t\t\t\t\t\t\t\t\t\t\t<div class=\"the7-simple-post-thumb\">\n\t\t\t\t\t\t\t<a class=\"post-thumbnail-rollover layzr-bg img-css-resize-wrapper\" aria-label=\"Post image\" href=\"https:\/\/www.emb.be\/en\/project\/outdoor-grooved-concrete-ramp-for-garage-access\/\"><img decoding=\"async\" width=\"1600\" height=\"1200\" src=\"data:image\/svg+xml,%3Csvg%20xmlns%3D&#039;http%3A%2F%2Fwww.w3.org%2F2000%2Fsvg&#039;%20viewBox%3D&#039;0%200%201600%201200&#039;%2F%3E\" class=\"attachment-full size-full preload-me aspect lazy lazy-load\" alt=\"Rampe de garage en b\u00e9ton stri\u00e9 avec pente technique et finition antid\u00e9rapante en ext\u00e9rieur\" sizes=\"(max-width: 1600px) 100vw, 1600px\" style=\"--ratio: 1600 \/ 1200;\" data-src=\"https:\/\/www.emb.be\/wp-content\/uploads\/2026\/04\/rampe-beton-striee-garage-exterieur-02.jpg\" loading=\"eager\" data-srcset=\"https:\/\/www.emb.be\/wp-content\/uploads\/2026\/04\/rampe-beton-striee-garage-exterieur-02.jpg 1600w, https:\/\/www.emb.be\/wp-content\/uploads\/2026\/04\/rampe-beton-striee-garage-exterieur-02-300x225.jpg 300w, https:\/\/www.emb.be\/wp-content\/uploads\/2026\/04\/rampe-beton-striee-garage-exterieur-02-1024x768.jpg 1024w, https:\/\/www.emb.be\/wp-content\/uploads\/2026\/04\/rampe-beton-striee-garage-exterieur-02-768x576.jpg 768w, https:\/\/www.emb.be\/wp-content\/uploads\/2026\/04\/rampe-beton-striee-garage-exterieur-02-1536x1152.jpg 1536w\" \/><span class=\"the7-hover-icon\"><i aria-hidden=\"true\" class=\"feather feather-more-horizontal\"><\/i><\/span><\/a>\t\t\t\t\t\t<\/div>\n\t\t\t\t\t\n\t\t\t\t\t<div class=\"post-entry-content\">\n\t\t\t\t\t\t<h5 class=\"heading\"><a href=\"https:\/\/www.emb.be\/en\/project\/outdoor-grooved-concrete-ramp-for-garage-access\/\" rel=\"bookmark\" title=\"Outdoor grooved concrete ramp for garage access\" class=\"post-title\">Outdoor grooved concrete ramp for garage access<\/a><\/h5><div class=\"entry-meta\"><span class=\"meta-item category-link\"><a href=\"https:\/\/www.emb.be\/en\/portfolio-category\/technical-concrete\/\" rel=\"tag\">Technical concrete<\/a><\/span><\/div><div class=\"details-wrap\"><a href=\"https:\/\/www.emb.be\/en\/project\/outdoor-grooved-concrete-ramp-for-garage-access\/\" target=\"\" aria-label=\"Read more about Outdoor grooved concrete ramp for garage access\" class=\"box-button elementor-button elementor-size-xs\">View project<\/a><\/div>\t\t\t\t\t<\/div>\n\t\t\t\t<\/div>\n\n\t\t\t<\/article><article class=\"post visible wrapper dt-owl-item-wrap post-94410 dt_portfolio type-dt_portfolio status-publish has-post-thumbnail hentry dt_portfolio_category-granito-terrazzo\">\n\t\t\t\t<div class=\"post-content-wrapper\">\n\t\t\t\t\t\t\t\t\t\t\t<div class=\"the7-simple-post-thumb\">\n\t\t\t\t\t\t\t<a class=\"post-thumbnail-rollover layzr-bg img-css-resize-wrapper\" aria-label=\"Post image\" href=\"https:\/\/www.emb.be\/en\/project\/terrazzo-flooring-for-professional-reception-areas\/\"><img decoding=\"async\" width=\"2048\" height=\"1365\" src=\"data:image\/svg+xml,%3Csvg%20xmlns%3D&#039;http%3A%2F%2Fwww.w3.org%2F2000%2Fsvg&#039;%20viewBox%3D&#039;0%200%202048%201365&#039;%2F%3E\" class=\"attachment-full size-full preload-me aspect lazy lazy-load\" alt=\"Sol en terrazzo clair dans un espace d\u2019attente du projet Tandens \u00e0 Roeselare\" sizes=\"(max-width: 2048px) 100vw, 2048px\" style=\"--ratio: 2048 \/ 1365;\" data-src=\"https:\/\/www.emb.be\/wp-content\/uploads\/2026\/04\/tandens-roeselare-sol-terrazzo-accueil-02.jpg\" loading=\"eager\" data-srcset=\"https:\/\/www.emb.be\/wp-content\/uploads\/2026\/04\/tandens-roeselare-sol-terrazzo-accueil-02.jpg 2048w, https:\/\/www.emb.be\/wp-content\/uploads\/2026\/04\/tandens-roeselare-sol-terrazzo-accueil-02-300x200.jpg 300w, https:\/\/www.emb.be\/wp-content\/uploads\/2026\/04\/tandens-roeselare-sol-terrazzo-accueil-02-1024x683.jpg 1024w, https:\/\/www.emb.be\/wp-content\/uploads\/2026\/04\/tandens-roeselare-sol-terrazzo-accueil-02-768x512.jpg 768w, https:\/\/www.emb.be\/wp-content\/uploads\/2026\/04\/tandens-roeselare-sol-terrazzo-accueil-02-1536x1024.jpg 1536w\" \/><span class=\"the7-hover-icon\"><i aria-hidden=\"true\" class=\"feather feather-more-horizontal\"><\/i><\/span><\/a>\t\t\t\t\t\t<\/div>\n\t\t\t\t\t\n\t\t\t\t\t<div class=\"post-entry-content\">\n\t\t\t\t\t\t<h5 class=\"heading\"><a href=\"https:\/\/www.emb.be\/en\/project\/terrazzo-flooring-for-professional-reception-areas\/\" rel=\"bookmark\" title=\"Terrazzo flooring for professional reception areas\" class=\"post-title\">Terrazzo flooring for professional reception areas<\/a><\/h5><div class=\"entry-meta\"><span class=\"meta-item category-link\"><a href=\"https:\/\/www.emb.be\/en\/portfolio-category\/granito-terrazzo\/\" rel=\"tag\">Granito \/ terrazzo<\/a><\/span><\/div><div class=\"details-wrap\"><a href=\"https:\/\/www.emb.be\/en\/project\/terrazzo-flooring-for-professional-reception-areas\/\" target=\"\" aria-label=\"Read more about Terrazzo flooring for professional reception areas\" class=\"box-button elementor-button elementor-size-xs\">View project<\/a><\/div>\t\t\t\t\t<\/div>\n\t\t\t\t<\/div>\n\n\t\t\t<\/article><article class=\"post visible wrapper dt-owl-item-wrap post-94367 dt_portfolio type-dt_portfolio status-publish has-post-thumbnail hentry dt_portfolio_category-granito-terrazzo\">\n\t\t\t\t<div class=\"post-content-wrapper\">\n\t\t\t\t\t\t\t\t\t\t\t<div class=\"the7-simple-post-thumb\">\n\t\t\t\t\t\t\t<a class=\"post-thumbnail-rollover layzr-bg img-css-resize-wrapper\" aria-label=\"Post image\" href=\"https:\/\/www.emb.be\/en\/project\/high-end-terrazzo-for-a-contemporary-villa\/\"><img decoding=\"async\" width=\"1600\" height=\"1200\" src=\"data:image\/svg+xml,%3Csvg%20xmlns%3D&#039;http%3A%2F%2Fwww.w3.org%2F2000%2Fsvg&#039;%20viewBox%3D&#039;0%200%201600%201200&#039;%2F%3E\" class=\"attachment-full size-full preload-me aspect lazy lazy-load\" alt=\"Sol en terrazzo d\u00e9coratif dans un s\u00e9jour lumineux avec vue sur le jardin\" sizes=\"(max-width: 1600px) 100vw, 1600px\" style=\"--ratio: 1600 \/ 1200;\" data-src=\"https:\/\/www.emb.be\/wp-content\/uploads\/2026\/04\/villa-privee-terrazzo-salon-vitre-01.jpg\" loading=\"eager\" data-srcset=\"https:\/\/www.emb.be\/wp-content\/uploads\/2026\/04\/villa-privee-terrazzo-salon-vitre-01.jpg 1600w, https:\/\/www.emb.be\/wp-content\/uploads\/2026\/04\/villa-privee-terrazzo-salon-vitre-01-300x225.jpg 300w, https:\/\/www.emb.be\/wp-content\/uploads\/2026\/04\/villa-privee-terrazzo-salon-vitre-01-1024x768.jpg 1024w, https:\/\/www.emb.be\/wp-content\/uploads\/2026\/04\/villa-privee-terrazzo-salon-vitre-01-768x576.jpg 768w, https:\/\/www.emb.be\/wp-content\/uploads\/2026\/04\/villa-privee-terrazzo-salon-vitre-01-1536x1152.jpg 1536w\" \/><span class=\"the7-hover-icon\"><i aria-hidden=\"true\" class=\"feather feather-more-horizontal\"><\/i><\/span><\/a>\t\t\t\t\t\t<\/div>\n\t\t\t\t\t\n\t\t\t\t\t<div class=\"post-entry-content\">\n\t\t\t\t\t\t<h5 class=\"heading\"><a href=\"https:\/\/www.emb.be\/en\/project\/high-end-terrazzo-for-a-contemporary-villa\/\" rel=\"bookmark\" title=\"High-end terrazzo for a contemporary villa\" class=\"post-title\">High-end terrazzo for a contemporary villa<\/a><\/h5><div class=\"entry-meta\"><span class=\"meta-item category-link\"><a href=\"https:\/\/www.emb.be\/en\/portfolio-category\/granito-terrazzo\/\" rel=\"tag\">Granito \/ terrazzo<\/a><\/span><\/div><div class=\"details-wrap\"><a href=\"https:\/\/www.emb.be\/en\/project\/high-end-terrazzo-for-a-contemporary-villa\/\" target=\"\" aria-label=\"Read more about High-end terrazzo for a contemporary villa\" class=\"box-button elementor-button elementor-size-xs\">View project<\/a><\/div>\t\t\t\t\t<\/div>\n\t\t\t\t<\/div>\n\n\t\t\t<\/article><article class=\"post visible wrapper dt-owl-item-wrap post-94495 dt_portfolio type-dt_portfolio status-publish has-post-thumbnail hentry dt_portfolio_category-granito-terrazzo\">\n\t\t\t\t<div class=\"post-content-wrapper\">\n\t\t\t\t\t\t\t\t\t\t\t<div class=\"the7-simple-post-thumb\">\n\t\t\t\t\t\t\t<a class=\"post-thumbnail-rollover layzr-bg img-css-resize-wrapper\" aria-label=\"Post image\" href=\"https:\/\/www.emb.be\/en\/project\/terrazzo-and-exposed-concrete-floor-in-a-private-home\/\"><img decoding=\"async\" width=\"1350\" height=\"1800\" src=\"data:image\/svg+xml,%3Csvg%20xmlns%3D&#039;http%3A%2F%2Fwww.w3.org%2F2000%2Fsvg&#039;%20viewBox%3D&#039;0%200%201350%201800&#039;%2F%3E\" class=\"attachment-full size-full preload-me aspect lazy lazy-load\" alt=\"Sol en terrazzo poli dans une salle \u00e0 manger de maison contemporaine\" sizes=\"(max-width: 1350px) 100vw, 1350px\" style=\"--ratio: 1350 \/ 1800;\" data-src=\"https:\/\/www.emb.be\/wp-content\/uploads\/2026\/04\/maison-privee-terrazzo-salon-beton-brut-03.jpg\" loading=\"eager\" data-srcset=\"https:\/\/www.emb.be\/wp-content\/uploads\/2026\/04\/maison-privee-terrazzo-salon-beton-brut-03.jpg 1350w, https:\/\/www.emb.be\/wp-content\/uploads\/2026\/04\/maison-privee-terrazzo-salon-beton-brut-03-225x300.jpg 225w, https:\/\/www.emb.be\/wp-content\/uploads\/2026\/04\/maison-privee-terrazzo-salon-beton-brut-03-768x1024.jpg 768w, https:\/\/www.emb.be\/wp-content\/uploads\/2026\/04\/maison-privee-terrazzo-salon-beton-brut-03-1152x1536.jpg 1152w\" \/><span class=\"the7-hover-icon\"><i aria-hidden=\"true\" class=\"feather feather-more-horizontal\"><\/i><\/span><\/a>\t\t\t\t\t\t<\/div>\n\t\t\t\t\t\n\t\t\t\t\t<div class=\"post-entry-content\">\n\t\t\t\t\t\t<h5 class=\"heading\"><a href=\"https:\/\/www.emb.be\/en\/project\/terrazzo-and-exposed-concrete-floor-in-a-private-home\/\" rel=\"bookmark\" title=\"Terrazzo and exposed concrete floor in a private home\" class=\"post-title\">Terrazzo and exposed concrete floor in a private home<\/a><\/h5><div class=\"entry-meta\"><span class=\"meta-item category-link\"><a href=\"https:\/\/www.emb.be\/en\/portfolio-category\/granito-terrazzo\/\" rel=\"tag\">Granito \/ terrazzo<\/a><\/span><\/div><div class=\"details-wrap\"><a href=\"https:\/\/www.emb.be\/en\/project\/terrazzo-and-exposed-concrete-floor-in-a-private-home\/\" target=\"\" aria-label=\"Read more about Terrazzo and exposed concrete floor in a private home\" class=\"box-button elementor-button elementor-size-xs\">View project<\/a><\/div>\t\t\t\t\t<\/div>\n\t\t\t\t<\/div>\n\n\t\t\t<\/article><article class=\"post visible wrapper dt-owl-item-wrap post-94402 dt_portfolio type-dt_portfolio status-publish has-post-thumbnail hentry dt_portfolio_category-concrete-floors dt_portfolio_category-decorative-concrete\">\n\t\t\t\t<div class=\"post-content-wrapper\">\n\t\t\t\t\t\t\t\t\t\t\t<div class=\"the7-simple-post-thumb\">\n\t\t\t\t\t\t\t<a class=\"post-thumbnail-rollover layzr-bg img-css-resize-wrapper\" aria-label=\"Post image\" href=\"https:\/\/www.emb.be\/en\/project\/ixelles-av-du-bois-de-la-cambre\/\"><img decoding=\"async\" width=\"2048\" height=\"1365\" src=\"data:image\/svg+xml,%3Csvg%20xmlns%3D&#039;http%3A%2F%2Fwww.w3.org%2F2000%2Fsvg&#039;%20viewBox%3D&#039;0%200%202048%201365&#039;%2F%3E\" class=\"attachment-full size-full preload-me aspect lazy lazy-load\" alt=\"abords en b\u00e9ton lav\u00e9 r\u00e9sistants trafic quotidien\" sizes=\"(max-width: 2048px) 100vw, 2048px\" style=\"--ratio: 2048 \/ 1365;\" data-src=\"https:\/\/www.emb.be\/wp-content\/uploads\/2026\/02\/abords-en-beton-lave-resistants-trafic-quotidien.jpg\" loading=\"eager\" data-srcset=\"https:\/\/www.emb.be\/wp-content\/uploads\/2026\/02\/abords-en-beton-lave-resistants-trafic-quotidien.jpg 2048w, https:\/\/www.emb.be\/wp-content\/uploads\/2026\/02\/abords-en-beton-lave-resistants-trafic-quotidien-300x200.jpg 300w, https:\/\/www.emb.be\/wp-content\/uploads\/2026\/02\/abords-en-beton-lave-resistants-trafic-quotidien-1024x683.jpg 1024w, https:\/\/www.emb.be\/wp-content\/uploads\/2026\/02\/abords-en-beton-lave-resistants-trafic-quotidien-768x512.jpg 768w, https:\/\/www.emb.be\/wp-content\/uploads\/2026\/02\/abords-en-beton-lave-resistants-trafic-quotidien-1536x1024.jpg 1536w, https:\/\/www.emb.be\/wp-content\/uploads\/2026\/02\/abords-en-beton-lave-resistants-trafic-quotidien-1000x667.jpg 1000w\" \/><span class=\"the7-hover-icon\"><i aria-hidden=\"true\" class=\"feather feather-more-horizontal\"><\/i><\/span><\/a>\t\t\t\t\t\t<\/div>\n\t\t\t\t\t\n\t\t\t\t\t<div class=\"post-entry-content\">\n\t\t\t\t\t\t<h5 class=\"heading\"><a href=\"https:\/\/www.emb.be\/en\/project\/ixelles-av-du-bois-de-la-cambre\/\" rel=\"bookmark\" title=\"Ixelles (Av. du Bois de la Cambre)\" class=\"post-title\">Ixelles (Av. du Bois de la Cambre)<\/a><\/h5><div class=\"entry-meta\"><span class=\"meta-item category-link\"><a href=\"https:\/\/www.emb.be\/en\/portfolio-category\/concrete-floors\/\" rel=\"tag\">Concrete Floors<\/a>, <a href=\"https:\/\/www.emb.be\/en\/portfolio-category\/decorative-concrete\/\" rel=\"tag\">Decorative concrete<\/a><\/span><\/div><div class=\"details-wrap\"><a href=\"https:\/\/www.emb.be\/en\/project\/ixelles-av-du-bois-de-la-cambre\/\" target=\"\" aria-label=\"Read more about Ixelles (Av. du Bois de la Cambre)\" class=\"box-button elementor-button elementor-size-xs\">View project<\/a><\/div>\t\t\t\t\t<\/div>\n\t\t\t\t<\/div>\n\n\t\t\t<\/article><article class=\"post visible wrapper dt-owl-item-wrap post-94432 dt_portfolio type-dt_portfolio status-publish has-post-thumbnail hentry dt_portfolio_category-concrete-floors dt_portfolio_category-technical-concrete\">\n\t\t\t\t<div class=\"post-content-wrapper\">\n\t\t\t\t\t\t\t\t\t\t\t<div class=\"the7-simple-post-thumb\">\n\t\t\t\t\t\t\t<a class=\"post-thumbnail-rollover layzr-bg img-css-resize-wrapper\" aria-label=\"Post image\" href=\"https:\/\/www.emb.be\/en\/project\/grooved-concrete-ramp-residential-exterior\/\"><img decoding=\"async\" width=\"2048\" height=\"1365\" src=\"data:image\/svg+xml,%3Csvg%20xmlns%3D&#039;http%3A%2F%2Fwww.w3.org%2F2000%2Fsvg&#039;%20viewBox%3D&#039;0%200%202048%201365&#039;%2F%3E\" class=\"attachment-full size-full preload-me aspect lazy lazy-load\" alt=\"Acc\u00e8s garage b\u00e9ton stri\u00e9 le long fa\u00e7ade r\u00e9sidentielle\" sizes=\"(max-width: 2048px) 100vw, 2048px\" style=\"--ratio: 2048 \/ 1365;\" data-src=\"https:\/\/www.emb.be\/wp-content\/uploads\/2020\/04\/Acces-garage-beton-strie-le-long-facade-residentielle.jpg\" loading=\"eager\" data-srcset=\"https:\/\/www.emb.be\/wp-content\/uploads\/2020\/04\/Acces-garage-beton-strie-le-long-facade-residentielle.jpg 2048w, https:\/\/www.emb.be\/wp-content\/uploads\/2020\/04\/Acces-garage-beton-strie-le-long-facade-residentielle-300x200.jpg 300w, https:\/\/www.emb.be\/wp-content\/uploads\/2020\/04\/Acces-garage-beton-strie-le-long-facade-residentielle-1024x683.jpg 1024w, https:\/\/www.emb.be\/wp-content\/uploads\/2020\/04\/Acces-garage-beton-strie-le-long-facade-residentielle-768x512.jpg 768w, https:\/\/www.emb.be\/wp-content\/uploads\/2020\/04\/Acces-garage-beton-strie-le-long-facade-residentielle-1536x1024.jpg 1536w\" \/><span class=\"the7-hover-icon\"><i aria-hidden=\"true\" class=\"feather feather-more-horizontal\"><\/i><\/span><\/a>\t\t\t\t\t\t<\/div>\n\t\t\t\t\t\n\t\t\t\t\t<div class=\"post-entry-content\">\n\t\t\t\t\t\t<h5 class=\"heading\"><a href=\"https:\/\/www.emb.be\/en\/project\/grooved-concrete-ramp-residential-exterior\/\" rel=\"bookmark\" title=\"Grooved concrete ramp (residential exterior)\" class=\"post-title\">Grooved concrete ramp (residential exterior)<\/a><\/h5><div class=\"entry-meta\"><span class=\"meta-item category-link\"><a href=\"https:\/\/www.emb.be\/en\/portfolio-category\/concrete-floors\/\" rel=\"tag\">Concrete Floors<\/a>, <a href=\"https:\/\/www.emb.be\/en\/portfolio-category\/technical-concrete\/\" rel=\"tag\">Technical concrete<\/a><\/span><\/div><div class=\"details-wrap\"><a href=\"https:\/\/www.emb.be\/en\/project\/grooved-concrete-ramp-residential-exterior\/\" target=\"\" aria-label=\"Read more about Grooved concrete ramp (residential exterior)\" class=\"box-button elementor-button elementor-size-xs\">View project<\/a><\/div>\t\t\t\t\t<\/div>\n\t\t\t\t<\/div>\n\n\t\t\t<\/article><article class=\"post visible wrapper dt-owl-item-wrap post-94483 dt_portfolio type-dt_portfolio status-publish has-post-thumbnail hentry dt_portfolio_category-concrete-floors dt_portfolio_category-technical-concrete\">\n\t\t\t\t<div class=\"post-content-wrapper\">\n\t\t\t\t\t\t\t\t\t\t\t<div class=\"the7-simple-post-thumb\">\n\t\t\t\t\t\t\t<a class=\"post-thumbnail-rollover layzr-bg img-css-resize-wrapper\" aria-label=\"Post image\" href=\"https:\/\/www.emb.be\/en\/project\/cai-residential-project-in-fleurus\/\"><img decoding=\"async\" width=\"2048\" height=\"1365\" src=\"data:image\/svg+xml,%3Csvg%20xmlns%3D&#039;http%3A%2F%2Fwww.w3.org%2F2000%2Fsvg&#039;%20viewBox%3D&#039;0%200%202048%201365&#039;%2F%3E\" class=\"attachment-full size-full preload-me aspect lazy lazy-load\" alt=\"\" sizes=\"(max-width: 2048px) 100vw, 2048px\" style=\"--ratio: 2048 \/ 1365;\" data-src=\"https:\/\/www.emb.be\/wp-content\/uploads\/2019\/04\/Entree-de-parking-souterrain-en-beton-brosse-antiderapant.jpg\" loading=\"eager\" data-srcset=\"https:\/\/www.emb.be\/wp-content\/uploads\/2019\/04\/Entree-de-parking-souterrain-en-beton-brosse-antiderapant.jpg 2048w, https:\/\/www.emb.be\/wp-content\/uploads\/2019\/04\/Entree-de-parking-souterrain-en-beton-brosse-antiderapant-300x200.jpg 300w, https:\/\/www.emb.be\/wp-content\/uploads\/2019\/04\/Entree-de-parking-souterrain-en-beton-brosse-antiderapant-1024x683.jpg 1024w, https:\/\/www.emb.be\/wp-content\/uploads\/2019\/04\/Entree-de-parking-souterrain-en-beton-brosse-antiderapant-768x512.jpg 768w, https:\/\/www.emb.be\/wp-content\/uploads\/2019\/04\/Entree-de-parking-souterrain-en-beton-brosse-antiderapant-1536x1024.jpg 1536w\" \/><span class=\"the7-hover-icon\"><i aria-hidden=\"true\" class=\"feather feather-more-horizontal\"><\/i><\/span><\/a>\t\t\t\t\t\t<\/div>\n\t\t\t\t\t\n\t\t\t\t\t<div class=\"post-entry-content\">\n\t\t\t\t\t\t<h5 class=\"heading\"><a href=\"https:\/\/www.emb.be\/en\/project\/cai-residential-project-in-fleurus\/\" rel=\"bookmark\" title=\"CAI \u2013 Residential Project in Fleurus\" class=\"post-title\">CAI \u2013 Residential Project in Fleurus<\/a><\/h5><div class=\"entry-meta\"><span class=\"meta-item category-link\"><a href=\"https:\/\/www.emb.be\/en\/portfolio-category\/concrete-floors\/\" rel=\"tag\">Concrete Floors<\/a>, <a href=\"https:\/\/www.emb.be\/en\/portfolio-category\/technical-concrete\/\" rel=\"tag\">Technical concrete<\/a><\/span><\/div><div class=\"details-wrap\"><a href=\"https:\/\/www.emb.be\/en\/project\/cai-residential-project-in-fleurus\/\" target=\"\" aria-label=\"Read more about CAI \u2013 Residential Project in Fleurus\" class=\"box-button elementor-button elementor-size-xs\">View project<\/a><\/div>\t\t\t\t\t<\/div>\n\t\t\t\t<\/div>\n\n\t\t\t<\/article><\/div><div class=\"owl-nav disabled\"><div class=\"owl-prev\" role=\"button\" tabindex=\"0\" aria-label=\"Prev slide\"><i class=\"feather feather-chevron-left\"><\/i><\/div><div class=\"owl-next\" role=\"button\" tabindex=\"0\" aria-label=\"Next slide\"><i class=\"feather feather-chevron-right\"><\/i><\/div><\/div>\t\t\t\t<\/div>\n\t\t\t\t<\/div>\n\t\t\t\t\t<\/div>\n\t\t<\/div>\n\t\t\t\t\t<\/div>\n\t\t<\/section>\n\t\t\t\t<section class=\"elementor-section elementor-top-section elementor-element elementor-element-60970f15 elementor-section-height-min-height elementor-section-items-stretch elementor-section-content-middle elementor-section-boxed elementor-section-height-default\" data-id=\"60970f15\" data-element_type=\"section\" data-e-type=\"section\">\n\t\t\t\t\t\t<div class=\"elementor-container elementor-column-gap-wider\">\n\t\t\t\t\t<div class=\"elementor-column elementor-col-50 elementor-top-column elementor-element elementor-element-9589ed5\" data-id=\"9589ed5\" data-element_type=\"column\" data-e-type=\"column\">\n\t\t\t<div class=\"elementor-widget-wrap elementor-element-populated\">\n\t\t\t\t\t\t<div class=\"elementor-element elementor-element-4c507c93 elementor-widget__width-initial elementor-widget-mobile__width-auto elementor-widget elementor-widget-image\" data-id=\"4c507c93\" data-element_type=\"widget\" data-e-type=\"widget\" data-widget_type=\"image.default\">\n\t\t\t\t\t\t\t\t\t\t\t\t\t\t\t<img decoding=\"async\" src=\"https:\/\/www.emb.be\/wp-content\/uploads\/elementor\/thumbs\/emb-camions-logistique-sols-beton-bruxelles-rmdyxp1cfknnvc3yuatfcknk0yqf3y95hpzriswtg0.jpg\" title=\"EMB truck parked in the company yard in Brussels for screed, insulation, and concrete flooring works\" alt=\"EMB truck parked in the company yard in Brussels for screed, insulation, and concrete flooring works\" loading=\"lazy\" \/>\t\t\t\t\t\t\t\t\t\t\t\t\t\t\t<\/div>\n\t\t\t\t\t<\/div>\n\t\t<\/div>\n\t\t\t\t<div class=\"elementor-column elementor-col-50 elementor-top-column elementor-element elementor-element-10153442\" data-id=\"10153442\" data-element_type=\"column\" data-e-type=\"column\">\n\t\t\t<div class=\"elementor-widget-wrap elementor-element-populated\">\n\t\t\t\t\t\t<div class=\"elementor-element elementor-element-2e924e11 elementor-widget elementor-widget-heading\" data-id=\"2e924e11\" data-element_type=\"widget\" data-e-type=\"widget\" data-widget_type=\"heading.default\">\n\t\t\t\t\t<h2 class=\"elementor-heading-title elementor-size-default\">A floor insulation project? Let's talk. <\/h2>\t\t\t\t<\/div>\n\t\t\t\t<div class=\"elementor-element elementor-element-114828f4 elementor-widget elementor-widget-spacer\" data-id=\"114828f4\" data-element_type=\"widget\" data-e-type=\"widget\" data-widget_type=\"spacer.default\">\n\t\t\t\t\t\t\t<div class=\"elementor-spacer\">\n\t\t\t<div class=\"elementor-spacer-inner\"><\/div>\n\t\t<\/div>\n\t\t\t\t\t\t<\/div>\n\t\t\t\t<div class=\"elementor-element elementor-element-4e42bc4 elementor-widget elementor-widget-text-editor\" data-id=\"4e42bc4\" data-element_type=\"widget\" data-e-type=\"widget\" data-widget_type=\"text-editor.default\">\n\t\t\t\t\t\t\t\t\t<p>New construction or floor insulation renovation: we advise you and implement the most suitable solution for your building in Brussels and throughout Belgium.<\/p><p>Thermal floor insulation, under-screed membranes, or acoustic insulation: every project undergoes a precise technical analysis to guarantee performance and durability.<\/p>\t\t\t\t\t\t\t\t<\/div>\n\t\t\t\t<div class=\"elementor-element elementor-element-65ddb5db elementor-widget elementor-widget-spacer\" data-id=\"65ddb5db\" data-element_type=\"widget\" data-e-type=\"widget\" data-widget_type=\"spacer.default\">\n\t\t\t\t\t\t\t<div class=\"elementor-spacer\">\n\t\t\t<div class=\"elementor-spacer-inner\"><\/div>\n\t\t<\/div>\n\t\t\t\t\t\t<\/div>\n\t\t\t\t<div class=\"elementor-element elementor-element-622744a5 elementor-widget__width-auto elementor-mobile-align-center elementor-widget-mobile__width-inherit elementor-widget elementor-widget-the7_button_widget\" data-id=\"622744a5\" data-element_type=\"widget\" data-e-type=\"widget\" data-widget_type=\"the7_button_widget.default\">\n\t\t\t\t<div class=\"elementor-widget-container\">\n\t\t\t\t\t<div class=\"elementor-button-wrapper\"><a href=\"tel:+3222151949\" class=\"box-button elementor-button elementor-size-lg\">+32 (0) 2 215 19 49<i aria-hidden=\"true\" class=\"elementor-button-icon feather feather-phone\"><\/i><\/a><\/div>\t\t\t\t<\/div>\n\t\t\t\t<\/div>\n\t\t\t\t<div class=\"elementor-element elementor-element-dd3be92 elementor-widget__width-auto elementor-mobile-align-center elementor-widget-mobile__width-inherit elementor-widget elementor-widget-the7_button_widget\" data-id=\"dd3be92\" data-element_type=\"widget\" data-e-type=\"widget\" data-widget_type=\"the7_button_widget.default\">\n\t\t\t\t<div class=\"elementor-widget-container\">\n\t\t\t\t\t<div class=\"elementor-button-wrapper\"><a href=\"https:\/\/www.emb.be\/contact\/\" class=\"box-button elementor-button elementor-size-lg\">Request a quote<i aria-hidden=\"true\" class=\"elementor-button-icon feather feather-arrow-right\"><\/i><\/a><\/div>\t\t\t\t<\/div>\n\t\t\t\t<\/div>\n\t\t\t\t\t<\/div>\n\t\t<\/div>\n\t\t\t\t\t<\/div>\n\t\t<\/section>\n\t\t\t\t<\/div>\n\t\t","protected":false},"excerpt":{"rendered":"<p>Floor insulation in Brussels for homes and professional buildings Floor insulation reduces heat loss, improves thermal comfort, and meets current energy requirements in both new builds and renovations. As a floor insulation company in Brussels, EMB implements solutions tailored to every project: under-screed membranes, insulation panels, sprayed PUR, or acoustic insulation. We also assist you&hellip;<\/p>\n","protected":false},"author":2,"featured_media":0,"parent":0,"menu_order":0,"comment_status":"closed","ping_status":"closed","template":"","meta":{"footnotes":""},"class_list":["post-94034","page","type-page","status-publish","hentry"],"yoast_head":"<!-- This site is optimized with the Yoast SEO plugin v27.4 - https:\/\/yoast.com\/product\/yoast-seo-wordpress\/ -->\n<title>Floor Insulation in Brussels | Thermal &amp; Acoustic Insulation - EMB<\/title>\n<meta name=\"description\" content=\"Floor insulation in Brussels for construction and renovation. Under-screed solutions to improve thermal performance and comfort.\" \/>\n<meta name=\"robots\" content=\"index, follow, max-snippet:-1, max-image-preview:large, max-video-preview:-1\" \/>\n<link rel=\"canonical\" href=\"https:\/\/www.emb.be\/en\/floor-insulation\/\" \/>\n<meta property=\"og:locale\" content=\"en_US\" \/>\n<meta property=\"og:type\" content=\"article\" \/>\n<meta property=\"og:title\" content=\"Floor Insulation in Brussels | Thermal &amp; Acoustic Insulation - EMB\" \/>\n<meta property=\"og:description\" content=\"Floor insulation in Brussels for construction and renovation. Under-screed solutions to improve thermal performance and comfort.\" \/>\n<meta property=\"og:url\" content=\"https:\/\/www.emb.be\/en\/floor-insulation\/\" \/>\n<meta property=\"og:site_name\" content=\"EMB\" \/>\n<meta property=\"article:publisher\" content=\"https:\/\/www.facebook.com\/emb.belgium\/\" \/>\n<meta property=\"article:modified_time\" content=\"2026-04-26T10:45:47+00:00\" \/>\n<meta property=\"og:image\" content=\"https:\/\/www.emb.be\/wp-content\/uploads\/2026\/02\/Sol-en-beton-lisse-interieur-dans-un-salon-contemporain-revetement-beton-1024x682.jpg\" \/>\n<meta name=\"twitter:card\" content=\"summary_large_image\" \/>\n<meta name=\"twitter:title\" content=\"Floor Insulation in Brussels | Thermal &amp; Acoustic Insulation - EMB\" \/>\n<meta name=\"twitter:description\" content=\"Floor insulation in Brussels for construction and renovation. Under-screed solutions to improve thermal performance and comfort.\" \/>\n<meta name=\"twitter:image\" content=\"https:\/\/www.emb.be\/wp-content\/uploads\/2026\/02\/Sol-en-beton-lisse-interieur-dans-un-salon-contemporain-revetement-beton-1024x682.jpg\" \/>\n<meta name=\"twitter:label1\" content=\"Est. reading time\" \/>\n\t<meta name=\"twitter:data1\" content=\"3 minutes\" \/>\n<script type=\"application\/ld+json\" class=\"yoast-schema-graph\">{\"@context\":\"https:\\\/\\\/schema.org\",\"@graph\":[{\"@type\":\"WebPage\",\"@id\":\"https:\\\/\\\/www.emb.be\\\/en\\\/floor-insulation\\\/\",\"url\":\"https:\\\/\\\/www.emb.be\\\/en\\\/floor-insulation\\\/\",\"name\":\"Floor Insulation in Brussels | Thermal & Acoustic Insulation - EMB\",\"isPartOf\":{\"@id\":\"https:\\\/\\\/www.emb.be\\\/en\\\/#website\"},\"primaryImageOfPage\":{\"@id\":\"https:\\\/\\\/www.emb.be\\\/en\\\/floor-insulation\\\/#primaryimage\"},\"image\":{\"@id\":\"https:\\\/\\\/www.emb.be\\\/en\\\/floor-insulation\\\/#primaryimage\"},\"thumbnailUrl\":\"https:\\\/\\\/www.emb.be\\\/wp-content\\\/uploads\\\/elementor\\\/thumbs\\\/isolation-sol-bruxelles-membrane-sous-chape-01-rme9nxvurrecmx2efr9ifltblwz72gmflgljt27ymo.jpg\",\"datePublished\":\"2026-02-17T13:27:19+00:00\",\"dateModified\":\"2026-04-26T10:45:47+00:00\",\"description\":\"Floor insulation in Brussels for construction and renovation. Under-screed solutions to improve thermal performance and comfort.\",\"breadcrumb\":{\"@id\":\"https:\\\/\\\/www.emb.be\\\/en\\\/floor-insulation\\\/#breadcrumb\"},\"inLanguage\":\"en-US\",\"potentialAction\":[{\"@type\":\"ReadAction\",\"target\":[\"https:\\\/\\\/www.emb.be\\\/en\\\/floor-insulation\\\/\"]}]},{\"@type\":\"ImageObject\",\"inLanguage\":\"en-US\",\"@id\":\"https:\\\/\\\/www.emb.be\\\/en\\\/floor-insulation\\\/#primaryimage\",\"url\":\"https:\\\/\\\/www.emb.be\\\/wp-content\\\/uploads\\\/elementor\\\/thumbs\\\/isolation-sol-bruxelles-membrane-sous-chape-01-rme9nxvurrecmx2efr9ifltblwz72gmflgljt27ymo.jpg\",\"contentUrl\":\"https:\\\/\\\/www.emb.be\\\/wp-content\\\/uploads\\\/elementor\\\/thumbs\\\/isolation-sol-bruxelles-membrane-sous-chape-01-rme9nxvurrecmx2efr9ifltblwz72gmflgljt27ymo.jpg\"},{\"@type\":\"BreadcrumbList\",\"@id\":\"https:\\\/\\\/www.emb.be\\\/en\\\/floor-insulation\\\/#breadcrumb\",\"itemListElement\":[{\"@type\":\"ListItem\",\"position\":1,\"name\":\"Accueil\",\"item\":\"https:\\\/\\\/www.emb.be\\\/en\\\/\"},{\"@type\":\"ListItem\",\"position\":2,\"name\":\"Floor Insulation\"}]},{\"@type\":\"WebSite\",\"@id\":\"https:\\\/\\\/www.emb.be\\\/en\\\/#website\",\"url\":\"https:\\\/\\\/www.emb.be\\\/en\\\/\",\"name\":\"EMB\",\"description\":\"\",\"publisher\":{\"@id\":\"https:\\\/\\\/www.emb.be\\\/en\\\/#organization\"},\"potentialAction\":[{\"@type\":\"SearchAction\",\"target\":{\"@type\":\"EntryPoint\",\"urlTemplate\":\"https:\\\/\\\/www.emb.be\\\/en\\\/?s={search_term_string}\"},\"query-input\":{\"@type\":\"PropertyValueSpecification\",\"valueRequired\":true,\"valueName\":\"search_term_string\"}}],\"inLanguage\":\"en-US\"},{\"@type\":\"Organization\",\"@id\":\"https:\\\/\\\/www.emb.be\\\/en\\\/#organization\",\"name\":\"EMB\",\"url\":\"https:\\\/\\\/www.emb.be\\\/en\\\/\",\"logo\":{\"@type\":\"ImageObject\",\"inLanguage\":\"en-US\",\"@id\":\"https:\\\/\\\/www.emb.be\\\/en\\\/#\\\/schema\\\/logo\\\/image\\\/\",\"url\":\"https:\\\/\\\/www.emb.be\\\/wp-content\\\/uploads\\\/2026\\\/02\\\/favicon_emb.png\",\"contentUrl\":\"https:\\\/\\\/www.emb.be\\\/wp-content\\\/uploads\\\/2026\\\/02\\\/favicon_emb.png\",\"width\":500,\"height\":500,\"caption\":\"EMB\"},\"image\":{\"@id\":\"https:\\\/\\\/www.emb.be\\\/en\\\/#\\\/schema\\\/logo\\\/image\\\/\"},\"sameAs\":[\"https:\\\/\\\/www.facebook.com\\\/emb.belgium\\\/\",\"https:\\\/\\\/be.linkedin.com\\\/company\\\/emb-entreprises-miot\"]}]}<\/script>\n<!-- \/ Yoast SEO plugin. -->","yoast_head_json":{"title":"Floor Insulation in Brussels | Thermal & Acoustic Insulation - EMB","description":"Floor insulation in Brussels for construction and renovation. Under-screed solutions to improve thermal performance and comfort.","robots":{"index":"index","follow":"follow","max-snippet":"max-snippet:-1","max-image-preview":"max-image-preview:large","max-video-preview":"max-video-preview:-1"},"canonical":"https:\/\/www.emb.be\/en\/floor-insulation\/","og_locale":"en_US","og_type":"article","og_title":"Floor Insulation in Brussels | Thermal & Acoustic Insulation - EMB","og_description":"Floor insulation in Brussels for construction and renovation. Under-screed solutions to improve thermal performance and comfort.","og_url":"https:\/\/www.emb.be\/en\/floor-insulation\/","og_site_name":"EMB","article_publisher":"https:\/\/www.facebook.com\/emb.belgium\/","article_modified_time":"2026-04-26T10:45:47+00:00","og_image":[{"url":"https:\/\/www.emb.be\/wp-content\/uploads\/2026\/02\/Sol-en-beton-lisse-interieur-dans-un-salon-contemporain-revetement-beton-1024x682.jpg","type":"","width":"","height":""}],"twitter_card":"summary_large_image","twitter_title":"Floor Insulation in Brussels | Thermal & Acoustic Insulation - EMB","twitter_description":"Floor insulation in Brussels for construction and renovation. Under-screed solutions to improve thermal performance and comfort.","twitter_image":"https:\/\/www.emb.be\/wp-content\/uploads\/2026\/02\/Sol-en-beton-lisse-interieur-dans-un-salon-contemporain-revetement-beton-1024x682.jpg","twitter_misc":{"Est. reading time":"3 minutes"},"schema":{"@context":"https:\/\/schema.org","@graph":[{"@type":"WebPage","@id":"https:\/\/www.emb.be\/en\/floor-insulation\/","url":"https:\/\/www.emb.be\/en\/floor-insulation\/","name":"Floor Insulation in Brussels | Thermal & Acoustic Insulation - EMB","isPartOf":{"@id":"https:\/\/www.emb.be\/en\/#website"},"primaryImageOfPage":{"@id":"https:\/\/www.emb.be\/en\/floor-insulation\/#primaryimage"},"image":{"@id":"https:\/\/www.emb.be\/en\/floor-insulation\/#primaryimage"},"thumbnailUrl":"https:\/\/www.emb.be\/wp-content\/uploads\/elementor\/thumbs\/isolation-sol-bruxelles-membrane-sous-chape-01-rme9nxvurrecmx2efr9ifltblwz72gmflgljt27ymo.jpg","datePublished":"2026-02-17T13:27:19+00:00","dateModified":"2026-04-26T10:45:47+00:00","description":"Floor insulation in Brussels for construction and renovation. Under-screed solutions to improve thermal performance and comfort.","breadcrumb":{"@id":"https:\/\/www.emb.be\/en\/floor-insulation\/#breadcrumb"},"inLanguage":"en-US","potentialAction":[{"@type":"ReadAction","target":["https:\/\/www.emb.be\/en\/floor-insulation\/"]}]},{"@type":"ImageObject","inLanguage":"en-US","@id":"https:\/\/www.emb.be\/en\/floor-insulation\/#primaryimage","url":"https:\/\/www.emb.be\/wp-content\/uploads\/elementor\/thumbs\/isolation-sol-bruxelles-membrane-sous-chape-01-rme9nxvurrecmx2efr9ifltblwz72gmflgljt27ymo.jpg","contentUrl":"https:\/\/www.emb.be\/wp-content\/uploads\/elementor\/thumbs\/isolation-sol-bruxelles-membrane-sous-chape-01-rme9nxvurrecmx2efr9ifltblwz72gmflgljt27ymo.jpg"},{"@type":"BreadcrumbList","@id":"https:\/\/www.emb.be\/en\/floor-insulation\/#breadcrumb","itemListElement":[{"@type":"ListItem","position":1,"name":"Accueil","item":"https:\/\/www.emb.be\/en\/"},{"@type":"ListItem","position":2,"name":"Floor Insulation"}]},{"@type":"WebSite","@id":"https:\/\/www.emb.be\/en\/#website","url":"https:\/\/www.emb.be\/en\/","name":"EMB","description":"","publisher":{"@id":"https:\/\/www.emb.be\/en\/#organization"},"potentialAction":[{"@type":"SearchAction","target":{"@type":"EntryPoint","urlTemplate":"https:\/\/www.emb.be\/en\/?s={search_term_string}"},"query-input":{"@type":"PropertyValueSpecification","valueRequired":true,"valueName":"search_term_string"}}],"inLanguage":"en-US"},{"@type":"Organization","@id":"https:\/\/www.emb.be\/en\/#organization","name":"EMB","url":"https:\/\/www.emb.be\/en\/","logo":{"@type":"ImageObject","inLanguage":"en-US","@id":"https:\/\/www.emb.be\/en\/#\/schema\/logo\/image\/","url":"https:\/\/www.emb.be\/wp-content\/uploads\/2026\/02\/favicon_emb.png","contentUrl":"https:\/\/www.emb.be\/wp-content\/uploads\/2026\/02\/favicon_emb.png","width":500,"height":500,"caption":"EMB"},"image":{"@id":"https:\/\/www.emb.be\/en\/#\/schema\/logo\/image\/"},"sameAs":["https:\/\/www.facebook.com\/emb.belgium\/","https:\/\/be.linkedin.com\/company\/emb-entreprises-miot"]}]}},"_links":{"self":[{"href":"https:\/\/www.emb.be\/en\/wp-json\/wp\/v2\/pages\/94034","targetHints":{"allow":["GET"]}}],"collection":[{"href":"https:\/\/www.emb.be\/en\/wp-json\/wp\/v2\/pages"}],"about":[{"href":"https:\/\/www.emb.be\/en\/wp-json\/wp\/v2\/types\/page"}],"author":[{"embeddable":true,"href":"https:\/\/www.emb.be\/en\/wp-json\/wp\/v2\/users\/2"}],"replies":[{"embeddable":true,"href":"https:\/\/www.emb.be\/en\/wp-json\/wp\/v2\/comments?post=94034"}],"version-history":[{"count":1,"href":"https:\/\/www.emb.be\/en\/wp-json\/wp\/v2\/pages\/94034\/revisions"}],"predecessor-version":[{"id":94041,"href":"https:\/\/www.emb.be\/en\/wp-json\/wp\/v2\/pages\/94034\/revisions\/94041"}],"wp:attachment":[{"href":"https:\/\/www.emb.be\/en\/wp-json\/wp\/v2\/media?parent=94034"}],"curies":[{"name":"wp","href":"https:\/\/api.w.org\/{rel}","templated":true}]}}