{"id":94100,"date":"2026-03-06T14:36:28","date_gmt":"2026-03-06T14:36:28","guid":{"rendered":"https:\/\/www.emb.be\/terrace-and-surrounding-area-landscaping\/"},"modified":"2026-04-26T10:46:56","modified_gmt":"2026-04-26T10:46:56","slug":"terrace-and-surrounding-area-landscaping","status":"publish","type":"page","link":"https:\/\/www.emb.be\/en\/terrace-and-surrounding-area-landscaping\/","title":{"rendered":"Terrace and surrounding area landscaping"},"content":{"rendered":"\t\t<div data-elementor-type=\"wp-page\" data-elementor-id=\"94100\" class=\"elementor elementor-94100 elementor-93548\" data-elementor-post-type=\"page\">\n\t\t\t\t\t\t<section class=\"elementor-section elementor-top-section elementor-element elementor-element-3cae6054 elementor-section-height-min-height elementor-section-items-stretch elementor-section-content-middle elementor-reverse-tablet elementor-reverse-mobile elementor-section-boxed elementor-section-height-default\" data-id=\"3cae6054\" data-element_type=\"section\" data-e-type=\"section\">\n\t\t\t\t\t\t<div class=\"elementor-container elementor-column-gap-wider\">\n\t\t\t\t\t<div class=\"elementor-column elementor-col-50 elementor-top-column elementor-element elementor-element-77c7eb1a\" data-id=\"77c7eb1a\" data-element_type=\"column\" data-e-type=\"column\">\n\t\t\t<div class=\"elementor-widget-wrap elementor-element-populated\">\n\t\t\t\t\t\t<div class=\"elementor-element elementor-element-7cd6e91d elementor-widget elementor-widget-heading\" data-id=\"7cd6e91d\" data-element_type=\"widget\" data-e-type=\"widget\" data-widget_type=\"heading.default\">\n\t\t\t\t\t<h2 class=\"elementor-heading-title elementor-size-default\">Terrace and surrounding area landscaping in Brussels, Walloon Brabant and Flemish Brabant<\/h2>\t\t\t\t<\/div>\n\t\t\t\t<div class=\"elementor-element elementor-element-72977420 elementor-widget elementor-widget-spacer\" data-id=\"72977420\" data-element_type=\"widget\" data-e-type=\"widget\" data-widget_type=\"spacer.default\">\n\t\t\t\t\t\t\t<div class=\"elementor-spacer\">\n\t\t\t<div class=\"elementor-spacer-inner\"><\/div>\n\t\t<\/div>\n\t\t\t\t\t\t<\/div>\n\t\t\t\t<div class=\"elementor-element elementor-element-76bf9b7c elementor-widget elementor-widget-text-editor\" data-id=\"76bf9b7c\" data-element_type=\"widget\" data-e-type=\"widget\" data-widget_type=\"text-editor.default\">\n\t\t\t\t\t\t\t\t\t<p>EMB builds your <strong>terraces<\/strong> and <strong>surrounding areas<\/strong> for new-build and renovation projects: <strong>earthworks<\/strong> and <strong>formwork<\/strong>, <strong>slope grading<\/strong>, <strong>finishing<\/strong> and <strong>water drainage<\/strong>.<\/p><p>As a company active in <a href=\"https:\/\/www.bruxelles.be\/\">Brussels<\/a> and throughout Belgium (<a href=\"https:\/\/www.brabantwallon.be\/\">Walloon Brabant<\/a> &amp; <a href=\"https:\/\/www.vlaamsbrabant.be\/fr\">Flemish Brabant<\/a>), we support you from design through to completion of your <strong>outdoor landscaping<\/strong>, in line with your style and intended use (home, retail, professional building).<\/p><p>Objective: a well-designed outdoor space that is easy to maintain, with perfectly integrated surroundings (access, edging, traffic areas, drainage).<\/p>\t\t\t\t\t\t\t\t<\/div>\n\t\t\t\t<div class=\"elementor-element elementor-element-1805d63b elementor-widget elementor-widget-spacer\" data-id=\"1805d63b\" data-element_type=\"widget\" data-e-type=\"widget\" data-widget_type=\"spacer.default\">\n\t\t\t\t\t\t\t<div class=\"elementor-spacer\">\n\t\t\t<div class=\"elementor-spacer-inner\"><\/div>\n\t\t<\/div>\n\t\t\t\t\t\t<\/div>\n\t\t\t\t\t<\/div>\n\t\t<\/div>\n\t\t\t\t<div class=\"elementor-column elementor-col-50 elementor-top-column elementor-element elementor-element-3f4b1a2d\" data-id=\"3f4b1a2d\" data-element_type=\"column\" data-e-type=\"column\">\n\t\t\t<div class=\"elementor-widget-wrap elementor-element-populated\">\n\t\t\t\t\t\t<div class=\"elementor-element elementor-element-2f796700 elementor-widget__width-initial elementor-widget-mobile__width-auto elementor-widget elementor-widget-image\" data-id=\"2f796700\" data-element_type=\"widget\" data-e-type=\"widget\" data-widget_type=\"image.default\">\n\t\t\t\t\t\t\t\t\t\t\t\t\t\t\t<img decoding=\"async\" src=\"https:\/\/www.emb.be\/wp-content\/uploads\/elementor\/thumbs\/terrasse-beton-lisse-exterieur-maison-bruxelles-01-rme9xxw1hb365kjh1kvmgkyv4horyjbmmygim1e6fk.jpg\" title=\"Outdoor polished concrete terrace for terrace and house surrounds landscaping in Brussels\" alt=\"Outdoor polished concrete terrace for terrace and house surrounds landscaping in Brussels\" loading=\"lazy\" \/>\t\t\t\t\t\t\t\t\t\t\t\t\t\t\t<\/div>\n\t\t\t\t\t<\/div>\n\t\t<\/div>\n\t\t\t\t\t<\/div>\n\t\t<\/section>\n\t\t\t\t<section class=\"elementor-section elementor-top-section elementor-element elementor-element-4bc62cdb elementor-section-boxed elementor-section-height-default elementor-section-height-default\" data-id=\"4bc62cdb\" data-element_type=\"section\" data-e-type=\"section\">\n\t\t\t\t\t\t<div class=\"elementor-container elementor-column-gap-wider\">\n\t\t\t\t\t<div class=\"elementor-column elementor-col-100 elementor-top-column elementor-element elementor-element-1bc5af7f\" data-id=\"1bc5af7f\" data-element_type=\"column\" data-e-type=\"column\">\n\t\t\t<div class=\"elementor-widget-wrap elementor-element-populated\">\n\t\t\t\t\t\t<div class=\"elementor-element elementor-element-66e32c8f elementor-widget elementor-widget-heading\" data-id=\"66e32c8f\" data-element_type=\"widget\" data-e-type=\"widget\" data-widget_type=\"heading.default\">\n\t\t\t\t\t<h2 class=\"elementor-heading-title elementor-size-default\">Terrace and surrounding area landscaping: what you need to know<\/h2>\t\t\t\t<\/div>\n\t\t\t\t<div class=\"elementor-element elementor-element-75cbcc98 content-align-center icon-position-top icon-vertical-align-center icon-box-vertical-align-center elementor-widget elementor-widget-the7_icon_box_grid_widget\" data-id=\"75cbcc98\" data-element_type=\"widget\" data-e-type=\"widget\" data-widget_type=\"the7_icon_box_grid_widget.default\">\n\t\t\t\t<div class=\"elementor-widget-container\">\n\t\t\t\t\t<div class=\"the7-box-grid-wrapper the7-elementor-widget loading-effect-none the7_icon_box_grid_widget-75cbcc98\">\t\t\t<div class=\"dt-css-grid\">\n\t\t\t\t\t\t\t\t\t<div class=\"wf-cell shown\">\n\t\t\t\t\t\t<div class=\"the7-icon-box-grid\">\t\t\t\t\t\t\t<div class=\"box-content-wrapper\">\n\t\t\t\t\t\t\t\t\t\t\t\t\t\t\t\t<div class=\"box-content\">\n\t\t\t\t\t\t\t\t\t\t\t\t\t\t\t\t\t\t\t\t\t\t\t\t\t\t\t\t\t<h3 class=\"box-heading\">\n\t\t\t\t\t\t\t\t\t\t\t<a aria-label=\"Slopes &amp; water drainage\">\t\t\t\t\t\t\t\t\t\t\t\tSlopes &amp; water drainage\t\t\t\t\t\t\t\t\t\t\t<\/a>\t\t\t\t\t\t\t\t\t\t<\/h3>\n\t\t\t\t\t\t\t\t\t\t\t\t\t\t\t\t\t\t\t\t\t\t\t\t\t\t\t\t<div class=\"box-description\">A long-lasting terrace starts with careful preparation: earthworks, formwork, slope grading, drainage and water evacuation (channels, drainage).<\/div>\n\t\t\t\t\t\t\t\t\t\t\t\t\t\t\t\t\t\t\t\t\t\t\t\t\t\t<\/div>\n\t\t\t\t\t\t\t<\/div>\n\t\t\t\t\t\t<\/div>\t\t\t\t\t<\/div>\n\t\t\t\t\t\t\t\t\t<div class=\"wf-cell shown\">\n\t\t\t\t\t\t<div class=\"the7-icon-box-grid\">\t\t\t\t\t\t\t<div class=\"box-content-wrapper\">\n\t\t\t\t\t\t\t\t\t\t\t\t\t\t\t\t<div class=\"box-content\">\n\t\t\t\t\t\t\t\t\t\t\t\t\t\t\t\t\t\t\t\t\t\t\t\t\t\t\t\t\t<h3 class=\"box-heading\">\n\t\t\t\t\t\t\t\t\t\t\t<a aria-label=\"Concrete terrace: strong &amp; easy to live with\">\t\t\t\t\t\t\t\t\t\t\t\tConcrete terrace: strong &amp; easy to live with\t\t\t\t\t\t\t\t\t\t\t<\/a>\t\t\t\t\t\t\t\t\t\t<\/h3>\n\t\t\t\t\t\t\t\t\t\t\t\t\t\t\t\t\t\t\t\t\t\t\t\t\t\t\t\t<div class=\"box-description\">Depending on the use and style, we create polished concrete terraces (contemporary look) or install an outdoor screed intended for the finish of your choice. Installing composite wood decking on pedestals is also an option. <\/div>\n\t\t\t\t\t\t\t\t\t\t\t\t\t\t\t\t\t\t\t\t\t\t\t\t\t\t<\/div>\n\t\t\t\t\t\t\t<\/div>\n\t\t\t\t\t\t<\/div>\t\t\t\t\t<\/div>\n\t\t\t\t\t\t\t\t\t<div class=\"wf-cell shown\">\n\t\t\t\t\t\t<div class=\"the7-icon-box-grid\">\t\t\t\t\t\t\t<div class=\"box-content-wrapper\">\n\t\t\t\t\t\t\t\t\t\t\t\t\t\t\t\t<div class=\"box-content\">\n\t\t\t\t\t\t\t\t\t\t\t\t\t\t\t\t\t\t\t\t\t\t\t\t\t\t\t\t\t<h3 class=\"box-heading\">\n\t\t\t\t\t\t\t\t\t\t\t<a aria-label=\"House surrounds &amp; walkways\">\t\t\t\t\t\t\t\t\t\t\t\tHouse surrounds &amp; walkways\t\t\t\t\t\t\t\t\t\t\t<\/a>\t\t\t\t\t\t\t\t\t\t<\/h3>\n\t\t\t\t\t\t\t\t\t\t\t\t\t\t\t\t\t\t\t\t\t\t\t\t\t\t\t\t<div class=\"box-description\">We landscape your house surrounds: driveway, access paths, traffic areas, edging and drainage, for a cohesive and long-lasting outdoor space.<\/div>\n\t\t\t\t\t\t\t\t\t\t\t\t\t\t\t\t\t\t\t\t\t\t\t\t\t\t<\/div>\n\t\t\t\t\t\t\t<\/div>\n\t\t\t\t\t\t<\/div>\t\t\t\t\t<\/div>\n\t\t\t\t\t\t\t<\/div>\n\t\t<\/div>\t\t\t\t<\/div>\n\t\t\t\t<\/div>\n\t\t\t\t\t<\/div>\n\t\t<\/div>\n\t\t\t\t\t<\/div>\n\t\t<\/section>\n\t\t\t\t<section class=\"elementor-section elementor-top-section elementor-element elementor-element-7c48659 elementor-section-boxed elementor-section-height-default elementor-section-height-default\" data-id=\"7c48659\" data-element_type=\"section\" data-e-type=\"section\" data-settings=\"{&quot;background_background&quot;:&quot;classic&quot;}\">\n\t\t\t\t\t\t<div class=\"elementor-container elementor-column-gap-wider\">\n\t\t\t\t\t<div class=\"elementor-column elementor-col-100 elementor-top-column elementor-element elementor-element-3279c677\" data-id=\"3279c677\" data-element_type=\"column\" data-e-type=\"column\">\n\t\t\t<div class=\"elementor-widget-wrap elementor-element-populated\">\n\t\t\t\t\t\t<div class=\"elementor-element elementor-element-4afefb4c elementor-widget elementor-widget-heading\" data-id=\"4afefb4c\" data-element_type=\"widget\" data-e-type=\"widget\" data-widget_type=\"heading.default\">\n\t\t\t\t\t<h2 class=\"elementor-heading-title elementor-size-default\">Terrace and surrounding area landscaping solutions<\/h2>\t\t\t\t<\/div>\n\t\t\t\t\t<\/div>\n\t\t<\/div>\n\t\t\t\t\t<\/div>\n\t\t<\/section>\n\t\t\t\t<section class=\"elementor-section elementor-top-section elementor-element elementor-element-604a74c5 elementor-section-boxed elementor-section-height-default elementor-section-height-default\" data-id=\"604a74c5\" data-element_type=\"section\" data-e-type=\"section\" data-settings=\"{&quot;background_background&quot;:&quot;classic&quot;}\">\n\t\t\t\t\t\t<div class=\"elementor-container elementor-column-gap-wider\">\n\t\t\t\t\t<div class=\"elementor-column elementor-col-50 elementor-top-column elementor-element elementor-element-64dbb723\" data-id=\"64dbb723\" data-element_type=\"column\" data-e-type=\"column\">\n\t\t\t<div class=\"elementor-widget-wrap elementor-element-populated\">\n\t\t\t\t\t\t<div class=\"elementor-element elementor-element-1a5baa98 elementor-widget-mobile__width-auto elementor-widget elementor-widget-image\" data-id=\"1a5baa98\" data-element_type=\"widget\" data-e-type=\"widget\" data-widget_type=\"image.default\">\n\t\t\t\t\t\t\t\t\t\t\t\t\t\t\t<img decoding=\"async\" src=\"https:\/\/www.emb.be\/wp-content\/uploads\/elementor\/thumbs\/amenagement-terrasse-abords-maison-contemporaine-bruxelles-02-rme9xw0a2003buv5h37apmr0dragp14wrhy17kyh3c.jpg\" title=\"Terrace and surrounding area landscaping for a contemporary house with a concrete terrace in Brussels\" alt=\"Terrace and surrounding area landscaping for a contemporary house with a concrete terrace in Brussels\" loading=\"lazy\" \/>\t\t\t\t\t\t\t\t\t\t\t\t\t\t\t<\/div>\n\t\t\t\t<div class=\"elementor-element elementor-element-e51f20b elementor-widget elementor-widget-spacer\" data-id=\"e51f20b\" data-element_type=\"widget\" data-e-type=\"widget\" data-widget_type=\"spacer.default\">\n\t\t\t\t\t\t\t<div class=\"elementor-spacer\">\n\t\t\t<div class=\"elementor-spacer-inner\"><\/div>\n\t\t<\/div>\n\t\t\t\t\t\t<\/div>\n\t\t\t\t<div class=\"elementor-element elementor-element-344c6463 elementor-widget elementor-widget-heading\" data-id=\"344c6463\" data-element_type=\"widget\" data-e-type=\"widget\" data-widget_type=\"heading.default\">\n\t\t\t\t\t<h3 class=\"elementor-heading-title elementor-size-default\">Outdoor terraces<\/h3>\t\t\t\t<\/div>\n\t\t\t\t<div class=\"elementor-element elementor-element-6757e861 elementor-widget elementor-widget-spacer\" data-id=\"6757e861\" data-element_type=\"widget\" data-e-type=\"widget\" data-widget_type=\"spacer.default\">\n\t\t\t\t\t\t\t<div class=\"elementor-spacer\">\n\t\t\t<div class=\"elementor-spacer-inner\"><\/div>\n\t\t<\/div>\n\t\t\t\t\t\t<\/div>\n\t\t\t\t<div class=\"elementor-element elementor-element-783ba5c9 elementor-icon-list--layout-traditional elementor-list-item-link-full_width elementor-widget elementor-widget-icon-list\" data-id=\"783ba5c9\" data-element_type=\"widget\" data-e-type=\"widget\" data-widget_type=\"icon-list.default\">\n\t\t\t\t\t\t\t<ul class=\"elementor-icon-list-items\">\n\t\t\t\t\t\t\t<li class=\"elementor-icon-list-item\">\n\t\t\t\t\t\t\t\t\t\t\t<span class=\"elementor-icon-list-icon\">\n\t\t\t\t\t\t\t<svg aria-hidden=\"true\" class=\"e-font-icon-svg e-fas-check\" viewBox=\"0 0 512 512\" xmlns=\"http:\/\/www.w3.org\/2000\/svg\"><path d=\"M173.898 439.404l-166.4-166.4c-9.997-9.997-9.997-26.206 0-36.204l36.203-36.204c9.997-9.998 26.207-9.998 36.204 0L192 312.69 432.095 72.596c9.997-9.997 26.207-9.997 36.204 0l36.203 36.204c9.997 9.997 9.997 26.206 0 36.204l-294.4 294.401c-9.998 9.997-26.207 9.997-36.204-.001z\"><\/path><\/svg>\t\t\t\t\t\t<\/span>\n\t\t\t\t\t\t\t\t\t\t<span class=\"elementor-icon-list-text\">Preparation: earthworks, reinforcement and formwork<\/span>\n\t\t\t\t\t\t\t\t\t<\/li>\n\t\t\t\t\t\t\t\t<li class=\"elementor-icon-list-item\">\n\t\t\t\t\t\t\t\t\t\t\t<span class=\"elementor-icon-list-icon\">\n\t\t\t\t\t\t\t<svg aria-hidden=\"true\" class=\"e-font-icon-svg e-fas-check\" viewBox=\"0 0 512 512\" xmlns=\"http:\/\/www.w3.org\/2000\/svg\"><path d=\"M173.898 439.404l-166.4-166.4c-9.997-9.997-9.997-26.206 0-36.204l36.203-36.204c9.997-9.998 26.207-9.998 36.204 0L192 312.69 432.095 72.596c9.997-9.997 26.207-9.997 36.204 0l36.203 36.204c9.997 9.997 9.997 26.206 0 36.204l-294.4 294.401c-9.998 9.997-26.207 9.997-36.204-.001z\"><\/path><\/svg>\t\t\t\t\t\t<\/span>\n\t\t\t\t\t\t\t\t\t\t<span class=\"elementor-icon-list-text\">Slope grading and drainage<\/span>\n\t\t\t\t\t\t\t\t\t<\/li>\n\t\t\t\t\t\t\t\t<li class=\"elementor-icon-list-item\">\n\t\t\t\t\t\t\t\t\t\t\t<span class=\"elementor-icon-list-icon\">\n\t\t\t\t\t\t\t<svg aria-hidden=\"true\" class=\"e-font-icon-svg e-fas-check\" viewBox=\"0 0 512 512\" xmlns=\"http:\/\/www.w3.org\/2000\/svg\"><path d=\"M173.898 439.404l-166.4-166.4c-9.997-9.997-9.997-26.206 0-36.204l36.203-36.204c9.997-9.998 26.207-9.998 36.204 0L192 312.69 432.095 72.596c9.997-9.997 26.207-9.997 36.204 0l36.203 36.204c9.997 9.997 9.997 26.206 0 36.204l-294.4 294.401c-9.998 9.997-26.207 9.997-36.204-.001z\"><\/path><\/svg>\t\t\t\t\t\t<\/span>\n\t\t\t\t\t\t\t\t\t\t<span class=\"elementor-icon-list-text\">Polished concrete<\/span>\n\t\t\t\t\t\t\t\t\t<\/li>\n\t\t\t\t\t\t\t\t<li class=\"elementor-icon-list-item\">\n\t\t\t\t\t\t\t\t\t\t\t<span class=\"elementor-icon-list-icon\">\n\t\t\t\t\t\t\t<svg aria-hidden=\"true\" class=\"e-font-icon-svg e-fas-check\" viewBox=\"0 0 512 512\" xmlns=\"http:\/\/www.w3.org\/2000\/svg\"><path d=\"M173.898 439.404l-166.4-166.4c-9.997-9.997-9.997-26.206 0-36.204l36.203-36.204c9.997-9.998 26.207-9.998 36.204 0L192 312.69 432.095 72.596c9.997-9.997 26.207-9.997 36.204 0l36.203 36.204c9.997 9.997 9.997 26.206 0 36.204l-294.4 294.401c-9.998 9.997-26.207 9.997-36.204-.001z\"><\/path><\/svg>\t\t\t\t\t\t<\/span>\n\t\t\t\t\t\t\t\t\t\t<span class=\"elementor-icon-list-text\">Outdoor screed for the finish of your choice<\/span>\n\t\t\t\t\t\t\t\t\t<\/li>\n\t\t\t\t\t\t\t\t<li class=\"elementor-icon-list-item\">\n\t\t\t\t\t\t\t\t\t\t\t<span class=\"elementor-icon-list-icon\">\n\t\t\t\t\t\t\t<svg aria-hidden=\"true\" class=\"e-font-icon-svg e-fas-check\" viewBox=\"0 0 512 512\" xmlns=\"http:\/\/www.w3.org\/2000\/svg\"><path d=\"M173.898 439.404l-166.4-166.4c-9.997-9.997-9.997-26.206 0-36.204l36.203-36.204c9.997-9.998 26.207-9.998 36.204 0L192 312.69 432.095 72.596c9.997-9.997 26.207-9.997 36.204 0l36.203 36.204c9.997 9.997 9.997 26.206 0 36.204l-294.4 294.401c-9.998 9.997-26.207 9.997-36.204-.001z\"><\/path><\/svg>\t\t\t\t\t\t<\/span>\n\t\t\t\t\t\t\t\t\t\t<span class=\"elementor-icon-list-text\">Composite wood terrace on pedestals<\/span>\n\t\t\t\t\t\t\t\t\t<\/li>\n\t\t\t\t\t\t<\/ul>\n\t\t\t\t\t\t<\/div>\n\t\t\t\t\t<\/div>\n\t\t<\/div>\n\t\t\t\t<div class=\"elementor-column elementor-col-50 elementor-top-column elementor-element elementor-element-3f4bcaf8\" data-id=\"3f4bcaf8\" data-element_type=\"column\" data-e-type=\"column\">\n\t\t\t<div class=\"elementor-widget-wrap elementor-element-populated\">\n\t\t\t\t\t\t<div class=\"elementor-element elementor-element-3aeec602 elementor-widget-mobile__width-auto elementor-widget elementor-widget-image\" data-id=\"3aeec602\" data-element_type=\"widget\" data-e-type=\"widget\" data-widget_type=\"image.default\">\n\t\t\t\t\t\t\t\t\t\t\t\t\t\t\t<img decoding=\"async\" src=\"https:\/\/www.emb.be\/wp-content\/uploads\/elementor\/thumbs\/allee-garage-beton-lave-abords-maison-bruxelles-03-rme9xt6rhhw8d0z8xjzf05gmllod1xtpr3zkrr2nm0.jpg\" title=\"Washed concrete driveway for house surrounds landscaping in Brussels\" alt=\"Washed concrete driveway for house surrounds landscaping in Brussels\" loading=\"lazy\" \/>\t\t\t\t\t\t\t\t\t\t\t\t\t\t\t<\/div>\n\t\t\t\t<div class=\"elementor-element elementor-element-53821bea elementor-widget elementor-widget-spacer\" data-id=\"53821bea\" data-element_type=\"widget\" data-e-type=\"widget\" data-widget_type=\"spacer.default\">\n\t\t\t\t\t\t\t<div class=\"elementor-spacer\">\n\t\t\t<div class=\"elementor-spacer-inner\"><\/div>\n\t\t<\/div>\n\t\t\t\t\t\t<\/div>\n\t\t\t\t<div class=\"elementor-element elementor-element-623faf2a elementor-widget elementor-widget-heading\" data-id=\"623faf2a\" data-element_type=\"widget\" data-e-type=\"widget\" data-widget_type=\"heading.default\">\n\t\t\t\t\t<h3 class=\"elementor-heading-title elementor-size-default\">Surroundings &amp; access<\/h3>\t\t\t\t<\/div>\n\t\t\t\t<div class=\"elementor-element elementor-element-d970f41 elementor-widget elementor-widget-spacer\" data-id=\"d970f41\" data-element_type=\"widget\" data-e-type=\"widget\" data-widget_type=\"spacer.default\">\n\t\t\t\t\t\t\t<div class=\"elementor-spacer\">\n\t\t\t<div class=\"elementor-spacer-inner\"><\/div>\n\t\t<\/div>\n\t\t\t\t\t\t<\/div>\n\t\t\t\t<div class=\"elementor-element elementor-element-462bfe69 elementor-icon-list--layout-traditional elementor-list-item-link-full_width elementor-widget elementor-widget-icon-list\" data-id=\"462bfe69\" data-element_type=\"widget\" data-e-type=\"widget\" data-widget_type=\"icon-list.default\">\n\t\t\t\t\t\t\t<ul class=\"elementor-icon-list-items\">\n\t\t\t\t\t\t\t<li class=\"elementor-icon-list-item\">\n\t\t\t\t\t\t\t\t\t\t\t<span class=\"elementor-icon-list-icon\">\n\t\t\t\t\t\t\t<svg aria-hidden=\"true\" class=\"e-font-icon-svg e-fas-check\" viewBox=\"0 0 512 512\" xmlns=\"http:\/\/www.w3.org\/2000\/svg\"><path d=\"M173.898 439.404l-166.4-166.4c-9.997-9.997-9.997-26.206 0-36.204l36.203-36.204c9.997-9.998 26.207-9.998 36.204 0L192 312.69 432.095 72.596c9.997-9.997 26.207-9.997 36.204 0l36.203 36.204c9.997 9.997 9.997 26.206 0 36.204l-294.4 294.401c-9.998 9.997-26.207 9.997-36.204-.001z\"><\/path><\/svg>\t\t\t\t\t\t<\/span>\n\t\t\t\t\t\t\t\t\t\t<span class=\"elementor-icon-list-text\">Garage entrance, ramps, access path<\/span>\n\t\t\t\t\t\t\t\t\t<\/li>\n\t\t\t\t\t\t\t\t<li class=\"elementor-icon-list-item\">\n\t\t\t\t\t\t\t\t\t\t\t<span class=\"elementor-icon-list-icon\">\n\t\t\t\t\t\t\t<svg aria-hidden=\"true\" class=\"e-font-icon-svg e-fas-check\" viewBox=\"0 0 512 512\" xmlns=\"http:\/\/www.w3.org\/2000\/svg\"><path d=\"M173.898 439.404l-166.4-166.4c-9.997-9.997-9.997-26.206 0-36.204l36.203-36.204c9.997-9.998 26.207-9.998 36.204 0L192 312.69 432.095 72.596c9.997-9.997 26.207-9.997 36.204 0l36.203 36.204c9.997 9.997 9.997 26.206 0 36.204l-294.4 294.401c-9.998 9.997-26.207 9.997-36.204-.001z\"><\/path><\/svg>\t\t\t\t\t\t<\/span>\n\t\t\t\t\t\t\t\t\t\t<span class=\"elementor-icon-list-text\">Pool coping<\/span>\n\t\t\t\t\t\t\t\t\t<\/li>\n\t\t\t\t\t\t\t\t<li class=\"elementor-icon-list-item\">\n\t\t\t\t\t\t\t\t\t\t\t<span class=\"elementor-icon-list-icon\">\n\t\t\t\t\t\t\t<svg aria-hidden=\"true\" class=\"e-font-icon-svg e-fas-check\" viewBox=\"0 0 512 512\" xmlns=\"http:\/\/www.w3.org\/2000\/svg\"><path d=\"M173.898 439.404l-166.4-166.4c-9.997-9.997-9.997-26.206 0-36.204l36.203-36.204c9.997-9.998 26.207-9.998 36.204 0L192 312.69 432.095 72.596c9.997-9.997 26.207-9.997 36.204 0l36.203 36.204c9.997 9.997 9.997 26.206 0 36.204l-294.4 294.401c-9.998 9.997-26.207 9.997-36.204-.001z\"><\/path><\/svg>\t\t\t\t\t\t<\/span>\n\t\t\t\t\t\t\t\t\t\t<span class=\"elementor-icon-list-text\">Stepping stones, outdoor concrete staircase<\/span>\n\t\t\t\t\t\t\t\t\t<\/li>\n\t\t\t\t\t\t\t\t<li class=\"elementor-icon-list-item\">\n\t\t\t\t\t\t\t\t\t\t\t<span class=\"elementor-icon-list-icon\">\n\t\t\t\t\t\t\t<svg aria-hidden=\"true\" class=\"e-font-icon-svg e-fas-check\" viewBox=\"0 0 512 512\" xmlns=\"http:\/\/www.w3.org\/2000\/svg\"><path d=\"M173.898 439.404l-166.4-166.4c-9.997-9.997-9.997-26.206 0-36.204l36.203-36.204c9.997-9.998 26.207-9.998 36.204 0L192 312.69 432.095 72.596c9.997-9.997 26.207-9.997 36.204 0l36.203 36.204c9.997 9.997 9.997 26.206 0 36.204l-294.4 294.401c-9.998 9.997-26.207 9.997-36.204-.001z\"><\/path><\/svg>\t\t\t\t\t\t<\/span>\n\t\t\t\t\t\t\t\t\t\t<span class=\"elementor-icon-list-text\">Stabilised fill and pool bases<\/span>\n\t\t\t\t\t\t\t\t\t<\/li>\n\t\t\t\t\t\t\t\t<li class=\"elementor-icon-list-item\">\n\t\t\t\t\t\t\t\t\t\t\t<span class=\"elementor-icon-list-icon\">\n\t\t\t\t\t\t\t<svg aria-hidden=\"true\" class=\"e-font-icon-svg e-fas-check\" viewBox=\"0 0 512 512\" xmlns=\"http:\/\/www.w3.org\/2000\/svg\"><path d=\"M173.898 439.404l-166.4-166.4c-9.997-9.997-9.997-26.206 0-36.204l36.203-36.204c9.997-9.998 26.207-9.998 36.204 0L192 312.69 432.095 72.596c9.997-9.997 26.207-9.997 36.204 0l36.203 36.204c9.997 9.997 9.997 26.206 0 36.204l-294.4 294.401c-9.998 9.997-26.207 9.997-36.204-.001z\"><\/path><\/svg>\t\t\t\t\t\t<\/span>\n\t\t\t\t\t\t\t\t\t\t<span class=\"elementor-icon-list-text\">Level management: thresholds, stairs, terrace-to-garden connection<\/span>\n\t\t\t\t\t\t\t\t\t<\/li>\n\t\t\t\t\t\t<\/ul>\n\t\t\t\t\t\t<\/div>\n\t\t\t\t\t<\/div>\n\t\t<\/div>\n\t\t\t\t\t<\/div>\n\t\t<\/section>\n\t\t\t\t<section class=\"elementor-section elementor-top-section elementor-element elementor-element-33a21ffa elementor-section-height-min-height elementor-section-items-stretch elementor-section-content-middle elementor-reverse-tablet elementor-reverse-mobile elementor-section-boxed elementor-section-height-default\" data-id=\"33a21ffa\" data-element_type=\"section\" data-e-type=\"section\">\n\t\t\t\t\t\t<div class=\"elementor-container elementor-column-gap-wider\">\n\t\t\t\t\t<div class=\"elementor-column elementor-col-50 elementor-top-column elementor-element elementor-element-7001b9c6\" data-id=\"7001b9c6\" data-element_type=\"column\" data-e-type=\"column\">\n\t\t\t<div class=\"elementor-widget-wrap elementor-element-populated\">\n\t\t\t\t\t\t<div class=\"elementor-element elementor-element-2073f3e5 elementor-widget elementor-widget-heading\" data-id=\"2073f3e5\" data-element_type=\"widget\" data-e-type=\"widget\" data-widget_type=\"heading.default\">\n\t\t\t\t\t<h2 class=\"elementor-heading-title elementor-size-default\">Why choose EMB for your terrace and surrounding area landscaping in Brussels?<\/h2>\t\t\t\t<\/div>\n\t\t\t\t<div class=\"elementor-element elementor-element-9eb7ae5 elementor-widget elementor-widget-spacer\" data-id=\"9eb7ae5\" data-element_type=\"widget\" data-e-type=\"widget\" data-widget_type=\"spacer.default\">\n\t\t\t\t\t\t\t<div class=\"elementor-spacer\">\n\t\t\t<div class=\"elementor-spacer-inner\"><\/div>\n\t\t<\/div>\n\t\t\t\t\t\t<\/div>\n\t\t\t\t<div class=\"elementor-element elementor-element-4f39eaf2 elementor-widget elementor-widget-text-editor\" data-id=\"4f39eaf2\" data-element_type=\"widget\" data-e-type=\"widget\" data-widget_type=\"text-editor.default\">\n\t\t\t\t\t\t\t\t\t<p>As an <strong>outdoor landscaping company in Brussels<\/strong>, EMB supports private clients, architects and professionals in delivering terraces and surrounding areas for both new builds and renovations.<\/p><p>Our approach combines site analysis, material selection and controlled execution (preparation, slopes, drainage, finishes) to guarantee a long-lasting, stable and easy-to-maintain result: polished concrete terrace, brushed or grooved ramp, driveways or paths in exposed aggregate (washed) concrete, trowelled, stamped, bush-hammered or brushed concrete, and pool surrounds.<\/p>\t\t\t\t\t\t\t\t<\/div>\n\t\t\t\t<div class=\"elementor-element elementor-element-2bc5aa4b elementor-widget elementor-widget-spacer\" data-id=\"2bc5aa4b\" data-element_type=\"widget\" data-e-type=\"widget\" data-widget_type=\"spacer.default\">\n\t\t\t\t\t\t\t<div class=\"elementor-spacer\">\n\t\t\t<div class=\"elementor-spacer-inner\"><\/div>\n\t\t<\/div>\n\t\t\t\t\t\t<\/div>\n\t\t\t\t\t<\/div>\n\t\t<\/div>\n\t\t\t\t<div class=\"elementor-column elementor-col-50 elementor-top-column elementor-element elementor-element-30e05bf9\" data-id=\"30e05bf9\" data-element_type=\"column\" data-e-type=\"column\">\n\t\t\t<div class=\"elementor-widget-wrap elementor-element-populated\">\n\t\t\t\t\t\t<div class=\"elementor-element elementor-element-f378b90 elementor-widget__width-initial elementor-widget-mobile__width-auto elementor-widget elementor-widget-image\" data-id=\"f378b90\" data-element_type=\"widget\" data-e-type=\"widget\" data-widget_type=\"image.default\">\n\t\t\t\t\t\t\t\t\t\t\t\t\t\t\t<img decoding=\"async\" src=\"https:\/\/www.emb.be\/wp-content\/uploads\/elementor\/thumbs\/Ferraillage-de-terrasse-avant-coulage-beton-\u2013-amenagement-exterieur-rk46s3pz1ew999wmm7s5z6eu3xxxinx4xy4jpuqia8.jpg\" title=\"Terrace reinforcement before concrete pouring \u2013 outdoor landscaping\" alt=\"Terrace reinforcement before concrete pouring \u2013 outdoor landscaping\" loading=\"lazy\" \/>\t\t\t\t\t\t\t\t\t\t\t\t\t\t\t<\/div>\n\t\t\t\t\t<\/div>\n\t\t<\/div>\n\t\t\t\t\t<\/div>\n\t\t<\/section>\n\t\t<div class=\"elementor-element elementor-element-7b6944aa e-con-full e-flex e-con e-parent\" data-id=\"7b6944aa\" data-element_type=\"container\" data-e-type=\"container\" data-settings=\"{&quot;animation&quot;:&quot;none&quot;,&quot;background_background&quot;:&quot;classic&quot;}\">\n\t\t<div class=\"elementor-element elementor-element-7aefd74d e-con-full animated-slow e-transform e-flex e-con e-child\" data-id=\"7aefd74d\" data-element_type=\"container\" data-e-type=\"container\" data-settings=\"{&quot;background_background&quot;:&quot;classic&quot;,&quot;animation&quot;:&quot;none&quot;,&quot;_transform_scaleX_effect_hover&quot;:{&quot;unit&quot;:&quot;px&quot;,&quot;size&quot;:&quot;&quot;,&quot;sizes&quot;:[]},&quot;_transform_scaleX_effect_hover_tablet&quot;:{&quot;unit&quot;:&quot;px&quot;,&quot;size&quot;:&quot;&quot;,&quot;sizes&quot;:[]},&quot;_transform_scaleX_effect_hover_mobile&quot;:{&quot;unit&quot;:&quot;px&quot;,&quot;size&quot;:&quot;&quot;,&quot;sizes&quot;:[]},&quot;_transform_scaleY_effect_hover&quot;:{&quot;unit&quot;:&quot;px&quot;,&quot;size&quot;:&quot;&quot;,&quot;sizes&quot;:[]},&quot;_transform_scaleY_effect_hover_tablet&quot;:{&quot;unit&quot;:&quot;px&quot;,&quot;size&quot;:&quot;&quot;,&quot;sizes&quot;:[]},&quot;_transform_scaleY_effect_hover_mobile&quot;:{&quot;unit&quot;:&quot;px&quot;,&quot;size&quot;:&quot;&quot;,&quot;sizes&quot;:[]}}\">\n\t\t\t\t<\/div>\n\t\t<div class=\"elementor-element elementor-element-554c7194 e-con-full e-flex e-con e-child\" data-id=\"554c7194\" data-element_type=\"container\" data-e-type=\"container\">\n\t\t\t\t<div class=\"elementor-element elementor-element-8d1735b elementor-widget elementor-widget-heading\" data-id=\"8d1735b\" data-element_type=\"widget\" data-e-type=\"widget\" data-widget_type=\"heading.default\">\n\t\t\t\t\t<h2 class=\"elementor-heading-title elementor-size-default\">How do you choose the right terrace and the right surrounding areas?<\/h2>\t\t\t\t<\/div>\n\t\t\t\t<div class=\"elementor-element elementor-element-75a495e3 elementor-widget elementor-widget-spacer\" data-id=\"75a495e3\" data-element_type=\"widget\" data-e-type=\"widget\" data-widget_type=\"spacer.default\">\n\t\t\t\t\t\t\t<div class=\"elementor-spacer\">\n\t\t\t<div class=\"elementor-spacer-inner\"><\/div>\n\t\t<\/div>\n\t\t\t\t\t\t<\/div>\n\t\t\t\t<div class=\"elementor-element elementor-element-17785801 elementor-widget elementor-widget-text-editor\" data-id=\"17785801\" data-element_type=\"widget\" data-e-type=\"widget\" data-widget_type=\"text-editor.default\">\n\t\t\t\t\t\t\t\t\t<p>The right choice depends on several criteria: use (pedestrian, garage, pool surrounds), existing substrate, site constraints, slopes and water drainage, as well as the desired style and planning requirements.<\/p><p>As every project is different, EMB guides you towards the most suitable solution in Brussels, Walloon Brabant and Flemish Brabant: <a href=\"https:\/\/www.emb.be\/sols-beton-bruxelles\/\">concrete with all types of finishes<\/a>, screed and the finish of your choice, composite wood terrace on pedestals.<\/p>\t\t\t\t\t\t\t\t<\/div>\n\t\t\t\t<div class=\"elementor-element elementor-element-8a08b84 elementor-widget elementor-widget-spacer\" data-id=\"8a08b84\" data-element_type=\"widget\" data-e-type=\"widget\" data-widget_type=\"spacer.default\">\n\t\t\t\t\t\t\t<div class=\"elementor-spacer\">\n\t\t\t<div class=\"elementor-spacer-inner\"><\/div>\n\t\t<\/div>\n\t\t\t\t\t\t<\/div>\n\t\t\t\t<div class=\"elementor-element elementor-element-32aa7ac4 icon-position-mobile-left icon-vertical-align-center content-align-left icon-box-vertical-align-top icon-position-left elementor-widget elementor-widget-the7_icon_box_grid_widget\" data-id=\"32aa7ac4\" data-element_type=\"widget\" data-e-type=\"widget\" data-widget_type=\"the7_icon_box_grid_widget.default\">\n\t\t\t\t<div class=\"elementor-widget-container\">\n\t\t\t\t\t<div class=\"the7-box-grid-wrapper the7-elementor-widget loading-effect-none the7_icon_box_grid_widget-32aa7ac4\">\t\t\t<div class=\"dt-css-grid\">\n\t\t\t\t\t\t\t\t\t<div class=\"wf-cell shown\">\n\t\t\t\t\t\t<a class=\"the7-icon-box-grid box-hover\" aria-label=\"Planning requirements, substrate type and site preparation\">\t\t\t\t\t\t\t<div class=\"box-content-wrapper\">\n\t\t\t\t\t\t\t\t\t\t\t\t\t\t\t\t\t<div class=\"elementor-icon-div\">\t\t\t\t\t\t\t\t\t\t<div class=\"elementor-icon\">\n\t\t\t\t\t\t\t\t\t\t\t\t\t\t\t\t\t\t\t\t\t<\/div>\n\t\t\t\t\t\t\t\t\t<\/div>\t\t\t\t\t\t\t\t\t\t\t\t\t\t\t\t<div class=\"box-content\">\n\t\t\t\t\t\t\t\t\t\t\t\t\t\t\t\t\t\t\t\t\t\t\t\t\t\t\t\t\t<div class=\"box-heading\">\n\t\t\t\t\t\t\t\t\t\t\t\t\t\t\t\t\t\t\t\t\t\t\tPlanning requirements, substrate type and site preparation\t\t\t\t\t\t\t\t\t\t\t\t\t\t\t\t\t\t\t\t\t<\/div>\n\t\t\t\t\t\t\t\t\t\t\t\t\t\t\t\t\t\t\t\t\t\t\t\t\t\t\t\t\t\t\t\t\t\t\t<\/div>\n\t\t\t\t\t\t\t<\/div>\n\t\t\t\t\t\t<\/a>\t\t\t\t\t<\/div>\n\t\t\t\t\t\t\t\t\t<div class=\"wf-cell shown\">\n\t\t\t\t\t\t<a class=\"the7-icon-box-grid box-hover\" aria-label=\"Use: terrace, driveway, ramp, traffic areas, pool surrounds\">\t\t\t\t\t\t\t<div class=\"box-content-wrapper\">\n\t\t\t\t\t\t\t\t\t\t\t\t\t\t\t\t\t<div class=\"elementor-icon-div\">\t\t\t\t\t\t\t\t\t\t<div class=\"elementor-icon\">\n\t\t\t\t\t\t\t\t\t\t\t\t\t\t\t\t\t\t\t\t\t<\/div>\n\t\t\t\t\t\t\t\t\t<\/div>\t\t\t\t\t\t\t\t\t\t\t\t\t\t\t\t<div class=\"box-content\">\n\t\t\t\t\t\t\t\t\t\t\t\t\t\t\t\t\t\t\t\t\t\t\t\t\t\t\t\t\t<div class=\"box-heading\">\n\t\t\t\t\t\t\t\t\t\t\t\t\t\t\t\t\t\t\t\t\t\t\tUse: terrace, driveway, ramp, traffic areas, pool surrounds\t\t\t\t\t\t\t\t\t\t\t\t\t\t\t\t\t\t\t\t\t<\/div>\n\t\t\t\t\t\t\t\t\t\t\t\t\t\t\t\t\t\t\t\t\t\t\t\t\t\t\t\t\t\t\t\t\t\t\t<\/div>\n\t\t\t\t\t\t\t<\/div>\n\t\t\t\t\t\t<\/a>\t\t\t\t\t<\/div>\n\t\t\t\t\t\t\t\t\t<div class=\"wf-cell shown\">\n\t\t\t\t\t\t<a class=\"the7-icon-box-grid box-hover\" aria-label=\"Required safety\/anti-slip level (depending on exposure and humidity)\">\t\t\t\t\t\t\t<div class=\"box-content-wrapper\">\n\t\t\t\t\t\t\t\t\t\t\t\t\t\t\t\t\t<div class=\"elementor-icon-div\">\t\t\t\t\t\t\t\t\t\t<div class=\"elementor-icon\">\n\t\t\t\t\t\t\t\t\t\t\t\t\t\t\t\t\t\t\t\t\t<\/div>\n\t\t\t\t\t\t\t\t\t<\/div>\t\t\t\t\t\t\t\t\t\t\t\t\t\t\t\t<div class=\"box-content\">\n\t\t\t\t\t\t\t\t\t\t\t\t\t\t\t\t\t\t\t\t\t\t\t\t\t\t\t\t\t<div class=\"box-heading\">\n\t\t\t\t\t\t\t\t\t\t\t\t\t\t\t\t\t\t\t\t\t\t\tRequired safety\/anti-slip level (depending on exposure and humidity)\t\t\t\t\t\t\t\t\t\t\t\t\t\t\t\t\t\t\t\t\t<\/div>\n\t\t\t\t\t\t\t\t\t\t\t\t\t\t\t\t\t\t\t\t\t\t\t\t\t\t\t\t\t\t\t\t\t\t\t<\/div>\n\t\t\t\t\t\t\t<\/div>\n\t\t\t\t\t\t<\/a>\t\t\t\t\t<\/div>\n\t\t\t\t\t\t\t\t\t<div class=\"wf-cell shown\">\n\t\t\t\t\t\t<a class=\"the7-icon-box-grid box-hover\" aria-label=\"Slopes, drainage and water evacuation (channels, connections)\">\t\t\t\t\t\t\t<div class=\"box-content-wrapper\">\n\t\t\t\t\t\t\t\t\t\t\t\t\t\t\t\t\t<div class=\"elementor-icon-div\">\t\t\t\t\t\t\t\t\t\t<div class=\"elementor-icon\">\n\t\t\t\t\t\t\t\t\t\t\t\t\t\t\t\t\t\t\t\t\t<\/div>\n\t\t\t\t\t\t\t\t\t<\/div>\t\t\t\t\t\t\t\t\t\t\t\t\t\t\t\t<div class=\"box-content\">\n\t\t\t\t\t\t\t\t\t\t\t\t\t\t\t\t\t\t\t\t\t\t\t\t\t\t\t\t\t<div class=\"box-heading\">\n\t\t\t\t\t\t\t\t\t\t\t\t\t\t\t\t\t\t\t\t\t\t\tSlopes, drainage and water evacuation (channels, connections)\t\t\t\t\t\t\t\t\t\t\t\t\t\t\t\t\t\t\t\t\t<\/div>\n\t\t\t\t\t\t\t\t\t\t\t\t\t\t\t\t\t\t\t\t\t\t\t\t\t\t\t\t\t\t\t\t\t\t\t<\/div>\n\t\t\t\t\t\t\t<\/div>\n\t\t\t\t\t\t<\/a>\t\t\t\t\t<\/div>\n\t\t\t\t\t\t\t<\/div>\n\t\t<\/div>\t\t\t\t<\/div>\n\t\t\t\t<\/div>\n\t\t\t\t<div class=\"elementor-element elementor-element-60d1a3a5 elementor-widget elementor-widget-spacer\" data-id=\"60d1a3a5\" data-element_type=\"widget\" data-e-type=\"widget\" data-widget_type=\"spacer.default\">\n\t\t\t\t\t\t\t<div class=\"elementor-spacer\">\n\t\t\t<div class=\"elementor-spacer-inner\"><\/div>\n\t\t<\/div>\n\t\t\t\t\t\t<\/div>\n\t\t\t\t<\/div>\n\t\t\t\t<\/div>\n\t\t\t\t<section class=\"elementor-section elementor-top-section elementor-element elementor-element-1b12fba1 elementor-section-boxed elementor-section-height-default elementor-section-height-default\" data-id=\"1b12fba1\" data-element_type=\"section\" data-e-type=\"section\">\n\t\t\t\t\t\t<div class=\"elementor-container elementor-column-gap-wider\">\n\t\t\t\t\t<div class=\"elementor-column elementor-col-100 elementor-top-column elementor-element elementor-element-19a1c415\" data-id=\"19a1c415\" data-element_type=\"column\" data-e-type=\"column\">\n\t\t\t<div class=\"elementor-widget-wrap elementor-element-populated\">\n\t\t\t\t\t\t<div class=\"elementor-element elementor-element-31cef81e elementor-widget elementor-widget-heading\" data-id=\"31cef81e\" data-element_type=\"widget\" data-e-type=\"widget\" data-widget_type=\"heading.default\">\n\t\t\t\t\t<h2 class=\"elementor-heading-title elementor-size-default\">Terrace and surrounding area landscaping projects<\/h2>\t\t\t\t<\/div>\n\t\t\t\t\t<\/div>\n\t\t<\/div>\n\t\t\t\t\t<\/div>\n\t\t<\/section>\n\t\t\t\t<section class=\"elementor-section elementor-top-section elementor-element elementor-element-30539360 elementor-section-boxed elementor-section-height-default elementor-section-height-default\" data-id=\"30539360\" data-element_type=\"section\" data-e-type=\"section\">\n\t\t\t\t\t\t<div class=\"elementor-container elementor-column-gap-wider\">\n\t\t\t\t\t<div class=\"elementor-column elementor-col-100 elementor-top-column elementor-element elementor-element-5f2d8e1\" data-id=\"5f2d8e1\" data-element_type=\"column\" data-e-type=\"column\">\n\t\t\t<div class=\"elementor-widget-wrap elementor-element-populated\">\n\t\t\t\t\t\t<div class=\"elementor-element elementor-element-148cb6 img-align-top slide-h-position-center image-vertical-align-center arrows-relative-to-image icon-box-vertical-align-top preserve-img-ratio-cover bullets-small-dot-stroke elementor-widget elementor-widget-the7-elements-simple-posts-carousel\" data-id=\"148cb6\" data-element_type=\"widget\" data-e-type=\"widget\" data-settings=\"{&quot;widget_columns&quot;:3,&quot;gap_between_posts&quot;:{&quot;unit&quot;:&quot;px&quot;,&quot;size&quot;:45,&quot;sizes&quot;:[]},&quot;widget_columns_tablet&quot;:2,&quot;widget_columns_mobile&quot;:1,&quot;gap_between_posts_tablet&quot;:{&quot;unit&quot;:&quot;px&quot;,&quot;size&quot;:&quot;&quot;,&quot;sizes&quot;:[]},&quot;gap_between_posts_mobile&quot;:{&quot;unit&quot;:&quot;px&quot;,&quot;size&quot;:&quot;&quot;,&quot;sizes&quot;:[]}}\" data-widget_type=\"the7-elements-simple-posts-carousel.default\">\n\t\t\t\t<div class=\"elementor-widget-container\">\n\t\t\t\t\t<div class=\"disable-arrows-hover-bg owl-carousel the7-elementor-widget the7-simple-widget-posts-carousel elementor-owl-carousel-call loading-effect-none classic-layout-list the7-elements-simple-posts-carousel-148cb6\" data-scroll-mode=\"1\" data-auto-height=\"false\" data-speed=\"600\" data-autoplay=\"false\" data-autoplay_speed=\"\"><article class=\"post visible wrapper dt-owl-item-wrap post-94310 dt_portfolio type-dt_portfolio status-publish has-post-thumbnail hentry dt_portfolio_category-concrete-floors\">\n\t\t\t\t<div class=\"post-content-wrapper\">\n\t\t\t\t\t\t\t\t\t\t\t<div class=\"the7-simple-post-thumb\">\n\t\t\t\t\t\t\t<a class=\"post-thumbnail-rollover layzr-bg img-css-resize-wrapper\" aria-label=\"Post image\" href=\"https:\/\/www.emb.be\/en\/project\/hand-smoothed-minhardur-floor-in-lrg-shade-in-a-private-villa\/\"><img fetchpriority=\"high\" decoding=\"async\" width=\"1600\" height=\"1066\" src=\"data:image\/svg+xml,%3Csvg%20xmlns%3D&#039;http%3A%2F%2Fwww.w3.org%2F2000%2Fsvg&#039;%20viewBox%3D&#039;0%200%201600%201066&#039;%2F%3E\" class=\"attachment-full size-full preload-me aspect lazy lazy-load\" alt=\"\" sizes=\"(max-width: 1600px) 100vw, 1600px\" style=\"--ratio: 1600 \/ 1066;\" data-src=\"https:\/\/www.emb.be\/wp-content\/uploads\/2026\/04\/prive-minhardur-lrg-entree-01.jpg\" loading=\"eager\" data-srcset=\"https:\/\/www.emb.be\/wp-content\/uploads\/2026\/04\/prive-minhardur-lrg-entree-01.jpg 1600w, https:\/\/www.emb.be\/wp-content\/uploads\/2026\/04\/prive-minhardur-lrg-entree-01-300x200.jpg 300w, https:\/\/www.emb.be\/wp-content\/uploads\/2026\/04\/prive-minhardur-lrg-entree-01-1024x682.jpg 1024w, https:\/\/www.emb.be\/wp-content\/uploads\/2026\/04\/prive-minhardur-lrg-entree-01-768x512.jpg 768w, https:\/\/www.emb.be\/wp-content\/uploads\/2026\/04\/prive-minhardur-lrg-entree-01-1536x1023.jpg 1536w\" \/><span class=\"the7-hover-icon\"><i aria-hidden=\"true\" class=\"feather feather-more-horizontal\"><\/i><\/span><\/a>\t\t\t\t\t\t<\/div>\n\t\t\t\t\t\n\t\t\t\t\t<div class=\"post-entry-content\">\n\t\t\t\t\t\t<h5 class=\"heading\"><a href=\"https:\/\/www.emb.be\/en\/project\/hand-smoothed-minhardur-floor-in-lrg-shade-in-a-private-villa\/\" rel=\"bookmark\" title=\"Hand-smoothed MinHardur floor in LRG shade in a private villa\" class=\"post-title\">Hand-smoothed MinHardur floor in LRG shade in a private villa<\/a><\/h5><div class=\"entry-meta\"><span class=\"meta-item category-link\"><a href=\"https:\/\/www.emb.be\/en\/portfolio-category\/concrete-floors\/\" rel=\"tag\">Concrete Floors<\/a><\/span><\/div><div class=\"details-wrap\"><a href=\"https:\/\/www.emb.be\/en\/project\/hand-smoothed-minhardur-floor-in-lrg-shade-in-a-private-villa\/\" target=\"\" aria-label=\"Read more about Hand-smoothed MinHardur floor in LRG shade in a private villa\" class=\"box-button elementor-button elementor-size-xs\">View the project<\/a><\/div>\t\t\t\t\t<\/div>\n\t\t\t\t<\/div>\n\n\t\t\t<\/article><article class=\"post visible wrapper dt-owl-item-wrap post-94316 dt_portfolio type-dt_portfolio status-publish has-post-thumbnail hentry dt_portfolio_category-technical-concrete\">\n\t\t\t\t<div class=\"post-content-wrapper\">\n\t\t\t\t\t\t\t\t\t\t\t<div class=\"the7-simple-post-thumb\">\n\t\t\t\t\t\t\t<a class=\"post-thumbnail-rollover layzr-bg img-css-resize-wrapper\" aria-label=\"Post image\" href=\"https:\/\/www.emb.be\/en\/project\/grooved-concrete-ramp-for-an-underground-car-park-in-evere\/\"><img decoding=\"async\" width=\"1600\" height=\"1066\" src=\"data:image\/svg+xml,%3Csvg%20xmlns%3D&#039;http%3A%2F%2Fwww.w3.org%2F2000%2Fsvg&#039;%20viewBox%3D&#039;0%200%201600%201066&#039;%2F%3E\" class=\"attachment-full size-full preload-me aspect lazy lazy-load\" alt=\"\" sizes=\"(max-width: 1600px) 100vw, 1600px\" style=\"--ratio: 1600 \/ 1066;\" data-src=\"https:\/\/www.emb.be\/wp-content\/uploads\/2026\/04\/evere-rampe-striee-vue-aerienne-01.jpg\" loading=\"eager\" data-srcset=\"https:\/\/www.emb.be\/wp-content\/uploads\/2026\/04\/evere-rampe-striee-vue-aerienne-01.jpg 1600w, https:\/\/www.emb.be\/wp-content\/uploads\/2026\/04\/evere-rampe-striee-vue-aerienne-01-300x200.jpg 300w, https:\/\/www.emb.be\/wp-content\/uploads\/2026\/04\/evere-rampe-striee-vue-aerienne-01-1024x682.jpg 1024w, https:\/\/www.emb.be\/wp-content\/uploads\/2026\/04\/evere-rampe-striee-vue-aerienne-01-768x512.jpg 768w, https:\/\/www.emb.be\/wp-content\/uploads\/2026\/04\/evere-rampe-striee-vue-aerienne-01-1536x1023.jpg 1536w\" \/><span class=\"the7-hover-icon\"><i aria-hidden=\"true\" class=\"feather feather-more-horizontal\"><\/i><\/span><\/a>\t\t\t\t\t\t<\/div>\n\t\t\t\t\t\n\t\t\t\t\t<div class=\"post-entry-content\">\n\t\t\t\t\t\t<h5 class=\"heading\"><a href=\"https:\/\/www.emb.be\/en\/project\/grooved-concrete-ramp-for-an-underground-car-park-in-evere\/\" rel=\"bookmark\" title=\"Grooved concrete ramp for an underground car park in Evere\" class=\"post-title\">Grooved concrete ramp for an underground car park in Evere<\/a><\/h5><div class=\"entry-meta\"><span class=\"meta-item category-link\"><a href=\"https:\/\/www.emb.be\/en\/portfolio-category\/technical-concrete\/\" rel=\"tag\">Technical concrete<\/a><\/span><\/div><div class=\"details-wrap\"><a href=\"https:\/\/www.emb.be\/en\/project\/grooved-concrete-ramp-for-an-underground-car-park-in-evere\/\" target=\"\" aria-label=\"Read more about Grooved concrete ramp for an underground car park in Evere\" class=\"box-button elementor-button elementor-size-xs\">View the project<\/a><\/div>\t\t\t\t\t<\/div>\n\t\t\t\t<\/div>\n\n\t\t\t<\/article><article class=\"post visible wrapper dt-owl-item-wrap post-94340 dt_portfolio type-dt_portfolio status-publish has-post-thumbnail hentry dt_portfolio_category-concrete-floors\">\n\t\t\t\t<div class=\"post-content-wrapper\">\n\t\t\t\t\t\t\t\t\t\t\t<div class=\"the7-simple-post-thumb\">\n\t\t\t\t\t\t\t<a class=\"post-thumbnail-rollover layzr-bg img-css-resize-wrapper\" aria-label=\"Post image\" href=\"https:\/\/www.emb.be\/en\/project\/minhardur-hand-finished-interior-flooring-for-an-architect-designed-home\/\"><img decoding=\"async\" width=\"1200\" height=\"1600\" src=\"data:image\/svg+xml,%3Csvg%20xmlns%3D&#039;http%3A%2F%2Fwww.w3.org%2F2000%2Fsvg&#039;%20viewBox%3D&#039;0%200%201200%201600&#039;%2F%3E\" class=\"attachment-full size-full preload-me aspect lazy lazy-load\" alt=\"Sol en b\u00e9ton int\u00e9rieur MinHardur manuel dans un espace de vie haut de gamme\" sizes=\"(max-width: 1200px) 100vw, 1200px\" style=\"--ratio: 1200 \/ 1600;\" data-src=\"https:\/\/www.emb.be\/wp-content\/uploads\/2026\/04\/beton-interieur-minhardur-manuel-espace-vie-03.jpg\" loading=\"eager\" data-srcset=\"https:\/\/www.emb.be\/wp-content\/uploads\/2026\/04\/beton-interieur-minhardur-manuel-espace-vie-03.jpg 1200w, https:\/\/www.emb.be\/wp-content\/uploads\/2026\/04\/beton-interieur-minhardur-manuel-espace-vie-03-225x300.jpg 225w, https:\/\/www.emb.be\/wp-content\/uploads\/2026\/04\/beton-interieur-minhardur-manuel-espace-vie-03-768x1024.jpg 768w, https:\/\/www.emb.be\/wp-content\/uploads\/2026\/04\/beton-interieur-minhardur-manuel-espace-vie-03-1152x1536.jpg 1152w\" \/><span class=\"the7-hover-icon\"><i aria-hidden=\"true\" class=\"feather feather-more-horizontal\"><\/i><\/span><\/a>\t\t\t\t\t\t<\/div>\n\t\t\t\t\t\n\t\t\t\t\t<div class=\"post-entry-content\">\n\t\t\t\t\t\t<h5 class=\"heading\"><a href=\"https:\/\/www.emb.be\/en\/project\/minhardur-hand-finished-interior-flooring-for-an-architect-designed-home\/\" rel=\"bookmark\" title=\"MinHardur hand-finished interior flooring for an architect-designed home\" class=\"post-title\">MinHardur hand-finished interior flooring for an architect-designed home<\/a><\/h5><div class=\"entry-meta\"><span class=\"meta-item category-link\"><a href=\"https:\/\/www.emb.be\/en\/portfolio-category\/concrete-floors\/\" rel=\"tag\">Concrete Floors<\/a><\/span><\/div><div class=\"details-wrap\"><a href=\"https:\/\/www.emb.be\/en\/project\/minhardur-hand-finished-interior-flooring-for-an-architect-designed-home\/\" target=\"\" aria-label=\"Read more about MinHardur hand-finished interior flooring for an architect-designed home\" class=\"box-button elementor-button elementor-size-xs\">View the project<\/a><\/div>\t\t\t\t\t<\/div>\n\t\t\t\t<\/div>\n\n\t\t\t<\/article><article class=\"post visible wrapper dt-owl-item-wrap post-94317 dt_portfolio type-dt_portfolio status-publish has-post-thumbnail hentry dt_portfolio_category-concrete-floors\">\n\t\t\t\t<div class=\"post-content-wrapper\">\n\t\t\t\t\t\t\t\t\t\t\t<div class=\"the7-simple-post-thumb\">\n\t\t\t\t\t\t\t<a class=\"post-thumbnail-rollover layzr-bg img-css-resize-wrapper\" aria-label=\"Post image\" href=\"https:\/\/www.emb.be\/en\/project\/hand-troweled-interior-concrete-in-contemporary-villa\/\"><img decoding=\"async\" width=\"1066\" height=\"1600\" src=\"data:image\/svg+xml,%3Csvg%20xmlns%3D&#039;http%3A%2F%2Fwww.w3.org%2F2000%2Fsvg&#039;%20viewBox%3D&#039;0%200%201066%201600&#039;%2F%3E\" class=\"attachment-full size-full preload-me aspect lazy lazy-load\" alt=\"Sol en b\u00e9ton int\u00e9rieur liss\u00e9 manuellement dans une villa contemporaine avec finition gris clair\" sizes=\"(max-width: 1066px) 100vw, 1066px\" style=\"--ratio: 1066 \/ 1600;\" data-src=\"https:\/\/www.emb.be\/wp-content\/uploads\/2026\/04\/beton-interieur-lissage-manuel-villa-01.jpg\" loading=\"eager\" data-srcset=\"https:\/\/www.emb.be\/wp-content\/uploads\/2026\/04\/beton-interieur-lissage-manuel-villa-01.jpg 1066w, https:\/\/www.emb.be\/wp-content\/uploads\/2026\/04\/beton-interieur-lissage-manuel-villa-01-200x300.jpg 200w, https:\/\/www.emb.be\/wp-content\/uploads\/2026\/04\/beton-interieur-lissage-manuel-villa-01-682x1024.jpg 682w, https:\/\/www.emb.be\/wp-content\/uploads\/2026\/04\/beton-interieur-lissage-manuel-villa-01-768x1153.jpg 768w, https:\/\/www.emb.be\/wp-content\/uploads\/2026\/04\/beton-interieur-lissage-manuel-villa-01-1023x1536.jpg 1023w\" \/><span class=\"the7-hover-icon\"><i aria-hidden=\"true\" class=\"feather feather-more-horizontal\"><\/i><\/span><\/a>\t\t\t\t\t\t<\/div>\n\t\t\t\t\t\n\t\t\t\t\t<div class=\"post-entry-content\">\n\t\t\t\t\t\t<h5 class=\"heading\"><a href=\"https:\/\/www.emb.be\/en\/project\/hand-troweled-interior-concrete-in-contemporary-villa\/\" rel=\"bookmark\" title=\"Hand-Troweled Interior Concrete in Contemporary Villa\" class=\"post-title\">Hand-Troweled Interior Concrete in Contemporary Villa<\/a><\/h5><div class=\"entry-meta\"><span class=\"meta-item category-link\"><a href=\"https:\/\/www.emb.be\/en\/portfolio-category\/concrete-floors\/\" rel=\"tag\">Concrete Floors<\/a><\/span><\/div><div class=\"details-wrap\"><a href=\"https:\/\/www.emb.be\/en\/project\/hand-troweled-interior-concrete-in-contemporary-villa\/\" target=\"\" aria-label=\"Read more about Hand-Troweled Interior Concrete in Contemporary Villa\" class=\"box-button elementor-button elementor-size-xs\">View the project<\/a><\/div>\t\t\t\t\t<\/div>\n\t\t\t\t<\/div>\n\n\t\t\t<\/article><article class=\"post visible wrapper dt-owl-item-wrap post-94379 dt_portfolio type-dt_portfolio status-publish has-post-thumbnail hentry dt_portfolio_category-technical-concrete\">\n\t\t\t\t<div class=\"post-content-wrapper\">\n\t\t\t\t\t\t\t\t\t\t\t<div class=\"the7-simple-post-thumb\">\n\t\t\t\t\t\t\t<a class=\"post-thumbnail-rollover layzr-bg img-css-resize-wrapper\" aria-label=\"Post image\" href=\"https:\/\/www.emb.be\/en\/project\/outdoor-grooved-concrete-ramp-for-garage-access\/\"><img decoding=\"async\" width=\"1600\" height=\"1200\" src=\"data:image\/svg+xml,%3Csvg%20xmlns%3D&#039;http%3A%2F%2Fwww.w3.org%2F2000%2Fsvg&#039;%20viewBox%3D&#039;0%200%201600%201200&#039;%2F%3E\" class=\"attachment-full size-full preload-me aspect lazy lazy-load\" alt=\"Rampe de garage en b\u00e9ton stri\u00e9 avec pente technique et finition antid\u00e9rapante en ext\u00e9rieur\" sizes=\"(max-width: 1600px) 100vw, 1600px\" style=\"--ratio: 1600 \/ 1200;\" data-src=\"https:\/\/www.emb.be\/wp-content\/uploads\/2026\/04\/rampe-beton-striee-garage-exterieur-02.jpg\" loading=\"eager\" data-srcset=\"https:\/\/www.emb.be\/wp-content\/uploads\/2026\/04\/rampe-beton-striee-garage-exterieur-02.jpg 1600w, https:\/\/www.emb.be\/wp-content\/uploads\/2026\/04\/rampe-beton-striee-garage-exterieur-02-300x225.jpg 300w, https:\/\/www.emb.be\/wp-content\/uploads\/2026\/04\/rampe-beton-striee-garage-exterieur-02-1024x768.jpg 1024w, https:\/\/www.emb.be\/wp-content\/uploads\/2026\/04\/rampe-beton-striee-garage-exterieur-02-768x576.jpg 768w, https:\/\/www.emb.be\/wp-content\/uploads\/2026\/04\/rampe-beton-striee-garage-exterieur-02-1536x1152.jpg 1536w\" \/><span class=\"the7-hover-icon\"><i aria-hidden=\"true\" class=\"feather feather-more-horizontal\"><\/i><\/span><\/a>\t\t\t\t\t\t<\/div>\n\t\t\t\t\t\n\t\t\t\t\t<div class=\"post-entry-content\">\n\t\t\t\t\t\t<h5 class=\"heading\"><a href=\"https:\/\/www.emb.be\/en\/project\/outdoor-grooved-concrete-ramp-for-garage-access\/\" rel=\"bookmark\" title=\"Outdoor grooved concrete ramp for garage access\" class=\"post-title\">Outdoor grooved concrete ramp for garage access<\/a><\/h5><div class=\"entry-meta\"><span class=\"meta-item category-link\"><a href=\"https:\/\/www.emb.be\/en\/portfolio-category\/technical-concrete\/\" rel=\"tag\">Technical concrete<\/a><\/span><\/div><div class=\"details-wrap\"><a href=\"https:\/\/www.emb.be\/en\/project\/outdoor-grooved-concrete-ramp-for-garage-access\/\" target=\"\" aria-label=\"Read more about Outdoor grooved concrete ramp for garage access\" class=\"box-button elementor-button elementor-size-xs\">View the project<\/a><\/div>\t\t\t\t\t<\/div>\n\t\t\t\t<\/div>\n\n\t\t\t<\/article><article class=\"post visible wrapper dt-owl-item-wrap post-94402 dt_portfolio type-dt_portfolio status-publish has-post-thumbnail hentry dt_portfolio_category-concrete-floors dt_portfolio_category-decorative-concrete\">\n\t\t\t\t<div class=\"post-content-wrapper\">\n\t\t\t\t\t\t\t\t\t\t\t<div class=\"the7-simple-post-thumb\">\n\t\t\t\t\t\t\t<a class=\"post-thumbnail-rollover layzr-bg img-css-resize-wrapper\" aria-label=\"Post image\" href=\"https:\/\/www.emb.be\/en\/project\/ixelles-av-du-bois-de-la-cambre\/\"><img decoding=\"async\" width=\"2048\" height=\"1365\" src=\"data:image\/svg+xml,%3Csvg%20xmlns%3D&#039;http%3A%2F%2Fwww.w3.org%2F2000%2Fsvg&#039;%20viewBox%3D&#039;0%200%202048%201365&#039;%2F%3E\" class=\"attachment-full size-full preload-me aspect lazy lazy-load\" alt=\"abords en b\u00e9ton lav\u00e9 r\u00e9sistants trafic quotidien\" sizes=\"(max-width: 2048px) 100vw, 2048px\" style=\"--ratio: 2048 \/ 1365;\" data-src=\"https:\/\/www.emb.be\/wp-content\/uploads\/2026\/02\/abords-en-beton-lave-resistants-trafic-quotidien.jpg\" loading=\"eager\" data-srcset=\"https:\/\/www.emb.be\/wp-content\/uploads\/2026\/02\/abords-en-beton-lave-resistants-trafic-quotidien.jpg 2048w, https:\/\/www.emb.be\/wp-content\/uploads\/2026\/02\/abords-en-beton-lave-resistants-trafic-quotidien-300x200.jpg 300w, https:\/\/www.emb.be\/wp-content\/uploads\/2026\/02\/abords-en-beton-lave-resistants-trafic-quotidien-1024x683.jpg 1024w, https:\/\/www.emb.be\/wp-content\/uploads\/2026\/02\/abords-en-beton-lave-resistants-trafic-quotidien-768x512.jpg 768w, https:\/\/www.emb.be\/wp-content\/uploads\/2026\/02\/abords-en-beton-lave-resistants-trafic-quotidien-1536x1024.jpg 1536w, https:\/\/www.emb.be\/wp-content\/uploads\/2026\/02\/abords-en-beton-lave-resistants-trafic-quotidien-1000x667.jpg 1000w\" \/><span class=\"the7-hover-icon\"><i aria-hidden=\"true\" class=\"feather feather-more-horizontal\"><\/i><\/span><\/a>\t\t\t\t\t\t<\/div>\n\t\t\t\t\t\n\t\t\t\t\t<div class=\"post-entry-content\">\n\t\t\t\t\t\t<h5 class=\"heading\"><a href=\"https:\/\/www.emb.be\/en\/project\/ixelles-av-du-bois-de-la-cambre\/\" rel=\"bookmark\" title=\"Ixelles (Av. du Bois de la Cambre)\" class=\"post-title\">Ixelles (Av. du Bois de la Cambre)<\/a><\/h5><div class=\"entry-meta\"><span class=\"meta-item category-link\"><a href=\"https:\/\/www.emb.be\/en\/portfolio-category\/concrete-floors\/\" rel=\"tag\">Concrete Floors<\/a>, <a href=\"https:\/\/www.emb.be\/en\/portfolio-category\/decorative-concrete\/\" rel=\"tag\">Decorative concrete<\/a><\/span><\/div><div class=\"details-wrap\"><a href=\"https:\/\/www.emb.be\/en\/project\/ixelles-av-du-bois-de-la-cambre\/\" target=\"\" aria-label=\"Read more about Ixelles (Av. du Bois de la Cambre)\" class=\"box-button elementor-button elementor-size-xs\">View the project<\/a><\/div>\t\t\t\t\t<\/div>\n\t\t\t\t<\/div>\n\n\t\t\t<\/article><article class=\"post visible wrapper dt-owl-item-wrap post-94432 dt_portfolio type-dt_portfolio status-publish has-post-thumbnail hentry dt_portfolio_category-concrete-floors dt_portfolio_category-technical-concrete\">\n\t\t\t\t<div class=\"post-content-wrapper\">\n\t\t\t\t\t\t\t\t\t\t\t<div class=\"the7-simple-post-thumb\">\n\t\t\t\t\t\t\t<a class=\"post-thumbnail-rollover layzr-bg img-css-resize-wrapper\" aria-label=\"Post image\" href=\"https:\/\/www.emb.be\/en\/project\/grooved-concrete-ramp-residential-exterior\/\"><img decoding=\"async\" width=\"2048\" height=\"1365\" src=\"data:image\/svg+xml,%3Csvg%20xmlns%3D&#039;http%3A%2F%2Fwww.w3.org%2F2000%2Fsvg&#039;%20viewBox%3D&#039;0%200%202048%201365&#039;%2F%3E\" class=\"attachment-full size-full preload-me aspect lazy lazy-load\" alt=\"Acc\u00e8s garage b\u00e9ton stri\u00e9 le long fa\u00e7ade r\u00e9sidentielle\" sizes=\"(max-width: 2048px) 100vw, 2048px\" style=\"--ratio: 2048 \/ 1365;\" data-src=\"https:\/\/www.emb.be\/wp-content\/uploads\/2020\/04\/Acces-garage-beton-strie-le-long-facade-residentielle.jpg\" loading=\"eager\" data-srcset=\"https:\/\/www.emb.be\/wp-content\/uploads\/2020\/04\/Acces-garage-beton-strie-le-long-facade-residentielle.jpg 2048w, https:\/\/www.emb.be\/wp-content\/uploads\/2020\/04\/Acces-garage-beton-strie-le-long-facade-residentielle-300x200.jpg 300w, https:\/\/www.emb.be\/wp-content\/uploads\/2020\/04\/Acces-garage-beton-strie-le-long-facade-residentielle-1024x683.jpg 1024w, https:\/\/www.emb.be\/wp-content\/uploads\/2020\/04\/Acces-garage-beton-strie-le-long-facade-residentielle-768x512.jpg 768w, https:\/\/www.emb.be\/wp-content\/uploads\/2020\/04\/Acces-garage-beton-strie-le-long-facade-residentielle-1536x1024.jpg 1536w\" \/><span class=\"the7-hover-icon\"><i aria-hidden=\"true\" class=\"feather feather-more-horizontal\"><\/i><\/span><\/a>\t\t\t\t\t\t<\/div>\n\t\t\t\t\t\n\t\t\t\t\t<div class=\"post-entry-content\">\n\t\t\t\t\t\t<h5 class=\"heading\"><a href=\"https:\/\/www.emb.be\/en\/project\/grooved-concrete-ramp-residential-exterior\/\" rel=\"bookmark\" title=\"Grooved concrete ramp (residential exterior)\" class=\"post-title\">Grooved concrete ramp (residential exterior)<\/a><\/h5><div class=\"entry-meta\"><span class=\"meta-item category-link\"><a href=\"https:\/\/www.emb.be\/en\/portfolio-category\/concrete-floors\/\" rel=\"tag\">Concrete Floors<\/a>, <a href=\"https:\/\/www.emb.be\/en\/portfolio-category\/technical-concrete\/\" rel=\"tag\">Technical concrete<\/a><\/span><\/div><div class=\"details-wrap\"><a href=\"https:\/\/www.emb.be\/en\/project\/grooved-concrete-ramp-residential-exterior\/\" target=\"\" aria-label=\"Read more about Grooved concrete ramp (residential exterior)\" class=\"box-button elementor-button elementor-size-xs\">View the project<\/a><\/div>\t\t\t\t\t<\/div>\n\t\t\t\t<\/div>\n\n\t\t\t<\/article><article class=\"post visible wrapper dt-owl-item-wrap post-94483 dt_portfolio type-dt_portfolio status-publish has-post-thumbnail hentry dt_portfolio_category-concrete-floors dt_portfolio_category-technical-concrete\">\n\t\t\t\t<div class=\"post-content-wrapper\">\n\t\t\t\t\t\t\t\t\t\t\t<div class=\"the7-simple-post-thumb\">\n\t\t\t\t\t\t\t<a class=\"post-thumbnail-rollover layzr-bg img-css-resize-wrapper\" aria-label=\"Post image\" href=\"https:\/\/www.emb.be\/en\/project\/cai-residential-project-in-fleurus\/\"><img decoding=\"async\" width=\"2048\" height=\"1365\" src=\"data:image\/svg+xml,%3Csvg%20xmlns%3D&#039;http%3A%2F%2Fwww.w3.org%2F2000%2Fsvg&#039;%20viewBox%3D&#039;0%200%202048%201365&#039;%2F%3E\" class=\"attachment-full size-full preload-me aspect lazy lazy-load\" alt=\"\" sizes=\"(max-width: 2048px) 100vw, 2048px\" style=\"--ratio: 2048 \/ 1365;\" data-src=\"https:\/\/www.emb.be\/wp-content\/uploads\/2019\/04\/Entree-de-parking-souterrain-en-beton-brosse-antiderapant.jpg\" loading=\"eager\" data-srcset=\"https:\/\/www.emb.be\/wp-content\/uploads\/2019\/04\/Entree-de-parking-souterrain-en-beton-brosse-antiderapant.jpg 2048w, https:\/\/www.emb.be\/wp-content\/uploads\/2019\/04\/Entree-de-parking-souterrain-en-beton-brosse-antiderapant-300x200.jpg 300w, https:\/\/www.emb.be\/wp-content\/uploads\/2019\/04\/Entree-de-parking-souterrain-en-beton-brosse-antiderapant-1024x683.jpg 1024w, https:\/\/www.emb.be\/wp-content\/uploads\/2019\/04\/Entree-de-parking-souterrain-en-beton-brosse-antiderapant-768x512.jpg 768w, https:\/\/www.emb.be\/wp-content\/uploads\/2019\/04\/Entree-de-parking-souterrain-en-beton-brosse-antiderapant-1536x1024.jpg 1536w\" \/><span class=\"the7-hover-icon\"><i aria-hidden=\"true\" class=\"feather feather-more-horizontal\"><\/i><\/span><\/a>\t\t\t\t\t\t<\/div>\n\t\t\t\t\t\n\t\t\t\t\t<div class=\"post-entry-content\">\n\t\t\t\t\t\t<h5 class=\"heading\"><a href=\"https:\/\/www.emb.be\/en\/project\/cai-residential-project-in-fleurus\/\" rel=\"bookmark\" title=\"CAI \u2013 Residential Project in Fleurus\" class=\"post-title\">CAI \u2013 Residential Project in Fleurus<\/a><\/h5><div class=\"entry-meta\"><span class=\"meta-item category-link\"><a href=\"https:\/\/www.emb.be\/en\/portfolio-category\/concrete-floors\/\" rel=\"tag\">Concrete Floors<\/a>, <a href=\"https:\/\/www.emb.be\/en\/portfolio-category\/technical-concrete\/\" rel=\"tag\">Technical concrete<\/a><\/span><\/div><div class=\"details-wrap\"><a href=\"https:\/\/www.emb.be\/en\/project\/cai-residential-project-in-fleurus\/\" target=\"\" aria-label=\"Read more about CAI \u2013 Residential Project in Fleurus\" class=\"box-button elementor-button elementor-size-xs\">View the project<\/a><\/div>\t\t\t\t\t<\/div>\n\t\t\t\t<\/div>\n\n\t\t\t<\/article><article class=\"post visible wrapper dt-owl-item-wrap post-94459 dt_portfolio type-dt_portfolio status-publish has-post-thumbnail hentry dt_portfolio_category-decorative-concrete dt_portfolio_category-finishes-alternatives\">\n\t\t\t\t<div class=\"post-content-wrapper\">\n\t\t\t\t\t\t\t\t\t\t\t<div class=\"the7-simple-post-thumb\">\n\t\t\t\t\t\t\t<a class=\"post-thumbnail-rollover layzr-bg img-css-resize-wrapper\" aria-label=\"Post image\" href=\"https:\/\/www.emb.be\/en\/project\/private-residence-court-saint-etienne\/\"><img decoding=\"async\" width=\"2048\" height=\"1365\" src=\"data:image\/svg+xml,%3Csvg%20xmlns%3D&#039;http%3A%2F%2Fwww.w3.org%2F2000%2Fsvg&#039;%20viewBox%3D&#039;0%200%202048%201365&#039;%2F%3E\" class=\"attachment-full size-full preload-me aspect lazy lazy-load\" alt=\"\" sizes=\"(max-width: 2048px) 100vw, 2048px\" style=\"--ratio: 2048 \/ 1365;\" data-src=\"https:\/\/www.emb.be\/wp-content\/uploads\/2019\/04\/Salon-moderne-avec-sol-en-beton-decoratif-fonce-effet-Blue-Stone.jpg\" loading=\"eager\" data-srcset=\"https:\/\/www.emb.be\/wp-content\/uploads\/2019\/04\/Salon-moderne-avec-sol-en-beton-decoratif-fonce-effet-Blue-Stone.jpg 2048w, https:\/\/www.emb.be\/wp-content\/uploads\/2019\/04\/Salon-moderne-avec-sol-en-beton-decoratif-fonce-effet-Blue-Stone-300x200.jpg 300w, https:\/\/www.emb.be\/wp-content\/uploads\/2019\/04\/Salon-moderne-avec-sol-en-beton-decoratif-fonce-effet-Blue-Stone-1024x683.jpg 1024w, https:\/\/www.emb.be\/wp-content\/uploads\/2019\/04\/Salon-moderne-avec-sol-en-beton-decoratif-fonce-effet-Blue-Stone-768x512.jpg 768w, https:\/\/www.emb.be\/wp-content\/uploads\/2019\/04\/Salon-moderne-avec-sol-en-beton-decoratif-fonce-effet-Blue-Stone-1536x1024.jpg 1536w\" \/><span class=\"the7-hover-icon\"><i aria-hidden=\"true\" class=\"feather feather-more-horizontal\"><\/i><\/span><\/a>\t\t\t\t\t\t<\/div>\n\t\t\t\t\t\n\t\t\t\t\t<div class=\"post-entry-content\">\n\t\t\t\t\t\t<h5 class=\"heading\"><a href=\"https:\/\/www.emb.be\/en\/project\/private-residence-court-saint-etienne\/\" rel=\"bookmark\" title=\"Private Residence \u2013 Court-Saint-\u00c9tienne\" class=\"post-title\">Private Residence \u2013 Court-Saint-\u00c9tienne<\/a><\/h5><div class=\"entry-meta\"><span class=\"meta-item category-link\"><a href=\"https:\/\/www.emb.be\/en\/portfolio-category\/decorative-concrete\/\" rel=\"tag\">Decorative concrete<\/a>, <a href=\"https:\/\/www.emb.be\/en\/portfolio-category\/finishes-alternatives\/\" rel=\"tag\">Finishes &amp; alternatives<\/a><\/span><\/div><div class=\"details-wrap\"><a href=\"https:\/\/www.emb.be\/en\/project\/private-residence-court-saint-etienne\/\" target=\"\" aria-label=\"Read more about Private Residence \u2013 Court-Saint-\u00c9tienne\" class=\"box-button elementor-button elementor-size-xs\">View the project<\/a><\/div>\t\t\t\t\t<\/div>\n\t\t\t\t<\/div>\n\n\t\t\t<\/article><article class=\"post visible wrapper dt-owl-item-wrap post-94512 dt_portfolio type-dt_portfolio status-publish has-post-thumbnail hentry dt_portfolio_category-decorative-concrete dt_portfolio_category-finishes-alternatives\">\n\t\t\t\t<div class=\"post-content-wrapper\">\n\t\t\t\t\t\t\t\t\t\t\t<div class=\"the7-simple-post-thumb\">\n\t\t\t\t\t\t\t<a class=\"post-thumbnail-rollover layzr-bg img-css-resize-wrapper\" aria-label=\"Post image\" href=\"https:\/\/www.emb.be\/en\/project\/private-residence-outdoor-granito-terrazzo-flooring\/\"><img decoding=\"async\" width=\"2048\" height=\"1365\" src=\"data:image\/svg+xml,%3Csvg%20xmlns%3D&#039;http%3A%2F%2Fwww.w3.org%2F2000%2Fsvg&#039;%20viewBox%3D&#039;0%200%202048%201365&#039;%2F%3E\" class=\"attachment-full size-full preload-me aspect lazy lazy-load\" alt=\"Rev\u00eatement de sol en granito pour entr\u00e9e d\u2019immeuble r\u00e9sidentiel\" sizes=\"(max-width: 2048px) 100vw, 2048px\" style=\"--ratio: 2048 \/ 1365;\" data-src=\"https:\/\/www.emb.be\/wp-content\/uploads\/2019\/01\/Revetement-de-sol-en-granito-pour-entree-dimmeuble-residentiel.jpg\" loading=\"eager\" data-srcset=\"https:\/\/www.emb.be\/wp-content\/uploads\/2019\/01\/Revetement-de-sol-en-granito-pour-entree-dimmeuble-residentiel.jpg 2048w, https:\/\/www.emb.be\/wp-content\/uploads\/2019\/01\/Revetement-de-sol-en-granito-pour-entree-dimmeuble-residentiel-300x200.jpg 300w, https:\/\/www.emb.be\/wp-content\/uploads\/2019\/01\/Revetement-de-sol-en-granito-pour-entree-dimmeuble-residentiel-1024x683.jpg 1024w, https:\/\/www.emb.be\/wp-content\/uploads\/2019\/01\/Revetement-de-sol-en-granito-pour-entree-dimmeuble-residentiel-768x512.jpg 768w, https:\/\/www.emb.be\/wp-content\/uploads\/2019\/01\/Revetement-de-sol-en-granito-pour-entree-dimmeuble-residentiel-1536x1024.jpg 1536w\" \/><span class=\"the7-hover-icon\"><i aria-hidden=\"true\" class=\"feather feather-more-horizontal\"><\/i><\/span><\/a>\t\t\t\t\t\t<\/div>\n\t\t\t\t\t\n\t\t\t\t\t<div class=\"post-entry-content\">\n\t\t\t\t\t\t<h5 class=\"heading\"><a href=\"https:\/\/www.emb.be\/en\/project\/private-residence-outdoor-granito-terrazzo-flooring\/\" rel=\"bookmark\" title=\"Private residence \u2013 Outdoor granito\/terrazzo flooring\" class=\"post-title\">Private residence \u2013 Outdoor granito\/terrazzo flooring<\/a><\/h5><div class=\"entry-meta\"><span class=\"meta-item category-link\"><a href=\"https:\/\/www.emb.be\/en\/portfolio-category\/decorative-concrete\/\" rel=\"tag\">Decorative concrete<\/a>, <a href=\"https:\/\/www.emb.be\/en\/portfolio-category\/finishes-alternatives\/\" rel=\"tag\">Finishes &amp; alternatives<\/a><\/span><\/div><div class=\"details-wrap\"><a href=\"https:\/\/www.emb.be\/en\/project\/private-residence-outdoor-granito-terrazzo-flooring\/\" target=\"\" aria-label=\"Read more about Private residence \u2013 Outdoor granito\/terrazzo flooring\" class=\"box-button elementor-button elementor-size-xs\">View the project<\/a><\/div>\t\t\t\t\t<\/div>\n\t\t\t\t<\/div>\n\n\t\t\t<\/article><article class=\"post visible wrapper dt-owl-item-wrap post-94555 dt_portfolio type-dt_portfolio status-publish has-post-thumbnail hentry dt_portfolio_category-concrete-floors\">\n\t\t\t\t<div class=\"post-content-wrapper\">\n\t\t\t\t\t\t\t\t\t\t\t<div class=\"the7-simple-post-thumb\">\n\t\t\t\t\t\t\t<a class=\"post-thumbnail-rollover layzr-bg img-css-resize-wrapper\" aria-label=\"Post image\" href=\"https:\/\/www.emb.be\/en\/project\/d-rigo-decorative-concrete-floor\/\"><img decoding=\"async\" width=\"2048\" height=\"1365\" src=\"data:image\/svg+xml,%3Csvg%20xmlns%3D&#039;http%3A%2F%2Fwww.w3.org%2F2000%2Fsvg&#039;%20viewBox%3D&#039;0%200%202048%201365&#039;%2F%3E\" class=\"attachment-full size-full preload-me aspect lazy lazy-load\" alt=\"D\u00e9tail b\u00e9ton MinHardur teint\u00e9 pour surface commerciale premium\" sizes=\"(max-width: 2048px) 100vw, 2048px\" style=\"--ratio: 2048 \/ 1365;\" data-src=\"https:\/\/www.emb.be\/wp-content\/uploads\/2018\/04\/Detail-beton-MinHardur-teinte-pour-surface-commerciale-premium.jpg\" loading=\"eager\" data-srcset=\"https:\/\/www.emb.be\/wp-content\/uploads\/2018\/04\/Detail-beton-MinHardur-teinte-pour-surface-commerciale-premium.jpg 2048w, https:\/\/www.emb.be\/wp-content\/uploads\/2018\/04\/Detail-beton-MinHardur-teinte-pour-surface-commerciale-premium-300x200.jpg 300w, https:\/\/www.emb.be\/wp-content\/uploads\/2018\/04\/Detail-beton-MinHardur-teinte-pour-surface-commerciale-premium-1024x683.jpg 1024w, https:\/\/www.emb.be\/wp-content\/uploads\/2018\/04\/Detail-beton-MinHardur-teinte-pour-surface-commerciale-premium-768x512.jpg 768w, https:\/\/www.emb.be\/wp-content\/uploads\/2018\/04\/Detail-beton-MinHardur-teinte-pour-surface-commerciale-premium-1536x1024.jpg 1536w\" \/><span class=\"the7-hover-icon\"><i aria-hidden=\"true\" class=\"feather feather-more-horizontal\"><\/i><\/span><\/a>\t\t\t\t\t\t<\/div>\n\t\t\t\t\t\n\t\t\t\t\t<div class=\"post-entry-content\">\n\t\t\t\t\t\t<h5 class=\"heading\"><a href=\"https:\/\/www.emb.be\/en\/project\/d-rigo-decorative-concrete-floor\/\" rel=\"bookmark\" title=\"D. Rigo \u2013 decorative concrete floor\" class=\"post-title\">D. Rigo \u2013 decorative concrete floor<\/a><\/h5><div class=\"entry-meta\"><span class=\"meta-item category-link\"><a href=\"https:\/\/www.emb.be\/en\/portfolio-category\/concrete-floors\/\" rel=\"tag\">Concrete Floors<\/a><\/span><\/div><div class=\"details-wrap\"><a href=\"https:\/\/www.emb.be\/en\/project\/d-rigo-decorative-concrete-floor\/\" target=\"\" aria-label=\"Read more about D. Rigo \u2013 decorative concrete floor\" class=\"box-button elementor-button elementor-size-xs\">View the project<\/a><\/div>\t\t\t\t\t<\/div>\n\t\t\t\t<\/div>\n\n\t\t\t<\/article><article class=\"post visible wrapper dt-owl-item-wrap post-94583 dt_portfolio type-dt_portfolio status-publish has-post-thumbnail hentry dt_portfolio_category-concrete-floors dt_portfolio_category-decorative-concrete\">\n\t\t\t\t<div class=\"post-content-wrapper\">\n\t\t\t\t\t\t\t\t\t\t\t<div class=\"the7-simple-post-thumb\">\n\t\t\t\t\t\t\t<a class=\"post-thumbnail-rollover layzr-bg img-css-resize-wrapper\" aria-label=\"Post image\" href=\"https:\/\/www.emb.be\/en\/project\/team-construct-indoor-concrete-floor\/\"><img decoding=\"async\" width=\"2048\" height=\"1365\" src=\"data:image\/svg+xml,%3Csvg%20xmlns%3D&#039;http%3A%2F%2Fwww.w3.org%2F2000%2Fsvg&#039;%20viewBox%3D&#039;0%200%202048%201365&#039;%2F%3E\" class=\"attachment-full size-full preload-me aspect lazy lazy-load\" alt=\"Sol b\u00e9ton esth\u00e9tique pour espace d\u2019exposition b\u00e2timent\" sizes=\"(max-width: 2048px) 100vw, 2048px\" style=\"--ratio: 2048 \/ 1365;\" data-src=\"https:\/\/www.emb.be\/wp-content\/uploads\/2018\/04\/Sol-beton-esthetique-pour-espace-dexposition-batiment.jpg\" loading=\"eager\" data-srcset=\"https:\/\/www.emb.be\/wp-content\/uploads\/2018\/04\/Sol-beton-esthetique-pour-espace-dexposition-batiment.jpg 2048w, https:\/\/www.emb.be\/wp-content\/uploads\/2018\/04\/Sol-beton-esthetique-pour-espace-dexposition-batiment-300x200.jpg 300w, https:\/\/www.emb.be\/wp-content\/uploads\/2018\/04\/Sol-beton-esthetique-pour-espace-dexposition-batiment-1024x683.jpg 1024w, https:\/\/www.emb.be\/wp-content\/uploads\/2018\/04\/Sol-beton-esthetique-pour-espace-dexposition-batiment-768x512.jpg 768w, https:\/\/www.emb.be\/wp-content\/uploads\/2018\/04\/Sol-beton-esthetique-pour-espace-dexposition-batiment-1536x1024.jpg 1536w\" \/><span class=\"the7-hover-icon\"><i aria-hidden=\"true\" class=\"feather feather-more-horizontal\"><\/i><\/span><\/a>\t\t\t\t\t\t<\/div>\n\t\t\t\t\t\n\t\t\t\t\t<div class=\"post-entry-content\">\n\t\t\t\t\t\t<h5 class=\"heading\"><a href=\"https:\/\/www.emb.be\/en\/project\/team-construct-indoor-concrete-floor\/\" rel=\"bookmark\" title=\"Team Construct \u2013 indoor concrete floor\" class=\"post-title\">Team Construct \u2013 indoor concrete floor<\/a><\/h5><div class=\"entry-meta\"><span class=\"meta-item category-link\"><a href=\"https:\/\/www.emb.be\/en\/portfolio-category\/concrete-floors\/\" rel=\"tag\">Concrete Floors<\/a>, <a href=\"https:\/\/www.emb.be\/en\/portfolio-category\/decorative-concrete\/\" rel=\"tag\">Decorative concrete<\/a><\/span><\/div><div class=\"details-wrap\"><a href=\"https:\/\/www.emb.be\/en\/project\/team-construct-indoor-concrete-floor\/\" target=\"\" aria-label=\"Read more about Team Construct \u2013 indoor concrete floor\" class=\"box-button elementor-button elementor-size-xs\">View the project<\/a><\/div>\t\t\t\t\t<\/div>\n\t\t\t\t<\/div>\n\n\t\t\t<\/article><\/div><div class=\"owl-nav disabled\"><div class=\"owl-prev\" role=\"button\" tabindex=\"0\" aria-label=\"Prev slide\"><i class=\"feather feather-chevron-left\"><\/i><\/div><div class=\"owl-next\" role=\"button\" tabindex=\"0\" aria-label=\"Next slide\"><i class=\"feather feather-chevron-right\"><\/i><\/div><\/div>\t\t\t\t<\/div>\n\t\t\t\t<\/div>\n\t\t\t\t\t<\/div>\n\t\t<\/div>\n\t\t\t\t\t<\/div>\n\t\t<\/section>\n\t\t\t\t<section class=\"elementor-section elementor-top-section elementor-element elementor-element-82aa096 elementor-section-height-min-height elementor-section-items-stretch elementor-section-content-middle elementor-section-boxed elementor-section-height-default\" data-id=\"82aa096\" data-element_type=\"section\" data-e-type=\"section\">\n\t\t\t\t\t\t<div class=\"elementor-container elementor-column-gap-wider\">\n\t\t\t\t\t<div class=\"elementor-column elementor-col-50 elementor-top-column elementor-element elementor-element-40028c92\" data-id=\"40028c92\" data-element_type=\"column\" data-e-type=\"column\">\n\t\t\t<div class=\"elementor-widget-wrap elementor-element-populated\">\n\t\t\t\t\t\t<div class=\"elementor-element elementor-element-3bf63bdb elementor-widget__width-initial elementor-widget-mobile__width-auto elementor-widget elementor-widget-image\" data-id=\"3bf63bdb\" data-element_type=\"widget\" data-e-type=\"widget\" data-widget_type=\"image.default\">\n\t\t\t\t\t\t\t\t\t\t\t\t\t\t\t<img decoding=\"async\" src=\"https:\/\/www.emb.be\/wp-content\/uploads\/elementor\/thumbs\/camion-chantier-compressed-rip96ifaliqoyqir9pgciyvc0gtfbvf14sxxextd74.jpg\" title=\"Construction truck for concrete flooring works\" alt=\"Construction truck for concrete flooring works\" loading=\"lazy\" \/>\t\t\t\t\t\t\t\t\t\t\t\t\t\t\t<\/div>\n\t\t\t\t\t<\/div>\n\t\t<\/div>\n\t\t\t\t<div class=\"elementor-column elementor-col-50 elementor-top-column elementor-element elementor-element-7e673215\" data-id=\"7e673215\" data-element_type=\"column\" data-e-type=\"column\">\n\t\t\t<div class=\"elementor-widget-wrap elementor-element-populated\">\n\t\t\t\t\t\t<div class=\"elementor-element elementor-element-22eaaffe elementor-widget elementor-widget-heading\" data-id=\"22eaaffe\" data-element_type=\"widget\" data-e-type=\"widget\" data-widget_type=\"heading.default\">\n\t\t\t\t\t<h2 class=\"elementor-heading-title elementor-size-default\">A terrace or surrounding area landscaping project? Let\u2019s talk. <\/h2>\t\t\t\t<\/div>\n\t\t\t\t<div class=\"elementor-element elementor-element-695bab88 elementor-widget elementor-widget-spacer\" data-id=\"695bab88\" data-element_type=\"widget\" data-e-type=\"widget\" data-widget_type=\"spacer.default\">\n\t\t\t\t\t\t\t<div class=\"elementor-spacer\">\n\t\t\t<div class=\"elementor-spacer-inner\"><\/div>\n\t\t<\/div>\n\t\t\t\t\t\t<\/div>\n\t\t\t\t<div class=\"elementor-element elementor-element-b436eee elementor-widget elementor-widget-text-editor\" data-id=\"b436eee\" data-element_type=\"widget\" data-e-type=\"widget\" data-widget_type=\"text-editor.default\">\n\t\t\t\t\t\t\t\t\t<p>Terrace, driveway, access, <strong>house surrounds<\/strong> or <strong>pool surrounds<\/strong>: we advise you and deliver a durable solution, suited to your site and intended use, in Brussels, Walloon Brabant and Flemish Brabant.<\/p><p>Concrete terrace (including outdoor polished concrete), exposed aggregate concrete, slabs\/pavers, edging, slopes, drainage and water evacuation: each project is assessed to ensure a clean, stable and easy-to-maintain finish.<\/p>\t\t\t\t\t\t\t\t<\/div>\n\t\t\t\t<div class=\"elementor-element elementor-element-52bc3c04 elementor-widget elementor-widget-spacer\" data-id=\"52bc3c04\" data-element_type=\"widget\" data-e-type=\"widget\" data-widget_type=\"spacer.default\">\n\t\t\t\t\t\t\t<div class=\"elementor-spacer\">\n\t\t\t<div class=\"elementor-spacer-inner\"><\/div>\n\t\t<\/div>\n\t\t\t\t\t\t<\/div>\n\t\t\t\t<div class=\"elementor-element elementor-element-753ba6b2 elementor-widget__width-auto elementor-mobile-align-center elementor-widget-mobile__width-inherit elementor-widget elementor-widget-the7_button_widget\" data-id=\"753ba6b2\" data-element_type=\"widget\" data-e-type=\"widget\" data-widget_type=\"the7_button_widget.default\">\n\t\t\t\t<div class=\"elementor-widget-container\">\n\t\t\t\t\t<div class=\"elementor-button-wrapper\"><a href=\"tel:+3222151949\" class=\"box-button elementor-button elementor-size-lg\">+32 (0) 2 215 19 49<i aria-hidden=\"true\" class=\"elementor-button-icon feather feather-phone\"><\/i><\/a><\/div>\t\t\t\t<\/div>\n\t\t\t\t<\/div>\n\t\t\t\t<div class=\"elementor-element elementor-element-59da0a6a elementor-widget__width-auto elementor-mobile-align-center elementor-widget-mobile__width-inherit elementor-widget elementor-widget-the7_button_widget\" data-id=\"59da0a6a\" data-element_type=\"widget\" data-e-type=\"widget\" data-widget_type=\"the7_button_widget.default\">\n\t\t\t\t<div class=\"elementor-widget-container\">\n\t\t\t\t\t<div class=\"elementor-button-wrapper\"><a href=\"https:\/\/www.emb.be\/contact\/\" class=\"box-button elementor-button elementor-size-lg\">Request a quote<i aria-hidden=\"true\" class=\"elementor-button-icon feather feather-arrow-right\"><\/i><\/a><\/div>\t\t\t\t<\/div>\n\t\t\t\t<\/div>\n\t\t\t\t\t<\/div>\n\t\t<\/div>\n\t\t\t\t\t<\/div>\n\t\t<\/section>\n\t\t\t\t<\/div>\n\t\t","protected":false},"excerpt":{"rendered":"<p>Terrace and surrounding area landscaping in Brussels, Walloon Brabant and Flemish Brabant EMB builds your terraces and surrounding areas for new-build and renovation projects: earthworks and formwork, slope grading, finishing and water drainage. As a company active in Brussels and throughout Belgium (Walloon Brabant &amp; Flemish Brabant), we support you from design through to completion&hellip;<\/p>\n","protected":false},"author":2,"featured_media":94113,"parent":0,"menu_order":0,"comment_status":"closed","ping_status":"closed","template":"","meta":{"footnotes":""},"class_list":["post-94100","page","type-page","status-publish","has-post-thumbnail","hentry"],"yoast_head":"<!-- This site is optimized with the Yoast SEO plugin v27.4 - https:\/\/yoast.com\/product\/yoast-seo-wordpress\/ -->\n<title>Terrace and surrounding area landscaping Brussels - EMB<\/title>\n<meta name=\"description\" content=\"Terrace and surrounding area landscaping: concrete terrace, outdoor polished concrete, exposed aggregate concrete, slabs\/pavers, walkways and pool surrounds.\" \/>\n<meta name=\"robots\" content=\"index, follow, max-snippet:-1, max-image-preview:large, max-video-preview:-1\" \/>\n<link rel=\"canonical\" href=\"https:\/\/www.emb.be\/en\/terrace-and-surrounding-area-landscaping\/\" \/>\n<meta property=\"og:locale\" content=\"en_US\" \/>\n<meta property=\"og:type\" content=\"article\" \/>\n<meta property=\"og:title\" content=\"Terrace and surrounding area landscaping Brussels - EMB\" \/>\n<meta property=\"og:description\" content=\"Terrace and surrounding area landscaping: concrete terrace, outdoor polished concrete, exposed aggregate concrete, slabs\/pavers, walkways and pool surrounds.\" \/>\n<meta property=\"og:url\" content=\"https:\/\/www.emb.be\/en\/terrace-and-surrounding-area-landscaping\/\" \/>\n<meta property=\"og:site_name\" content=\"EMB\" \/>\n<meta property=\"article:publisher\" content=\"https:\/\/www.facebook.com\/emb.belgium\/\" \/>\n<meta property=\"article:modified_time\" content=\"2026-04-26T10:46:56+00:00\" \/>\n<meta property=\"og:image\" content=\"https:\/\/www.emb.be\/wp-content\/uploads\/2019\/04\/Detail-stries-beton-exterieur-antiderapant-pour-acces-parking-1024x683.jpg\" \/>\n<meta name=\"twitter:card\" content=\"summary_large_image\" \/>\n<meta name=\"twitter:title\" content=\"Terrace and surrounding area landscaping Brussels - EMB\" \/>\n<meta name=\"twitter:description\" content=\"Terrace and surrounding area landscaping: concrete terrace, outdoor polished concrete, exposed aggregate concrete, slabs\/pavers, walkways and pool surrounds.\" \/>\n<meta name=\"twitter:image\" content=\"https:\/\/www.emb.be\/wp-content\/uploads\/2019\/04\/Detail-stries-beton-exterieur-antiderapant-pour-acces-parking-1024x683.jpg\" \/>\n<meta name=\"twitter:label1\" content=\"Est. reading time\" \/>\n\t<meta name=\"twitter:data1\" content=\"3 minutes\" \/>\n<script type=\"application\/ld+json\" class=\"yoast-schema-graph\">{\"@context\":\"https:\\\/\\\/schema.org\",\"@graph\":[{\"@type\":\"WebPage\",\"@id\":\"https:\\\/\\\/www.emb.be\\\/en\\\/terrace-and-surrounding-area-landscaping\\\/\",\"url\":\"https:\\\/\\\/www.emb.be\\\/en\\\/terrace-and-surrounding-area-landscaping\\\/\",\"name\":\"Terrace and surrounding area landscaping Brussels - EMB\",\"isPartOf\":{\"@id\":\"https:\\\/\\\/www.emb.be\\\/en\\\/#website\"},\"primaryImageOfPage\":{\"@id\":\"https:\\\/\\\/www.emb.be\\\/en\\\/terrace-and-surrounding-area-landscaping\\\/#primaryimage\"},\"image\":{\"@id\":\"https:\\\/\\\/www.emb.be\\\/en\\\/terrace-and-surrounding-area-landscaping\\\/#primaryimage\"},\"thumbnailUrl\":\"https:\\\/\\\/www.emb.be\\\/wp-content\\\/uploads\\\/2019\\\/04\\\/Rampe-beton-motif-aretes-de-poisson-pour-circulation-vehicule.jpg\",\"datePublished\":\"2026-03-06T14:36:28+00:00\",\"dateModified\":\"2026-04-26T10:46:56+00:00\",\"description\":\"Terrace and surrounding area landscaping: concrete terrace, outdoor polished concrete, exposed aggregate concrete, slabs\\\/pavers, walkways and pool surrounds.\",\"breadcrumb\":{\"@id\":\"https:\\\/\\\/www.emb.be\\\/en\\\/terrace-and-surrounding-area-landscaping\\\/#breadcrumb\"},\"inLanguage\":\"en-US\",\"potentialAction\":[{\"@type\":\"ReadAction\",\"target\":[\"https:\\\/\\\/www.emb.be\\\/en\\\/terrace-and-surrounding-area-landscaping\\\/\"]}]},{\"@type\":\"ImageObject\",\"inLanguage\":\"en-US\",\"@id\":\"https:\\\/\\\/www.emb.be\\\/en\\\/terrace-and-surrounding-area-landscaping\\\/#primaryimage\",\"url\":\"https:\\\/\\\/www.emb.be\\\/wp-content\\\/uploads\\\/2019\\\/04\\\/Rampe-beton-motif-aretes-de-poisson-pour-circulation-vehicule.jpg\",\"contentUrl\":\"https:\\\/\\\/www.emb.be\\\/wp-content\\\/uploads\\\/2019\\\/04\\\/Rampe-beton-motif-aretes-de-poisson-pour-circulation-vehicule.jpg\",\"width\":2048,\"height\":1365,\"caption\":\"Concrete ramp with herringbone pattern for vehicle traffic\"},{\"@type\":\"BreadcrumbList\",\"@id\":\"https:\\\/\\\/www.emb.be\\\/en\\\/terrace-and-surrounding-area-landscaping\\\/#breadcrumb\",\"itemListElement\":[{\"@type\":\"ListItem\",\"position\":1,\"name\":\"Accueil\",\"item\":\"https:\\\/\\\/www.emb.be\\\/en\\\/\"},{\"@type\":\"ListItem\",\"position\":2,\"name\":\"Terrace and surrounding area landscaping\"}]},{\"@type\":\"WebSite\",\"@id\":\"https:\\\/\\\/www.emb.be\\\/en\\\/#website\",\"url\":\"https:\\\/\\\/www.emb.be\\\/en\\\/\",\"name\":\"EMB\",\"description\":\"\",\"publisher\":{\"@id\":\"https:\\\/\\\/www.emb.be\\\/en\\\/#organization\"},\"potentialAction\":[{\"@type\":\"SearchAction\",\"target\":{\"@type\":\"EntryPoint\",\"urlTemplate\":\"https:\\\/\\\/www.emb.be\\\/en\\\/?s={search_term_string}\"},\"query-input\":{\"@type\":\"PropertyValueSpecification\",\"valueRequired\":true,\"valueName\":\"search_term_string\"}}],\"inLanguage\":\"en-US\"},{\"@type\":\"Organization\",\"@id\":\"https:\\\/\\\/www.emb.be\\\/en\\\/#organization\",\"name\":\"EMB\",\"url\":\"https:\\\/\\\/www.emb.be\\\/en\\\/\",\"logo\":{\"@type\":\"ImageObject\",\"inLanguage\":\"en-US\",\"@id\":\"https:\\\/\\\/www.emb.be\\\/en\\\/#\\\/schema\\\/logo\\\/image\\\/\",\"url\":\"https:\\\/\\\/www.emb.be\\\/wp-content\\\/uploads\\\/2026\\\/02\\\/favicon_emb.png\",\"contentUrl\":\"https:\\\/\\\/www.emb.be\\\/wp-content\\\/uploads\\\/2026\\\/02\\\/favicon_emb.png\",\"width\":500,\"height\":500,\"caption\":\"EMB\"},\"image\":{\"@id\":\"https:\\\/\\\/www.emb.be\\\/en\\\/#\\\/schema\\\/logo\\\/image\\\/\"},\"sameAs\":[\"https:\\\/\\\/www.facebook.com\\\/emb.belgium\\\/\",\"https:\\\/\\\/be.linkedin.com\\\/company\\\/emb-entreprises-miot\"]}]}<\/script>\n<!-- \/ Yoast SEO plugin. -->","yoast_head_json":{"title":"Terrace and surrounding area landscaping Brussels - EMB","description":"Terrace and surrounding area landscaping: concrete terrace, outdoor polished concrete, exposed aggregate concrete, slabs\/pavers, walkways and pool surrounds.","robots":{"index":"index","follow":"follow","max-snippet":"max-snippet:-1","max-image-preview":"max-image-preview:large","max-video-preview":"max-video-preview:-1"},"canonical":"https:\/\/www.emb.be\/en\/terrace-and-surrounding-area-landscaping\/","og_locale":"en_US","og_type":"article","og_title":"Terrace and surrounding area landscaping Brussels - EMB","og_description":"Terrace and surrounding area landscaping: concrete terrace, outdoor polished concrete, exposed aggregate concrete, slabs\/pavers, walkways and pool surrounds.","og_url":"https:\/\/www.emb.be\/en\/terrace-and-surrounding-area-landscaping\/","og_site_name":"EMB","article_publisher":"https:\/\/www.facebook.com\/emb.belgium\/","article_modified_time":"2026-04-26T10:46:56+00:00","og_image":[{"url":"https:\/\/www.emb.be\/wp-content\/uploads\/2019\/04\/Detail-stries-beton-exterieur-antiderapant-pour-acces-parking-1024x683.jpg","type":"","width":"","height":""}],"twitter_card":"summary_large_image","twitter_title":"Terrace and surrounding area landscaping Brussels - EMB","twitter_description":"Terrace and surrounding area landscaping: concrete terrace, outdoor polished concrete, exposed aggregate concrete, slabs\/pavers, walkways and pool surrounds.","twitter_image":"https:\/\/www.emb.be\/wp-content\/uploads\/2019\/04\/Detail-stries-beton-exterieur-antiderapant-pour-acces-parking-1024x683.jpg","twitter_misc":{"Est. reading time":"3 minutes"},"schema":{"@context":"https:\/\/schema.org","@graph":[{"@type":"WebPage","@id":"https:\/\/www.emb.be\/en\/terrace-and-surrounding-area-landscaping\/","url":"https:\/\/www.emb.be\/en\/terrace-and-surrounding-area-landscaping\/","name":"Terrace and surrounding area landscaping Brussels - EMB","isPartOf":{"@id":"https:\/\/www.emb.be\/en\/#website"},"primaryImageOfPage":{"@id":"https:\/\/www.emb.be\/en\/terrace-and-surrounding-area-landscaping\/#primaryimage"},"image":{"@id":"https:\/\/www.emb.be\/en\/terrace-and-surrounding-area-landscaping\/#primaryimage"},"thumbnailUrl":"https:\/\/www.emb.be\/wp-content\/uploads\/2019\/04\/Rampe-beton-motif-aretes-de-poisson-pour-circulation-vehicule.jpg","datePublished":"2026-03-06T14:36:28+00:00","dateModified":"2026-04-26T10:46:56+00:00","description":"Terrace and surrounding area landscaping: concrete terrace, outdoor polished concrete, exposed aggregate concrete, slabs\/pavers, walkways and pool surrounds.","breadcrumb":{"@id":"https:\/\/www.emb.be\/en\/terrace-and-surrounding-area-landscaping\/#breadcrumb"},"inLanguage":"en-US","potentialAction":[{"@type":"ReadAction","target":["https:\/\/www.emb.be\/en\/terrace-and-surrounding-area-landscaping\/"]}]},{"@type":"ImageObject","inLanguage":"en-US","@id":"https:\/\/www.emb.be\/en\/terrace-and-surrounding-area-landscaping\/#primaryimage","url":"https:\/\/www.emb.be\/wp-content\/uploads\/2019\/04\/Rampe-beton-motif-aretes-de-poisson-pour-circulation-vehicule.jpg","contentUrl":"https:\/\/www.emb.be\/wp-content\/uploads\/2019\/04\/Rampe-beton-motif-aretes-de-poisson-pour-circulation-vehicule.jpg","width":2048,"height":1365,"caption":"Concrete ramp with herringbone pattern for vehicle traffic"},{"@type":"BreadcrumbList","@id":"https:\/\/www.emb.be\/en\/terrace-and-surrounding-area-landscaping\/#breadcrumb","itemListElement":[{"@type":"ListItem","position":1,"name":"Accueil","item":"https:\/\/www.emb.be\/en\/"},{"@type":"ListItem","position":2,"name":"Terrace and surrounding area landscaping"}]},{"@type":"WebSite","@id":"https:\/\/www.emb.be\/en\/#website","url":"https:\/\/www.emb.be\/en\/","name":"EMB","description":"","publisher":{"@id":"https:\/\/www.emb.be\/en\/#organization"},"potentialAction":[{"@type":"SearchAction","target":{"@type":"EntryPoint","urlTemplate":"https:\/\/www.emb.be\/en\/?s={search_term_string}"},"query-input":{"@type":"PropertyValueSpecification","valueRequired":true,"valueName":"search_term_string"}}],"inLanguage":"en-US"},{"@type":"Organization","@id":"https:\/\/www.emb.be\/en\/#organization","name":"EMB","url":"https:\/\/www.emb.be\/en\/","logo":{"@type":"ImageObject","inLanguage":"en-US","@id":"https:\/\/www.emb.be\/en\/#\/schema\/logo\/image\/","url":"https:\/\/www.emb.be\/wp-content\/uploads\/2026\/02\/favicon_emb.png","contentUrl":"https:\/\/www.emb.be\/wp-content\/uploads\/2026\/02\/favicon_emb.png","width":500,"height":500,"caption":"EMB"},"image":{"@id":"https:\/\/www.emb.be\/en\/#\/schema\/logo\/image\/"},"sameAs":["https:\/\/www.facebook.com\/emb.belgium\/","https:\/\/be.linkedin.com\/company\/emb-entreprises-miot"]}]}},"_links":{"self":[{"href":"https:\/\/www.emb.be\/en\/wp-json\/wp\/v2\/pages\/94100","targetHints":{"allow":["GET"]}}],"collection":[{"href":"https:\/\/www.emb.be\/en\/wp-json\/wp\/v2\/pages"}],"about":[{"href":"https:\/\/www.emb.be\/en\/wp-json\/wp\/v2\/types\/page"}],"author":[{"embeddable":true,"href":"https:\/\/www.emb.be\/en\/wp-json\/wp\/v2\/users\/2"}],"replies":[{"embeddable":true,"href":"https:\/\/www.emb.be\/en\/wp-json\/wp\/v2\/comments?post=94100"}],"version-history":[{"count":1,"href":"https:\/\/www.emb.be\/en\/wp-json\/wp\/v2\/pages\/94100\/revisions"}],"predecessor-version":[{"id":94115,"href":"https:\/\/www.emb.be\/en\/wp-json\/wp\/v2\/pages\/94100\/revisions\/94115"}],"wp:featuredmedia":[{"embeddable":true,"href":"https:\/\/www.emb.be\/en\/wp-json\/wp\/v2\/media\/94113"}],"wp:attachment":[{"href":"https:\/\/www.emb.be\/en\/wp-json\/wp\/v2\/media?parent=94100"}],"curies":[{"name":"wp","href":"https:\/\/api.w.org\/{rel}","templated":true}]}}