{"id":94144,"date":"2020-04-21T10:23:48","date_gmt":"2020-04-21T10:23:48","guid":{"rendered":"https:\/\/www.emb.be\/projects\/"},"modified":"2026-04-26T10:47:52","modified_gmt":"2026-04-26T10:47:52","slug":"projects","status":"publish","type":"page","link":"https:\/\/www.emb.be\/en\/projects\/","title":{"rendered":"Projects"},"content":{"rendered":"\t\t<div data-elementor-type=\"wp-page\" data-elementor-id=\"94144\" class=\"elementor elementor-94144 elementor-2592\" data-elementor-post-type=\"page\">\n\t\t\t\t\t\t<section class=\"elementor-section elementor-top-section elementor-element elementor-element-9e597f2 elementor-section-height-min-height elementor-section-items-stretch elementor-section-content-middle elementor-section-boxed elementor-section-height-default\" data-id=\"9e597f2\" data-element_type=\"section\" data-e-type=\"section\" data-settings=\"{&quot;background_background&quot;:&quot;classic&quot;}\">\n\t\t\t\t\t\t<div class=\"elementor-container elementor-column-gap-wider\">\n\t\t\t\t\t<div class=\"elementor-column elementor-col-100 elementor-top-column elementor-element elementor-element-f2e507a\" data-id=\"f2e507a\" data-element_type=\"column\" data-e-type=\"column\" data-settings=\"{&quot;background_background&quot;:&quot;classic&quot;}\">\n\t\t\t<div class=\"elementor-widget-wrap elementor-element-populated\">\n\t\t\t\t\t\t<div class=\"elementor-element elementor-element-5b35a10 img-align-top slide-h-position-center icon-box-vertical-align-top image-vertical-align-start preserve-img-ratio-cover elementor-widget elementor-widget-the7-elements-simple-posts\" data-id=\"5b35a10\" data-element_type=\"widget\" data-e-type=\"widget\" data-widget_type=\"the7-elements-simple-posts.default\">\n\t\t\t\t<div class=\"elementor-widget-container\">\n\t\t\t\t\t<div class=\"the7-simple-widget-posts the7-elementor-widget the7-elements-simple-posts-5b35a10\" data-post-limit=\"-1\" data-pagination-mode=\"standard\" data-scroll-offset=\"\">\t\t\t<div class=\"dt-css-grid custom-pagination-handler\" data-columns=\"{&quot;d&quot;:3,&quot;t&quot;:2,&quot;p&quot;:1,&quot;wd&quot;:&quot;&quot;}\">\n\t\t\t\t\t\t\t\t\t<div class=\"wf-cell visible \">\n\t\t\t\t\t\t<article class=\"post visible wrapper post-94310 dt_portfolio type-dt_portfolio status-publish has-post-thumbnail hentry dt_portfolio_category-concrete-floors\">\n\n\t\t\t\t\t\t\t<div class=\"post-content-wrapper\">\n\t\t\t\t\t\t\t\t\t\t\t\t\t\t\t\t\t<div class=\"the7-simple-post-thumb\">\n\t\t\t\t\t\t\t\t\t\t<a class=\"post-thumbnail-rollover layzr-bg img-css-resize-wrapper\" aria-label=\"Post image\" href=\"https:\/\/www.emb.be\/en\/project\/hand-smoothed-minhardur-floor-in-lrg-shade-in-a-private-villa\/\"><img fetchpriority=\"high\" decoding=\"async\" width=\"1600\" height=\"1066\" src=\"data:image\/svg+xml,%3Csvg%20xmlns%3D&#039;http%3A%2F%2Fwww.w3.org%2F2000%2Fsvg&#039;%20viewBox%3D&#039;0%200%201600%201066&#039;%2F%3E\" class=\"attachment-full size-full preload-me aspect lazy lazy-load\" alt=\"\" sizes=\"(max-width: 1600px) 100vw, 1600px\" style=\"--ratio: 1600 \/ 1066;\" data-src=\"https:\/\/www.emb.be\/wp-content\/uploads\/2026\/04\/prive-minhardur-lrg-entree-01.jpg\" loading=\"eager\" data-srcset=\"https:\/\/www.emb.be\/wp-content\/uploads\/2026\/04\/prive-minhardur-lrg-entree-01.jpg 1600w, https:\/\/www.emb.be\/wp-content\/uploads\/2026\/04\/prive-minhardur-lrg-entree-01-300x200.jpg 300w, https:\/\/www.emb.be\/wp-content\/uploads\/2026\/04\/prive-minhardur-lrg-entree-01-1024x682.jpg 1024w, https:\/\/www.emb.be\/wp-content\/uploads\/2026\/04\/prive-minhardur-lrg-entree-01-768x512.jpg 768w, https:\/\/www.emb.be\/wp-content\/uploads\/2026\/04\/prive-minhardur-lrg-entree-01-1536x1023.jpg 1536w\" \/><span class=\"the7-hover-icon\"><i aria-hidden=\"true\" class=\"feather feather-more-horizontal\"><\/i><\/span><\/a>\t\t\t\t\t\t\t\t\t<\/div>\n\t\t\t\t\t\t\t\t\t\t\t\t\t\t\t\t<div class=\"post-entry-content\">\n\t\t\t\t\t\t\t\t\t<h5 class=\"heading\"><a href=\"https:\/\/www.emb.be\/en\/project\/hand-smoothed-minhardur-floor-in-lrg-shade-in-a-private-villa\/\" rel=\"bookmark\" title=\"Hand-smoothed MinHardur floor in LRG shade in a private villa\" class=\"post-title\">Hand-smoothed MinHardur floor in LRG shade in a private villa<\/a><\/h5><p class=\"short-description\">Installation of a hand-smoothed MinHardur floor, LRG shade, in a contemporary private home. The light, seamless finish enhances the volumes, natural light, and architectural coherence between the living areas, hallways, and bedrooms. <\/p>\t\t\t\t\t\t\t\t<\/div>\n\t\t\t\t\t\t\t<\/div>\n\t\t\t\t\t\t<\/article>\n\t\t\t\t\t<\/div>\t\t\t\t\t\t\t\t\t\t<div class=\"wf-cell visible \">\n\t\t\t\t\t\t<article class=\"post visible wrapper post-94287 dt_portfolio type-dt_portfolio status-publish has-post-thumbnail hentry dt_portfolio_category-finishes-alternatives\">\n\n\t\t\t\t\t\t\t<div class=\"post-content-wrapper\">\n\t\t\t\t\t\t\t\t\t\t\t\t\t\t\t\t\t<div class=\"the7-simple-post-thumb\">\n\t\t\t\t\t\t\t\t\t\t<a class=\"post-thumbnail-rollover layzr-bg img-css-resize-wrapper\" aria-label=\"Post image\" href=\"https:\/\/www.emb.be\/en\/project\/microtopping-for-the-offices-of-group-s-ursulines-street\/\"><img decoding=\"async\" width=\"1600\" height=\"1066\" src=\"data:image\/svg+xml,%3Csvg%20xmlns%3D&#039;http%3A%2F%2Fwww.w3.org%2F2000%2Fsvg&#039;%20viewBox%3D&#039;0%200%201600%201066&#039;%2F%3E\" class=\"attachment-full size-full preload-me aspect lazy lazy-load\" alt=\"\" sizes=\"(max-width: 1600px) 100vw, 1600px\" style=\"--ratio: 1600 \/ 1066;\" data-src=\"https:\/\/www.emb.be\/wp-content\/uploads\/2026\/04\/group-s-ursulines-detail-plinthe-microtopping-06.jpg\" loading=\"eager\" data-srcset=\"https:\/\/www.emb.be\/wp-content\/uploads\/2026\/04\/group-s-ursulines-detail-plinthe-microtopping-06.jpg 1600w, https:\/\/www.emb.be\/wp-content\/uploads\/2026\/04\/group-s-ursulines-detail-plinthe-microtopping-06-300x200.jpg 300w, https:\/\/www.emb.be\/wp-content\/uploads\/2026\/04\/group-s-ursulines-detail-plinthe-microtopping-06-1024x682.jpg 1024w, https:\/\/www.emb.be\/wp-content\/uploads\/2026\/04\/group-s-ursulines-detail-plinthe-microtopping-06-768x512.jpg 768w, https:\/\/www.emb.be\/wp-content\/uploads\/2026\/04\/group-s-ursulines-detail-plinthe-microtopping-06-1536x1023.jpg 1536w\" \/><span class=\"the7-hover-icon\"><i aria-hidden=\"true\" class=\"feather feather-more-horizontal\"><\/i><\/span><\/a>\t\t\t\t\t\t\t\t\t<\/div>\n\t\t\t\t\t\t\t\t\t\t\t\t\t\t\t\t<div class=\"post-entry-content\">\n\t\t\t\t\t\t\t\t\t<h5 class=\"heading\"><a href=\"https:\/\/www.emb.be\/en\/project\/microtopping-for-the-offices-of-group-s-ursulines-street\/\" rel=\"bookmark\" title=\"Microtopping for the offices of Group S, Ursulines Street\" class=\"post-title\">Microtopping for the offices of Group S, Ursulines Street<\/a><\/h5><p class=\"short-description\">Installation of a light microtopping floor in the offices of Group S, Ursulines Street, with a continuous and mineral finish that brings brightness, understated elegance, and coherence to all reception, work, and circulation areas.<\/p>\t\t\t\t\t\t\t\t<\/div>\n\t\t\t\t\t\t\t<\/div>\n\t\t\t\t\t\t<\/article>\n\t\t\t\t\t<\/div>\t\t\t\t\t\t\t\t\t\t<div class=\"wf-cell visible \">\n\t\t\t\t\t\t<article class=\"post visible wrapper post-94316 dt_portfolio type-dt_portfolio status-publish has-post-thumbnail hentry dt_portfolio_category-technical-concrete\">\n\n\t\t\t\t\t\t\t<div class=\"post-content-wrapper\">\n\t\t\t\t\t\t\t\t\t\t\t\t\t\t\t\t\t<div class=\"the7-simple-post-thumb\">\n\t\t\t\t\t\t\t\t\t\t<a class=\"post-thumbnail-rollover layzr-bg img-css-resize-wrapper\" aria-label=\"Post image\" href=\"https:\/\/www.emb.be\/en\/project\/grooved-concrete-ramp-for-an-underground-car-park-in-evere\/\"><img decoding=\"async\" width=\"1600\" height=\"1066\" src=\"data:image\/svg+xml,%3Csvg%20xmlns%3D&#039;http%3A%2F%2Fwww.w3.org%2F2000%2Fsvg&#039;%20viewBox%3D&#039;0%200%201600%201066&#039;%2F%3E\" class=\"attachment-full size-full preload-me aspect lazy lazy-load\" alt=\"\" sizes=\"(max-width: 1600px) 100vw, 1600px\" style=\"--ratio: 1600 \/ 1066;\" data-src=\"https:\/\/www.emb.be\/wp-content\/uploads\/2026\/04\/evere-rampe-striee-vue-aerienne-01.jpg\" loading=\"eager\" data-srcset=\"https:\/\/www.emb.be\/wp-content\/uploads\/2026\/04\/evere-rampe-striee-vue-aerienne-01.jpg 1600w, https:\/\/www.emb.be\/wp-content\/uploads\/2026\/04\/evere-rampe-striee-vue-aerienne-01-300x200.jpg 300w, https:\/\/www.emb.be\/wp-content\/uploads\/2026\/04\/evere-rampe-striee-vue-aerienne-01-1024x682.jpg 1024w, https:\/\/www.emb.be\/wp-content\/uploads\/2026\/04\/evere-rampe-striee-vue-aerienne-01-768x512.jpg 768w, https:\/\/www.emb.be\/wp-content\/uploads\/2026\/04\/evere-rampe-striee-vue-aerienne-01-1536x1023.jpg 1536w\" \/><span class=\"the7-hover-icon\"><i aria-hidden=\"true\" class=\"feather feather-more-horizontal\"><\/i><\/span><\/a>\t\t\t\t\t\t\t\t\t<\/div>\n\t\t\t\t\t\t\t\t\t\t\t\t\t\t\t\t<div class=\"post-entry-content\">\n\t\t\t\t\t\t\t\t\t<h5 class=\"heading\"><a href=\"https:\/\/www.emb.be\/en\/project\/grooved-concrete-ramp-for-an-underground-car-park-in-evere\/\" rel=\"bookmark\" title=\"Grooved concrete ramp for an underground car park in Evere\" class=\"post-title\">Grooved concrete ramp for an underground car park in Evere<\/a><\/h5><p class=\"short-description\">Construction of a grooved concrete ramp for access to an underground car park in Evere, featuring a non-slip finish, drainage channels, wheel guides, and technical curves designed for heavy-duty use.<\/p>\t\t\t\t\t\t\t\t<\/div>\n\t\t\t\t\t\t\t<\/div>\n\t\t\t\t\t\t<\/article>\n\t\t\t\t\t<\/div>\t\t\t\t\t\t\t\t\t\t<div class=\"wf-cell visible \">\n\t\t\t\t\t\t<article class=\"post visible wrapper post-94345 dt_portfolio type-dt_portfolio status-publish has-post-thumbnail hentry dt_portfolio_category-exteriors\">\n\n\t\t\t\t\t\t\t<div class=\"post-content-wrapper\">\n\t\t\t\t\t\t\t\t\t\t\t\t\t\t\t\t\t<div class=\"the7-simple-post-thumb\">\n\t\t\t\t\t\t\t\t\t\t<a class=\"post-thumbnail-rollover layzr-bg img-css-resize-wrapper\" aria-label=\"Post image\" href=\"https:\/\/www.emb.be\/en\/project\/private-driveway-and-courtyard-in-washed-concrete\/\"><img decoding=\"async\" width=\"1296\" height=\"863\" src=\"data:image\/svg+xml,%3Csvg%20xmlns%3D&#039;http%3A%2F%2Fwww.w3.org%2F2000%2Fsvg&#039;%20viewBox%3D&#039;0%200%201296%20863&#039;%2F%3E\" class=\"attachment-full size-full preload-me aspect lazy lazy-load\" alt=\"\" sizes=\"(max-width: 1296px) 100vw, 1296px\" style=\"--ratio: 1296 \/ 863;\" data-src=\"https:\/\/www.emb.be\/wp-content\/uploads\/2026\/04\/prive-beton-lave-vue-aerienne-01.jpg\" loading=\"eager\" data-srcset=\"https:\/\/www.emb.be\/wp-content\/uploads\/2026\/04\/prive-beton-lave-vue-aerienne-01.jpg 1296w, https:\/\/www.emb.be\/wp-content\/uploads\/2026\/04\/prive-beton-lave-vue-aerienne-01-300x200.jpg 300w, https:\/\/www.emb.be\/wp-content\/uploads\/2026\/04\/prive-beton-lave-vue-aerienne-01-1024x682.jpg 1024w, https:\/\/www.emb.be\/wp-content\/uploads\/2026\/04\/prive-beton-lave-vue-aerienne-01-768x511.jpg 768w\" \/><span class=\"the7-hover-icon\"><i aria-hidden=\"true\" class=\"feather feather-more-horizontal\"><\/i><\/span><\/a>\t\t\t\t\t\t\t\t\t<\/div>\n\t\t\t\t\t\t\t\t\t\t\t\t\t\t\t\t<div class=\"post-entry-content\">\n\t\t\t\t\t\t\t\t\t<h5 class=\"heading\"><a href=\"https:\/\/www.emb.be\/en\/project\/private-driveway-and-courtyard-in-washed-concrete\/\" rel=\"bookmark\" title=\"Private driveway and courtyard in washed concrete\" class=\"post-title\">Private driveway and courtyard in washed concrete<\/a><\/h5><p class=\"short-description\">Construction of an access driveway, a courtyard, and circulation areas in washed concrete for a private property, featuring a mineral finish with exposed aggregates that enhances the architecture and ensures excellent durability over time.<\/p>\t\t\t\t\t\t\t\t<\/div>\n\t\t\t\t\t\t\t<\/div>\n\t\t\t\t\t\t<\/article>\n\t\t\t\t\t<\/div>\t\t\t\t\t\t\t\t\t\t<div class=\"wf-cell visible \">\n\t\t\t\t\t\t<article class=\"post visible wrapper post-94254 dt_portfolio type-dt_portfolio status-publish has-post-thumbnail hentry dt_portfolio_category-exteriors\">\n\n\t\t\t\t\t\t\t<div class=\"post-content-wrapper\">\n\t\t\t\t\t\t\t\t\t\t\t\t\t\t\t\t\t<div class=\"the7-simple-post-thumb\">\n\t\t\t\t\t\t\t\t\t\t<a class=\"post-thumbnail-rollover layzr-bg img-css-resize-wrapper\" aria-label=\"Post image\" href=\"https:\/\/www.emb.be\/en\/project\/exposed-aggregate-concrete-outdoor-landscaping-at-ceria-in-anderlecht\/\"><img decoding=\"async\" width=\"1600\" height=\"1066\" src=\"data:image\/svg+xml,%3Csvg%20xmlns%3D&#039;http%3A%2F%2Fwww.w3.org%2F2000%2Fsvg&#039;%20viewBox%3D&#039;0%200%201600%201066&#039;%2F%3E\" class=\"attachment-full size-full preload-me aspect lazy lazy-load\" alt=\"\" sizes=\"(max-width: 1600px) 100vw, 1600px\" style=\"--ratio: 1600 \/ 1066;\" data-src=\"https:\/\/www.emb.be\/wp-content\/uploads\/2026\/04\/ceria-anderlecht-esplanade-beton-lave-02.jpg\" loading=\"eager\" data-srcset=\"https:\/\/www.emb.be\/wp-content\/uploads\/2026\/04\/ceria-anderlecht-esplanade-beton-lave-02.jpg 1600w, https:\/\/www.emb.be\/wp-content\/uploads\/2026\/04\/ceria-anderlecht-esplanade-beton-lave-02-300x200.jpg 300w, https:\/\/www.emb.be\/wp-content\/uploads\/2026\/04\/ceria-anderlecht-esplanade-beton-lave-02-1024x682.jpg 1024w, https:\/\/www.emb.be\/wp-content\/uploads\/2026\/04\/ceria-anderlecht-esplanade-beton-lave-02-768x512.jpg 768w, https:\/\/www.emb.be\/wp-content\/uploads\/2026\/04\/ceria-anderlecht-esplanade-beton-lave-02-1536x1023.jpg 1536w\" \/><span class=\"the7-hover-icon\"><i aria-hidden=\"true\" class=\"feather feather-more-horizontal\"><\/i><\/span><\/a>\t\t\t\t\t\t\t\t\t<\/div>\n\t\t\t\t\t\t\t\t\t\t\t\t\t\t\t\t<div class=\"post-entry-content\">\n\t\t\t\t\t\t\t\t\t<h5 class=\"heading\"><a href=\"https:\/\/www.emb.be\/en\/project\/exposed-aggregate-concrete-outdoor-landscaping-at-ceria-in-anderlecht\/\" rel=\"bookmark\" title=\"Exposed aggregate concrete outdoor landscaping at CERIA in Anderlecht\" class=\"post-title\">Exposed aggregate concrete outdoor landscaping at CERIA in Anderlecht<\/a><\/h5><p class=\"short-description\">Implementation of exposed aggregate concrete outdoor landscaping at the CERIA site in Anderlecht, with an exposed aggregate mineral finish, suitable for pedestrian traffic, large esplanades, and technical connections at the base of facades.<\/p>\t\t\t\t\t\t\t\t<\/div>\n\t\t\t\t\t\t\t<\/div>\n\t\t\t\t\t\t<\/article>\n\t\t\t\t\t<\/div>\t\t\t\t\t\t\t\t\t\t<div class=\"wf-cell visible \">\n\t\t\t\t\t\t<article class=\"post visible wrapper post-94340 dt_portfolio type-dt_portfolio status-publish has-post-thumbnail hentry dt_portfolio_category-concrete-floors\">\n\n\t\t\t\t\t\t\t<div class=\"post-content-wrapper\">\n\t\t\t\t\t\t\t\t\t\t\t\t\t\t\t\t\t<div class=\"the7-simple-post-thumb\">\n\t\t\t\t\t\t\t\t\t\t<a class=\"post-thumbnail-rollover layzr-bg img-css-resize-wrapper\" aria-label=\"Post image\" href=\"https:\/\/www.emb.be\/en\/project\/minhardur-hand-finished-interior-flooring-for-an-architect-designed-home\/\"><img decoding=\"async\" width=\"1200\" height=\"1600\" src=\"data:image\/svg+xml,%3Csvg%20xmlns%3D&#039;http%3A%2F%2Fwww.w3.org%2F2000%2Fsvg&#039;%20viewBox%3D&#039;0%200%201200%201600&#039;%2F%3E\" class=\"attachment-full size-full preload-me aspect lazy lazy-load\" alt=\"Sol en b\u00e9ton int\u00e9rieur MinHardur manuel dans un espace de vie haut de gamme\" sizes=\"(max-width: 1200px) 100vw, 1200px\" style=\"--ratio: 1200 \/ 1600;\" data-src=\"https:\/\/www.emb.be\/wp-content\/uploads\/2026\/04\/beton-interieur-minhardur-manuel-espace-vie-03.jpg\" loading=\"eager\" data-srcset=\"https:\/\/www.emb.be\/wp-content\/uploads\/2026\/04\/beton-interieur-minhardur-manuel-espace-vie-03.jpg 1200w, https:\/\/www.emb.be\/wp-content\/uploads\/2026\/04\/beton-interieur-minhardur-manuel-espace-vie-03-225x300.jpg 225w, https:\/\/www.emb.be\/wp-content\/uploads\/2026\/04\/beton-interieur-minhardur-manuel-espace-vie-03-768x1024.jpg 768w, https:\/\/www.emb.be\/wp-content\/uploads\/2026\/04\/beton-interieur-minhardur-manuel-espace-vie-03-1152x1536.jpg 1152w\" \/><span class=\"the7-hover-icon\"><i aria-hidden=\"true\" class=\"feather feather-more-horizontal\"><\/i><\/span><\/a>\t\t\t\t\t\t\t\t\t<\/div>\n\t\t\t\t\t\t\t\t\t\t\t\t\t\t\t\t<div class=\"post-entry-content\">\n\t\t\t\t\t\t\t\t\t<h5 class=\"heading\"><a href=\"https:\/\/www.emb.be\/en\/project\/minhardur-hand-finished-interior-flooring-for-an-architect-designed-home\/\" rel=\"bookmark\" title=\"MinHardur hand-finished interior flooring for an architect-designed home\" class=\"post-title\">MinHardur hand-finished interior flooring for an architect-designed home<\/a><\/h5><p class=\"short-description\">Installation of a hand-finished MinHardur interior floor in an architect-designed home, featuring a light grey mineral finish that is seamless and refined, perfectly suited for open spaces and contemporary finishes.<\/p>\t\t\t\t\t\t\t\t<\/div>\n\t\t\t\t\t\t\t<\/div>\n\t\t\t\t\t\t<\/article>\n\t\t\t\t\t<\/div>\t\t\t\t\t\t\t\t<\/div>\n\t\t<div class=\"paginator filter-decorations filter-pointer-underline filter-animation-fade\" role=\"navigation\"><a href=\"https:\/\/www.emb.be\/en\/wp-json\/wp\/v2\/pages\/94144\/\" class=\"page-numbers filter-item act\" data-page-num=\"1\">1<\/a><a href=\"https:\/\/www.emb.be\/en\/wp-json\/wp\/v2\/pages\/94144\/page\/2\/\" class=\"page-numbers filter-item \" data-page-num=\"2\">2<\/a><a href=\"https:\/\/www.emb.be\/en\/wp-json\/wp\/v2\/pages\/94144\/page\/3\/\" class=\"page-numbers filter-item \" data-page-num=\"3\">3<\/a><a href=\"https:\/\/www.emb.be\/en\/wp-json\/wp\/v2\/pages\/94144\/page\/2\/\" class=\"page-numbers nav-next filter-item\" data-page-num=\"2\" >\u2192<\/a><\/div><\/div>\t\t\t\t<\/div>\n\t\t\t\t<\/div>\n\t\t\t\t\t<\/div>\n\t\t<\/div>\n\t\t\t\t\t<\/div>\n\t\t<\/section>\n\t\t\t\t<\/div>\n\t\t","protected":false},"excerpt":{"rendered":"<p>Sol MinHardur liss\u00e9 manuellement teinte LRG dans une villa priv\u00e9e R\u00e9alisation d\u2019un sol MinHardur liss\u00e9 manuellement, teinte LRG, dans une habitation priv\u00e9e contemporaine. La finition claire et continue renforce les volumes, la lumi\u00e8re naturelle et la coh\u00e9rence architecturale entre les espaces de vie, de circulation et les pi\u00e8ces de nuit. Microtopping pour les bureaux de&hellip;<\/p>\n","protected":false},"author":2,"featured_media":0,"parent":0,"menu_order":8,"comment_status":"closed","ping_status":"closed","template":"","meta":{"footnotes":""},"class_list":["post-94144","page","type-page","status-publish","hentry"],"yoast_head":"<!-- This site is optimized with the Yoast SEO plugin v27.4 - https:\/\/yoast.com\/product\/yoast-seo-wordpress\/ -->\n<title>Projects - EMB<\/title>\n<meta name=\"robots\" content=\"index, follow, max-snippet:-1, max-image-preview:large, max-video-preview:-1\" \/>\n<link rel=\"canonical\" href=\"https:\/\/www.emb.be\/en\/projects\/\" \/>\n<meta property=\"og:locale\" content=\"en_US\" \/>\n<meta property=\"og:type\" content=\"article\" \/>\n<meta property=\"og:title\" content=\"Projects - EMB\" \/>\n<meta property=\"og:description\" content=\"Sol MinHardur liss\u00e9 manuellement teinte LRG dans une villa priv\u00e9e R\u00e9alisation d\u2019un sol MinHardur liss\u00e9 manuellement, teinte LRG, dans une habitation priv\u00e9e contemporaine. La finition claire et continue renforce les volumes, la lumi\u00e8re naturelle et la coh\u00e9rence architecturale entre les espaces de vie, de circulation et les pi\u00e8ces de nuit. Microtopping pour les bureaux de&hellip;\" \/>\n<meta property=\"og:url\" content=\"https:\/\/www.emb.be\/en\/projects\/\" \/>\n<meta property=\"og:site_name\" content=\"EMB\" \/>\n<meta property=\"article:publisher\" content=\"https:\/\/www.facebook.com\/emb.belgium\/\" \/>\n<meta property=\"article:modified_time\" content=\"2026-04-26T10:47:52+00:00\" \/>\n<meta property=\"og:image\" content=\"https:\/\/www.emb.be\/wp-content\/uploads\/2026\/03\/Lissage-et-nivellement-de-chape-beton-\u2013-entreprise-specialisee-en-beton-lisse.jpg\" \/>\n\t<meta property=\"og:image:width\" content=\"1772\" \/>\n\t<meta property=\"og:image:height\" content=\"1181\" \/>\n\t<meta property=\"og:image:type\" content=\"image\/jpeg\" \/>\n<meta name=\"twitter:card\" content=\"summary_large_image\" \/>\n<meta name=\"twitter:label1\" content=\"Est. reading time\" \/>\n\t<meta name=\"twitter:data1\" content=\"2 minutes\" \/>\n<script type=\"application\/ld+json\" class=\"yoast-schema-graph\">{\"@context\":\"https:\\\/\\\/schema.org\",\"@graph\":[{\"@type\":\"WebPage\",\"@id\":\"https:\\\/\\\/www.emb.be\\\/en\\\/projects\\\/\",\"url\":\"https:\\\/\\\/www.emb.be\\\/en\\\/projects\\\/\",\"name\":\"Projects - EMB\",\"isPartOf\":{\"@id\":\"https:\\\/\\\/www.emb.be\\\/en\\\/#website\"},\"datePublished\":\"2020-04-21T10:23:48+00:00\",\"dateModified\":\"2026-04-26T10:47:52+00:00\",\"breadcrumb\":{\"@id\":\"https:\\\/\\\/www.emb.be\\\/en\\\/projects\\\/#breadcrumb\"},\"inLanguage\":\"en-US\",\"potentialAction\":[{\"@type\":\"ReadAction\",\"target\":[\"https:\\\/\\\/www.emb.be\\\/en\\\/projects\\\/\"]}]},{\"@type\":\"BreadcrumbList\",\"@id\":\"https:\\\/\\\/www.emb.be\\\/en\\\/projects\\\/#breadcrumb\",\"itemListElement\":[{\"@type\":\"ListItem\",\"position\":1,\"name\":\"Accueil\",\"item\":\"https:\\\/\\\/www.emb.be\\\/en\\\/\"},{\"@type\":\"ListItem\",\"position\":2,\"name\":\"Projects\"}]},{\"@type\":\"WebSite\",\"@id\":\"https:\\\/\\\/www.emb.be\\\/en\\\/#website\",\"url\":\"https:\\\/\\\/www.emb.be\\\/en\\\/\",\"name\":\"EMB\",\"description\":\"\",\"publisher\":{\"@id\":\"https:\\\/\\\/www.emb.be\\\/en\\\/#organization\"},\"potentialAction\":[{\"@type\":\"SearchAction\",\"target\":{\"@type\":\"EntryPoint\",\"urlTemplate\":\"https:\\\/\\\/www.emb.be\\\/en\\\/?s={search_term_string}\"},\"query-input\":{\"@type\":\"PropertyValueSpecification\",\"valueRequired\":true,\"valueName\":\"search_term_string\"}}],\"inLanguage\":\"en-US\"},{\"@type\":\"Organization\",\"@id\":\"https:\\\/\\\/www.emb.be\\\/en\\\/#organization\",\"name\":\"EMB\",\"url\":\"https:\\\/\\\/www.emb.be\\\/en\\\/\",\"logo\":{\"@type\":\"ImageObject\",\"inLanguage\":\"en-US\",\"@id\":\"https:\\\/\\\/www.emb.be\\\/en\\\/#\\\/schema\\\/logo\\\/image\\\/\",\"url\":\"https:\\\/\\\/www.emb.be\\\/wp-content\\\/uploads\\\/2026\\\/02\\\/favicon_emb.png\",\"contentUrl\":\"https:\\\/\\\/www.emb.be\\\/wp-content\\\/uploads\\\/2026\\\/02\\\/favicon_emb.png\",\"width\":500,\"height\":500,\"caption\":\"EMB\"},\"image\":{\"@id\":\"https:\\\/\\\/www.emb.be\\\/en\\\/#\\\/schema\\\/logo\\\/image\\\/\"},\"sameAs\":[\"https:\\\/\\\/www.facebook.com\\\/emb.belgium\\\/\",\"https:\\\/\\\/be.linkedin.com\\\/company\\\/emb-entreprises-miot\"]}]}<\/script>\n<!-- \/ Yoast SEO plugin. -->","yoast_head_json":{"title":"Projects - EMB","robots":{"index":"index","follow":"follow","max-snippet":"max-snippet:-1","max-image-preview":"max-image-preview:large","max-video-preview":"max-video-preview:-1"},"canonical":"https:\/\/www.emb.be\/en\/projects\/","og_locale":"en_US","og_type":"article","og_title":"Projects - EMB","og_description":"Sol MinHardur liss\u00e9 manuellement teinte LRG dans une villa priv\u00e9e R\u00e9alisation d\u2019un sol MinHardur liss\u00e9 manuellement, teinte LRG, dans une habitation priv\u00e9e contemporaine. La finition claire et continue renforce les volumes, la lumi\u00e8re naturelle et la coh\u00e9rence architecturale entre les espaces de vie, de circulation et les pi\u00e8ces de nuit. Microtopping pour les bureaux de&hellip;","og_url":"https:\/\/www.emb.be\/en\/projects\/","og_site_name":"EMB","article_publisher":"https:\/\/www.facebook.com\/emb.belgium\/","article_modified_time":"2026-04-26T10:47:52+00:00","og_image":[{"width":1772,"height":1181,"url":"https:\/\/www.emb.be\/wp-content\/uploads\/2026\/03\/Lissage-et-nivellement-de-chape-beton-\u2013-entreprise-specialisee-en-beton-lisse.jpg","type":"image\/jpeg"}],"twitter_card":"summary_large_image","twitter_misc":{"Est. reading time":"2 minutes"},"schema":{"@context":"https:\/\/schema.org","@graph":[{"@type":"WebPage","@id":"https:\/\/www.emb.be\/en\/projects\/","url":"https:\/\/www.emb.be\/en\/projects\/","name":"Projects - EMB","isPartOf":{"@id":"https:\/\/www.emb.be\/en\/#website"},"datePublished":"2020-04-21T10:23:48+00:00","dateModified":"2026-04-26T10:47:52+00:00","breadcrumb":{"@id":"https:\/\/www.emb.be\/en\/projects\/#breadcrumb"},"inLanguage":"en-US","potentialAction":[{"@type":"ReadAction","target":["https:\/\/www.emb.be\/en\/projects\/"]}]},{"@type":"BreadcrumbList","@id":"https:\/\/www.emb.be\/en\/projects\/#breadcrumb","itemListElement":[{"@type":"ListItem","position":1,"name":"Accueil","item":"https:\/\/www.emb.be\/en\/"},{"@type":"ListItem","position":2,"name":"Projects"}]},{"@type":"WebSite","@id":"https:\/\/www.emb.be\/en\/#website","url":"https:\/\/www.emb.be\/en\/","name":"EMB","description":"","publisher":{"@id":"https:\/\/www.emb.be\/en\/#organization"},"potentialAction":[{"@type":"SearchAction","target":{"@type":"EntryPoint","urlTemplate":"https:\/\/www.emb.be\/en\/?s={search_term_string}"},"query-input":{"@type":"PropertyValueSpecification","valueRequired":true,"valueName":"search_term_string"}}],"inLanguage":"en-US"},{"@type":"Organization","@id":"https:\/\/www.emb.be\/en\/#organization","name":"EMB","url":"https:\/\/www.emb.be\/en\/","logo":{"@type":"ImageObject","inLanguage":"en-US","@id":"https:\/\/www.emb.be\/en\/#\/schema\/logo\/image\/","url":"https:\/\/www.emb.be\/wp-content\/uploads\/2026\/02\/favicon_emb.png","contentUrl":"https:\/\/www.emb.be\/wp-content\/uploads\/2026\/02\/favicon_emb.png","width":500,"height":500,"caption":"EMB"},"image":{"@id":"https:\/\/www.emb.be\/en\/#\/schema\/logo\/image\/"},"sameAs":["https:\/\/www.facebook.com\/emb.belgium\/","https:\/\/be.linkedin.com\/company\/emb-entreprises-miot"]}]}},"_links":{"self":[{"href":"https:\/\/www.emb.be\/en\/wp-json\/wp\/v2\/pages\/94144","targetHints":{"allow":["GET"]}}],"collection":[{"href":"https:\/\/www.emb.be\/en\/wp-json\/wp\/v2\/pages"}],"about":[{"href":"https:\/\/www.emb.be\/en\/wp-json\/wp\/v2\/types\/page"}],"author":[{"embeddable":true,"href":"https:\/\/www.emb.be\/en\/wp-json\/wp\/v2\/users\/2"}],"replies":[{"embeddable":true,"href":"https:\/\/www.emb.be\/en\/wp-json\/wp\/v2\/comments?post=94144"}],"version-history":[{"count":1,"href":"https:\/\/www.emb.be\/en\/wp-json\/wp\/v2\/pages\/94144\/revisions"}],"predecessor-version":[{"id":94145,"href":"https:\/\/www.emb.be\/en\/wp-json\/wp\/v2\/pages\/94144\/revisions\/94145"}],"wp:attachment":[{"href":"https:\/\/www.emb.be\/en\/wp-json\/wp\/v2\/media?parent=94144"}],"curies":[{"name":"wp","href":"https:\/\/api.w.org\/{rel}","templated":true}]}}