{"id":94524,"date":"2019-01-09T15:00:54","date_gmt":"2019-01-09T15:00:54","guid":{"rendered":"https:\/\/www.emb.be\/projet\/privewoning-granito-terrazzo-buitenvloeren\/"},"modified":"2026-04-26T12:00:42","modified_gmt":"2026-04-26T12:00:42","slug":"privewoning-granito-terrazzo-buitenvloeren","status":"publish","type":"dt_portfolio","link":"https:\/\/www.emb.be\/nl\/project\/privewoning-granito-terrazzo-buitenvloeren\/","title":{"rendered":"Priv\u00e9woning \u2013 Granito \/ terrazzo buitenvloeren"},"content":{"rendered":"\t\t<div data-elementor-type=\"wp-post\" data-elementor-id=\"94524\" class=\"elementor elementor-94524 elementor-787\" data-elementor-post-type=\"dt_portfolio\">\n\t\t\t\t\t\t<section class=\"elementor-section elementor-top-section elementor-element elementor-element-2381509 elementor-section-boxed elementor-section-height-default elementor-section-height-default\" data-id=\"2381509\" data-element_type=\"section\" data-e-type=\"section\">\n\t\t\t\t\t\t<div class=\"elementor-container elementor-column-gap-wider\">\n\t\t\t\t\t<div class=\"elementor-column elementor-col-50 elementor-top-column elementor-element elementor-element-7a44239\" data-id=\"7a44239\" data-element_type=\"column\" data-e-type=\"column\">\n\t\t\t<div class=\"elementor-widget-wrap elementor-element-populated\">\n\t\t\t\t\t\t<div class=\"elementor-element elementor-element-3ebf4cf2 elementor-widget elementor-widget-heading\" data-id=\"3ebf4cf2\" data-element_type=\"widget\" data-e-type=\"widget\" data-widget_type=\"heading.default\">\n\t\t\t\t\t<h2 class=\"elementor-heading-title elementor-size-default\">Klant<\/h2>\t\t\t\t<\/div>\n\t\t\t\t<div class=\"elementor-element elementor-element-2829398c elementor-widget elementor-widget-spacer\" data-id=\"2829398c\" data-element_type=\"widget\" data-e-type=\"widget\" data-widget_type=\"spacer.default\">\n\t\t\t\t\t\t\t<div class=\"elementor-spacer\">\n\t\t\t<div class=\"elementor-spacer-inner\"><\/div>\n\t\t<\/div>\n\t\t\t\t\t\t<\/div>\n\t\t\t\t<div class=\"elementor-element elementor-element-2259eb75 elementor-widget elementor-widget-text-editor\" data-id=\"2259eb75\" data-element_type=\"widget\" data-e-type=\"widget\" data-widget_type=\"text-editor.default\">\n\t\t\t\t\t\t\t\t\t<p>Priv\u00e9woning \u2013 Vorst<\/p>\t\t\t\t\t\t\t\t<\/div>\n\t\t\t\t\t<\/div>\n\t\t<\/div>\n\t\t\t\t<div class=\"elementor-column elementor-col-50 elementor-top-column elementor-element elementor-element-63a468ef\" data-id=\"63a468ef\" data-element_type=\"column\" data-e-type=\"column\">\n\t\t\t<div class=\"elementor-widget-wrap elementor-element-populated\">\n\t\t\t\t\t\t<div class=\"elementor-element elementor-element-19d625a9 elementor-widget__width-initial elementor-widget elementor-widget-heading\" data-id=\"19d625a9\" data-element_type=\"widget\" data-e-type=\"widget\" data-widget_type=\"heading.default\">\n\t\t\t\t\t<h2 class=\"elementor-heading-title elementor-size-default\">Problematiek<\/h2>\t\t\t\t<\/div>\n\t\t\t\t<div class=\"elementor-element elementor-element-3d802d03 elementor-widget elementor-widget-spacer\" data-id=\"3d802d03\" data-element_type=\"widget\" data-e-type=\"widget\" data-widget_type=\"spacer.default\">\n\t\t\t\t\t\t\t<div class=\"elementor-spacer\">\n\t\t\t<div class=\"elementor-spacer-inner\"><\/div>\n\t\t<\/div>\n\t\t\t\t\t\t<\/div>\n\t\t\t\t<div class=\"elementor-element elementor-element-5bce7206 elementor-widget elementor-widget-text-editor\" data-id=\"5bce7206\" data-element_type=\"widget\" data-e-type=\"widget\" data-widget_type=\"text-editor.default\">\n\t\t\t\t\t\t\t\t\t<p>Het cre\u00ebren van een esthetische en resistente buitenvloer voor de binnenplaats van een gebouw, geschikt voor intensief voetgangersverkeer. Het garanderen van drainage, duurzaamheid en architecturale integratie met de bestaande elementen en het landschap. <\/p>\t\t\t\t\t\t\t\t<\/div>\n\t\t\t\t\t<\/div>\n\t\t<\/div>\n\t\t\t\t\t<\/div>\n\t\t<\/section>\n\t\t<div class=\"elementor-element elementor-element-7efdb30c e-flex e-con-boxed e-con e-parent\" data-id=\"7efdb30c\" data-element_type=\"container\" data-e-type=\"container\">\n\t\t\t\t\t<div class=\"e-con-inner\">\n\t\t\t\t<div class=\"elementor-element elementor-element-57bd849d elementor-widget elementor-widget-gallery\" data-id=\"57bd849d\" data-element_type=\"widget\" data-e-type=\"widget\" data-settings=\"{&quot;columns&quot;:3,&quot;aspect_ratio&quot;:&quot;1:1&quot;,&quot;gallery_layout&quot;:&quot;grid&quot;,&quot;columns_tablet&quot;:2,&quot;columns_mobile&quot;:1,&quot;gap&quot;:{&quot;unit&quot;:&quot;px&quot;,&quot;size&quot;:10,&quot;sizes&quot;:[]},&quot;gap_tablet&quot;:{&quot;unit&quot;:&quot;px&quot;,&quot;size&quot;:10,&quot;sizes&quot;:[]},&quot;gap_mobile&quot;:{&quot;unit&quot;:&quot;px&quot;,&quot;size&quot;:10,&quot;sizes&quot;:[]},&quot;overlay_background&quot;:&quot;yes&quot;,&quot;content_hover_animation&quot;:&quot;fade-in&quot;}\" data-widget_type=\"gallery.default\">\n\t\t\t\t\t\t\t<div class=\"elementor-gallery__container\">\n\t\t\t\t\t\t\t<div class=\"e-gallery-item elementor-gallery-item elementor-animated-content\">\n\t\t\t\t\t<div class=\"e-gallery-image elementor-gallery-item__image\" data-thumbnail=\"https:\/\/www.emb.be\/wp-content\/uploads\/2019\/01\/Cour-exterieure-en-granito-drainant-avec-bordures-decoratives.jpg\" data-width=\"2048\" data-height=\"1365\" aria-label=\"Cour ext\u00e9rieure en granito drainant avec bordures d\u00e9coratives\" role=\"img\" ><\/div>\n\t\t\t\t\t\t\t\t\t\t\t<div class=\"elementor-gallery-item__overlay\"><\/div>\n\t\t\t\t\t\t\t\t\t\t\t\t\t\t<\/div>\n\t\t\t\t\t\t\t<div class=\"e-gallery-item elementor-gallery-item elementor-animated-content\">\n\t\t\t\t\t<div class=\"e-gallery-image elementor-gallery-item__image\" data-thumbnail=\"https:\/\/www.emb.be\/wp-content\/uploads\/2019\/01\/Detail-finition-granito-exterieur-avec-incrustations-decoratives.jpg\" data-width=\"2048\" data-height=\"1365\" aria-label=\"D\u00e9tail finition granito ext\u00e9rieur avec incrustations d\u00e9coratives\" role=\"img\" ><\/div>\n\t\t\t\t\t\t\t\t\t\t\t<div class=\"elementor-gallery-item__overlay\"><\/div>\n\t\t\t\t\t\t\t\t\t\t\t\t\t\t<\/div>\n\t\t\t\t\t\t\t<div class=\"e-gallery-item elementor-gallery-item elementor-animated-content\">\n\t\t\t\t\t<div class=\"e-gallery-image elementor-gallery-item__image\" data-thumbnail=\"https:\/\/www.emb.be\/wp-content\/uploads\/2019\/01\/Sol-en-terrazzo-exterieur-antiderapant-pour-acces-habitation.jpg\" data-width=\"2048\" data-height=\"1365\" aria-label=\"Sol en terrazzo ext\u00e9rieur antid\u00e9rapant pour acc\u00e8s habitation\" role=\"img\" ><\/div>\n\t\t\t\t\t\t\t\t\t\t\t<div class=\"elementor-gallery-item__overlay\"><\/div>\n\t\t\t\t\t\t\t\t\t\t\t\t\t\t<\/div>\n\t\t\t\t\t\t\t<div class=\"e-gallery-item elementor-gallery-item elementor-animated-content\">\n\t\t\t\t\t<div class=\"e-gallery-image elementor-gallery-item__image\" data-thumbnail=\"https:\/\/www.emb.be\/wp-content\/uploads\/2019\/01\/Bordure-courbe-et-finition-granito-pour-espace-paysager-urbain.jpg\" data-width=\"2048\" data-height=\"1365\" aria-label=\"Bordure courbe et finition granito pour espace paysager urbain\" role=\"img\" ><\/div>\n\t\t\t\t\t\t\t\t\t\t\t<div class=\"elementor-gallery-item__overlay\"><\/div>\n\t\t\t\t\t\t\t\t\t\t\t\t\t\t<\/div>\n\t\t\t\t\t\t\t<div class=\"e-gallery-item elementor-gallery-item elementor-animated-content\">\n\t\t\t\t\t<div class=\"e-gallery-image elementor-gallery-item__image\" data-thumbnail=\"https:\/\/www.emb.be\/wp-content\/uploads\/2019\/01\/Revetement-exterieur-durable-en-granito-pour-circulation-pietonne.jpg\" data-width=\"2048\" data-height=\"1365\" aria-label=\"Rev\u00eatement ext\u00e9rieur durable en granito pour circulation pi\u00e9tonne\" role=\"img\" ><\/div>\n\t\t\t\t\t\t\t\t\t\t\t<div class=\"elementor-gallery-item__overlay\"><\/div>\n\t\t\t\t\t\t\t\t\t\t\t\t\t\t<\/div>\n\t\t\t\t\t\t\t<div class=\"e-gallery-item elementor-gallery-item elementor-animated-content\">\n\t\t\t\t\t<div class=\"e-gallery-image elementor-gallery-item__image\" data-thumbnail=\"https:\/\/www.emb.be\/wp-content\/uploads\/2019\/01\/Detail-mosaique-integree-dans-sol-granito-exterieur.jpg\" data-width=\"2048\" data-height=\"1365\" aria-label=\"D\u00e9tail mosa\u00efque int\u00e9gr\u00e9e dans sol granito ext\u00e9rieur\" role=\"img\" ><\/div>\n\t\t\t\t\t\t\t\t\t\t\t<div class=\"elementor-gallery-item__overlay\"><\/div>\n\t\t\t\t\t\t\t\t\t\t\t\t\t\t<\/div>\n\t\t\t\t\t\t\t<div class=\"e-gallery-item elementor-gallery-item elementor-animated-content\">\n\t\t\t\t\t<div class=\"e-gallery-image elementor-gallery-item__image\" data-thumbnail=\"https:\/\/www.emb.be\/wp-content\/uploads\/2019\/01\/Sol-decoratif-exterieur-en-terrazzo-pour-immeuble-de-caractere.jpg\" data-width=\"2048\" data-height=\"1365\" aria-label=\"Sol d\u00e9coratif ext\u00e9rieur en terrazzo pour immeuble de caract\u00e8re\" role=\"img\" ><\/div>\n\t\t\t\t\t\t\t\t\t\t\t<div class=\"elementor-gallery-item__overlay\"><\/div>\n\t\t\t\t\t\t\t\t\t\t\t\t\t\t<\/div>\n\t\t\t\t\t\t\t<div class=\"e-gallery-item elementor-gallery-item elementor-animated-content\">\n\t\t\t\t\t<div class=\"e-gallery-image elementor-gallery-item__image\" data-thumbnail=\"https:\/\/www.emb.be\/wp-content\/uploads\/2019\/01\/Cour-residentielle-en-granito-avec-integration-paysagere.jpg\" data-width=\"2048\" data-height=\"1365\" aria-label=\"Cour r\u00e9sidentielle en granito avec int\u00e9gration paysag\u00e8re\" role=\"img\" ><\/div>\n\t\t\t\t\t\t\t\t\t\t\t<div class=\"elementor-gallery-item__overlay\"><\/div>\n\t\t\t\t\t\t\t\t\t\t\t\t\t\t<\/div>\n\t\t\t\t\t\t\t<div class=\"e-gallery-item elementor-gallery-item elementor-animated-content\">\n\t\t\t\t\t<div class=\"e-gallery-image elementor-gallery-item__image\" data-thumbnail=\"https:\/\/www.emb.be\/wp-content\/uploads\/2019\/01\/Amenagement-de-cour-en-granulats-stabilises-type-granito.jpg\" data-width=\"1365\" data-height=\"2048\" aria-label=\"Am\u00e9nagement de cour en granulats stabilis\u00e9s type granito\" role=\"img\" ><\/div>\n\t\t\t\t\t\t\t\t\t\t\t<div class=\"elementor-gallery-item__overlay\"><\/div>\n\t\t\t\t\t\t\t\t\t\t\t\t\t\t<\/div>\n\t\t\t\t\t<\/div>\n\t\t\t\t\t<\/div>\n\t\t\t\t\t<\/div>\n\t\t\t\t<\/div>\n\t\t\t\t<\/div>\n\t\t","protected":false},"excerpt":{"rendered":"<p>Realisatie van een binnenplaats in decoratieve granito die weerstand, drainage en een hoogwaardige afwerking combineert.<\/p>\n","protected":false},"author":2,"featured_media":94533,"comment_status":"open","ping_status":"closed","template":"","dt_portfolio_category":[286,293],"dt_portfolio_tags":[],"class_list":["post-94524","dt_portfolio","type-dt_portfolio","status-publish","has-post-thumbnail","hentry","dt_portfolio_category-afwerkingen-alternatieven","dt_portfolio_category-decoratief-beton"],"yoast_head":"<!-- This site is optimized with the Yoast SEO plugin v27.4 - https:\/\/yoast.com\/product\/yoast-seo-wordpress\/ -->\n<title>Priv\u00e9woning \u2013 Granito \/ terrazzo buitenvloeren - EMB<\/title>\n<meta name=\"robots\" content=\"index, follow, max-snippet:-1, max-image-preview:large, max-video-preview:-1\" \/>\n<link rel=\"canonical\" href=\"https:\/\/www.emb.be\/nl\/project\/privewoning-granito-terrazzo-buitenvloeren\/\" \/>\n<meta property=\"og:locale\" content=\"nl_NL\" \/>\n<meta property=\"og:type\" content=\"article\" \/>\n<meta property=\"og:title\" content=\"Priv\u00e9woning \u2013 Granito \/ terrazzo buitenvloeren - EMB\" \/>\n<meta property=\"og:description\" content=\"Realisatie van een binnenplaats in decoratieve granito die weerstand, drainage en een hoogwaardige afwerking combineert.\" \/>\n<meta property=\"og:url\" content=\"https:\/\/www.emb.be\/nl\/project\/privewoning-granito-terrazzo-buitenvloeren\/\" \/>\n<meta property=\"og:site_name\" content=\"EMB\" \/>\n<meta property=\"article:publisher\" content=\"https:\/\/www.facebook.com\/emb.belgium\/\" \/>\n<meta property=\"article:modified_time\" content=\"2026-04-26T12:00:42+00:00\" \/>\n<meta property=\"og:image\" content=\"https:\/\/www.emb.be\/wp-content\/uploads\/2019\/01\/Revetement-de-sol-en-granito-pour-entree-dimmeuble-residentiel.jpg\" \/>\n\t<meta property=\"og:image:width\" content=\"2048\" \/>\n\t<meta property=\"og:image:height\" content=\"1365\" \/>\n\t<meta property=\"og:image:type\" content=\"image\/jpeg\" \/>\n<meta name=\"twitter:card\" content=\"summary_large_image\" \/>\n<script type=\"application\/ld+json\" class=\"yoast-schema-graph\">{\"@context\":\"https:\\\/\\\/schema.org\",\"@graph\":[{\"@type\":\"WebPage\",\"@id\":\"https:\\\/\\\/www.emb.be\\\/nl\\\/project\\\/privewoning-granito-terrazzo-buitenvloeren\\\/\",\"url\":\"https:\\\/\\\/www.emb.be\\\/nl\\\/project\\\/privewoning-granito-terrazzo-buitenvloeren\\\/\",\"name\":\"Priv\u00e9woning \u2013 Granito \\\/ terrazzo buitenvloeren - EMB\",\"isPartOf\":{\"@id\":\"https:\\\/\\\/www.emb.be\\\/nl\\\/#website\"},\"primaryImageOfPage\":{\"@id\":\"https:\\\/\\\/www.emb.be\\\/nl\\\/project\\\/privewoning-granito-terrazzo-buitenvloeren\\\/#primaryimage\"},\"image\":{\"@id\":\"https:\\\/\\\/www.emb.be\\\/nl\\\/project\\\/privewoning-granito-terrazzo-buitenvloeren\\\/#primaryimage\"},\"thumbnailUrl\":\"https:\\\/\\\/www.emb.be\\\/wp-content\\\/uploads\\\/2019\\\/01\\\/Revetement-de-sol-en-granito-pour-entree-dimmeuble-residentiel.jpg\",\"datePublished\":\"2019-01-09T15:00:54+00:00\",\"dateModified\":\"2026-04-26T12:00:42+00:00\",\"breadcrumb\":{\"@id\":\"https:\\\/\\\/www.emb.be\\\/nl\\\/project\\\/privewoning-granito-terrazzo-buitenvloeren\\\/#breadcrumb\"},\"inLanguage\":\"nl-NL\",\"potentialAction\":[{\"@type\":\"ReadAction\",\"target\":[\"https:\\\/\\\/www.emb.be\\\/nl\\\/project\\\/privewoning-granito-terrazzo-buitenvloeren\\\/\"]}]},{\"@type\":\"ImageObject\",\"inLanguage\":\"nl-NL\",\"@id\":\"https:\\\/\\\/www.emb.be\\\/nl\\\/project\\\/privewoning-granito-terrazzo-buitenvloeren\\\/#primaryimage\",\"url\":\"https:\\\/\\\/www.emb.be\\\/wp-content\\\/uploads\\\/2019\\\/01\\\/Revetement-de-sol-en-granito-pour-entree-dimmeuble-residentiel.jpg\",\"contentUrl\":\"https:\\\/\\\/www.emb.be\\\/wp-content\\\/uploads\\\/2019\\\/01\\\/Revetement-de-sol-en-granito-pour-entree-dimmeuble-residentiel.jpg\",\"width\":2048,\"height\":1365,\"caption\":\"Rev\u00eatement de sol en granito pour entr\u00e9e d\u2019immeuble r\u00e9sidentiel\"},{\"@type\":\"BreadcrumbList\",\"@id\":\"https:\\\/\\\/www.emb.be\\\/nl\\\/project\\\/privewoning-granito-terrazzo-buitenvloeren\\\/#breadcrumb\",\"itemListElement\":[{\"@type\":\"ListItem\",\"position\":1,\"name\":\"Accueil\",\"item\":\"https:\\\/\\\/www.emb.be\\\/nl\\\/\"},{\"@type\":\"ListItem\",\"position\":2,\"name\":\"Portfolio\",\"item\":\"https:\\\/\\\/www.emb.be\\\/nl\\\/project\\\/\"},{\"@type\":\"ListItem\",\"position\":3,\"name\":\"Priv\u00e9woning \u2013 Granito \\\/ terrazzo buitenvloeren\"}]},{\"@type\":\"WebSite\",\"@id\":\"https:\\\/\\\/www.emb.be\\\/nl\\\/#website\",\"url\":\"https:\\\/\\\/www.emb.be\\\/nl\\\/\",\"name\":\"EMB\",\"description\":\"\",\"publisher\":{\"@id\":\"https:\\\/\\\/www.emb.be\\\/nl\\\/#organization\"},\"potentialAction\":[{\"@type\":\"SearchAction\",\"target\":{\"@type\":\"EntryPoint\",\"urlTemplate\":\"https:\\\/\\\/www.emb.be\\\/nl\\\/?s={search_term_string}\"},\"query-input\":{\"@type\":\"PropertyValueSpecification\",\"valueRequired\":true,\"valueName\":\"search_term_string\"}}],\"inLanguage\":\"nl-NL\"},{\"@type\":\"Organization\",\"@id\":\"https:\\\/\\\/www.emb.be\\\/nl\\\/#organization\",\"name\":\"EMB\",\"url\":\"https:\\\/\\\/www.emb.be\\\/nl\\\/\",\"logo\":{\"@type\":\"ImageObject\",\"inLanguage\":\"nl-NL\",\"@id\":\"https:\\\/\\\/www.emb.be\\\/nl\\\/#\\\/schema\\\/logo\\\/image\\\/\",\"url\":\"https:\\\/\\\/www.emb.be\\\/wp-content\\\/uploads\\\/2026\\\/02\\\/favicon_emb.png\",\"contentUrl\":\"https:\\\/\\\/www.emb.be\\\/wp-content\\\/uploads\\\/2026\\\/02\\\/favicon_emb.png\",\"width\":500,\"height\":500,\"caption\":\"EMB\"},\"image\":{\"@id\":\"https:\\\/\\\/www.emb.be\\\/nl\\\/#\\\/schema\\\/logo\\\/image\\\/\"},\"sameAs\":[\"https:\\\/\\\/www.facebook.com\\\/emb.belgium\\\/\",\"https:\\\/\\\/be.linkedin.com\\\/company\\\/emb-entreprises-miot\"]}]}<\/script>\n<!-- \/ Yoast SEO plugin. -->","yoast_head_json":{"title":"Priv\u00e9woning \u2013 Granito \/ terrazzo buitenvloeren - EMB","robots":{"index":"index","follow":"follow","max-snippet":"max-snippet:-1","max-image-preview":"max-image-preview:large","max-video-preview":"max-video-preview:-1"},"canonical":"https:\/\/www.emb.be\/nl\/project\/privewoning-granito-terrazzo-buitenvloeren\/","og_locale":"nl_NL","og_type":"article","og_title":"Priv\u00e9woning \u2013 Granito \/ terrazzo buitenvloeren - EMB","og_description":"Realisatie van een binnenplaats in decoratieve granito die weerstand, drainage en een hoogwaardige afwerking combineert.","og_url":"https:\/\/www.emb.be\/nl\/project\/privewoning-granito-terrazzo-buitenvloeren\/","og_site_name":"EMB","article_publisher":"https:\/\/www.facebook.com\/emb.belgium\/","article_modified_time":"2026-04-26T12:00:42+00:00","og_image":[{"width":2048,"height":1365,"url":"https:\/\/www.emb.be\/wp-content\/uploads\/2019\/01\/Revetement-de-sol-en-granito-pour-entree-dimmeuble-residentiel.jpg","type":"image\/jpeg"}],"twitter_card":"summary_large_image","schema":{"@context":"https:\/\/schema.org","@graph":[{"@type":"WebPage","@id":"https:\/\/www.emb.be\/nl\/project\/privewoning-granito-terrazzo-buitenvloeren\/","url":"https:\/\/www.emb.be\/nl\/project\/privewoning-granito-terrazzo-buitenvloeren\/","name":"Priv\u00e9woning \u2013 Granito \/ terrazzo buitenvloeren - EMB","isPartOf":{"@id":"https:\/\/www.emb.be\/nl\/#website"},"primaryImageOfPage":{"@id":"https:\/\/www.emb.be\/nl\/project\/privewoning-granito-terrazzo-buitenvloeren\/#primaryimage"},"image":{"@id":"https:\/\/www.emb.be\/nl\/project\/privewoning-granito-terrazzo-buitenvloeren\/#primaryimage"},"thumbnailUrl":"https:\/\/www.emb.be\/wp-content\/uploads\/2019\/01\/Revetement-de-sol-en-granito-pour-entree-dimmeuble-residentiel.jpg","datePublished":"2019-01-09T15:00:54+00:00","dateModified":"2026-04-26T12:00:42+00:00","breadcrumb":{"@id":"https:\/\/www.emb.be\/nl\/project\/privewoning-granito-terrazzo-buitenvloeren\/#breadcrumb"},"inLanguage":"nl-NL","potentialAction":[{"@type":"ReadAction","target":["https:\/\/www.emb.be\/nl\/project\/privewoning-granito-terrazzo-buitenvloeren\/"]}]},{"@type":"ImageObject","inLanguage":"nl-NL","@id":"https:\/\/www.emb.be\/nl\/project\/privewoning-granito-terrazzo-buitenvloeren\/#primaryimage","url":"https:\/\/www.emb.be\/wp-content\/uploads\/2019\/01\/Revetement-de-sol-en-granito-pour-entree-dimmeuble-residentiel.jpg","contentUrl":"https:\/\/www.emb.be\/wp-content\/uploads\/2019\/01\/Revetement-de-sol-en-granito-pour-entree-dimmeuble-residentiel.jpg","width":2048,"height":1365,"caption":"Rev\u00eatement de sol en granito pour entr\u00e9e d\u2019immeuble r\u00e9sidentiel"},{"@type":"BreadcrumbList","@id":"https:\/\/www.emb.be\/nl\/project\/privewoning-granito-terrazzo-buitenvloeren\/#breadcrumb","itemListElement":[{"@type":"ListItem","position":1,"name":"Accueil","item":"https:\/\/www.emb.be\/nl\/"},{"@type":"ListItem","position":2,"name":"Portfolio","item":"https:\/\/www.emb.be\/nl\/project\/"},{"@type":"ListItem","position":3,"name":"Priv\u00e9woning \u2013 Granito \/ terrazzo buitenvloeren"}]},{"@type":"WebSite","@id":"https:\/\/www.emb.be\/nl\/#website","url":"https:\/\/www.emb.be\/nl\/","name":"EMB","description":"","publisher":{"@id":"https:\/\/www.emb.be\/nl\/#organization"},"potentialAction":[{"@type":"SearchAction","target":{"@type":"EntryPoint","urlTemplate":"https:\/\/www.emb.be\/nl\/?s={search_term_string}"},"query-input":{"@type":"PropertyValueSpecification","valueRequired":true,"valueName":"search_term_string"}}],"inLanguage":"nl-NL"},{"@type":"Organization","@id":"https:\/\/www.emb.be\/nl\/#organization","name":"EMB","url":"https:\/\/www.emb.be\/nl\/","logo":{"@type":"ImageObject","inLanguage":"nl-NL","@id":"https:\/\/www.emb.be\/nl\/#\/schema\/logo\/image\/","url":"https:\/\/www.emb.be\/wp-content\/uploads\/2026\/02\/favicon_emb.png","contentUrl":"https:\/\/www.emb.be\/wp-content\/uploads\/2026\/02\/favicon_emb.png","width":500,"height":500,"caption":"EMB"},"image":{"@id":"https:\/\/www.emb.be\/nl\/#\/schema\/logo\/image\/"},"sameAs":["https:\/\/www.facebook.com\/emb.belgium\/","https:\/\/be.linkedin.com\/company\/emb-entreprises-miot"]}]}},"_links":{"self":[{"href":"https:\/\/www.emb.be\/nl\/wp-json\/wp\/v2\/dt_portfolio\/94524","targetHints":{"allow":["GET"]}}],"collection":[{"href":"https:\/\/www.emb.be\/nl\/wp-json\/wp\/v2\/dt_portfolio"}],"about":[{"href":"https:\/\/www.emb.be\/nl\/wp-json\/wp\/v2\/types\/dt_portfolio"}],"author":[{"embeddable":true,"href":"https:\/\/www.emb.be\/nl\/wp-json\/wp\/v2\/users\/2"}],"replies":[{"embeddable":true,"href":"https:\/\/www.emb.be\/nl\/wp-json\/wp\/v2\/comments?post=94524"}],"version-history":[{"count":1,"href":"https:\/\/www.emb.be\/nl\/wp-json\/wp\/v2\/dt_portfolio\/94524\/revisions"}],"predecessor-version":[{"id":94535,"href":"https:\/\/www.emb.be\/nl\/wp-json\/wp\/v2\/dt_portfolio\/94524\/revisions\/94535"}],"wp:featuredmedia":[{"embeddable":true,"href":"https:\/\/www.emb.be\/nl\/wp-json\/wp\/v2\/media\/94533"}],"wp:attachment":[{"href":"https:\/\/www.emb.be\/nl\/wp-json\/wp\/v2\/media?parent=94524"}],"wp:term":[{"taxonomy":"dt_portfolio_category","embeddable":true,"href":"https:\/\/www.emb.be\/nl\/wp-json\/wp\/v2\/dt_portfolio_category?post=94524"},{"taxonomy":"dt_portfolio_tags","embeddable":true,"href":"https:\/\/www.emb.be\/nl\/wp-json\/wp\/v2\/dt_portfolio_tags?post=94524"}],"curies":[{"name":"wp","href":"https:\/\/api.w.org\/{rel}","templated":true}]}}