{"id":94567,"date":"2018-04-11T14:34:38","date_gmt":"2018-04-11T14:34:38","guid":{"rendered":"https:\/\/www.emb.be\/projet\/d-rigo-decoratieve-betonvloer\/"},"modified":"2026-04-26T12:00:55","modified_gmt":"2026-04-26T12:00:55","slug":"d-rigo-decoratieve-betonvloer","status":"publish","type":"dt_portfolio","link":"https:\/\/www.emb.be\/nl\/project\/d-rigo-decoratieve-betonvloer\/","title":{"rendered":"D. Rigo \u2013 decoratieve betonvloer"},"content":{"rendered":"\t\t<div data-elementor-type=\"wp-post\" data-elementor-id=\"94567\" class=\"elementor elementor-94567 elementor-797\" data-elementor-post-type=\"dt_portfolio\">\n\t\t\t\t\t\t<section class=\"elementor-section elementor-top-section elementor-element elementor-element-618c3228 elementor-section-boxed elementor-section-height-default elementor-section-height-default\" data-id=\"618c3228\" data-element_type=\"section\" data-e-type=\"section\">\n\t\t\t\t\t\t<div class=\"elementor-container elementor-column-gap-wider\">\n\t\t\t\t\t<div class=\"elementor-column elementor-col-50 elementor-top-column elementor-element elementor-element-9ac153e\" data-id=\"9ac153e\" data-element_type=\"column\" data-e-type=\"column\">\n\t\t\t<div class=\"elementor-widget-wrap elementor-element-populated\">\n\t\t\t\t\t\t<div class=\"elementor-element elementor-element-38b44a44 elementor-widget elementor-widget-heading\" data-id=\"38b44a44\" data-element_type=\"widget\" data-e-type=\"widget\" data-widget_type=\"heading.default\">\n\t\t\t\t\t<h2 class=\"elementor-heading-title elementor-size-default\">Klant<\/h2>\t\t\t\t<\/div>\n\t\t\t\t<div class=\"elementor-element elementor-element-3dfeb3e6 elementor-widget elementor-widget-spacer\" data-id=\"3dfeb3e6\" data-element_type=\"widget\" data-e-type=\"widget\" data-widget_type=\"spacer.default\">\n\t\t\t\t\t\t\t<div class=\"elementor-spacer\">\n\t\t\t<div class=\"elementor-spacer-inner\"><\/div>\n\t\t<\/div>\n\t\t\t\t\t\t<\/div>\n\t\t\t\t<div class=\"elementor-element elementor-element-6d79e64d elementor-widget elementor-widget-text-editor\" data-id=\"6d79e64d\" data-element_type=\"widget\" data-e-type=\"widget\" data-widget_type=\"text-editor.default\">\n\t\t\t\t\t\t\t\t\t<p>D. Rigo \u2013 decoratieve betonvloer showroom<\/p>\t\t\t\t\t\t\t\t<\/div>\n\t\t\t\t\t<\/div>\n\t\t<\/div>\n\t\t\t\t<div class=\"elementor-column elementor-col-50 elementor-top-column elementor-element elementor-element-74d3d1ed\" data-id=\"74d3d1ed\" data-element_type=\"column\" data-e-type=\"column\">\n\t\t\t<div class=\"elementor-widget-wrap elementor-element-populated\">\n\t\t\t\t\t\t<div class=\"elementor-element elementor-element-657fa1f1 elementor-widget__width-initial elementor-widget elementor-widget-heading\" data-id=\"657fa1f1\" data-element_type=\"widget\" data-e-type=\"widget\" data-widget_type=\"heading.default\">\n\t\t\t\t\t<h2 class=\"elementor-heading-title elementor-size-default\">Problematiek<\/h2>\t\t\t\t<\/div>\n\t\t\t\t<div class=\"elementor-element elementor-element-272b7920 elementor-widget elementor-widget-spacer\" data-id=\"272b7920\" data-element_type=\"widget\" data-e-type=\"widget\" data-widget_type=\"spacer.default\">\n\t\t\t\t\t\t\t<div class=\"elementor-spacer\">\n\t\t\t<div class=\"elementor-spacer-inner\"><\/div>\n\t\t<\/div>\n\t\t\t\t\t\t<\/div>\n\t\t\t\t<div class=\"elementor-element elementor-element-430e149a elementor-widget elementor-widget-text-editor\" data-id=\"430e149a\" data-element_type=\"widget\" data-e-type=\"widget\" data-widget_type=\"text-editor.default\">\n\t\t\t\t\t\t\t\t\t<p>Een esthetische en homogene binnenvloer cre\u00ebren die aansluit bij de wereld van het tentoongestelde designmeubilair. Weerstand tegen intensief verkeer, duurzaamheid en onderhoudsgemak garanderen voor een premium commerci\u00eble ruimte. <\/p>\t\t\t\t\t\t\t\t<\/div>\n\t\t\t\t\t<\/div>\n\t\t<\/div>\n\t\t\t\t\t<\/div>\n\t\t<\/section>\n\t\t<div class=\"elementor-element elementor-element-1cd08755 e-flex e-con-boxed e-con e-parent\" data-id=\"1cd08755\" data-element_type=\"container\" data-e-type=\"container\">\n\t\t\t\t\t<div class=\"e-con-inner\">\n\t\t\t\t<div class=\"elementor-element elementor-element-3ffe9530 elementor-widget elementor-widget-gallery\" data-id=\"3ffe9530\" data-element_type=\"widget\" data-e-type=\"widget\" data-settings=\"{&quot;columns&quot;:3,&quot;aspect_ratio&quot;:&quot;1:1&quot;,&quot;gallery_layout&quot;:&quot;grid&quot;,&quot;columns_tablet&quot;:2,&quot;columns_mobile&quot;:1,&quot;gap&quot;:{&quot;unit&quot;:&quot;px&quot;,&quot;size&quot;:10,&quot;sizes&quot;:[]},&quot;gap_tablet&quot;:{&quot;unit&quot;:&quot;px&quot;,&quot;size&quot;:10,&quot;sizes&quot;:[]},&quot;gap_mobile&quot;:{&quot;unit&quot;:&quot;px&quot;,&quot;size&quot;:10,&quot;sizes&quot;:[]},&quot;overlay_background&quot;:&quot;yes&quot;,&quot;content_hover_animation&quot;:&quot;fade-in&quot;}\" data-widget_type=\"gallery.default\">\n\t\t\t\t\t\t\t<div class=\"elementor-gallery__container\">\n\t\t\t\t\t\t\t<div class=\"e-gallery-item elementor-gallery-item elementor-animated-content\">\n\t\t\t\t\t<div class=\"e-gallery-image elementor-gallery-item__image\" data-thumbnail=\"https:\/\/www.emb.be\/wp-content\/uploads\/2018\/04\/Revetement-beton-interieur-haut-de-gamme-pour-espace-mobilier-contemporain.jpg\" data-width=\"1365\" data-height=\"2048\" aria-label=\"Rev\u00eatement b\u00e9ton int\u00e9rieur haut de gamme pour espace mobilier contemporain\" role=\"img\" ><\/div>\n\t\t\t\t\t\t\t\t\t\t\t<div class=\"elementor-gallery-item__overlay\"><\/div>\n\t\t\t\t\t\t\t\t\t\t\t\t\t\t<\/div>\n\t\t\t\t\t\t\t<div class=\"e-gallery-item elementor-gallery-item elementor-animated-content\">\n\t\t\t\t\t<div class=\"e-gallery-image elementor-gallery-item__image\" data-thumbnail=\"https:\/\/www.emb.be\/wp-content\/uploads\/2018\/04\/Finition-beton-lisse-pour-magasin-de-design-et-ameublement.jpg\" data-width=\"1365\" data-height=\"2048\" aria-label=\"Finition b\u00e9ton liss\u00e9 pour magasin de design et ameublement\" role=\"img\" ><\/div>\n\t\t\t\t\t\t\t\t\t\t\t<div class=\"elementor-gallery-item__overlay\"><\/div>\n\t\t\t\t\t\t\t\t\t\t\t\t\t\t<\/div>\n\t\t\t\t\t\t\t<div class=\"e-gallery-item elementor-gallery-item elementor-animated-content\">\n\t\t\t\t\t<div class=\"e-gallery-image elementor-gallery-item__image\" data-thumbnail=\"https:\/\/www.emb.be\/wp-content\/uploads\/2018\/04\/Sol-beton-esthetique-pour-showroom-avec-circulation-clients.jpg\" data-width=\"1365\" data-height=\"2048\" aria-label=\"Sol b\u00e9ton esth\u00e9tique pour showroom avec circulation clients\" role=\"img\" ><\/div>\n\t\t\t\t\t\t\t\t\t\t\t<div class=\"elementor-gallery-item__overlay\"><\/div>\n\t\t\t\t\t\t\t\t\t\t\t\t\t\t<\/div>\n\t\t\t\t\t\t\t<div class=\"e-gallery-item elementor-gallery-item elementor-animated-content\">\n\t\t\t\t\t<div class=\"e-gallery-image elementor-gallery-item__image\" data-thumbnail=\"https:\/\/www.emb.be\/wp-content\/uploads\/2018\/04\/Revetement-de-sol-en-beton-pour-boutique-de-mobilier-design.jpg\" data-width=\"1365\" data-height=\"2048\" aria-label=\"Rev\u00eatement de sol en b\u00e9ton pour boutique de mobilier design\" role=\"img\" ><\/div>\n\t\t\t\t\t\t\t\t\t\t\t<div class=\"elementor-gallery-item__overlay\"><\/div>\n\t\t\t\t\t\t\t\t\t\t\t\t\t\t<\/div>\n\t\t\t\t\t\t\t<div class=\"e-gallery-item elementor-gallery-item elementor-animated-content\">\n\t\t\t\t\t<div class=\"e-gallery-image elementor-gallery-item__image\" data-thumbnail=\"https:\/\/www.emb.be\/wp-content\/uploads\/2018\/04\/Sol-interieur-resistant-pour-espace-dexposition-et-vente.jpg\" data-width=\"1365\" data-height=\"2048\" aria-label=\"Sol int\u00e9rieur r\u00e9sistant pour espace d\u2019exposition et vente\" role=\"img\" ><\/div>\n\t\t\t\t\t\t\t\t\t\t\t<div class=\"elementor-gallery-item__overlay\"><\/div>\n\t\t\t\t\t\t\t\t\t\t\t\t\t\t<\/div>\n\t\t\t\t\t\t\t<div class=\"e-gallery-item elementor-gallery-item elementor-animated-content\">\n\t\t\t\t\t<div class=\"e-gallery-image elementor-gallery-item__image\" data-thumbnail=\"https:\/\/www.emb.be\/wp-content\/uploads\/2018\/04\/Surface-beton-haut-de-gamme-pour-commerce-darchitecture-interieure.jpg\" data-width=\"2048\" data-height=\"1365\" aria-label=\"Hoogwaardig betonoppervlak voor interieurarchitectuur handel\" role=\"img\" ><\/div>\n\t\t\t\t\t\t\t\t\t\t\t<div class=\"elementor-gallery-item__overlay\"><\/div>\n\t\t\t\t\t\t\t\t\t\t\t\t\t\t<\/div>\n\t\t\t\t\t\t\t<div class=\"e-gallery-item elementor-gallery-item elementor-animated-content\">\n\t\t\t\t\t<div class=\"e-gallery-image elementor-gallery-item__image\" data-thumbnail=\"https:\/\/www.emb.be\/wp-content\/uploads\/2018\/04\/Sol-en-beton-teinte-durable-pour-espace-retail-design.jpg\" data-width=\"2048\" data-height=\"1365\" aria-label=\"Sol en b\u00e9ton teint\u00e9 durable pour espace retail design\" role=\"img\" ><\/div>\n\t\t\t\t\t\t\t\t\t\t\t<div class=\"elementor-gallery-item__overlay\"><\/div>\n\t\t\t\t\t\t\t\t\t\t\t\t\t\t<\/div>\n\t\t\t\t\t\t\t<div class=\"e-gallery-item elementor-gallery-item elementor-animated-content\">\n\t\t\t\t\t<div class=\"e-gallery-image elementor-gallery-item__image\" data-thumbnail=\"https:\/\/www.emb.be\/wp-content\/uploads\/2018\/04\/Sol-en-beton-decoratif-MinHardur-teinte-LRG-pour-showroom-design.jpg\" data-width=\"2048\" data-height=\"1365\" aria-label=\"Sol en b\u00e9ton d\u00e9coratif MinHardur teinte LRG pour showroom design\" role=\"img\" ><\/div>\n\t\t\t\t\t\t\t\t\t\t\t<div class=\"elementor-gallery-item__overlay\"><\/div>\n\t\t\t\t\t\t\t\t\t\t\t\t\t\t<\/div>\n\t\t\t\t\t\t\t<div class=\"e-gallery-item elementor-gallery-item elementor-animated-content\">\n\t\t\t\t\t<div class=\"e-gallery-image elementor-gallery-item__image\" data-thumbnail=\"https:\/\/www.emb.be\/wp-content\/uploads\/2018\/04\/Amenagement-showroom-avec-sol-en-beton-decoratif-continu.jpg\" data-width=\"2048\" data-height=\"1365\" aria-label=\"Am\u00e9nagement showroom avec sol en b\u00e9ton d\u00e9coratif continu\" role=\"img\" ><\/div>\n\t\t\t\t\t\t\t\t\t\t\t<div class=\"elementor-gallery-item__overlay\"><\/div>\n\t\t\t\t\t\t\t\t\t\t\t\t\t\t<\/div>\n\t\t\t\t\t<\/div>\n\t\t\t\t\t<\/div>\n\t\t\t\t\t<\/div>\n\t\t\t\t<\/div>\n\t\t\t\t<\/div>\n\t\t","protected":false},"excerpt":{"rendered":"<p>Realisatie van een decoratieve, gekleurde MinHardur-betonvloer voor een showroom met hedendaags meubilair in Ukkel.<\/p>\n","protected":false},"author":2,"featured_media":94573,"comment_status":"open","ping_status":"closed","template":"","dt_portfolio_category":[288],"dt_portfolio_tags":[],"class_list":["post-94567","dt_portfolio","type-dt_portfolio","status-publish","has-post-thumbnail","hentry","dt_portfolio_category-betonvloeren"],"yoast_head":"<!-- This site is optimized with the Yoast SEO plugin v27.4 - https:\/\/yoast.com\/product\/yoast-seo-wordpress\/ -->\n<title>D. Rigo \u2013 decoratieve betonvloer - EMB<\/title>\n<meta name=\"robots\" content=\"index, follow, max-snippet:-1, max-image-preview:large, max-video-preview:-1\" \/>\n<link rel=\"canonical\" href=\"https:\/\/www.emb.be\/nl\/project\/d-rigo-decoratieve-betonvloer\/\" \/>\n<meta property=\"og:locale\" content=\"nl_NL\" \/>\n<meta property=\"og:type\" content=\"article\" \/>\n<meta property=\"og:title\" content=\"D. Rigo \u2013 decoratieve betonvloer - EMB\" \/>\n<meta property=\"og:description\" content=\"Realisatie van een decoratieve, gekleurde MinHardur-betonvloer voor een showroom met hedendaags meubilair in Ukkel.\" \/>\n<meta property=\"og:url\" content=\"https:\/\/www.emb.be\/nl\/project\/d-rigo-decoratieve-betonvloer\/\" \/>\n<meta property=\"og:site_name\" content=\"EMB\" \/>\n<meta property=\"article:publisher\" content=\"https:\/\/www.facebook.com\/emb.belgium\/\" \/>\n<meta property=\"article:modified_time\" content=\"2026-04-26T12:00:55+00:00\" \/>\n<meta property=\"og:image\" content=\"https:\/\/www.emb.be\/wp-content\/uploads\/2018\/04\/Detail-beton-MinHardur-teinte-pour-surface-commerciale-premium.jpg\" \/>\n\t<meta property=\"og:image:width\" content=\"2048\" \/>\n\t<meta property=\"og:image:height\" content=\"1365\" \/>\n\t<meta property=\"og:image:type\" content=\"image\/jpeg\" \/>\n<meta name=\"twitter:card\" content=\"summary_large_image\" \/>\n<script type=\"application\/ld+json\" class=\"yoast-schema-graph\">{\"@context\":\"https:\\\/\\\/schema.org\",\"@graph\":[{\"@type\":\"WebPage\",\"@id\":\"https:\\\/\\\/www.emb.be\\\/nl\\\/project\\\/d-rigo-decoratieve-betonvloer\\\/\",\"url\":\"https:\\\/\\\/www.emb.be\\\/nl\\\/project\\\/d-rigo-decoratieve-betonvloer\\\/\",\"name\":\"D. Rigo \u2013 decoratieve betonvloer - EMB\",\"isPartOf\":{\"@id\":\"https:\\\/\\\/www.emb.be\\\/nl\\\/#website\"},\"primaryImageOfPage\":{\"@id\":\"https:\\\/\\\/www.emb.be\\\/nl\\\/project\\\/d-rigo-decoratieve-betonvloer\\\/#primaryimage\"},\"image\":{\"@id\":\"https:\\\/\\\/www.emb.be\\\/nl\\\/project\\\/d-rigo-decoratieve-betonvloer\\\/#primaryimage\"},\"thumbnailUrl\":\"https:\\\/\\\/www.emb.be\\\/wp-content\\\/uploads\\\/2018\\\/04\\\/Detail-beton-MinHardur-teinte-pour-surface-commerciale-premium.jpg\",\"datePublished\":\"2018-04-11T14:34:38+00:00\",\"dateModified\":\"2026-04-26T12:00:55+00:00\",\"breadcrumb\":{\"@id\":\"https:\\\/\\\/www.emb.be\\\/nl\\\/project\\\/d-rigo-decoratieve-betonvloer\\\/#breadcrumb\"},\"inLanguage\":\"nl-NL\",\"potentialAction\":[{\"@type\":\"ReadAction\",\"target\":[\"https:\\\/\\\/www.emb.be\\\/nl\\\/project\\\/d-rigo-decoratieve-betonvloer\\\/\"]}]},{\"@type\":\"ImageObject\",\"inLanguage\":\"nl-NL\",\"@id\":\"https:\\\/\\\/www.emb.be\\\/nl\\\/project\\\/d-rigo-decoratieve-betonvloer\\\/#primaryimage\",\"url\":\"https:\\\/\\\/www.emb.be\\\/wp-content\\\/uploads\\\/2018\\\/04\\\/Detail-beton-MinHardur-teinte-pour-surface-commerciale-premium.jpg\",\"contentUrl\":\"https:\\\/\\\/www.emb.be\\\/wp-content\\\/uploads\\\/2018\\\/04\\\/Detail-beton-MinHardur-teinte-pour-surface-commerciale-premium.jpg\",\"width\":2048,\"height\":1365,\"caption\":\"D\u00e9tail b\u00e9ton MinHardur teint\u00e9 pour surface commerciale premium\"},{\"@type\":\"BreadcrumbList\",\"@id\":\"https:\\\/\\\/www.emb.be\\\/nl\\\/project\\\/d-rigo-decoratieve-betonvloer\\\/#breadcrumb\",\"itemListElement\":[{\"@type\":\"ListItem\",\"position\":1,\"name\":\"Accueil\",\"item\":\"https:\\\/\\\/www.emb.be\\\/nl\\\/\"},{\"@type\":\"ListItem\",\"position\":2,\"name\":\"Portfolio\",\"item\":\"https:\\\/\\\/www.emb.be\\\/nl\\\/project\\\/\"},{\"@type\":\"ListItem\",\"position\":3,\"name\":\"D. Rigo \u2013 decoratieve betonvloer\"}]},{\"@type\":\"WebSite\",\"@id\":\"https:\\\/\\\/www.emb.be\\\/nl\\\/#website\",\"url\":\"https:\\\/\\\/www.emb.be\\\/nl\\\/\",\"name\":\"EMB\",\"description\":\"\",\"publisher\":{\"@id\":\"https:\\\/\\\/www.emb.be\\\/nl\\\/#organization\"},\"potentialAction\":[{\"@type\":\"SearchAction\",\"target\":{\"@type\":\"EntryPoint\",\"urlTemplate\":\"https:\\\/\\\/www.emb.be\\\/nl\\\/?s={search_term_string}\"},\"query-input\":{\"@type\":\"PropertyValueSpecification\",\"valueRequired\":true,\"valueName\":\"search_term_string\"}}],\"inLanguage\":\"nl-NL\"},{\"@type\":\"Organization\",\"@id\":\"https:\\\/\\\/www.emb.be\\\/nl\\\/#organization\",\"name\":\"EMB\",\"url\":\"https:\\\/\\\/www.emb.be\\\/nl\\\/\",\"logo\":{\"@type\":\"ImageObject\",\"inLanguage\":\"nl-NL\",\"@id\":\"https:\\\/\\\/www.emb.be\\\/nl\\\/#\\\/schema\\\/logo\\\/image\\\/\",\"url\":\"https:\\\/\\\/www.emb.be\\\/wp-content\\\/uploads\\\/2026\\\/02\\\/favicon_emb.png\",\"contentUrl\":\"https:\\\/\\\/www.emb.be\\\/wp-content\\\/uploads\\\/2026\\\/02\\\/favicon_emb.png\",\"width\":500,\"height\":500,\"caption\":\"EMB\"},\"image\":{\"@id\":\"https:\\\/\\\/www.emb.be\\\/nl\\\/#\\\/schema\\\/logo\\\/image\\\/\"},\"sameAs\":[\"https:\\\/\\\/www.facebook.com\\\/emb.belgium\\\/\",\"https:\\\/\\\/be.linkedin.com\\\/company\\\/emb-entreprises-miot\"]}]}<\/script>\n<!-- \/ Yoast SEO plugin. -->","yoast_head_json":{"title":"D. Rigo \u2013 decoratieve betonvloer - EMB","robots":{"index":"index","follow":"follow","max-snippet":"max-snippet:-1","max-image-preview":"max-image-preview:large","max-video-preview":"max-video-preview:-1"},"canonical":"https:\/\/www.emb.be\/nl\/project\/d-rigo-decoratieve-betonvloer\/","og_locale":"nl_NL","og_type":"article","og_title":"D. Rigo \u2013 decoratieve betonvloer - EMB","og_description":"Realisatie van een decoratieve, gekleurde MinHardur-betonvloer voor een showroom met hedendaags meubilair in Ukkel.","og_url":"https:\/\/www.emb.be\/nl\/project\/d-rigo-decoratieve-betonvloer\/","og_site_name":"EMB","article_publisher":"https:\/\/www.facebook.com\/emb.belgium\/","article_modified_time":"2026-04-26T12:00:55+00:00","og_image":[{"width":2048,"height":1365,"url":"https:\/\/www.emb.be\/wp-content\/uploads\/2018\/04\/Detail-beton-MinHardur-teinte-pour-surface-commerciale-premium.jpg","type":"image\/jpeg"}],"twitter_card":"summary_large_image","schema":{"@context":"https:\/\/schema.org","@graph":[{"@type":"WebPage","@id":"https:\/\/www.emb.be\/nl\/project\/d-rigo-decoratieve-betonvloer\/","url":"https:\/\/www.emb.be\/nl\/project\/d-rigo-decoratieve-betonvloer\/","name":"D. Rigo \u2013 decoratieve betonvloer - EMB","isPartOf":{"@id":"https:\/\/www.emb.be\/nl\/#website"},"primaryImageOfPage":{"@id":"https:\/\/www.emb.be\/nl\/project\/d-rigo-decoratieve-betonvloer\/#primaryimage"},"image":{"@id":"https:\/\/www.emb.be\/nl\/project\/d-rigo-decoratieve-betonvloer\/#primaryimage"},"thumbnailUrl":"https:\/\/www.emb.be\/wp-content\/uploads\/2018\/04\/Detail-beton-MinHardur-teinte-pour-surface-commerciale-premium.jpg","datePublished":"2018-04-11T14:34:38+00:00","dateModified":"2026-04-26T12:00:55+00:00","breadcrumb":{"@id":"https:\/\/www.emb.be\/nl\/project\/d-rigo-decoratieve-betonvloer\/#breadcrumb"},"inLanguage":"nl-NL","potentialAction":[{"@type":"ReadAction","target":["https:\/\/www.emb.be\/nl\/project\/d-rigo-decoratieve-betonvloer\/"]}]},{"@type":"ImageObject","inLanguage":"nl-NL","@id":"https:\/\/www.emb.be\/nl\/project\/d-rigo-decoratieve-betonvloer\/#primaryimage","url":"https:\/\/www.emb.be\/wp-content\/uploads\/2018\/04\/Detail-beton-MinHardur-teinte-pour-surface-commerciale-premium.jpg","contentUrl":"https:\/\/www.emb.be\/wp-content\/uploads\/2018\/04\/Detail-beton-MinHardur-teinte-pour-surface-commerciale-premium.jpg","width":2048,"height":1365,"caption":"D\u00e9tail b\u00e9ton MinHardur teint\u00e9 pour surface commerciale premium"},{"@type":"BreadcrumbList","@id":"https:\/\/www.emb.be\/nl\/project\/d-rigo-decoratieve-betonvloer\/#breadcrumb","itemListElement":[{"@type":"ListItem","position":1,"name":"Accueil","item":"https:\/\/www.emb.be\/nl\/"},{"@type":"ListItem","position":2,"name":"Portfolio","item":"https:\/\/www.emb.be\/nl\/project\/"},{"@type":"ListItem","position":3,"name":"D. Rigo \u2013 decoratieve betonvloer"}]},{"@type":"WebSite","@id":"https:\/\/www.emb.be\/nl\/#website","url":"https:\/\/www.emb.be\/nl\/","name":"EMB","description":"","publisher":{"@id":"https:\/\/www.emb.be\/nl\/#organization"},"potentialAction":[{"@type":"SearchAction","target":{"@type":"EntryPoint","urlTemplate":"https:\/\/www.emb.be\/nl\/?s={search_term_string}"},"query-input":{"@type":"PropertyValueSpecification","valueRequired":true,"valueName":"search_term_string"}}],"inLanguage":"nl-NL"},{"@type":"Organization","@id":"https:\/\/www.emb.be\/nl\/#organization","name":"EMB","url":"https:\/\/www.emb.be\/nl\/","logo":{"@type":"ImageObject","inLanguage":"nl-NL","@id":"https:\/\/www.emb.be\/nl\/#\/schema\/logo\/image\/","url":"https:\/\/www.emb.be\/wp-content\/uploads\/2026\/02\/favicon_emb.png","contentUrl":"https:\/\/www.emb.be\/wp-content\/uploads\/2026\/02\/favicon_emb.png","width":500,"height":500,"caption":"EMB"},"image":{"@id":"https:\/\/www.emb.be\/nl\/#\/schema\/logo\/image\/"},"sameAs":["https:\/\/www.facebook.com\/emb.belgium\/","https:\/\/be.linkedin.com\/company\/emb-entreprises-miot"]}]}},"_links":{"self":[{"href":"https:\/\/www.emb.be\/nl\/wp-json\/wp\/v2\/dt_portfolio\/94567","targetHints":{"allow":["GET"]}}],"collection":[{"href":"https:\/\/www.emb.be\/nl\/wp-json\/wp\/v2\/dt_portfolio"}],"about":[{"href":"https:\/\/www.emb.be\/nl\/wp-json\/wp\/v2\/types\/dt_portfolio"}],"author":[{"embeddable":true,"href":"https:\/\/www.emb.be\/nl\/wp-json\/wp\/v2\/users\/2"}],"replies":[{"embeddable":true,"href":"https:\/\/www.emb.be\/nl\/wp-json\/wp\/v2\/comments?post=94567"}],"version-history":[{"count":1,"href":"https:\/\/www.emb.be\/nl\/wp-json\/wp\/v2\/dt_portfolio\/94567\/revisions"}],"predecessor-version":[{"id":94578,"href":"https:\/\/www.emb.be\/nl\/wp-json\/wp\/v2\/dt_portfolio\/94567\/revisions\/94578"}],"wp:featuredmedia":[{"embeddable":true,"href":"https:\/\/www.emb.be\/nl\/wp-json\/wp\/v2\/media\/94573"}],"wp:attachment":[{"href":"https:\/\/www.emb.be\/nl\/wp-json\/wp\/v2\/media?parent=94567"}],"wp:term":[{"taxonomy":"dt_portfolio_category","embeddable":true,"href":"https:\/\/www.emb.be\/nl\/wp-json\/wp\/v2\/dt_portfolio_category?post=94567"},{"taxonomy":"dt_portfolio_tags","embeddable":true,"href":"https:\/\/www.emb.be\/nl\/wp-json\/wp\/v2\/dt_portfolio_tags?post=94567"}],"curies":[{"name":"wp","href":"https:\/\/api.w.org\/{rel}","templated":true}]}}