{"id":94042,"date":"2026-02-17T13:27:19","date_gmt":"2026-02-17T13:27:19","guid":{"rendered":"https:\/\/www.emb.be\/vloerisolatie\/"},"modified":"2026-04-26T10:46:24","modified_gmt":"2026-04-26T10:46:24","slug":"vloerisolatie","status":"publish","type":"page","link":"https:\/\/www.emb.be\/nl\/vloerisolatie\/","title":{"rendered":"Vloerisolatie"},"content":{"rendered":"\t\t<div data-elementor-type=\"wp-page\" data-elementor-id=\"94042\" class=\"elementor elementor-94042 elementor-93309\" data-elementor-post-type=\"page\">\n\t\t\t\t\t\t<section class=\"elementor-section elementor-top-section elementor-element elementor-element-d6baacc elementor-section-height-min-height elementor-section-items-stretch elementor-section-content-middle elementor-reverse-tablet elementor-reverse-mobile elementor-section-boxed elementor-section-height-default\" data-id=\"d6baacc\" data-element_type=\"section\" data-e-type=\"section\">\n\t\t\t\t\t\t<div class=\"elementor-container elementor-column-gap-wider\">\n\t\t\t\t\t<div class=\"elementor-column elementor-col-50 elementor-top-column elementor-element elementor-element-224057fd\" data-id=\"224057fd\" data-element_type=\"column\" data-e-type=\"column\">\n\t\t\t<div class=\"elementor-widget-wrap elementor-element-populated\">\n\t\t\t\t\t\t<div class=\"elementor-element elementor-element-25f436ec elementor-widget elementor-widget-heading\" data-id=\"25f436ec\" data-element_type=\"widget\" data-e-type=\"widget\" data-widget_type=\"heading.default\">\n\t\t\t\t\t<h2 class=\"elementor-heading-title elementor-size-default\">Vloerisolatie in Brussel voor woningen en professionele gebouwen<\/h2>\t\t\t\t<\/div>\n\t\t\t\t<div class=\"elementor-element elementor-element-3d747250 elementor-widget elementor-widget-spacer\" data-id=\"3d747250\" data-element_type=\"widget\" data-e-type=\"widget\" data-widget_type=\"spacer.default\">\n\t\t\t\t\t\t\t<div class=\"elementor-spacer\">\n\t\t\t<div class=\"elementor-spacer-inner\"><\/div>\n\t\t<\/div>\n\t\t\t\t\t\t<\/div>\n\t\t\t\t<div class=\"elementor-element elementor-element-63685ba elementor-widget elementor-widget-text-editor\" data-id=\"63685ba\" data-element_type=\"widget\" data-e-type=\"widget\" data-widget_type=\"text-editor.default\">\n\t\t\t\t\t\t\t\t\t<p><strong>Vloerisolatie<\/strong> vermindert warmteverlies, verbetert het thermisch comfort en voldoet aan de huidige energie-eisen, zowel bij nieuwbouw als bij renovatie.<\/p><p>Als <strong>vloerisolatiebedrijf<\/strong> in <a href=\"https:\/\/www.bruxelles.be\/\">Brussel<\/a> implementeert EMB oplossingen die zijn aangepast aan elk project: <strong>membraan onder dekvloer<\/strong>, <strong>isolatieplaten<\/strong>, geprojecteerd <strong>PUR<\/strong> of <strong>akoestische isolatie<\/strong>.<\/p><p>Wij begeleiden u ook bij de procedures met betrekking tot energiepremies voor uw isolatiewerken in <strong>Belgi\u00eb<\/strong>.<\/p>\t\t\t\t\t\t\t\t<\/div>\n\t\t\t\t<div class=\"elementor-element elementor-element-7c127746 elementor-widget elementor-widget-spacer\" data-id=\"7c127746\" data-element_type=\"widget\" data-e-type=\"widget\" data-widget_type=\"spacer.default\">\n\t\t\t\t\t\t\t<div class=\"elementor-spacer\">\n\t\t\t<div class=\"elementor-spacer-inner\"><\/div>\n\t\t<\/div>\n\t\t\t\t\t\t<\/div>\n\t\t\t\t\t<\/div>\n\t\t<\/div>\n\t\t\t\t<div class=\"elementor-column elementor-col-50 elementor-top-column elementor-element elementor-element-2c5669d4\" data-id=\"2c5669d4\" data-element_type=\"column\" data-e-type=\"column\">\n\t\t\t<div class=\"elementor-widget-wrap elementor-element-populated\">\n\t\t\t\t\t\t<div class=\"elementor-element elementor-element-6d9ce109 elementor-widget__width-initial elementor-widget-mobile__width-auto elementor-widget elementor-widget-image\" data-id=\"6d9ce109\" data-element_type=\"widget\" data-e-type=\"widget\" data-widget_type=\"image.default\">\n\t\t\t\t\t\t\t\t\t\t\t\t\t\t\t<img decoding=\"async\" src=\"https:\/\/www.emb.be\/wp-content\/uploads\/elementor\/thumbs\/isolation-sol-bruxelles-membrane-sous-chape-01-rme9nxvurrecmx2efr9ifltblwz72gmflgljt27ymo.jpg\" title=\"Plaatsing van een membraan onder dekvloer voor vloerisolatie in Brussel op renovatiewerf\" alt=\"Plaatsing van een membraan onder dekvloer voor vloerisolatie in Brussel op renovatiewerf\" loading=\"lazy\" \/>\t\t\t\t\t\t\t\t\t\t\t\t\t\t\t<\/div>\n\t\t\t\t\t<\/div>\n\t\t<\/div>\n\t\t\t\t\t<\/div>\n\t\t<\/section>\n\t\t\t\t<section class=\"elementor-section elementor-top-section elementor-element elementor-element-5833c390 elementor-section-boxed elementor-section-height-default elementor-section-height-default\" data-id=\"5833c390\" data-element_type=\"section\" data-e-type=\"section\">\n\t\t\t\t\t\t<div class=\"elementor-container elementor-column-gap-wider\">\n\t\t\t\t\t<div class=\"elementor-column elementor-col-100 elementor-top-column elementor-element elementor-element-2ae653f9\" data-id=\"2ae653f9\" data-element_type=\"column\" data-e-type=\"column\">\n\t\t\t<div class=\"elementor-widget-wrap elementor-element-populated\">\n\t\t\t\t\t\t<div class=\"elementor-element elementor-element-1e62a80e elementor-widget elementor-widget-heading\" data-id=\"1e62a80e\" data-element_type=\"widget\" data-e-type=\"widget\" data-widget_type=\"heading.default\">\n\t\t\t\t\t<h2 class=\"elementor-heading-title elementor-size-default\">Vloerisolatie: wat u moet weten<\/h2>\t\t\t\t<\/div>\n\t\t\t\t<div class=\"elementor-element elementor-element-79266ef2 content-align-center icon-position-top icon-vertical-align-center icon-box-vertical-align-center elementor-widget elementor-widget-the7_icon_box_grid_widget\" data-id=\"79266ef2\" data-element_type=\"widget\" data-e-type=\"widget\" data-widget_type=\"the7_icon_box_grid_widget.default\">\n\t\t\t\t<div class=\"elementor-widget-container\">\n\t\t\t\t\t<div class=\"the7-box-grid-wrapper the7-elementor-widget loading-effect-none the7_icon_box_grid_widget-79266ef2\">\t\t\t<div class=\"dt-css-grid\">\n\t\t\t\t\t\t\t\t\t<div class=\"wf-cell shown\">\n\t\t\t\t\t\t<div class=\"the7-icon-box-grid\">\t\t\t\t\t\t\t<div class=\"box-content-wrapper\">\n\t\t\t\t\t\t\t\t\t\t\t\t\t\t\t\t<div class=\"box-content\">\n\t\t\t\t\t\t\t\t\t\t\t\t\t\t\t\t\t\t\t\t\t\t\t\t\t\t\t\t\t<h3 class=\"box-heading\">\n\t\t\t\t\t\t\t\t\t\t\t<a aria-label=\"Minder warmteverlies\">\t\t\t\t\t\t\t\t\t\t\t\tMinder warmteverlies\t\t\t\t\t\t\t\t\t\t\t<\/a>\t\t\t\t\t\t\t\t\t\t<\/h3>\n\t\t\t\t\t\t\t\t\t\t\t\t\t\t\t\t\t\t\t\t\t\t\t\t\t\t\t\t<div class=\"box-description\">Thermische vloerisolatie beperkt energieverlies en verbetert de prestaties van het gebouw.<\/div>\n\t\t\t\t\t\t\t\t\t\t\t\t\t\t\t\t\t\t\t\t\t\t\t\t\t\t<\/div>\n\t\t\t\t\t\t\t<\/div>\n\t\t\t\t\t\t<\/div>\t\t\t\t\t<\/div>\n\t\t\t\t\t\t\t\t\t<div class=\"wf-cell shown\">\n\t\t\t\t\t\t<div class=\"the7-icon-box-grid\">\t\t\t\t\t\t\t<div class=\"box-content-wrapper\">\n\t\t\t\t\t\t\t\t\t\t\t\t\t\t\t\t<div class=\"box-content\">\n\t\t\t\t\t\t\t\t\t\t\t\t\t\t\t\t\t\t\t\t\t\t\t\t\t\t\t\t\t<h3 class=\"box-heading\">\n\t\t\t\t\t\t\t\t\t\t\t<a aria-label=\"Meer thermisch comfort\">\t\t\t\t\t\t\t\t\t\t\t\tMeer thermisch comfort\t\t\t\t\t\t\t\t\t\t\t<\/a>\t\t\t\t\t\t\t\t\t\t<\/h3>\n\t\t\t\t\t\t\t\t\t\t\t\t\t\t\t\t\t\t\t\t\t\t\t\t\t\t\t\t<div class=\"box-description\">Een ge\u00efsoleerde vloer zorgt voor een beter thermisch gevoel en vermindert temperatuurschommelingen binnen.<\/div>\n\t\t\t\t\t\t\t\t\t\t\t\t\t\t\t\t\t\t\t\t\t\t\t\t\t\t<\/div>\n\t\t\t\t\t\t\t<\/div>\n\t\t\t\t\t\t<\/div>\t\t\t\t\t<\/div>\n\t\t\t\t\t\t\t\t\t<div class=\"wf-cell shown\">\n\t\t\t\t\t\t<div class=\"the7-icon-box-grid\">\t\t\t\t\t\t\t<div class=\"box-content-wrapper\">\n\t\t\t\t\t\t\t\t\t\t\t\t\t\t\t\t<div class=\"box-content\">\n\t\t\t\t\t\t\t\t\t\t\t\t\t\t\t\t\t\t\t\t\t\t\t\t\t\t\t\t\t<h3 class=\"box-heading\">\n\t\t\t\t\t\t\t\t\t\t\t<a aria-label=\"Betere akoestische isolatie\">\t\t\t\t\t\t\t\t\t\t\t\tBetere akoestische isolatie\t\t\t\t\t\t\t\t\t\t\t<\/a>\t\t\t\t\t\t\t\t\t\t<\/h3>\n\t\t\t\t\t\t\t\t\t\t\t\t\t\t\t\t\t\t\t\t\t\t\t\t\t\t\t\t<div class=\"box-description\">Aangepaste oplossingen verminderen de geluidsoverdracht tussen verdiepingen en verbeteren het wooncomfort.<\/div>\n\t\t\t\t\t\t\t\t\t\t\t\t\t\t\t\t\t\t\t\t\t\t\t\t\t\t<\/div>\n\t\t\t\t\t\t\t<\/div>\n\t\t\t\t\t\t<\/div>\t\t\t\t\t<\/div>\n\t\t\t\t\t\t\t\t\t<div class=\"wf-cell shown\">\n\t\t\t\t\t\t<div class=\"the7-icon-box-grid\">\t\t\t\t\t\t\t<div class=\"box-content-wrapper\">\n\t\t\t\t\t\t\t\t\t\t\t\t\t\t\t\t<div class=\"box-content\">\n\t\t\t\t\t\t\t\t\t\t\t\t\t\t\t\t\t\t\t\t\t\t\t\t\t\t\t\t\t<h3 class=\"box-heading\">\n\t\t\t\t\t\t\t\t\t\t\t<a href=\"https:\/\/www.emb.be\/servies\/service01\" aria-label=\"Oplossing aangepast aan het project\">\t\t\t\t\t\t\t\t\t\t\t\tOplossing aangepast aan het project\t\t\t\t\t\t\t\t\t\t\t<\/a>\t\t\t\t\t\t\t\t\t\t<\/h3>\n\t\t\t\t\t\t\t\t\t\t\t\t\t\t\t\t\t\t\t\t\t\t\t\t\t\t\t\t<div class=\"box-description\">Isolatie onder dekvloer, platen of projectie: elk systeem wordt gekozen op basis van het gebouw en het gebruik ervan.<\/div>\n\t\t\t\t\t\t\t\t\t\t\t\t\t\t\t\t\t\t\t\t\t\t\t\t\t\t<\/div>\n\t\t\t\t\t\t\t<\/div>\n\t\t\t\t\t\t<\/div>\t\t\t\t\t<\/div>\n\t\t\t\t\t\t\t<\/div>\n\t\t<\/div>\t\t\t\t<\/div>\n\t\t\t\t<\/div>\n\t\t\t\t\t<\/div>\n\t\t<\/div>\n\t\t\t\t\t<\/div>\n\t\t<\/section>\n\t\t\t\t<section class=\"elementor-section elementor-top-section elementor-element elementor-element-7934ea1d elementor-section-boxed elementor-section-height-default elementor-section-height-default\" data-id=\"7934ea1d\" data-element_type=\"section\" data-e-type=\"section\" data-settings=\"{&quot;background_background&quot;:&quot;classic&quot;}\">\n\t\t\t\t\t\t<div class=\"elementor-container elementor-column-gap-wider\">\n\t\t\t\t\t<div class=\"elementor-column elementor-col-100 elementor-top-column elementor-element elementor-element-60da10e7\" data-id=\"60da10e7\" data-element_type=\"column\" data-e-type=\"column\">\n\t\t\t<div class=\"elementor-widget-wrap elementor-element-populated\">\n\t\t\t\t\t\t<div class=\"elementor-element elementor-element-5ce40216 elementor-widget elementor-widget-heading\" data-id=\"5ce40216\" data-element_type=\"widget\" data-e-type=\"widget\" data-widget_type=\"heading.default\">\n\t\t\t\t\t<h2 class=\"elementor-heading-title elementor-size-default\">Vloerisolatieoplossingen<\/h2>\t\t\t\t<\/div>\n\t\t\t\t\t<\/div>\n\t\t<\/div>\n\t\t\t\t\t<\/div>\n\t\t<\/section>\n\t\t\t\t<section class=\"elementor-section elementor-top-section elementor-element elementor-element-76d61c9e elementor-section-boxed elementor-section-height-default elementor-section-height-default\" data-id=\"76d61c9e\" data-element_type=\"section\" data-e-type=\"section\" data-settings=\"{&quot;background_background&quot;:&quot;classic&quot;}\">\n\t\t\t\t\t\t<div class=\"elementor-container elementor-column-gap-wider\">\n\t\t\t\t\t<div class=\"elementor-column elementor-col-50 elementor-top-column elementor-element elementor-element-3d9c98a6\" data-id=\"3d9c98a6\" data-element_type=\"column\" data-e-type=\"column\">\n\t\t\t<div class=\"elementor-widget-wrap elementor-element-populated\">\n\t\t\t\t\t\t<div class=\"elementor-element elementor-element-4f783fd1 elementor-widget-mobile__width-auto elementor-widget elementor-widget-image\" data-id=\"4f783fd1\" data-element_type=\"widget\" data-e-type=\"widget\" data-widget_type=\"image.default\">\n\t\t\t\t\t\t\t\t\t\t\t\t\t\t\t<img decoding=\"async\" src=\"https:\/\/www.emb.be\/wp-content\/uploads\/elementor\/thumbs\/preparation-isolation-sol-avant-chape-bruxelles-02-rme9nzrg3sgf3n8m9b7oymnb8q2cnqun2ip0bpmolk.jpg\" title=\"Voorbereiding van een vloerisolatie v\u00f3\u00f3r dekvloer in een gang van een werf in Brussel\" alt=\"Voorbereiding van een vloerisolatie v\u00f3\u00f3r dekvloer in een gang van een werf in Brussel\" loading=\"lazy\" \/>\t\t\t\t\t\t\t\t\t\t\t\t\t\t\t<\/div>\n\t\t\t\t<div class=\"elementor-element elementor-element-130929d7 elementor-widget elementor-widget-spacer\" data-id=\"130929d7\" data-element_type=\"widget\" data-e-type=\"widget\" data-widget_type=\"spacer.default\">\n\t\t\t\t\t\t\t<div class=\"elementor-spacer\">\n\t\t\t<div class=\"elementor-spacer-inner\"><\/div>\n\t\t<\/div>\n\t\t\t\t\t\t<\/div>\n\t\t\t\t<div class=\"elementor-element elementor-element-4e7c5f6 elementor-widget elementor-widget-heading\" data-id=\"4e7c5f6\" data-element_type=\"widget\" data-e-type=\"widget\" data-widget_type=\"heading.default\">\n\t\t\t\t\t<h3 class=\"elementor-heading-title elementor-size-default\">Thermische vloerisolatie<\/h3>\t\t\t\t<\/div>\n\t\t\t\t<div class=\"elementor-element elementor-element-6f31fcd1 elementor-widget elementor-widget-spacer\" data-id=\"6f31fcd1\" data-element_type=\"widget\" data-e-type=\"widget\" data-widget_type=\"spacer.default\">\n\t\t\t\t\t\t\t<div class=\"elementor-spacer\">\n\t\t\t<div class=\"elementor-spacer-inner\"><\/div>\n\t\t<\/div>\n\t\t\t\t\t\t<\/div>\n\t\t\t\t<div class=\"elementor-element elementor-element-4b9d048 elementor-icon-list--layout-traditional elementor-list-item-link-full_width elementor-widget elementor-widget-icon-list\" data-id=\"4b9d048\" data-element_type=\"widget\" data-e-type=\"widget\" data-widget_type=\"icon-list.default\">\n\t\t\t\t\t\t\t<ul class=\"elementor-icon-list-items\">\n\t\t\t\t\t\t\t<li class=\"elementor-icon-list-item\">\n\t\t\t\t\t\t\t\t\t\t\t<span class=\"elementor-icon-list-icon\">\n\t\t\t\t\t\t\t<svg aria-hidden=\"true\" class=\"e-font-icon-svg e-fas-check\" viewBox=\"0 0 512 512\" xmlns=\"http:\/\/www.w3.org\/2000\/svg\"><path d=\"M173.898 439.404l-166.4-166.4c-9.997-9.997-9.997-26.206 0-36.204l36.203-36.204c9.997-9.998 26.207-9.998 36.204 0L192 312.69 432.095 72.596c9.997-9.997 26.207-9.997 36.204 0l36.203 36.204c9.997 9.997 9.997 26.206 0 36.204l-294.4 294.401c-9.998 9.997-26.207 9.997-36.204-.001z\"><\/path><\/svg>\t\t\t\t\t\t<\/span>\n\t\t\t\t\t\t\t\t\t\t<span class=\"elementor-icon-list-text\">Isolatieplaten onder dekvloer<\/span>\n\t\t\t\t\t\t\t\t\t<\/li>\n\t\t\t\t\t\t\t\t<li class=\"elementor-icon-list-item\">\n\t\t\t\t\t\t\t\t\t\t\t<span class=\"elementor-icon-list-icon\">\n\t\t\t\t\t\t\t<svg aria-hidden=\"true\" class=\"e-font-icon-svg e-fas-check\" viewBox=\"0 0 512 512\" xmlns=\"http:\/\/www.w3.org\/2000\/svg\"><path d=\"M173.898 439.404l-166.4-166.4c-9.997-9.997-9.997-26.206 0-36.204l36.203-36.204c9.997-9.998 26.207-9.998 36.204 0L192 312.69 432.095 72.596c9.997-9.997 26.207-9.997 36.204 0l36.203 36.204c9.997 9.997 9.997 26.206 0 36.204l-294.4 294.401c-9.998 9.997-26.207 9.997-36.204-.001z\"><\/path><\/svg>\t\t\t\t\t\t<\/span>\n\t\t\t\t\t\t\t\t\t\t<span class=\"elementor-icon-list-text\">Isolerende membranen<\/span>\n\t\t\t\t\t\t\t\t\t<\/li>\n\t\t\t\t\t\t\t\t<li class=\"elementor-icon-list-item\">\n\t\t\t\t\t\t\t\t\t\t\t<span class=\"elementor-icon-list-icon\">\n\t\t\t\t\t\t\t<svg aria-hidden=\"true\" class=\"e-font-icon-svg e-fas-check\" viewBox=\"0 0 512 512\" xmlns=\"http:\/\/www.w3.org\/2000\/svg\"><path d=\"M173.898 439.404l-166.4-166.4c-9.997-9.997-9.997-26.206 0-36.204l36.203-36.204c9.997-9.998 26.207-9.998 36.204 0L192 312.69 432.095 72.596c9.997-9.997 26.207-9.997 36.204 0l36.203 36.204c9.997 9.997 9.997 26.206 0 36.204l-294.4 294.401c-9.998 9.997-26.207 9.997-36.204-.001z\"><\/path><\/svg>\t\t\t\t\t\t<\/span>\n\t\t\t\t\t\t\t\t\t\t<span class=\"elementor-icon-list-text\">Geprojecteerd PUR<\/span>\n\t\t\t\t\t\t\t\t\t<\/li>\n\t\t\t\t\t\t\t\t<li class=\"elementor-icon-list-item\">\n\t\t\t\t\t\t\t\t\t\t\t<span class=\"elementor-icon-list-icon\">\n\t\t\t\t\t\t\t<svg aria-hidden=\"true\" class=\"e-font-icon-svg e-fas-check\" viewBox=\"0 0 512 512\" xmlns=\"http:\/\/www.w3.org\/2000\/svg\"><path d=\"M173.898 439.404l-166.4-166.4c-9.997-9.997-9.997-26.206 0-36.204l36.203-36.204c9.997-9.998 26.207-9.998 36.204 0L192 312.69 432.095 72.596c9.997-9.997 26.207-9.997 36.204 0l36.203 36.204c9.997 9.997 9.997 26.206 0 36.204l-294.4 294.401c-9.998 9.997-26.207 9.997-36.204-.001z\"><\/path><\/svg>\t\t\t\t\t\t<\/span>\n\t\t\t\t\t\t\t\t\t\t<span class=\"elementor-icon-list-text\">Geprojecteerd EPS<\/span>\n\t\t\t\t\t\t\t\t\t<\/li>\n\t\t\t\t\t\t\t\t<li class=\"elementor-icon-list-item\">\n\t\t\t\t\t\t\t\t\t\t\t<span class=\"elementor-icon-list-icon\">\n\t\t\t\t\t\t\t<svg aria-hidden=\"true\" class=\"e-font-icon-svg e-fas-check\" viewBox=\"0 0 512 512\" xmlns=\"http:\/\/www.w3.org\/2000\/svg\"><path d=\"M173.898 439.404l-166.4-166.4c-9.997-9.997-9.997-26.206 0-36.204l36.203-36.204c9.997-9.998 26.207-9.998 36.204 0L192 312.69 432.095 72.596c9.997-9.997 26.207-9.997 36.204 0l36.203 36.204c9.997 9.997 9.997 26.206 0 36.204l-294.4 294.401c-9.998 9.997-26.207 9.997-36.204-.001z\"><\/path><\/svg>\t\t\t\t\t\t<\/span>\n\t\t\t\t\t\t\t\t\t\t<span class=\"elementor-icon-list-text\">Oplossingen aangepast aan renovaties<\/span>\n\t\t\t\t\t\t\t\t\t<\/li>\n\t\t\t\t\t\t\t\t<li class=\"elementor-icon-list-item\">\n\t\t\t\t\t\t\t\t\t\t\t<span class=\"elementor-icon-list-icon\">\n\t\t\t\t\t\t\t<svg aria-hidden=\"true\" class=\"e-font-icon-svg e-fas-check\" viewBox=\"0 0 512 512\" xmlns=\"http:\/\/www.w3.org\/2000\/svg\"><path d=\"M173.898 439.404l-166.4-166.4c-9.997-9.997-9.997-26.206 0-36.204l36.203-36.204c9.997-9.998 26.207-9.998 36.204 0L192 312.69 432.095 72.596c9.997-9.997 26.207-9.997 36.204 0l36.203 36.204c9.997 9.997 9.997 26.206 0 36.204l-294.4 294.401c-9.998 9.997-26.207 9.997-36.204-.001z\"><\/path><\/svg>\t\t\t\t\t\t<\/span>\n\t\t\t\t\t\t\t\t\t\t<span class=\"elementor-icon-list-text\">Isolatie op basis van biobronmaterialen<\/span>\n\t\t\t\t\t\t\t\t\t<\/li>\n\t\t\t\t\t\t<\/ul>\n\t\t\t\t\t\t<\/div>\n\t\t\t\t\t<\/div>\n\t\t<\/div>\n\t\t\t\t<div class=\"elementor-column elementor-col-50 elementor-top-column elementor-element elementor-element-3cfe3c1d\" data-id=\"3cfe3c1d\" data-element_type=\"column\" data-e-type=\"column\">\n\t\t\t<div class=\"elementor-widget-wrap elementor-element-populated\">\n\t\t\t\t\t\t<div class=\"elementor-element elementor-element-694e6ec9 elementor-widget-mobile__width-auto elementor-widget elementor-widget-image\" data-id=\"694e6ec9\" data-element_type=\"widget\" data-e-type=\"widget\" data-widget_type=\"image.default\">\n\t\t\t\t\t\t\t\t\t\t\t\t\t\t\t<img decoding=\"async\" src=\"https:\/\/www.emb.be\/wp-content\/uploads\/elementor\/thumbs\/isolation-thermique-sol-sous-chape-bruxelles-03-rme9nytlwyf4s19zest2e4vunc6zg1qwqe1iufo2rs.jpg\" title=\"Thermische vloerisolatie onder dekvloer op groot binnenoppervlak in renovatie in Brussel\" alt=\"Thermische vloerisolatie onder dekvloer op groot binnenoppervlak in renovatie in Brussel\" loading=\"lazy\" \/>\t\t\t\t\t\t\t\t\t\t\t\t\t\t\t<\/div>\n\t\t\t\t<div class=\"elementor-element elementor-element-aee2584 elementor-widget elementor-widget-spacer\" data-id=\"aee2584\" data-element_type=\"widget\" data-e-type=\"widget\" data-widget_type=\"spacer.default\">\n\t\t\t\t\t\t\t<div class=\"elementor-spacer\">\n\t\t\t<div class=\"elementor-spacer-inner\"><\/div>\n\t\t<\/div>\n\t\t\t\t\t\t<\/div>\n\t\t\t\t<div class=\"elementor-element elementor-element-e4a2f3e elementor-widget elementor-widget-heading\" data-id=\"e4a2f3e\" data-element_type=\"widget\" data-e-type=\"widget\" data-widget_type=\"heading.default\">\n\t\t\t\t\t<h3 class=\"elementor-heading-title elementor-size-default\">Akoestische isolatie<\/h3>\t\t\t\t<\/div>\n\t\t\t\t<div class=\"elementor-element elementor-element-46c2d36b elementor-widget elementor-widget-spacer\" data-id=\"46c2d36b\" data-element_type=\"widget\" data-e-type=\"widget\" data-widget_type=\"spacer.default\">\n\t\t\t\t\t\t\t<div class=\"elementor-spacer\">\n\t\t\t<div class=\"elementor-spacer-inner\"><\/div>\n\t\t<\/div>\n\t\t\t\t\t\t<\/div>\n\t\t\t\t<div class=\"elementor-element elementor-element-317a8ee2 elementor-icon-list--layout-traditional elementor-list-item-link-full_width elementor-widget elementor-widget-icon-list\" data-id=\"317a8ee2\" data-element_type=\"widget\" data-e-type=\"widget\" data-widget_type=\"icon-list.default\">\n\t\t\t\t\t\t\t<ul class=\"elementor-icon-list-items\">\n\t\t\t\t\t\t\t<li class=\"elementor-icon-list-item\">\n\t\t\t\t\t\t\t\t\t\t\t<span class=\"elementor-icon-list-icon\">\n\t\t\t\t\t\t\t<svg aria-hidden=\"true\" class=\"e-font-icon-svg e-fas-check\" viewBox=\"0 0 512 512\" xmlns=\"http:\/\/www.w3.org\/2000\/svg\"><path d=\"M173.898 439.404l-166.4-166.4c-9.997-9.997-9.997-26.206 0-36.204l36.203-36.204c9.997-9.998 26.207-9.998 36.204 0L192 312.69 432.095 72.596c9.997-9.997 26.207-9.997 36.204 0l36.203 36.204c9.997 9.997 9.997 26.206 0 36.204l-294.4 294.401c-9.998 9.997-26.207 9.997-36.204-.001z\"><\/path><\/svg>\t\t\t\t\t\t<\/span>\n\t\t\t\t\t\t\t\t\t\t<span class=\"elementor-icon-list-text\">Akoestische membranen onder dekvloer<\/span>\n\t\t\t\t\t\t\t\t\t<\/li>\n\t\t\t\t\t\t\t\t<li class=\"elementor-icon-list-item\">\n\t\t\t\t\t\t\t\t\t\t\t<span class=\"elementor-icon-list-icon\">\n\t\t\t\t\t\t\t<svg aria-hidden=\"true\" class=\"e-font-icon-svg e-fas-check\" viewBox=\"0 0 512 512\" xmlns=\"http:\/\/www.w3.org\/2000\/svg\"><path d=\"M173.898 439.404l-166.4-166.4c-9.997-9.997-9.997-26.206 0-36.204l36.203-36.204c9.997-9.998 26.207-9.998 36.204 0L192 312.69 432.095 72.596c9.997-9.997 26.207-9.997 36.204 0l36.203 36.204c9.997 9.997 9.997 26.206 0 36.204l-294.4 294.401c-9.998 9.997-26.207 9.997-36.204-.001z\"><\/path><\/svg>\t\t\t\t\t\t<\/span>\n\t\t\t\t\t\t\t\t\t\t<span class=\"elementor-icon-list-text\">Dikte aangepast aan het project (\u2248 3 mm tot 1 cm)<\/span>\n\t\t\t\t\t\t\t\t\t<\/li>\n\t\t\t\t\t\t\t\t<li class=\"elementor-icon-list-item\">\n\t\t\t\t\t\t\t\t\t\t\t<span class=\"elementor-icon-list-icon\">\n\t\t\t\t\t\t\t<svg aria-hidden=\"true\" class=\"e-font-icon-svg e-fas-check\" viewBox=\"0 0 512 512\" xmlns=\"http:\/\/www.w3.org\/2000\/svg\"><path d=\"M173.898 439.404l-166.4-166.4c-9.997-9.997-9.997-26.206 0-36.204l36.203-36.204c9.997-9.998 26.207-9.998 36.204 0L192 312.69 432.095 72.596c9.997-9.997 26.207-9.997 36.204 0l36.203 36.204c9.997 9.997 9.997 26.206 0 36.204l-294.4 294.401c-9.998 9.997-26.207 9.997-36.204-.001z\"><\/path><\/svg>\t\t\t\t\t\t<\/span>\n\t\t\t\t\t\t\t\t\t\t<span class=\"elementor-icon-list-text\">Oplossingen voor woningen en gebouwen<\/span>\n\t\t\t\t\t\t\t\t\t<\/li>\n\t\t\t\t\t\t\t\t<li class=\"elementor-icon-list-item\">\n\t\t\t\t\t\t\t\t\t\t\t<span class=\"elementor-icon-list-icon\">\n\t\t\t\t\t\t\t<svg aria-hidden=\"true\" class=\"e-font-icon-svg e-fas-check\" viewBox=\"0 0 512 512\" xmlns=\"http:\/\/www.w3.org\/2000\/svg\"><path d=\"M173.898 439.404l-166.4-166.4c-9.997-9.997-9.997-26.206 0-36.204l36.203-36.204c9.997-9.998 26.207-9.998 36.204 0L192 312.69 432.095 72.596c9.997-9.997 26.207-9.997 36.204 0l36.203 36.204c9.997 9.997 9.997 26.206 0 36.204l-294.4 294.401c-9.998 9.997-26.207 9.997-36.204-.001z\"><\/path><\/svg>\t\t\t\t\t\t<\/span>\n\t\t\t\t\t\t\t\t\t\t<span class=\"elementor-icon-list-text\">Aanpassing volgens de bestemming van het gebouw<\/span>\n\t\t\t\t\t\t\t\t\t<\/li>\n\t\t\t\t\t\t<\/ul>\n\t\t\t\t\t\t<\/div>\n\t\t\t\t\t<\/div>\n\t\t<\/div>\n\t\t\t\t\t<\/div>\n\t\t<\/section>\n\t\t\t\t<section class=\"elementor-section elementor-top-section elementor-element elementor-element-2b557fdb elementor-section-height-min-height elementor-section-items-stretch elementor-section-content-middle elementor-reverse-tablet elementor-reverse-mobile elementor-section-boxed elementor-section-height-default\" data-id=\"2b557fdb\" data-element_type=\"section\" data-e-type=\"section\">\n\t\t\t\t\t\t<div class=\"elementor-container elementor-column-gap-wider\">\n\t\t\t\t\t<div class=\"elementor-column elementor-col-50 elementor-top-column elementor-element elementor-element-776db8c5\" data-id=\"776db8c5\" data-element_type=\"column\" data-e-type=\"column\">\n\t\t\t<div class=\"elementor-widget-wrap elementor-element-populated\">\n\t\t\t\t\t\t<div class=\"elementor-element elementor-element-13b89fa7 elementor-widget elementor-widget-heading\" data-id=\"13b89fa7\" data-element_type=\"widget\" data-e-type=\"widget\" data-widget_type=\"heading.default\">\n\t\t\t\t\t<h2 class=\"elementor-heading-title elementor-size-default\">Waarom EMB inschakelen voor uw vloerisolatie in Brussel?<\/h2>\t\t\t\t<\/div>\n\t\t\t\t<div class=\"elementor-element elementor-element-11fdddfa elementor-widget elementor-widget-spacer\" data-id=\"11fdddfa\" data-element_type=\"widget\" data-e-type=\"widget\" data-widget_type=\"spacer.default\">\n\t\t\t\t\t\t\t<div class=\"elementor-spacer\">\n\t\t\t<div class=\"elementor-spacer-inner\"><\/div>\n\t\t<\/div>\n\t\t\t\t\t\t<\/div>\n\t\t\t\t<div class=\"elementor-element elementor-element-475af48c elementor-widget elementor-widget-text-editor\" data-id=\"475af48c\" data-element_type=\"widget\" data-e-type=\"widget\" data-widget_type=\"text-editor.default\">\n\t\t\t\t\t\t\t\t\t<p>Als <strong>vloerisolatiebedrijf in Brussel<\/strong> begeleidt EMB particulieren, architecten en professionals bij de implementatie van oplossingen die zijn aangepast aan elk gebouw, zowel bij nieuwbouw als bij vloerisolatierenovatie.<\/p><p>Onze aanpak combineert technische analyse, materiaalkeuze en beheerste uitvoering om een performante en duurzame thermische vloerisolatie te garanderen.<\/p>\t\t\t\t\t\t\t\t<\/div>\n\t\t\t\t<div class=\"elementor-element elementor-element-119df25c elementor-widget elementor-widget-spacer\" data-id=\"119df25c\" data-element_type=\"widget\" data-e-type=\"widget\" data-widget_type=\"spacer.default\">\n\t\t\t\t\t\t\t<div class=\"elementor-spacer\">\n\t\t\t<div class=\"elementor-spacer-inner\"><\/div>\n\t\t<\/div>\n\t\t\t\t\t\t<\/div>\n\t\t\t\t<div class=\"elementor-element elementor-element-346d2ce9 elementor-icon-list--layout-traditional elementor-list-item-link-full_width elementor-widget elementor-widget-icon-list\" data-id=\"346d2ce9\" data-element_type=\"widget\" data-e-type=\"widget\" data-widget_type=\"icon-list.default\">\n\t\t\t\t\t\t\t<ul class=\"elementor-icon-list-items\">\n\t\t\t\t\t\t\t<li class=\"elementor-icon-list-item\">\n\t\t\t\t\t\t\t\t\t\t\t<span class=\"elementor-icon-list-icon\">\n\t\t\t\t\t\t\t<svg aria-hidden=\"true\" class=\"e-font-icon-svg e-fas-check\" viewBox=\"0 0 512 512\" xmlns=\"http:\/\/www.w3.org\/2000\/svg\"><path d=\"M173.898 439.404l-166.4-166.4c-9.997-9.997-9.997-26.206 0-36.204l36.203-36.204c9.997-9.998 26.207-9.998 36.204 0L192 312.69 432.095 72.596c9.997-9.997 26.207-9.997 36.204 0l36.203 36.204c9.997 9.997 9.997 26.206 0 36.204l-294.4 294.401c-9.998 9.997-26.207 9.997-36.204-.001z\"><\/path><\/svg>\t\t\t\t\t\t<\/span>\n\t\t\t\t\t\t\t\t\t\t<span class=\"elementor-icon-list-text\">Expertise in thermische en akoestische vloerisolatie<\/span>\n\t\t\t\t\t\t\t\t\t<\/li>\n\t\t\t\t\t\t\t\t<li class=\"elementor-icon-list-item\">\n\t\t\t\t\t\t\t\t\t\t\t<span class=\"elementor-icon-list-icon\">\n\t\t\t\t\t\t\t<svg aria-hidden=\"true\" class=\"e-font-icon-svg e-fas-check\" viewBox=\"0 0 512 512\" xmlns=\"http:\/\/www.w3.org\/2000\/svg\"><path d=\"M173.898 439.404l-166.4-166.4c-9.997-9.997-9.997-26.206 0-36.204l36.203-36.204c9.997-9.998 26.207-9.998 36.204 0L192 312.69 432.095 72.596c9.997-9.997 26.207-9.997 36.204 0l36.203 36.204c9.997 9.997 9.997 26.206 0 36.204l-294.4 294.401c-9.998 9.997-26.207 9.997-36.204-.001z\"><\/path><\/svg>\t\t\t\t\t\t<\/span>\n\t\t\t\t\t\t\t\t\t\t<span class=\"elementor-icon-list-text\">Plaatsing van een membraan onder dekvloer aangepast aan het project<\/span>\n\t\t\t\t\t\t\t\t\t<\/li>\n\t\t\t\t\t\t\t\t<li class=\"elementor-icon-list-item\">\n\t\t\t\t\t\t\t\t\t\t\t<span class=\"elementor-icon-list-icon\">\n\t\t\t\t\t\t\t<svg aria-hidden=\"true\" class=\"e-font-icon-svg e-fas-check\" viewBox=\"0 0 512 512\" xmlns=\"http:\/\/www.w3.org\/2000\/svg\"><path d=\"M173.898 439.404l-166.4-166.4c-9.997-9.997-9.997-26.206 0-36.204l36.203-36.204c9.997-9.998 26.207-9.998 36.204 0L192 312.69 432.095 72.596c9.997-9.997 26.207-9.997 36.204 0l36.203 36.204c9.997 9.997 9.997 26.206 0 36.204l-294.4 294.401c-9.998 9.997-26.207 9.997-36.204-.001z\"><\/path><\/svg>\t\t\t\t\t\t<\/span>\n\t\t\t\t\t\t\t\t\t\t<span class=\"elementor-icon-list-text\">Naleving van energie- en technische eisen<\/span>\n\t\t\t\t\t\t\t\t\t<\/li>\n\t\t\t\t\t\t\t\t<li class=\"elementor-icon-list-item\">\n\t\t\t\t\t\t\t\t\t\t\t<span class=\"elementor-icon-list-icon\">\n\t\t\t\t\t\t\t<svg aria-hidden=\"true\" class=\"e-font-icon-svg e-fas-check\" viewBox=\"0 0 512 512\" xmlns=\"http:\/\/www.w3.org\/2000\/svg\"><path d=\"M173.898 439.404l-166.4-166.4c-9.997-9.997-9.997-26.206 0-36.204l36.203-36.204c9.997-9.998 26.207-9.998 36.204 0L192 312.69 432.095 72.596c9.997-9.997 26.207-9.997 36.204 0l36.203 36.204c9.997 9.997 9.997 26.206 0 36.204l-294.4 294.401c-9.998 9.997-26.207 9.997-36.204-.001z\"><\/path><\/svg>\t\t\t\t\t\t<\/span>\n\t\t\t\t\t\t\t\t\t\t<span class=\"elementor-icon-list-text\">Oplossingen voor nieuwbouw en renovatie<\/span>\n\t\t\t\t\t\t\t\t\t<\/li>\n\t\t\t\t\t\t<\/ul>\n\t\t\t\t\t\t<\/div>\n\t\t\t\t\t<\/div>\n\t\t<\/div>\n\t\t\t\t<div class=\"elementor-column elementor-col-50 elementor-top-column elementor-element elementor-element-1e177897\" data-id=\"1e177897\" data-element_type=\"column\" data-e-type=\"column\">\n\t\t\t<div class=\"elementor-widget-wrap elementor-element-populated\">\n\t\t\t\t\t\t<div class=\"elementor-element elementor-element-21c77b30 elementor-widget__width-initial elementor-widget-mobile__width-auto elementor-widget elementor-widget-image\" data-id=\"21c77b30\" data-element_type=\"widget\" data-e-type=\"widget\" data-widget_type=\"image.default\">\n\t\t\t\t\t\t\t\t\t\t\t\t\t\t\t<img decoding=\"async\" src=\"https:\/\/www.emb.be\/wp-content\/uploads\/elementor\/thumbs\/sol-beton-lave-exterieur-bruxelles-belgique-rip7vqycl8q5d4g3bzriz9os3db1dyrrpcjawd5gr4.jpg\" title=\"uitgewassen beton buiten voor omgevingen en trappen in Brussel\" alt=\"uitgewassen beton buiten voor omgevingen en trappen in Brussel\" loading=\"lazy\" \/>\t\t\t\t\t\t\t\t\t\t\t\t\t\t\t<\/div>\n\t\t\t\t\t<\/div>\n\t\t<\/div>\n\t\t\t\t\t<\/div>\n\t\t<\/section>\n\t\t<div class=\"elementor-element elementor-element-245de9cc e-con-full e-flex e-con e-parent\" data-id=\"245de9cc\" data-element_type=\"container\" data-e-type=\"container\" data-settings=\"{&quot;animation&quot;:&quot;none&quot;,&quot;background_background&quot;:&quot;classic&quot;}\">\n\t\t<div class=\"elementor-element elementor-element-34457248 e-con-full animated-slow e-transform e-flex e-con e-child\" data-id=\"34457248\" data-element_type=\"container\" data-e-type=\"container\" data-settings=\"{&quot;background_background&quot;:&quot;classic&quot;,&quot;animation&quot;:&quot;none&quot;,&quot;_transform_scaleX_effect_hover&quot;:{&quot;unit&quot;:&quot;px&quot;,&quot;size&quot;:&quot;&quot;,&quot;sizes&quot;:[]},&quot;_transform_scaleX_effect_hover_tablet&quot;:{&quot;unit&quot;:&quot;px&quot;,&quot;size&quot;:&quot;&quot;,&quot;sizes&quot;:[]},&quot;_transform_scaleX_effect_hover_mobile&quot;:{&quot;unit&quot;:&quot;px&quot;,&quot;size&quot;:&quot;&quot;,&quot;sizes&quot;:[]},&quot;_transform_scaleY_effect_hover&quot;:{&quot;unit&quot;:&quot;px&quot;,&quot;size&quot;:&quot;&quot;,&quot;sizes&quot;:[]},&quot;_transform_scaleY_effect_hover_tablet&quot;:{&quot;unit&quot;:&quot;px&quot;,&quot;size&quot;:&quot;&quot;,&quot;sizes&quot;:[]},&quot;_transform_scaleY_effect_hover_mobile&quot;:{&quot;unit&quot;:&quot;px&quot;,&quot;size&quot;:&quot;&quot;,&quot;sizes&quot;:[]}}\">\n\t\t\t\t<\/div>\n\t\t<div class=\"elementor-element elementor-element-49dda471 e-con-full e-flex e-con e-child\" data-id=\"49dda471\" data-element_type=\"container\" data-e-type=\"container\">\n\t\t\t\t<div class=\"elementor-element elementor-element-6ad97559 elementor-widget elementor-widget-heading\" data-id=\"6ad97559\" data-element_type=\"widget\" data-e-type=\"widget\" data-widget_type=\"heading.default\">\n\t\t\t\t\t<h2 class=\"elementor-heading-title elementor-size-default\">Hoe kiest u de juiste vloerisolatie?<\/h2>\t\t\t\t<\/div>\n\t\t\t\t<div class=\"elementor-element elementor-element-51748409 elementor-widget elementor-widget-spacer\" data-id=\"51748409\" data-element_type=\"widget\" data-e-type=\"widget\" data-widget_type=\"spacer.default\">\n\t\t\t\t\t\t\t<div class=\"elementor-spacer\">\n\t\t\t<div class=\"elementor-spacer-inner\"><\/div>\n\t\t<\/div>\n\t\t\t\t\t\t<\/div>\n\t\t\t\t<div class=\"elementor-element elementor-element-562a96f elementor-widget elementor-widget-text-editor\" data-id=\"562a96f\" data-element_type=\"widget\" data-e-type=\"widget\" data-widget_type=\"text-editor.default\">\n\t\t\t\t\t\t\t\t\t<p>De keuze van een isolatie hangt af van verschillende technische criteria: type gebouw, bestaande ondergrond, energie-eisen en beperkingen van de werf. Een voorafgaande analyse garandeert een duurzame en performante oplossing.  Omdat elk project anders is, begeleiden onze teams u naar de meest geschikte oplossing: isolatie onder dekvloer, PUR\/EPS-projectie of technische membranen.<\/p>\t\t\t\t\t\t\t\t<\/div>\n\t\t\t\t<div class=\"elementor-element elementor-element-641632c elementor-widget elementor-widget-spacer\" data-id=\"641632c\" data-element_type=\"widget\" data-e-type=\"widget\" data-widget_type=\"spacer.default\">\n\t\t\t\t\t\t\t<div class=\"elementor-spacer\">\n\t\t\t<div class=\"elementor-spacer-inner\"><\/div>\n\t\t<\/div>\n\t\t\t\t\t\t<\/div>\n\t\t\t\t<div class=\"elementor-element elementor-element-696ea57c icon-position-mobile-left icon-vertical-align-center content-align-left icon-box-vertical-align-top icon-position-left elementor-widget elementor-widget-the7_icon_box_grid_widget\" data-id=\"696ea57c\" data-element_type=\"widget\" data-e-type=\"widget\" data-widget_type=\"the7_icon_box_grid_widget.default\">\n\t\t\t\t<div class=\"elementor-widget-container\">\n\t\t\t\t\t<div class=\"the7-box-grid-wrapper the7-elementor-widget loading-effect-none the7_icon_box_grid_widget-696ea57c\">\t\t\t<div class=\"dt-css-grid\">\n\t\t\t\t\t\t\t\t\t<div class=\"wf-cell shown\">\n\t\t\t\t\t\t<a class=\"the7-icon-box-grid box-hover\" aria-label=\"Type bestaande ondergrond\">\t\t\t\t\t\t\t<div class=\"box-content-wrapper\">\n\t\t\t\t\t\t\t\t\t\t\t\t\t\t\t\t\t<div class=\"elementor-icon-div\">\t\t\t\t\t\t\t\t\t\t<div class=\"elementor-icon\">\n\t\t\t\t\t\t\t\t\t\t\t\t\t\t\t\t\t\t\t\t\t<\/div>\n\t\t\t\t\t\t\t\t\t<\/div>\t\t\t\t\t\t\t\t\t\t\t\t\t\t\t\t<div class=\"box-content\">\n\t\t\t\t\t\t\t\t\t\t\t\t\t\t\t\t\t\t\t\t\t\t\t\t\t\t\t\t\t<div class=\"box-heading\">\n\t\t\t\t\t\t\t\t\t\t\t\t\t\t\t\t\t\t\t\t\t\t\tType bestaande ondergrond\t\t\t\t\t\t\t\t\t\t\t\t\t\t\t\t\t\t\t\t\t<\/div>\n\t\t\t\t\t\t\t\t\t\t\t\t\t\t\t\t\t\t\t\t\t\t\t\t\t\t\t\t\t\t\t\t\t\t\t<\/div>\n\t\t\t\t\t\t\t<\/div>\n\t\t\t\t\t\t<\/a>\t\t\t\t\t<\/div>\n\t\t\t\t\t\t\t\t\t<div class=\"wf-cell shown\">\n\t\t\t\t\t\t<a class=\"the7-icon-box-grid box-hover\" aria-label=\"Gewenste thermische prestaties\">\t\t\t\t\t\t\t<div class=\"box-content-wrapper\">\n\t\t\t\t\t\t\t\t\t\t\t\t\t\t\t\t\t<div class=\"elementor-icon-div\">\t\t\t\t\t\t\t\t\t\t<div class=\"elementor-icon\">\n\t\t\t\t\t\t\t\t\t\t\t\t\t\t\t\t\t\t\t\t\t<\/div>\n\t\t\t\t\t\t\t\t\t<\/div>\t\t\t\t\t\t\t\t\t\t\t\t\t\t\t\t<div class=\"box-content\">\n\t\t\t\t\t\t\t\t\t\t\t\t\t\t\t\t\t\t\t\t\t\t\t\t\t\t\t\t\t<div class=\"box-heading\">\n\t\t\t\t\t\t\t\t\t\t\t\t\t\t\t\t\t\t\t\t\t\t\tGewenste thermische prestaties\t\t\t\t\t\t\t\t\t\t\t\t\t\t\t\t\t\t\t\t\t<\/div>\n\t\t\t\t\t\t\t\t\t\t\t\t\t\t\t\t\t\t\t\t\t\t\t\t\t\t\t\t\t\t\t\t\t\t\t<\/div>\n\t\t\t\t\t\t\t<\/div>\n\t\t\t\t\t\t<\/a>\t\t\t\t\t<\/div>\n\t\t\t\t\t\t\t\t\t<div class=\"wf-cell shown\">\n\t\t\t\t\t\t<a class=\"the7-icon-box-grid box-hover\" aria-label=\"Behoefte aan akoestische isolatie\">\t\t\t\t\t\t\t<div class=\"box-content-wrapper\">\n\t\t\t\t\t\t\t\t\t\t\t\t\t\t\t\t\t<div class=\"elementor-icon-div\">\t\t\t\t\t\t\t\t\t\t<div class=\"elementor-icon\">\n\t\t\t\t\t\t\t\t\t\t\t\t\t\t\t\t\t\t\t\t\t<\/div>\n\t\t\t\t\t\t\t\t\t<\/div>\t\t\t\t\t\t\t\t\t\t\t\t\t\t\t\t<div class=\"box-content\">\n\t\t\t\t\t\t\t\t\t\t\t\t\t\t\t\t\t\t\t\t\t\t\t\t\t\t\t\t\t<div class=\"box-heading\">\n\t\t\t\t\t\t\t\t\t\t\t\t\t\t\t\t\t\t\t\t\t\t\tBehoefte aan akoestische isolatie\t\t\t\t\t\t\t\t\t\t\t\t\t\t\t\t\t\t\t\t\t<\/div>\n\t\t\t\t\t\t\t\t\t\t\t\t\t\t\t\t\t\t\t\t\t\t\t\t\t\t\t\t\t\t\t\t\t\t\t<\/div>\n\t\t\t\t\t\t\t<\/div>\n\t\t\t\t\t\t<\/a>\t\t\t\t\t<\/div>\n\t\t\t\t\t\t\t\t\t<div class=\"wf-cell shown\">\n\t\t\t\t\t\t<a class=\"the7-icon-box-grid box-hover\" aria-label=\"Technische beperkingen van de werf\">\t\t\t\t\t\t\t<div class=\"box-content-wrapper\">\n\t\t\t\t\t\t\t\t\t\t\t\t\t\t\t\t\t<div class=\"elementor-icon-div\">\t\t\t\t\t\t\t\t\t\t<div class=\"elementor-icon\">\n\t\t\t\t\t\t\t\t\t\t\t\t\t\t\t\t\t\t\t\t\t<\/div>\n\t\t\t\t\t\t\t\t\t<\/div>\t\t\t\t\t\t\t\t\t\t\t\t\t\t\t\t<div class=\"box-content\">\n\t\t\t\t\t\t\t\t\t\t\t\t\t\t\t\t\t\t\t\t\t\t\t\t\t\t\t\t\t<div class=\"box-heading\">\n\t\t\t\t\t\t\t\t\t\t\t\t\t\t\t\t\t\t\t\t\t\t\tTechnische beperkingen van de werf\t\t\t\t\t\t\t\t\t\t\t\t\t\t\t\t\t\t\t\t\t<\/div>\n\t\t\t\t\t\t\t\t\t\t\t\t\t\t\t\t\t\t\t\t\t\t\t\t\t\t\t\t\t\t\t\t\t\t\t<\/div>\n\t\t\t\t\t\t\t<\/div>\n\t\t\t\t\t\t<\/a>\t\t\t\t\t<\/div>\n\t\t\t\t\t\t\t\t\t<div class=\"wf-cell shown\">\n\t\t\t\t\t\t<a class=\"the7-icon-box-grid box-hover\" aria-label=\"Compatibiliteit met de dekvloer, het vloerverwarmingssysteem en de vloerbedekking\">\t\t\t\t\t\t\t<div class=\"box-content-wrapper\">\n\t\t\t\t\t\t\t\t\t\t\t\t\t\t\t\t\t<div class=\"elementor-icon-div\">\t\t\t\t\t\t\t\t\t\t<div class=\"elementor-icon\">\n\t\t\t\t\t\t\t\t\t\t\t\t\t\t\t\t\t\t\t\t\t<\/div>\n\t\t\t\t\t\t\t\t\t<\/div>\t\t\t\t\t\t\t\t\t\t\t\t\t\t\t\t<div class=\"box-content\">\n\t\t\t\t\t\t\t\t\t\t\t\t\t\t\t\t\t\t\t\t\t\t\t\t\t\t\t\t\t<div class=\"box-heading\">\n\t\t\t\t\t\t\t\t\t\t\t\t\t\t\t\t\t\t\t\t\t\t\tCompatibiliteit met de dekvloer, het vloerverwarmingssysteem en de vloerbedekking\t\t\t\t\t\t\t\t\t\t\t\t\t\t\t\t\t\t\t\t\t<\/div>\n\t\t\t\t\t\t\t\t\t\t\t\t\t\t\t\t\t\t\t\t\t\t\t\t\t\t\t\t\t\t\t\t\t\t\t<\/div>\n\t\t\t\t\t\t\t<\/div>\n\t\t\t\t\t\t<\/a>\t\t\t\t\t<\/div>\n\t\t\t\t\t\t\t<\/div>\n\t\t<\/div>\t\t\t\t<\/div>\n\t\t\t\t<\/div>\n\t\t\t\t<div class=\"elementor-element elementor-element-77e1f29e elementor-widget elementor-widget-spacer\" data-id=\"77e1f29e\" data-element_type=\"widget\" data-e-type=\"widget\" data-widget_type=\"spacer.default\">\n\t\t\t\t\t\t\t<div class=\"elementor-spacer\">\n\t\t\t<div class=\"elementor-spacer-inner\"><\/div>\n\t\t<\/div>\n\t\t\t\t\t\t<\/div>\n\t\t\t\t<\/div>\n\t\t\t\t<\/div>\n\t\t\t\t<section class=\"elementor-section elementor-top-section elementor-element elementor-element-6978f220 elementor-section-boxed elementor-section-height-default elementor-section-height-default\" data-id=\"6978f220\" data-element_type=\"section\" data-e-type=\"section\">\n\t\t\t\t\t\t<div class=\"elementor-container elementor-column-gap-wider\">\n\t\t\t\t\t<div class=\"elementor-column elementor-col-100 elementor-top-column elementor-element elementor-element-df1e15b\" data-id=\"df1e15b\" data-element_type=\"column\" data-e-type=\"column\">\n\t\t\t<div class=\"elementor-widget-wrap elementor-element-populated\">\n\t\t\t\t\t\t<div class=\"elementor-element elementor-element-173c2bb3 elementor-widget elementor-widget-heading\" data-id=\"173c2bb3\" data-element_type=\"widget\" data-e-type=\"widget\" data-widget_type=\"heading.default\">\n\t\t\t\t\t<h2 class=\"elementor-heading-title elementor-size-default\">Realisaties van vloerisolatie<\/h2>\t\t\t\t<\/div>\n\t\t\t\t\t<\/div>\n\t\t<\/div>\n\t\t\t\t\t<\/div>\n\t\t<\/section>\n\t\t\t\t<section class=\"elementor-section elementor-top-section elementor-element elementor-element-40d90e46 elementor-section-boxed elementor-section-height-default elementor-section-height-default\" data-id=\"40d90e46\" data-element_type=\"section\" data-e-type=\"section\">\n\t\t\t\t\t\t<div class=\"elementor-container elementor-column-gap-wider\">\n\t\t\t\t\t<div class=\"elementor-column elementor-col-100 elementor-top-column elementor-element elementor-element-63c24c8d\" data-id=\"63c24c8d\" data-element_type=\"column\" data-e-type=\"column\">\n\t\t\t<div class=\"elementor-widget-wrap elementor-element-populated\">\n\t\t\t\t\t\t<div class=\"elementor-element elementor-element-5ab65df7 img-align-top slide-h-position-center image-vertical-align-center arrows-relative-to-image icon-box-vertical-align-top preserve-img-ratio-cover bullets-small-dot-stroke elementor-widget elementor-widget-the7-elements-simple-posts-carousel\" data-id=\"5ab65df7\" data-element_type=\"widget\" data-e-type=\"widget\" data-settings=\"{&quot;widget_columns&quot;:3,&quot;gap_between_posts&quot;:{&quot;unit&quot;:&quot;px&quot;,&quot;size&quot;:45,&quot;sizes&quot;:[]},&quot;widget_columns_tablet&quot;:2,&quot;widget_columns_mobile&quot;:1,&quot;gap_between_posts_tablet&quot;:{&quot;unit&quot;:&quot;px&quot;,&quot;size&quot;:&quot;&quot;,&quot;sizes&quot;:[]},&quot;gap_between_posts_mobile&quot;:{&quot;unit&quot;:&quot;px&quot;,&quot;size&quot;:&quot;&quot;,&quot;sizes&quot;:[]}}\" data-widget_type=\"the7-elements-simple-posts-carousel.default\">\n\t\t\t\t<div class=\"elementor-widget-container\">\n\t\t\t\t\t<div class=\"disable-arrows-hover-bg owl-carousel the7-elementor-widget the7-simple-widget-posts-carousel elementor-owl-carousel-call loading-effect-none classic-layout-list the7-elements-simple-posts-carousel-5ab65df7\" data-scroll-mode=\"1\" data-auto-height=\"false\" data-speed=\"600\" data-autoplay=\"false\" data-autoplay_speed=\"\"><article class=\"post visible wrapper dt-owl-item-wrap post-94313 dt_portfolio type-dt_portfolio status-publish has-post-thumbnail hentry dt_portfolio_category-betonvloeren\">\n\t\t\t\t<div class=\"post-content-wrapper\">\n\t\t\t\t\t\t\t\t\t\t\t<div class=\"the7-simple-post-thumb\">\n\t\t\t\t\t\t\t<a class=\"post-thumbnail-rollover layzr-bg img-css-resize-wrapper\" aria-label=\"Berichtafbeelding\" href=\"https:\/\/www.emb.be\/nl\/project\/minhardur-vloer-handmatig-gladgestreken-tint-lrg-in-een-privevilla\/\"><img fetchpriority=\"high\" decoding=\"async\" width=\"1600\" height=\"1066\" src=\"data:image\/svg+xml,%3Csvg%20xmlns%3D&#039;http%3A%2F%2Fwww.w3.org%2F2000%2Fsvg&#039;%20viewBox%3D&#039;0%200%201600%201066&#039;%2F%3E\" class=\"attachment-full size-full preload-me aspect lazy lazy-load\" alt=\"\" sizes=\"(max-width: 1600px) 100vw, 1600px\" style=\"--ratio: 1600 \/ 1066;\" data-src=\"https:\/\/www.emb.be\/wp-content\/uploads\/2026\/04\/prive-minhardur-lrg-entree-01.jpg\" loading=\"eager\" data-srcset=\"https:\/\/www.emb.be\/wp-content\/uploads\/2026\/04\/prive-minhardur-lrg-entree-01.jpg 1600w, https:\/\/www.emb.be\/wp-content\/uploads\/2026\/04\/prive-minhardur-lrg-entree-01-300x200.jpg 300w, https:\/\/www.emb.be\/wp-content\/uploads\/2026\/04\/prive-minhardur-lrg-entree-01-1024x682.jpg 1024w, https:\/\/www.emb.be\/wp-content\/uploads\/2026\/04\/prive-minhardur-lrg-entree-01-768x512.jpg 768w, https:\/\/www.emb.be\/wp-content\/uploads\/2026\/04\/prive-minhardur-lrg-entree-01-1536x1023.jpg 1536w\" \/><span class=\"the7-hover-icon\"><i aria-hidden=\"true\" class=\"feather feather-more-horizontal\"><\/i><\/span><\/a>\t\t\t\t\t\t<\/div>\n\t\t\t\t\t\n\t\t\t\t\t<div class=\"post-entry-content\">\n\t\t\t\t\t\t<h5 class=\"heading\"><a href=\"https:\/\/www.emb.be\/nl\/project\/minhardur-vloer-handmatig-gladgestreken-tint-lrg-in-een-privevilla\/\" rel=\"bookmark\" title=\"MinHardur-vloer handmatig gladgestreken, tint LRG, in een priv\u00e9villa\" class=\"post-title\">MinHardur-vloer handmatig gladgestreken, tint LRG, in een priv\u00e9villa<\/a><\/h5><div class=\"entry-meta\"><span class=\"meta-item category-link\"><a href=\"https:\/\/www.emb.be\/nl\/realisatie-categorie\/betonvloeren\/\" rel=\"tag\">Betonvloeren<\/a><\/span><\/div><div class=\"details-wrap\"><a href=\"https:\/\/www.emb.be\/nl\/project\/minhardur-vloer-handmatig-gladgestreken-tint-lrg-in-een-privevilla\/\" target=\"\" aria-label=\"Lesen Sie mehr \u00fcber MinHardur-vloer handmatig gladgestreken, tint LRG, in een priv\u00e9villa\" class=\"box-button elementor-button elementor-size-xs\">Bekijk de realisatie<\/a><\/div>\t\t\t\t\t<\/div>\n\t\t\t\t<\/div>\n\n\t\t\t<\/article><article class=\"post visible wrapper dt-owl-item-wrap post-94299 dt_portfolio type-dt_portfolio status-publish has-post-thumbnail hentry dt_portfolio_category-afwerkingen-alternatieven\">\n\t\t\t\t<div class=\"post-content-wrapper\">\n\t\t\t\t\t\t\t\t\t\t\t<div class=\"the7-simple-post-thumb\">\n\t\t\t\t\t\t\t<a class=\"post-thumbnail-rollover layzr-bg img-css-resize-wrapper\" aria-label=\"Berichtafbeelding\" href=\"https:\/\/www.emb.be\/nl\/project\/microtopping-voor-de-kantoren-van-group-s-ursulinenstraat\/\"><img decoding=\"async\" width=\"1600\" height=\"1066\" src=\"data:image\/svg+xml,%3Csvg%20xmlns%3D&#039;http%3A%2F%2Fwww.w3.org%2F2000%2Fsvg&#039;%20viewBox%3D&#039;0%200%201600%201066&#039;%2F%3E\" class=\"attachment-full size-full preload-me aspect lazy lazy-load\" alt=\"\" sizes=\"(max-width: 1600px) 100vw, 1600px\" style=\"--ratio: 1600 \/ 1066;\" data-src=\"https:\/\/www.emb.be\/wp-content\/uploads\/2026\/04\/group-s-ursulines-detail-plinthe-microtopping-06.jpg\" loading=\"eager\" data-srcset=\"https:\/\/www.emb.be\/wp-content\/uploads\/2026\/04\/group-s-ursulines-detail-plinthe-microtopping-06.jpg 1600w, https:\/\/www.emb.be\/wp-content\/uploads\/2026\/04\/group-s-ursulines-detail-plinthe-microtopping-06-300x200.jpg 300w, https:\/\/www.emb.be\/wp-content\/uploads\/2026\/04\/group-s-ursulines-detail-plinthe-microtopping-06-1024x682.jpg 1024w, https:\/\/www.emb.be\/wp-content\/uploads\/2026\/04\/group-s-ursulines-detail-plinthe-microtopping-06-768x512.jpg 768w, https:\/\/www.emb.be\/wp-content\/uploads\/2026\/04\/group-s-ursulines-detail-plinthe-microtopping-06-1536x1023.jpg 1536w\" \/><span class=\"the7-hover-icon\"><i aria-hidden=\"true\" class=\"feather feather-more-horizontal\"><\/i><\/span><\/a>\t\t\t\t\t\t<\/div>\n\t\t\t\t\t\n\t\t\t\t\t<div class=\"post-entry-content\">\n\t\t\t\t\t\t<h5 class=\"heading\"><a href=\"https:\/\/www.emb.be\/nl\/project\/microtopping-voor-de-kantoren-van-group-s-ursulinenstraat\/\" rel=\"bookmark\" title=\"Microtopping voor de kantoren van Group S, Ursulinenstraat\" class=\"post-title\">Microtopping voor de kantoren van Group S, Ursulinenstraat<\/a><\/h5><div class=\"entry-meta\"><span class=\"meta-item category-link\"><a href=\"https:\/\/www.emb.be\/nl\/realisatie-categorie\/afwerkingen-alternatieven\/\" rel=\"tag\">Afwerkingen &amp; alternatieven<\/a><\/span><\/div><div class=\"details-wrap\"><a href=\"https:\/\/www.emb.be\/nl\/project\/microtopping-voor-de-kantoren-van-group-s-ursulinenstraat\/\" target=\"\" aria-label=\"Lesen Sie mehr \u00fcber Microtopping voor de kantoren van Group S, Ursulinenstraat\" class=\"box-button elementor-button elementor-size-xs\">Bekijk de realisatie<\/a><\/div>\t\t\t\t\t<\/div>\n\t\t\t\t<\/div>\n\n\t\t\t<\/article><article class=\"post visible wrapper dt-owl-item-wrap post-94255 dt_portfolio type-dt_portfolio status-publish has-post-thumbnail hentry dt_portfolio_category-technisch-beton\">\n\t\t\t\t<div class=\"post-content-wrapper\">\n\t\t\t\t\t\t\t\t\t\t\t<div class=\"the7-simple-post-thumb\">\n\t\t\t\t\t\t\t<a class=\"post-thumbnail-rollover layzr-bg img-css-resize-wrapper\" aria-label=\"Berichtafbeelding\" href=\"https:\/\/www.emb.be\/nl\/project\/geribbelde-betonnen-helling-voor-ondergrondse-parking-in-evere\/\"><img decoding=\"async\" width=\"1600\" height=\"1066\" src=\"data:image\/svg+xml,%3Csvg%20xmlns%3D&#039;http%3A%2F%2Fwww.w3.org%2F2000%2Fsvg&#039;%20viewBox%3D&#039;0%200%201600%201066&#039;%2F%3E\" class=\"attachment-full size-full preload-me aspect lazy lazy-load\" alt=\"\" sizes=\"(max-width: 1600px) 100vw, 1600px\" style=\"--ratio: 1600 \/ 1066;\" data-src=\"https:\/\/www.emb.be\/wp-content\/uploads\/2026\/04\/evere-rampe-striee-vue-aerienne-01.jpg\" loading=\"eager\" data-srcset=\"https:\/\/www.emb.be\/wp-content\/uploads\/2026\/04\/evere-rampe-striee-vue-aerienne-01.jpg 1600w, https:\/\/www.emb.be\/wp-content\/uploads\/2026\/04\/evere-rampe-striee-vue-aerienne-01-300x200.jpg 300w, https:\/\/www.emb.be\/wp-content\/uploads\/2026\/04\/evere-rampe-striee-vue-aerienne-01-1024x682.jpg 1024w, https:\/\/www.emb.be\/wp-content\/uploads\/2026\/04\/evere-rampe-striee-vue-aerienne-01-768x512.jpg 768w, https:\/\/www.emb.be\/wp-content\/uploads\/2026\/04\/evere-rampe-striee-vue-aerienne-01-1536x1023.jpg 1536w\" \/><span class=\"the7-hover-icon\"><i aria-hidden=\"true\" class=\"feather feather-more-horizontal\"><\/i><\/span><\/a>\t\t\t\t\t\t<\/div>\n\t\t\t\t\t\n\t\t\t\t\t<div class=\"post-entry-content\">\n\t\t\t\t\t\t<h5 class=\"heading\"><a href=\"https:\/\/www.emb.be\/nl\/project\/geribbelde-betonnen-helling-voor-ondergrondse-parking-in-evere\/\" rel=\"bookmark\" title=\"Geribbelde betonnen helling voor ondergrondse parking in Evere\" class=\"post-title\">Geribbelde betonnen helling voor ondergrondse parking in Evere<\/a><\/h5><div class=\"entry-meta\"><span class=\"meta-item category-link\"><a href=\"https:\/\/www.emb.be\/nl\/realisatie-categorie\/technisch-beton\/\" rel=\"tag\">Technisch beton<\/a><\/span><\/div><div class=\"details-wrap\"><a href=\"https:\/\/www.emb.be\/nl\/project\/geribbelde-betonnen-helling-voor-ondergrondse-parking-in-evere\/\" target=\"\" aria-label=\"Lesen Sie mehr \u00fcber Geribbelde betonnen helling voor ondergrondse parking in Evere\" class=\"box-button elementor-button elementor-size-xs\">Bekijk de realisatie<\/a><\/div>\t\t\t\t\t<\/div>\n\t\t\t\t<\/div>\n\n\t\t\t<\/article><article class=\"post visible wrapper dt-owl-item-wrap post-94342 dt_portfolio type-dt_portfolio status-publish has-post-thumbnail hentry dt_portfolio_category-betonvloeren\">\n\t\t\t\t<div class=\"post-content-wrapper\">\n\t\t\t\t\t\t\t\t\t\t\t<div class=\"the7-simple-post-thumb\">\n\t\t\t\t\t\t\t<a class=\"post-thumbnail-rollover layzr-bg img-css-resize-wrapper\" aria-label=\"Berichtafbeelding\" href=\"https:\/\/www.emb.be\/nl\/project\/handmatig-minhardur-binnenvloer-voor-architectenwoning\/\"><img decoding=\"async\" width=\"1200\" height=\"1600\" src=\"data:image\/svg+xml,%3Csvg%20xmlns%3D&#039;http%3A%2F%2Fwww.w3.org%2F2000%2Fsvg&#039;%20viewBox%3D&#039;0%200%201200%201600&#039;%2F%3E\" class=\"attachment-full size-full preload-me aspect lazy lazy-load\" alt=\"Sol en b\u00e9ton int\u00e9rieur MinHardur manuel dans un espace de vie haut de gamme\" sizes=\"(max-width: 1200px) 100vw, 1200px\" style=\"--ratio: 1200 \/ 1600;\" data-src=\"https:\/\/www.emb.be\/wp-content\/uploads\/2026\/04\/beton-interieur-minhardur-manuel-espace-vie-03.jpg\" loading=\"eager\" data-srcset=\"https:\/\/www.emb.be\/wp-content\/uploads\/2026\/04\/beton-interieur-minhardur-manuel-espace-vie-03.jpg 1200w, https:\/\/www.emb.be\/wp-content\/uploads\/2026\/04\/beton-interieur-minhardur-manuel-espace-vie-03-225x300.jpg 225w, https:\/\/www.emb.be\/wp-content\/uploads\/2026\/04\/beton-interieur-minhardur-manuel-espace-vie-03-768x1024.jpg 768w, https:\/\/www.emb.be\/wp-content\/uploads\/2026\/04\/beton-interieur-minhardur-manuel-espace-vie-03-1152x1536.jpg 1152w\" \/><span class=\"the7-hover-icon\"><i aria-hidden=\"true\" class=\"feather feather-more-horizontal\"><\/i><\/span><\/a>\t\t\t\t\t\t<\/div>\n\t\t\t\t\t\n\t\t\t\t\t<div class=\"post-entry-content\">\n\t\t\t\t\t\t<h5 class=\"heading\"><a href=\"https:\/\/www.emb.be\/nl\/project\/handmatig-minhardur-binnenvloer-voor-architectenwoning\/\" rel=\"bookmark\" title=\"Handmatig MinHardur binnenvloer voor architectenwoning\" class=\"post-title\">Handmatig MinHardur binnenvloer voor architectenwoning<\/a><\/h5><div class=\"entry-meta\"><span class=\"meta-item category-link\"><a href=\"https:\/\/www.emb.be\/nl\/realisatie-categorie\/betonvloeren\/\" rel=\"tag\">Betonvloeren<\/a><\/span><\/div><div class=\"details-wrap\"><a href=\"https:\/\/www.emb.be\/nl\/project\/handmatig-minhardur-binnenvloer-voor-architectenwoning\/\" target=\"\" aria-label=\"Lesen Sie mehr \u00fcber Handmatig MinHardur binnenvloer voor architectenwoning\" class=\"box-button elementor-button elementor-size-xs\">Bekijk de realisatie<\/a><\/div>\t\t\t\t\t<\/div>\n\t\t\t\t<\/div>\n\n\t\t\t<\/article><article class=\"post visible wrapper dt-owl-item-wrap post-94391 dt_portfolio type-dt_portfolio status-publish has-post-thumbnail hentry dt_portfolio_category-betonvloeren\">\n\t\t\t\t<div class=\"post-content-wrapper\">\n\t\t\t\t\t\t\t\t\t\t\t<div class=\"the7-simple-post-thumb\">\n\t\t\t\t\t\t\t<a class=\"post-thumbnail-rollover layzr-bg img-css-resize-wrapper\" aria-label=\"Berichtafbeelding\" href=\"https:\/\/www.emb.be\/nl\/project\/handmatig-gevlinderd-binnenbeton-in-een-hedendaagse-villa\/\"><img decoding=\"async\" width=\"1066\" height=\"1600\" src=\"data:image\/svg+xml,%3Csvg%20xmlns%3D&#039;http%3A%2F%2Fwww.w3.org%2F2000%2Fsvg&#039;%20viewBox%3D&#039;0%200%201066%201600&#039;%2F%3E\" class=\"attachment-full size-full preload-me aspect lazy lazy-load\" alt=\"Sol en b\u00e9ton int\u00e9rieur liss\u00e9 manuellement dans une villa contemporaine avec finition gris clair\" sizes=\"(max-width: 1066px) 100vw, 1066px\" style=\"--ratio: 1066 \/ 1600;\" data-src=\"https:\/\/www.emb.be\/wp-content\/uploads\/2026\/04\/beton-interieur-lissage-manuel-villa-01.jpg\" loading=\"eager\" data-srcset=\"https:\/\/www.emb.be\/wp-content\/uploads\/2026\/04\/beton-interieur-lissage-manuel-villa-01.jpg 1066w, https:\/\/www.emb.be\/wp-content\/uploads\/2026\/04\/beton-interieur-lissage-manuel-villa-01-200x300.jpg 200w, https:\/\/www.emb.be\/wp-content\/uploads\/2026\/04\/beton-interieur-lissage-manuel-villa-01-682x1024.jpg 682w, https:\/\/www.emb.be\/wp-content\/uploads\/2026\/04\/beton-interieur-lissage-manuel-villa-01-768x1153.jpg 768w, https:\/\/www.emb.be\/wp-content\/uploads\/2026\/04\/beton-interieur-lissage-manuel-villa-01-1023x1536.jpg 1023w\" \/><span class=\"the7-hover-icon\"><i aria-hidden=\"true\" class=\"feather feather-more-horizontal\"><\/i><\/span><\/a>\t\t\t\t\t\t<\/div>\n\t\t\t\t\t\n\t\t\t\t\t<div class=\"post-entry-content\">\n\t\t\t\t\t\t<h5 class=\"heading\"><a href=\"https:\/\/www.emb.be\/nl\/project\/handmatig-gevlinderd-binnenbeton-in-een-hedendaagse-villa\/\" rel=\"bookmark\" title=\"Handmatig gevlinderd binnenbeton in een hedendaagse villa\" class=\"post-title\">Handmatig gevlinderd binnenbeton in een hedendaagse villa<\/a><\/h5><div class=\"entry-meta\"><span class=\"meta-item category-link\"><a href=\"https:\/\/www.emb.be\/nl\/realisatie-categorie\/betonvloeren\/\" rel=\"tag\">Betonvloeren<\/a><\/span><\/div><div class=\"details-wrap\"><a href=\"https:\/\/www.emb.be\/nl\/project\/handmatig-gevlinderd-binnenbeton-in-een-hedendaagse-villa\/\" target=\"\" aria-label=\"Lesen Sie mehr \u00fcber Handmatig gevlinderd binnenbeton in een hedendaagse villa\" class=\"box-button elementor-button elementor-size-xs\">Bekijk de realisatie<\/a><\/div>\t\t\t\t\t<\/div>\n\t\t\t\t<\/div>\n\n\t\t\t<\/article><article class=\"post visible wrapper dt-owl-item-wrap post-94385 dt_portfolio type-dt_portfolio status-publish has-post-thumbnail hentry dt_portfolio_category-technisch-beton\">\n\t\t\t\t<div class=\"post-content-wrapper\">\n\t\t\t\t\t\t\t\t\t\t\t<div class=\"the7-simple-post-thumb\">\n\t\t\t\t\t\t\t<a class=\"post-thumbnail-rollover layzr-bg img-css-resize-wrapper\" aria-label=\"Berichtafbeelding\" href=\"https:\/\/www.emb.be\/nl\/project\/buitenhelling-in-gebezemd-beton-voor-garage-toegang\/\"><img decoding=\"async\" width=\"1600\" height=\"1200\" src=\"data:image\/svg+xml,%3Csvg%20xmlns%3D&#039;http%3A%2F%2Fwww.w3.org%2F2000%2Fsvg&#039;%20viewBox%3D&#039;0%200%201600%201200&#039;%2F%3E\" class=\"attachment-full size-full preload-me aspect lazy lazy-load\" alt=\"Rampe de garage en b\u00e9ton stri\u00e9 avec pente technique et finition antid\u00e9rapante en ext\u00e9rieur\" sizes=\"(max-width: 1600px) 100vw, 1600px\" style=\"--ratio: 1600 \/ 1200;\" data-src=\"https:\/\/www.emb.be\/wp-content\/uploads\/2026\/04\/rampe-beton-striee-garage-exterieur-02.jpg\" loading=\"eager\" data-srcset=\"https:\/\/www.emb.be\/wp-content\/uploads\/2026\/04\/rampe-beton-striee-garage-exterieur-02.jpg 1600w, https:\/\/www.emb.be\/wp-content\/uploads\/2026\/04\/rampe-beton-striee-garage-exterieur-02-300x225.jpg 300w, https:\/\/www.emb.be\/wp-content\/uploads\/2026\/04\/rampe-beton-striee-garage-exterieur-02-1024x768.jpg 1024w, https:\/\/www.emb.be\/wp-content\/uploads\/2026\/04\/rampe-beton-striee-garage-exterieur-02-768x576.jpg 768w, https:\/\/www.emb.be\/wp-content\/uploads\/2026\/04\/rampe-beton-striee-garage-exterieur-02-1536x1152.jpg 1536w\" \/><span class=\"the7-hover-icon\"><i aria-hidden=\"true\" class=\"feather feather-more-horizontal\"><\/i><\/span><\/a>\t\t\t\t\t\t<\/div>\n\t\t\t\t\t\n\t\t\t\t\t<div class=\"post-entry-content\">\n\t\t\t\t\t\t<h5 class=\"heading\"><a href=\"https:\/\/www.emb.be\/nl\/project\/buitenhelling-in-gebezemd-beton-voor-garage-toegang\/\" rel=\"bookmark\" title=\"Buitenhelling in gebezemd beton voor garage-toegang\" class=\"post-title\">Buitenhelling in gebezemd beton voor garage-toegang<\/a><\/h5><div class=\"entry-meta\"><span class=\"meta-item category-link\"><a href=\"https:\/\/www.emb.be\/nl\/realisatie-categorie\/technisch-beton\/\" rel=\"tag\">Technisch beton<\/a><\/span><\/div><div class=\"details-wrap\"><a href=\"https:\/\/www.emb.be\/nl\/project\/buitenhelling-in-gebezemd-beton-voor-garage-toegang\/\" target=\"\" aria-label=\"Lesen Sie mehr \u00fcber Buitenhelling in gebezemd beton voor garage-toegang\" class=\"box-button elementor-button elementor-size-xs\">Bekijk de realisatie<\/a><\/div>\t\t\t\t\t<\/div>\n\t\t\t\t<\/div>\n\n\t\t\t<\/article><article class=\"post visible wrapper dt-owl-item-wrap post-94415 dt_portfolio type-dt_portfolio status-publish has-post-thumbnail hentry dt_portfolio_category-granito-terrazzo\">\n\t\t\t\t<div class=\"post-content-wrapper\">\n\t\t\t\t\t\t\t\t\t\t\t<div class=\"the7-simple-post-thumb\">\n\t\t\t\t\t\t\t<a class=\"post-thumbnail-rollover layzr-bg img-css-resize-wrapper\" aria-label=\"Berichtafbeelding\" href=\"https:\/\/www.emb.be\/nl\/project\/terrazzovloer-voor-professionele-ontvangstruimte\/\"><img decoding=\"async\" width=\"2048\" height=\"1365\" src=\"data:image\/svg+xml,%3Csvg%20xmlns%3D&#039;http%3A%2F%2Fwww.w3.org%2F2000%2Fsvg&#039;%20viewBox%3D&#039;0%200%202048%201365&#039;%2F%3E\" class=\"attachment-full size-full preload-me aspect lazy lazy-load\" alt=\"Sol en terrazzo clair dans un espace d\u2019attente du projet Tandens \u00e0 Roeselare\" sizes=\"(max-width: 2048px) 100vw, 2048px\" style=\"--ratio: 2048 \/ 1365;\" data-src=\"https:\/\/www.emb.be\/wp-content\/uploads\/2026\/04\/tandens-roeselare-sol-terrazzo-accueil-02.jpg\" loading=\"eager\" data-srcset=\"https:\/\/www.emb.be\/wp-content\/uploads\/2026\/04\/tandens-roeselare-sol-terrazzo-accueil-02.jpg 2048w, https:\/\/www.emb.be\/wp-content\/uploads\/2026\/04\/tandens-roeselare-sol-terrazzo-accueil-02-300x200.jpg 300w, https:\/\/www.emb.be\/wp-content\/uploads\/2026\/04\/tandens-roeselare-sol-terrazzo-accueil-02-1024x683.jpg 1024w, https:\/\/www.emb.be\/wp-content\/uploads\/2026\/04\/tandens-roeselare-sol-terrazzo-accueil-02-768x512.jpg 768w, https:\/\/www.emb.be\/wp-content\/uploads\/2026\/04\/tandens-roeselare-sol-terrazzo-accueil-02-1536x1024.jpg 1536w\" \/><span class=\"the7-hover-icon\"><i aria-hidden=\"true\" class=\"feather feather-more-horizontal\"><\/i><\/span><\/a>\t\t\t\t\t\t<\/div>\n\t\t\t\t\t\n\t\t\t\t\t<div class=\"post-entry-content\">\n\t\t\t\t\t\t<h5 class=\"heading\"><a href=\"https:\/\/www.emb.be\/nl\/project\/terrazzovloer-voor-professionele-ontvangstruimte\/\" rel=\"bookmark\" title=\"Terrazzovloer voor professionele ontvangstruimte\" class=\"post-title\">Terrazzovloer voor professionele ontvangstruimte<\/a><\/h5><div class=\"entry-meta\"><span class=\"meta-item category-link\"><a href=\"https:\/\/www.emb.be\/nl\/realisatie-categorie\/granito-terrazzo\/\" rel=\"tag\">Granito \/ terrazzo<\/a><\/span><\/div><div class=\"details-wrap\"><a href=\"https:\/\/www.emb.be\/nl\/project\/terrazzovloer-voor-professionele-ontvangstruimte\/\" target=\"\" aria-label=\"Lesen Sie mehr \u00fcber Terrazzovloer voor professionele ontvangstruimte\" class=\"box-button elementor-button elementor-size-xs\">Bekijk de realisatie<\/a><\/div>\t\t\t\t\t<\/div>\n\t\t\t\t<\/div>\n\n\t\t\t<\/article><article class=\"post visible wrapper dt-owl-item-wrap post-94373 dt_portfolio type-dt_portfolio status-publish has-post-thumbnail hentry dt_portfolio_category-granito-terrazzo\">\n\t\t\t\t<div class=\"post-content-wrapper\">\n\t\t\t\t\t\t\t\t\t\t\t<div class=\"the7-simple-post-thumb\">\n\t\t\t\t\t\t\t<a class=\"post-thumbnail-rollover layzr-bg img-css-resize-wrapper\" aria-label=\"Berichtafbeelding\" href=\"https:\/\/www.emb.be\/nl\/project\/hoogwaardige-terrazzo-voor-een-hedendaagse-villa\/\"><img decoding=\"async\" width=\"1600\" height=\"1200\" src=\"data:image\/svg+xml,%3Csvg%20xmlns%3D&#039;http%3A%2F%2Fwww.w3.org%2F2000%2Fsvg&#039;%20viewBox%3D&#039;0%200%201600%201200&#039;%2F%3E\" class=\"attachment-full size-full preload-me aspect lazy lazy-load\" alt=\"Sol en terrazzo d\u00e9coratif dans un s\u00e9jour lumineux avec vue sur le jardin\" sizes=\"(max-width: 1600px) 100vw, 1600px\" style=\"--ratio: 1600 \/ 1200;\" data-src=\"https:\/\/www.emb.be\/wp-content\/uploads\/2026\/04\/villa-privee-terrazzo-salon-vitre-01.jpg\" loading=\"eager\" data-srcset=\"https:\/\/www.emb.be\/wp-content\/uploads\/2026\/04\/villa-privee-terrazzo-salon-vitre-01.jpg 1600w, https:\/\/www.emb.be\/wp-content\/uploads\/2026\/04\/villa-privee-terrazzo-salon-vitre-01-300x225.jpg 300w, https:\/\/www.emb.be\/wp-content\/uploads\/2026\/04\/villa-privee-terrazzo-salon-vitre-01-1024x768.jpg 1024w, https:\/\/www.emb.be\/wp-content\/uploads\/2026\/04\/villa-privee-terrazzo-salon-vitre-01-768x576.jpg 768w, https:\/\/www.emb.be\/wp-content\/uploads\/2026\/04\/villa-privee-terrazzo-salon-vitre-01-1536x1152.jpg 1536w\" \/><span class=\"the7-hover-icon\"><i aria-hidden=\"true\" class=\"feather feather-more-horizontal\"><\/i><\/span><\/a>\t\t\t\t\t\t<\/div>\n\t\t\t\t\t\n\t\t\t\t\t<div class=\"post-entry-content\">\n\t\t\t\t\t\t<h5 class=\"heading\"><a href=\"https:\/\/www.emb.be\/nl\/project\/hoogwaardige-terrazzo-voor-een-hedendaagse-villa\/\" rel=\"bookmark\" title=\"Hoogwaardige terrazzo voor een hedendaagse villa\" class=\"post-title\">Hoogwaardige terrazzo voor een hedendaagse villa<\/a><\/h5><div class=\"entry-meta\"><span class=\"meta-item category-link\"><a href=\"https:\/\/www.emb.be\/nl\/realisatie-categorie\/granito-terrazzo\/\" rel=\"tag\">Granito \/ terrazzo<\/a><\/span><\/div><div class=\"details-wrap\"><a href=\"https:\/\/www.emb.be\/nl\/project\/hoogwaardige-terrazzo-voor-een-hedendaagse-villa\/\" target=\"\" aria-label=\"Lesen Sie mehr \u00fcber Hoogwaardige terrazzo voor een hedendaagse villa\" class=\"box-button elementor-button elementor-size-xs\">Bekijk de realisatie<\/a><\/div>\t\t\t\t\t<\/div>\n\t\t\t\t<\/div>\n\n\t\t\t<\/article><article class=\"post visible wrapper dt-owl-item-wrap post-94405 dt_portfolio type-dt_portfolio status-publish has-post-thumbnail hentry dt_portfolio_category-granito-terrazzo\">\n\t\t\t\t<div class=\"post-content-wrapper\">\n\t\t\t\t\t\t\t\t\t\t\t<div class=\"the7-simple-post-thumb\">\n\t\t\t\t\t\t\t<a class=\"post-thumbnail-rollover layzr-bg img-css-resize-wrapper\" aria-label=\"Berichtafbeelding\" href=\"https:\/\/www.emb.be\/nl\/project\/terrazzovloer-en-zichtbeton-in-een-privewoning\/\"><img decoding=\"async\" width=\"1350\" height=\"1800\" src=\"data:image\/svg+xml,%3Csvg%20xmlns%3D&#039;http%3A%2F%2Fwww.w3.org%2F2000%2Fsvg&#039;%20viewBox%3D&#039;0%200%201350%201800&#039;%2F%3E\" class=\"attachment-full size-full preload-me aspect lazy lazy-load\" alt=\"Sol en terrazzo poli dans une salle \u00e0 manger de maison contemporaine\" sizes=\"(max-width: 1350px) 100vw, 1350px\" style=\"--ratio: 1350 \/ 1800;\" data-src=\"https:\/\/www.emb.be\/wp-content\/uploads\/2026\/04\/maison-privee-terrazzo-salon-beton-brut-03.jpg\" loading=\"eager\" data-srcset=\"https:\/\/www.emb.be\/wp-content\/uploads\/2026\/04\/maison-privee-terrazzo-salon-beton-brut-03.jpg 1350w, https:\/\/www.emb.be\/wp-content\/uploads\/2026\/04\/maison-privee-terrazzo-salon-beton-brut-03-225x300.jpg 225w, https:\/\/www.emb.be\/wp-content\/uploads\/2026\/04\/maison-privee-terrazzo-salon-beton-brut-03-768x1024.jpg 768w, https:\/\/www.emb.be\/wp-content\/uploads\/2026\/04\/maison-privee-terrazzo-salon-beton-brut-03-1152x1536.jpg 1152w\" \/><span class=\"the7-hover-icon\"><i aria-hidden=\"true\" class=\"feather feather-more-horizontal\"><\/i><\/span><\/a>\t\t\t\t\t\t<\/div>\n\t\t\t\t\t\n\t\t\t\t\t<div class=\"post-entry-content\">\n\t\t\t\t\t\t<h5 class=\"heading\"><a href=\"https:\/\/www.emb.be\/nl\/project\/terrazzovloer-en-zichtbeton-in-een-privewoning\/\" rel=\"bookmark\" title=\"Terrazzovloer en zichtbeton in een priv\u00e9woning\" class=\"post-title\">Terrazzovloer en zichtbeton in een priv\u00e9woning<\/a><\/h5><div class=\"entry-meta\"><span class=\"meta-item category-link\"><a href=\"https:\/\/www.emb.be\/nl\/realisatie-categorie\/granito-terrazzo\/\" rel=\"tag\">Granito \/ terrazzo<\/a><\/span><\/div><div class=\"details-wrap\"><a href=\"https:\/\/www.emb.be\/nl\/project\/terrazzovloer-en-zichtbeton-in-een-privewoning\/\" target=\"\" aria-label=\"Lesen Sie mehr \u00fcber Terrazzovloer en zichtbeton in een priv\u00e9woning\" class=\"box-button elementor-button elementor-size-xs\">Bekijk de realisatie<\/a><\/div>\t\t\t\t\t<\/div>\n\t\t\t\t<\/div>\n\n\t\t\t<\/article><article class=\"post visible wrapper dt-owl-item-wrap post-94456 dt_portfolio type-dt_portfolio status-publish has-post-thumbnail hentry dt_portfolio_category-betonvloeren dt_portfolio_category-decoratief-beton\">\n\t\t\t\t<div class=\"post-content-wrapper\">\n\t\t\t\t\t\t\t\t\t\t\t<div class=\"the7-simple-post-thumb\">\n\t\t\t\t\t\t\t<a class=\"post-thumbnail-rollover layzr-bg img-css-resize-wrapper\" aria-label=\"Berichtafbeelding\" href=\"https:\/\/www.emb.be\/nl\/project\/elsene-ter-kamerenboslaan\/\"><img decoding=\"async\" width=\"2048\" height=\"1365\" src=\"data:image\/svg+xml,%3Csvg%20xmlns%3D&#039;http%3A%2F%2Fwww.w3.org%2F2000%2Fsvg&#039;%20viewBox%3D&#039;0%200%202048%201365&#039;%2F%3E\" class=\"attachment-full size-full preload-me aspect lazy lazy-load\" alt=\"abords en b\u00e9ton lav\u00e9 r\u00e9sistants trafic quotidien\" sizes=\"(max-width: 2048px) 100vw, 2048px\" style=\"--ratio: 2048 \/ 1365;\" data-src=\"https:\/\/www.emb.be\/wp-content\/uploads\/2026\/02\/abords-en-beton-lave-resistants-trafic-quotidien.jpg\" loading=\"eager\" data-srcset=\"https:\/\/www.emb.be\/wp-content\/uploads\/2026\/02\/abords-en-beton-lave-resistants-trafic-quotidien.jpg 2048w, https:\/\/www.emb.be\/wp-content\/uploads\/2026\/02\/abords-en-beton-lave-resistants-trafic-quotidien-300x200.jpg 300w, https:\/\/www.emb.be\/wp-content\/uploads\/2026\/02\/abords-en-beton-lave-resistants-trafic-quotidien-1024x683.jpg 1024w, https:\/\/www.emb.be\/wp-content\/uploads\/2026\/02\/abords-en-beton-lave-resistants-trafic-quotidien-768x512.jpg 768w, https:\/\/www.emb.be\/wp-content\/uploads\/2026\/02\/abords-en-beton-lave-resistants-trafic-quotidien-1536x1024.jpg 1536w, https:\/\/www.emb.be\/wp-content\/uploads\/2026\/02\/abords-en-beton-lave-resistants-trafic-quotidien-1000x667.jpg 1000w\" \/><span class=\"the7-hover-icon\"><i aria-hidden=\"true\" class=\"feather feather-more-horizontal\"><\/i><\/span><\/a>\t\t\t\t\t\t<\/div>\n\t\t\t\t\t\n\t\t\t\t\t<div class=\"post-entry-content\">\n\t\t\t\t\t\t<h5 class=\"heading\"><a href=\"https:\/\/www.emb.be\/nl\/project\/elsene-ter-kamerenboslaan\/\" rel=\"bookmark\" title=\"Elsene (Ter Kamerenboslaan)\" class=\"post-title\">Elsene (Ter Kamerenboslaan)<\/a><\/h5><div class=\"entry-meta\"><span class=\"meta-item category-link\"><a href=\"https:\/\/www.emb.be\/nl\/realisatie-categorie\/betonvloeren\/\" rel=\"tag\">Betonvloeren<\/a>, <a href=\"https:\/\/www.emb.be\/nl\/realisatie-categorie\/decoratief-beton\/\" rel=\"tag\">Decoratief beton<\/a><\/span><\/div><div class=\"details-wrap\"><a href=\"https:\/\/www.emb.be\/nl\/project\/elsene-ter-kamerenboslaan\/\" target=\"\" aria-label=\"Lesen Sie mehr \u00fcber Elsene (Ter Kamerenboslaan)\" class=\"box-button elementor-button elementor-size-xs\">Bekijk de realisatie<\/a><\/div>\t\t\t\t\t<\/div>\n\t\t\t\t<\/div>\n\n\t\t\t<\/article><article class=\"post visible wrapper dt-owl-item-wrap post-94444 dt_portfolio type-dt_portfolio status-publish has-post-thumbnail hentry dt_portfolio_category-betonvloeren dt_portfolio_category-technisch-beton\">\n\t\t\t\t<div class=\"post-content-wrapper\">\n\t\t\t\t\t\t\t\t\t\t\t<div class=\"the7-simple-post-thumb\">\n\t\t\t\t\t\t\t<a class=\"post-thumbnail-rollover layzr-bg img-css-resize-wrapper\" aria-label=\"Berichtafbeelding\" href=\"https:\/\/www.emb.be\/nl\/project\/geribbelde-betonoprit-residentiele-buitenruimte\/\"><img decoding=\"async\" width=\"2048\" height=\"1365\" src=\"data:image\/svg+xml,%3Csvg%20xmlns%3D&#039;http%3A%2F%2Fwww.w3.org%2F2000%2Fsvg&#039;%20viewBox%3D&#039;0%200%202048%201365&#039;%2F%3E\" class=\"attachment-full size-full preload-me aspect lazy lazy-load\" alt=\"Acc\u00e8s garage b\u00e9ton stri\u00e9 le long fa\u00e7ade r\u00e9sidentielle\" sizes=\"(max-width: 2048px) 100vw, 2048px\" style=\"--ratio: 2048 \/ 1365;\" data-src=\"https:\/\/www.emb.be\/wp-content\/uploads\/2020\/04\/Acces-garage-beton-strie-le-long-facade-residentielle.jpg\" loading=\"eager\" data-srcset=\"https:\/\/www.emb.be\/wp-content\/uploads\/2020\/04\/Acces-garage-beton-strie-le-long-facade-residentielle.jpg 2048w, https:\/\/www.emb.be\/wp-content\/uploads\/2020\/04\/Acces-garage-beton-strie-le-long-facade-residentielle-300x200.jpg 300w, https:\/\/www.emb.be\/wp-content\/uploads\/2020\/04\/Acces-garage-beton-strie-le-long-facade-residentielle-1024x683.jpg 1024w, https:\/\/www.emb.be\/wp-content\/uploads\/2020\/04\/Acces-garage-beton-strie-le-long-facade-residentielle-768x512.jpg 768w, https:\/\/www.emb.be\/wp-content\/uploads\/2020\/04\/Acces-garage-beton-strie-le-long-facade-residentielle-1536x1024.jpg 1536w\" \/><span class=\"the7-hover-icon\"><i aria-hidden=\"true\" class=\"feather feather-more-horizontal\"><\/i><\/span><\/a>\t\t\t\t\t\t<\/div>\n\t\t\t\t\t\n\t\t\t\t\t<div class=\"post-entry-content\">\n\t\t\t\t\t\t<h5 class=\"heading\"><a href=\"https:\/\/www.emb.be\/nl\/project\/geribbelde-betonoprit-residentiele-buitenruimte\/\" rel=\"bookmark\" title=\"Geribbelde betonoprit (residenti\u00eble buitenruimte)\" class=\"post-title\">Geribbelde betonoprit (residenti\u00eble buitenruimte)<\/a><\/h5><div class=\"entry-meta\"><span class=\"meta-item category-link\"><a href=\"https:\/\/www.emb.be\/nl\/realisatie-categorie\/betonvloeren\/\" rel=\"tag\">Betonvloeren<\/a>, <a href=\"https:\/\/www.emb.be\/nl\/realisatie-categorie\/technisch-beton\/\" rel=\"tag\">Technisch beton<\/a><\/span><\/div><div class=\"details-wrap\"><a href=\"https:\/\/www.emb.be\/nl\/project\/geribbelde-betonoprit-residentiele-buitenruimte\/\" target=\"\" aria-label=\"Lesen Sie mehr \u00fcber Geribbelde betonoprit (residenti\u00eble buitenruimte)\" class=\"box-button elementor-button elementor-size-xs\">Bekijk de realisatie<\/a><\/div>\t\t\t\t\t<\/div>\n\t\t\t\t<\/div>\n\n\t\t\t<\/article><article class=\"post visible wrapper dt-owl-item-wrap post-94420 dt_portfolio type-dt_portfolio status-publish has-post-thumbnail hentry dt_portfolio_category-betonvloeren dt_portfolio_category-technisch-beton\">\n\t\t\t\t<div class=\"post-content-wrapper\">\n\t\t\t\t\t\t\t\t\t\t\t<div class=\"the7-simple-post-thumb\">\n\t\t\t\t\t\t\t<a class=\"post-thumbnail-rollover layzr-bg img-css-resize-wrapper\" aria-label=\"Berichtafbeelding\" href=\"https:\/\/www.emb.be\/nl\/project\/cai-residentieel-project-in-fleurus\/\"><img decoding=\"async\" width=\"2048\" height=\"1365\" src=\"data:image\/svg+xml,%3Csvg%20xmlns%3D&#039;http%3A%2F%2Fwww.w3.org%2F2000%2Fsvg&#039;%20viewBox%3D&#039;0%200%202048%201365&#039;%2F%3E\" class=\"attachment-full size-full preload-me aspect lazy lazy-load\" alt=\"\" sizes=\"(max-width: 2048px) 100vw, 2048px\" style=\"--ratio: 2048 \/ 1365;\" data-src=\"https:\/\/www.emb.be\/wp-content\/uploads\/2019\/04\/Entree-de-parking-souterrain-en-beton-brosse-antiderapant.jpg\" loading=\"eager\" data-srcset=\"https:\/\/www.emb.be\/wp-content\/uploads\/2019\/04\/Entree-de-parking-souterrain-en-beton-brosse-antiderapant.jpg 2048w, https:\/\/www.emb.be\/wp-content\/uploads\/2019\/04\/Entree-de-parking-souterrain-en-beton-brosse-antiderapant-300x200.jpg 300w, https:\/\/www.emb.be\/wp-content\/uploads\/2019\/04\/Entree-de-parking-souterrain-en-beton-brosse-antiderapant-1024x683.jpg 1024w, https:\/\/www.emb.be\/wp-content\/uploads\/2019\/04\/Entree-de-parking-souterrain-en-beton-brosse-antiderapant-768x512.jpg 768w, https:\/\/www.emb.be\/wp-content\/uploads\/2019\/04\/Entree-de-parking-souterrain-en-beton-brosse-antiderapant-1536x1024.jpg 1536w\" \/><span class=\"the7-hover-icon\"><i aria-hidden=\"true\" class=\"feather feather-more-horizontal\"><\/i><\/span><\/a>\t\t\t\t\t\t<\/div>\n\t\t\t\t\t\n\t\t\t\t\t<div class=\"post-entry-content\">\n\t\t\t\t\t\t<h5 class=\"heading\"><a href=\"https:\/\/www.emb.be\/nl\/project\/cai-residentieel-project-in-fleurus\/\" rel=\"bookmark\" title=\"CAI \u2013 Residentieel project in Fleurus\" class=\"post-title\">CAI \u2013 Residentieel project in Fleurus<\/a><\/h5><div class=\"entry-meta\"><span class=\"meta-item category-link\"><a href=\"https:\/\/www.emb.be\/nl\/realisatie-categorie\/betonvloeren\/\" rel=\"tag\">Betonvloeren<\/a>, <a href=\"https:\/\/www.emb.be\/nl\/realisatie-categorie\/technisch-beton\/\" rel=\"tag\">Technisch beton<\/a><\/span><\/div><div class=\"details-wrap\"><a href=\"https:\/\/www.emb.be\/nl\/project\/cai-residentieel-project-in-fleurus\/\" target=\"\" aria-label=\"Lesen Sie mehr \u00fcber CAI \u2013 Residentieel project in Fleurus\" class=\"box-button elementor-button elementor-size-xs\">Bekijk de realisatie<\/a><\/div>\t\t\t\t\t<\/div>\n\t\t\t\t<\/div>\n\n\t\t\t<\/article><\/div><div class=\"owl-nav disabled\"><div class=\"owl-prev\" role=\"button\" tabindex=\"0\" aria-label=\"Prev slide\"><i class=\"feather feather-chevron-left\"><\/i><\/div><div class=\"owl-next\" role=\"button\" tabindex=\"0\" aria-label=\"Next slide\"><i class=\"feather feather-chevron-right\"><\/i><\/div><\/div>\t\t\t\t<\/div>\n\t\t\t\t<\/div>\n\t\t\t\t\t<\/div>\n\t\t<\/div>\n\t\t\t\t\t<\/div>\n\t\t<\/section>\n\t\t\t\t<section class=\"elementor-section elementor-top-section elementor-element elementor-element-60970f15 elementor-section-height-min-height elementor-section-items-stretch elementor-section-content-middle elementor-section-boxed elementor-section-height-default\" data-id=\"60970f15\" data-element_type=\"section\" data-e-type=\"section\">\n\t\t\t\t\t\t<div class=\"elementor-container elementor-column-gap-wider\">\n\t\t\t\t\t<div class=\"elementor-column elementor-col-50 elementor-top-column elementor-element elementor-element-9589ed5\" data-id=\"9589ed5\" data-element_type=\"column\" data-e-type=\"column\">\n\t\t\t<div class=\"elementor-widget-wrap elementor-element-populated\">\n\t\t\t\t\t\t<div class=\"elementor-element elementor-element-4c507c93 elementor-widget__width-initial elementor-widget-mobile__width-auto elementor-widget elementor-widget-image\" data-id=\"4c507c93\" data-element_type=\"widget\" data-e-type=\"widget\" data-widget_type=\"image.default\">\n\t\t\t\t\t\t\t\t\t\t\t\t\t\t\t<img decoding=\"async\" src=\"https:\/\/www.emb.be\/wp-content\/uploads\/elementor\/thumbs\/emb-camions-logistique-sols-beton-bruxelles-rmdyxp1cfknnvc3yuatfcknk0yqf3y95hpzriswtg0.jpg\" title=\"EMB-vrachtwagen geparkeerd op de bedrijfssite in Brussel voor chape-, isolatie- en betonvloerwerken\" alt=\"EMB-vrachtwagen geparkeerd op de bedrijfssite in Brussel voor chape-, isolatie- en betonvloerwerken\" loading=\"lazy\" \/>\t\t\t\t\t\t\t\t\t\t\t\t\t\t\t<\/div>\n\t\t\t\t\t<\/div>\n\t\t<\/div>\n\t\t\t\t<div class=\"elementor-column elementor-col-50 elementor-top-column elementor-element elementor-element-10153442\" data-id=\"10153442\" data-element_type=\"column\" data-e-type=\"column\">\n\t\t\t<div class=\"elementor-widget-wrap elementor-element-populated\">\n\t\t\t\t\t\t<div class=\"elementor-element elementor-element-2e924e11 elementor-widget elementor-widget-heading\" data-id=\"2e924e11\" data-element_type=\"widget\" data-e-type=\"widget\" data-widget_type=\"heading.default\">\n\t\t\t\t\t<h2 class=\"elementor-heading-title elementor-size-default\">Een vloerisolatieproject? Laten we erover praten.<\/h2>\t\t\t\t<\/div>\n\t\t\t\t<div class=\"elementor-element elementor-element-114828f4 elementor-widget elementor-widget-spacer\" data-id=\"114828f4\" data-element_type=\"widget\" data-e-type=\"widget\" data-widget_type=\"spacer.default\">\n\t\t\t\t\t\t\t<div class=\"elementor-spacer\">\n\t\t\t<div class=\"elementor-spacer-inner\"><\/div>\n\t\t<\/div>\n\t\t\t\t\t\t<\/div>\n\t\t\t\t<div class=\"elementor-element elementor-element-4e42bc4 elementor-widget elementor-widget-text-editor\" data-id=\"4e42bc4\" data-element_type=\"widget\" data-e-type=\"widget\" data-widget_type=\"text-editor.default\">\n\t\t\t\t\t\t\t\t\t<p>Nieuwbouw of vloerisolatierenovatie: wij adviseren u en implementeren de meest geschikte oplossing voor uw gebouw in Brussel en Belgi\u00eb.<\/p><p>Thermische vloerisolatie, membraan onder dekvloer of akoestische isolatie: elk project wordt onderworpen aan een nauwkeurige technische analyse om prestaties en duurzaamheid te garanderen.<\/p>\t\t\t\t\t\t\t\t<\/div>\n\t\t\t\t<div class=\"elementor-element elementor-element-65ddb5db elementor-widget elementor-widget-spacer\" data-id=\"65ddb5db\" data-element_type=\"widget\" data-e-type=\"widget\" data-widget_type=\"spacer.default\">\n\t\t\t\t\t\t\t<div class=\"elementor-spacer\">\n\t\t\t<div class=\"elementor-spacer-inner\"><\/div>\n\t\t<\/div>\n\t\t\t\t\t\t<\/div>\n\t\t\t\t<div class=\"elementor-element elementor-element-622744a5 elementor-widget__width-auto elementor-mobile-align-center elementor-widget-mobile__width-inherit elementor-widget elementor-widget-the7_button_widget\" data-id=\"622744a5\" data-element_type=\"widget\" data-e-type=\"widget\" data-widget_type=\"the7_button_widget.default\">\n\t\t\t\t<div class=\"elementor-widget-container\">\n\t\t\t\t\t<div class=\"elementor-button-wrapper\"><a href=\"tel:+3222151949\" class=\"box-button elementor-button elementor-size-lg\">+32 (0) 2 215 19 49<i aria-hidden=\"true\" class=\"elementor-button-icon feather feather-phone\"><\/i><\/a><\/div>\t\t\t\t<\/div>\n\t\t\t\t<\/div>\n\t\t\t\t<div class=\"elementor-element elementor-element-dd3be92 elementor-widget__width-auto elementor-mobile-align-center elementor-widget-mobile__width-inherit elementor-widget elementor-widget-the7_button_widget\" data-id=\"dd3be92\" data-element_type=\"widget\" data-e-type=\"widget\" data-widget_type=\"the7_button_widget.default\">\n\t\t\t\t<div class=\"elementor-widget-container\">\n\t\t\t\t\t<div class=\"elementor-button-wrapper\"><a href=\"https:\/\/www.emb.be\/contact\/\" class=\"box-button elementor-button elementor-size-lg\">Offerte aanvragen<i aria-hidden=\"true\" class=\"elementor-button-icon feather feather-arrow-right\"><\/i><\/a><\/div>\t\t\t\t<\/div>\n\t\t\t\t<\/div>\n\t\t\t\t\t<\/div>\n\t\t<\/div>\n\t\t\t\t\t<\/div>\n\t\t<\/section>\n\t\t\t\t<\/div>\n\t\t","protected":false},"excerpt":{"rendered":"<p>Vloerisolatie in Brussel voor woningen en professionele gebouwen Vloerisolatie vermindert warmteverlies, verbetert het thermisch comfort en voldoet aan de huidige energie-eisen, zowel bij nieuwbouw als bij renovatie. Als vloerisolatiebedrijf in Brussel implementeert EMB oplossingen die zijn aangepast aan elk project: membraan onder dekvloer, isolatieplaten, geprojecteerd PUR of akoestische isolatie. Wij begeleiden u ook bij de&hellip;<\/p>\n","protected":false},"author":2,"featured_media":0,"parent":0,"menu_order":0,"comment_status":"closed","ping_status":"closed","template":"","meta":{"footnotes":""},"class_list":["post-94042","page","type-page","status-publish","hentry"],"yoast_head":"<!-- This site is optimized with the Yoast SEO plugin v27.4 - https:\/\/yoast.com\/product\/yoast-seo-wordpress\/ -->\n<title>Vloerisolatie in Brussel | Thermische &amp; akoestische isolatie - EMB<\/title>\n<meta name=\"description\" content=\"Vloerisolatie in Brussel voor nieuwbouw en renovatie. Oplossingen onder dekvloer om thermische prestaties en comfort te verbeteren.\" \/>\n<meta name=\"robots\" content=\"index, follow, max-snippet:-1, max-image-preview:large, max-video-preview:-1\" \/>\n<link rel=\"canonical\" href=\"https:\/\/www.emb.be\/nl\/vloerisolatie\/\" \/>\n<meta property=\"og:locale\" content=\"nl_NL\" \/>\n<meta property=\"og:type\" content=\"article\" \/>\n<meta property=\"og:title\" content=\"Vloerisolatie in Brussel | Thermische &amp; akoestische isolatie - EMB\" \/>\n<meta property=\"og:description\" content=\"Vloerisolatie in Brussel voor nieuwbouw en renovatie. Oplossingen onder dekvloer om thermische prestaties en comfort te verbeteren.\" \/>\n<meta property=\"og:url\" content=\"https:\/\/www.emb.be\/nl\/vloerisolatie\/\" \/>\n<meta property=\"og:site_name\" content=\"EMB\" \/>\n<meta property=\"article:publisher\" content=\"https:\/\/www.facebook.com\/emb.belgium\/\" \/>\n<meta property=\"article:modified_time\" content=\"2026-04-26T10:46:24+00:00\" \/>\n<meta property=\"og:image\" content=\"https:\/\/www.emb.be\/wp-content\/uploads\/2026\/02\/Sol-en-beton-lisse-interieur-dans-un-salon-contemporain-revetement-beton-1024x682.jpg\" \/>\n<meta name=\"twitter:card\" content=\"summary_large_image\" \/>\n<meta name=\"twitter:title\" content=\"Vloerisolatie in Brussel | Thermische &amp; akoestische isolatie - EMB\" \/>\n<meta name=\"twitter:description\" content=\"Vloerisolatie in Brussel voor nieuwbouw en renovatie. Oplossingen onder dekvloer om thermische prestaties en comfort te verbeteren.\" \/>\n<meta name=\"twitter:image\" content=\"https:\/\/www.emb.be\/wp-content\/uploads\/2026\/02\/Sol-en-beton-lisse-interieur-dans-un-salon-contemporain-revetement-beton-1024x682.jpg\" \/>\n<meta name=\"twitter:label1\" content=\"Geschatte leestijd\" \/>\n\t<meta name=\"twitter:data1\" content=\"3 minuut\" \/>\n<script type=\"application\/ld+json\" class=\"yoast-schema-graph\">{\"@context\":\"https:\\\/\\\/schema.org\",\"@graph\":[{\"@type\":\"WebPage\",\"@id\":\"https:\\\/\\\/www.emb.be\\\/nl\\\/vloerisolatie\\\/\",\"url\":\"https:\\\/\\\/www.emb.be\\\/nl\\\/vloerisolatie\\\/\",\"name\":\"Vloerisolatie in Brussel | Thermische & akoestische isolatie - EMB\",\"isPartOf\":{\"@id\":\"https:\\\/\\\/www.emb.be\\\/nl\\\/#website\"},\"primaryImageOfPage\":{\"@id\":\"https:\\\/\\\/www.emb.be\\\/nl\\\/vloerisolatie\\\/#primaryimage\"},\"image\":{\"@id\":\"https:\\\/\\\/www.emb.be\\\/nl\\\/vloerisolatie\\\/#primaryimage\"},\"thumbnailUrl\":\"https:\\\/\\\/www.emb.be\\\/wp-content\\\/uploads\\\/elementor\\\/thumbs\\\/isolation-sol-bruxelles-membrane-sous-chape-01-rme9nxvurrecmx2efr9ifltblwz72gmflgljt27ymo.jpg\",\"datePublished\":\"2026-02-17T13:27:19+00:00\",\"dateModified\":\"2026-04-26T10:46:24+00:00\",\"description\":\"Vloerisolatie in Brussel voor nieuwbouw en renovatie. Oplossingen onder dekvloer om thermische prestaties en comfort te verbeteren.\",\"breadcrumb\":{\"@id\":\"https:\\\/\\\/www.emb.be\\\/nl\\\/vloerisolatie\\\/#breadcrumb\"},\"inLanguage\":\"nl-NL\",\"potentialAction\":[{\"@type\":\"ReadAction\",\"target\":[\"https:\\\/\\\/www.emb.be\\\/nl\\\/vloerisolatie\\\/\"]}]},{\"@type\":\"ImageObject\",\"inLanguage\":\"nl-NL\",\"@id\":\"https:\\\/\\\/www.emb.be\\\/nl\\\/vloerisolatie\\\/#primaryimage\",\"url\":\"https:\\\/\\\/www.emb.be\\\/wp-content\\\/uploads\\\/elementor\\\/thumbs\\\/isolation-sol-bruxelles-membrane-sous-chape-01-rme9nxvurrecmx2efr9ifltblwz72gmflgljt27ymo.jpg\",\"contentUrl\":\"https:\\\/\\\/www.emb.be\\\/wp-content\\\/uploads\\\/elementor\\\/thumbs\\\/isolation-sol-bruxelles-membrane-sous-chape-01-rme9nxvurrecmx2efr9ifltblwz72gmflgljt27ymo.jpg\"},{\"@type\":\"BreadcrumbList\",\"@id\":\"https:\\\/\\\/www.emb.be\\\/nl\\\/vloerisolatie\\\/#breadcrumb\",\"itemListElement\":[{\"@type\":\"ListItem\",\"position\":1,\"name\":\"Accueil\",\"item\":\"https:\\\/\\\/www.emb.be\\\/nl\\\/\"},{\"@type\":\"ListItem\",\"position\":2,\"name\":\"Vloerisolatie\"}]},{\"@type\":\"WebSite\",\"@id\":\"https:\\\/\\\/www.emb.be\\\/nl\\\/#website\",\"url\":\"https:\\\/\\\/www.emb.be\\\/nl\\\/\",\"name\":\"EMB\",\"description\":\"\",\"publisher\":{\"@id\":\"https:\\\/\\\/www.emb.be\\\/nl\\\/#organization\"},\"potentialAction\":[{\"@type\":\"SearchAction\",\"target\":{\"@type\":\"EntryPoint\",\"urlTemplate\":\"https:\\\/\\\/www.emb.be\\\/nl\\\/?s={search_term_string}\"},\"query-input\":{\"@type\":\"PropertyValueSpecification\",\"valueRequired\":true,\"valueName\":\"search_term_string\"}}],\"inLanguage\":\"nl-NL\"},{\"@type\":\"Organization\",\"@id\":\"https:\\\/\\\/www.emb.be\\\/nl\\\/#organization\",\"name\":\"EMB\",\"url\":\"https:\\\/\\\/www.emb.be\\\/nl\\\/\",\"logo\":{\"@type\":\"ImageObject\",\"inLanguage\":\"nl-NL\",\"@id\":\"https:\\\/\\\/www.emb.be\\\/nl\\\/#\\\/schema\\\/logo\\\/image\\\/\",\"url\":\"https:\\\/\\\/www.emb.be\\\/wp-content\\\/uploads\\\/2026\\\/02\\\/favicon_emb.png\",\"contentUrl\":\"https:\\\/\\\/www.emb.be\\\/wp-content\\\/uploads\\\/2026\\\/02\\\/favicon_emb.png\",\"width\":500,\"height\":500,\"caption\":\"EMB\"},\"image\":{\"@id\":\"https:\\\/\\\/www.emb.be\\\/nl\\\/#\\\/schema\\\/logo\\\/image\\\/\"},\"sameAs\":[\"https:\\\/\\\/www.facebook.com\\\/emb.belgium\\\/\",\"https:\\\/\\\/be.linkedin.com\\\/company\\\/emb-entreprises-miot\"]}]}<\/script>\n<!-- \/ Yoast SEO plugin. -->","yoast_head_json":{"title":"Vloerisolatie in Brussel | Thermische & akoestische isolatie - EMB","description":"Vloerisolatie in Brussel voor nieuwbouw en renovatie. Oplossingen onder dekvloer om thermische prestaties en comfort te verbeteren.","robots":{"index":"index","follow":"follow","max-snippet":"max-snippet:-1","max-image-preview":"max-image-preview:large","max-video-preview":"max-video-preview:-1"},"canonical":"https:\/\/www.emb.be\/nl\/vloerisolatie\/","og_locale":"nl_NL","og_type":"article","og_title":"Vloerisolatie in Brussel | Thermische & akoestische isolatie - EMB","og_description":"Vloerisolatie in Brussel voor nieuwbouw en renovatie. Oplossingen onder dekvloer om thermische prestaties en comfort te verbeteren.","og_url":"https:\/\/www.emb.be\/nl\/vloerisolatie\/","og_site_name":"EMB","article_publisher":"https:\/\/www.facebook.com\/emb.belgium\/","article_modified_time":"2026-04-26T10:46:24+00:00","og_image":[{"url":"https:\/\/www.emb.be\/wp-content\/uploads\/2026\/02\/Sol-en-beton-lisse-interieur-dans-un-salon-contemporain-revetement-beton-1024x682.jpg","type":"","width":"","height":""}],"twitter_card":"summary_large_image","twitter_title":"Vloerisolatie in Brussel | Thermische & akoestische isolatie - EMB","twitter_description":"Vloerisolatie in Brussel voor nieuwbouw en renovatie. Oplossingen onder dekvloer om thermische prestaties en comfort te verbeteren.","twitter_image":"https:\/\/www.emb.be\/wp-content\/uploads\/2026\/02\/Sol-en-beton-lisse-interieur-dans-un-salon-contemporain-revetement-beton-1024x682.jpg","twitter_misc":{"Geschatte leestijd":"3 minuut"},"schema":{"@context":"https:\/\/schema.org","@graph":[{"@type":"WebPage","@id":"https:\/\/www.emb.be\/nl\/vloerisolatie\/","url":"https:\/\/www.emb.be\/nl\/vloerisolatie\/","name":"Vloerisolatie in Brussel | Thermische & akoestische isolatie - EMB","isPartOf":{"@id":"https:\/\/www.emb.be\/nl\/#website"},"primaryImageOfPage":{"@id":"https:\/\/www.emb.be\/nl\/vloerisolatie\/#primaryimage"},"image":{"@id":"https:\/\/www.emb.be\/nl\/vloerisolatie\/#primaryimage"},"thumbnailUrl":"https:\/\/www.emb.be\/wp-content\/uploads\/elementor\/thumbs\/isolation-sol-bruxelles-membrane-sous-chape-01-rme9nxvurrecmx2efr9ifltblwz72gmflgljt27ymo.jpg","datePublished":"2026-02-17T13:27:19+00:00","dateModified":"2026-04-26T10:46:24+00:00","description":"Vloerisolatie in Brussel voor nieuwbouw en renovatie. Oplossingen onder dekvloer om thermische prestaties en comfort te verbeteren.","breadcrumb":{"@id":"https:\/\/www.emb.be\/nl\/vloerisolatie\/#breadcrumb"},"inLanguage":"nl-NL","potentialAction":[{"@type":"ReadAction","target":["https:\/\/www.emb.be\/nl\/vloerisolatie\/"]}]},{"@type":"ImageObject","inLanguage":"nl-NL","@id":"https:\/\/www.emb.be\/nl\/vloerisolatie\/#primaryimage","url":"https:\/\/www.emb.be\/wp-content\/uploads\/elementor\/thumbs\/isolation-sol-bruxelles-membrane-sous-chape-01-rme9nxvurrecmx2efr9ifltblwz72gmflgljt27ymo.jpg","contentUrl":"https:\/\/www.emb.be\/wp-content\/uploads\/elementor\/thumbs\/isolation-sol-bruxelles-membrane-sous-chape-01-rme9nxvurrecmx2efr9ifltblwz72gmflgljt27ymo.jpg"},{"@type":"BreadcrumbList","@id":"https:\/\/www.emb.be\/nl\/vloerisolatie\/#breadcrumb","itemListElement":[{"@type":"ListItem","position":1,"name":"Accueil","item":"https:\/\/www.emb.be\/nl\/"},{"@type":"ListItem","position":2,"name":"Vloerisolatie"}]},{"@type":"WebSite","@id":"https:\/\/www.emb.be\/nl\/#website","url":"https:\/\/www.emb.be\/nl\/","name":"EMB","description":"","publisher":{"@id":"https:\/\/www.emb.be\/nl\/#organization"},"potentialAction":[{"@type":"SearchAction","target":{"@type":"EntryPoint","urlTemplate":"https:\/\/www.emb.be\/nl\/?s={search_term_string}"},"query-input":{"@type":"PropertyValueSpecification","valueRequired":true,"valueName":"search_term_string"}}],"inLanguage":"nl-NL"},{"@type":"Organization","@id":"https:\/\/www.emb.be\/nl\/#organization","name":"EMB","url":"https:\/\/www.emb.be\/nl\/","logo":{"@type":"ImageObject","inLanguage":"nl-NL","@id":"https:\/\/www.emb.be\/nl\/#\/schema\/logo\/image\/","url":"https:\/\/www.emb.be\/wp-content\/uploads\/2026\/02\/favicon_emb.png","contentUrl":"https:\/\/www.emb.be\/wp-content\/uploads\/2026\/02\/favicon_emb.png","width":500,"height":500,"caption":"EMB"},"image":{"@id":"https:\/\/www.emb.be\/nl\/#\/schema\/logo\/image\/"},"sameAs":["https:\/\/www.facebook.com\/emb.belgium\/","https:\/\/be.linkedin.com\/company\/emb-entreprises-miot"]}]}},"_links":{"self":[{"href":"https:\/\/www.emb.be\/nl\/wp-json\/wp\/v2\/pages\/94042","targetHints":{"allow":["GET"]}}],"collection":[{"href":"https:\/\/www.emb.be\/nl\/wp-json\/wp\/v2\/pages"}],"about":[{"href":"https:\/\/www.emb.be\/nl\/wp-json\/wp\/v2\/types\/page"}],"author":[{"embeddable":true,"href":"https:\/\/www.emb.be\/nl\/wp-json\/wp\/v2\/users\/2"}],"replies":[{"embeddable":true,"href":"https:\/\/www.emb.be\/nl\/wp-json\/wp\/v2\/comments?post=94042"}],"version-history":[{"count":1,"href":"https:\/\/www.emb.be\/nl\/wp-json\/wp\/v2\/pages\/94042\/revisions"}],"predecessor-version":[{"id":94049,"href":"https:\/\/www.emb.be\/nl\/wp-json\/wp\/v2\/pages\/94042\/revisions\/94049"}],"wp:attachment":[{"href":"https:\/\/www.emb.be\/nl\/wp-json\/wp\/v2\/media?parent=94042"}],"curies":[{"name":"wp","href":"https:\/\/api.w.org\/{rel}","templated":true}]}}