{"id":94092,"date":"2026-02-17T11:14:55","date_gmt":"2026-02-17T11:14:55","guid":{"rendered":"https:\/\/www.emb.be\/gietvloeren\/"},"modified":"2026-04-26T10:46:56","modified_gmt":"2026-04-26T10:46:56","slug":"gietvloeren","status":"publish","type":"page","link":"https:\/\/www.emb.be\/nl\/gietvloeren\/","title":{"rendered":"Gietvloeren"},"content":{"rendered":"\t\t<div data-elementor-type=\"wp-page\" data-elementor-id=\"94092\" class=\"elementor elementor-94092 elementor-93249\" data-elementor-post-type=\"page\">\n\t\t\t\t\t\t<section class=\"elementor-section elementor-top-section elementor-element elementor-element-755795f6 elementor-section-height-min-height elementor-section-items-stretch elementor-section-content-middle elementor-reverse-tablet elementor-reverse-mobile elementor-section-boxed elementor-section-height-default\" data-id=\"755795f6\" data-element_type=\"section\" data-e-type=\"section\">\n\t\t\t\t\t\t<div class=\"elementor-container elementor-column-gap-wider\">\n\t\t\t\t\t<div class=\"elementor-column elementor-col-50 elementor-top-column elementor-element elementor-element-61bcfcd5\" data-id=\"61bcfcd5\" data-element_type=\"column\" data-e-type=\"column\">\n\t\t\t<div class=\"elementor-widget-wrap elementor-element-populated\">\n\t\t\t\t\t\t<div class=\"elementor-element elementor-element-4486d9eb elementor-widget elementor-widget-heading\" data-id=\"4486d9eb\" data-element_type=\"widget\" data-e-type=\"widget\" data-widget_type=\"heading.default\">\n\t\t\t\t\t<h2 class=\"elementor-heading-title elementor-size-default\">Gietvloeren in Brussel voor particulieren en professionals<\/h2>\t\t\t\t<\/div>\n\t\t\t\t<div class=\"elementor-element elementor-element-3e53630d elementor-widget elementor-widget-spacer\" data-id=\"3e53630d\" data-element_type=\"widget\" data-e-type=\"widget\" data-widget_type=\"spacer.default\">\n\t\t\t\t\t\t\t<div class=\"elementor-spacer\">\n\t\t\t<div class=\"elementor-spacer-inner\"><\/div>\n\t\t<\/div>\n\t\t\t\t\t\t<\/div>\n\t\t\t\t<div class=\"elementor-element elementor-element-658e634a elementor-widget elementor-widget-text-editor\" data-id=\"658e634a\" data-element_type=\"widget\" data-e-type=\"widget\" data-widget_type=\"text-editor.default\">\n\t\t\t\t\t\t\t\t\t<p>De <strong>gietvloer<\/strong> is tegenwoordig een van de meest performante oplossingen voor een duurzame, esthetische en onderhoudsvriendelijke vloerbekleding. Hij is geschikt voor zowel woningen als professionele omgevingen en biedt een uitstekende mechanische en chemische weerstand. <\/p><p>Samengesteld uit <strong>epoxyhars<\/strong> (stijver) of <strong>polyurethaan<\/strong> (flexibeler), zorgt dit type vloer voor een naadloos, modern resultaat dat personaliseerbaar is volgens de gewenste kleuren, nuances en afwerkingen.<\/p><p>EMB begeleidt particulieren, architecten en bedrijven in Brussel en heel Belgi\u00eb bij het ontwerp en de <strong>realisatie van gietvloeren<\/strong> op maat van elk gebruik, van residenti\u00eble tot industri\u00eble oppervlakken.<\/p>\t\t\t\t\t\t\t\t<\/div>\n\t\t\t\t<div class=\"elementor-element elementor-element-66004ff8 elementor-widget elementor-widget-spacer\" data-id=\"66004ff8\" data-element_type=\"widget\" data-e-type=\"widget\" data-widget_type=\"spacer.default\">\n\t\t\t\t\t\t\t<div class=\"elementor-spacer\">\n\t\t\t<div class=\"elementor-spacer-inner\"><\/div>\n\t\t<\/div>\n\t\t\t\t\t\t<\/div>\n\t\t\t\t\t<\/div>\n\t\t<\/div>\n\t\t\t\t<div class=\"elementor-column elementor-col-50 elementor-top-column elementor-element elementor-element-7db5eeb\" data-id=\"7db5eeb\" data-element_type=\"column\" data-e-type=\"column\">\n\t\t\t<div class=\"elementor-widget-wrap elementor-element-populated\">\n\t\t\t\t\t\t<div class=\"elementor-element elementor-element-73dc6f3b elementor-widget__width-initial elementor-widget-mobile__width-auto elementor-widget elementor-widget-image\" data-id=\"73dc6f3b\" data-element_type=\"widget\" data-e-type=\"widget\" data-widget_type=\"image.default\">\n\t\t\t\t\t\t\t\t\t\t\t\t\t\t\t<img decoding=\"async\" src=\"https:\/\/www.emb.be\/wp-content\/uploads\/elementor\/thumbs\/sol-resine-blanc-espace-exposition-bruxelles-01-rme940ozx64kkg05rn9634smcx64xej8iuu2mxrci8.jpg\" title=\"Witte harsvloer in een binnenruimte voor tentoonstellingen in Brussel\" alt=\"Witte harsvloer in een binnenruimte voor tentoonstellingen in Brussel\" loading=\"lazy\" \/>\t\t\t\t\t\t\t\t\t\t\t\t\t\t\t<\/div>\n\t\t\t\t\t<\/div>\n\t\t<\/div>\n\t\t\t\t\t<\/div>\n\t\t<\/section>\n\t\t\t\t<section class=\"elementor-section elementor-top-section elementor-element elementor-element-7d7eb7fb elementor-section-boxed elementor-section-height-default elementor-section-height-default\" data-id=\"7d7eb7fb\" data-element_type=\"section\" data-e-type=\"section\">\n\t\t\t\t\t\t<div class=\"elementor-container elementor-column-gap-wider\">\n\t\t\t\t\t<div class=\"elementor-column elementor-col-100 elementor-top-column elementor-element elementor-element-6b0d47c5\" data-id=\"6b0d47c5\" data-element_type=\"column\" data-e-type=\"column\">\n\t\t\t<div class=\"elementor-widget-wrap elementor-element-populated\">\n\t\t\t\t\t\t<div class=\"elementor-element elementor-element-361b5dc9 elementor-widget elementor-widget-heading\" data-id=\"361b5dc9\" data-element_type=\"widget\" data-e-type=\"widget\" data-widget_type=\"heading.default\">\n\t\t\t\t\t<h2 class=\"elementor-heading-title elementor-size-default\">De gietvloer: wat u moet weten<\/h2>\t\t\t\t<\/div>\n\t\t\t\t<div class=\"elementor-element elementor-element-73bdf49b content-align-center icon-position-top icon-vertical-align-center icon-box-vertical-align-center elementor-widget elementor-widget-the7_icon_box_grid_widget\" data-id=\"73bdf49b\" data-element_type=\"widget\" data-e-type=\"widget\" data-widget_type=\"the7_icon_box_grid_widget.default\">\n\t\t\t\t<div class=\"elementor-widget-container\">\n\t\t\t\t\t<div class=\"the7-box-grid-wrapper the7-elementor-widget loading-effect-none the7_icon_box_grid_widget-73bdf49b\">\t\t\t<div class=\"dt-css-grid\">\n\t\t\t\t\t\t\t\t\t<div class=\"wf-cell shown\">\n\t\t\t\t\t\t<div class=\"the7-icon-box-grid\">\t\t\t\t\t\t\t<div class=\"box-content-wrapper\">\n\t\t\t\t\t\t\t\t\t\t\t\t\t\t\t\t<div class=\"box-content\">\n\t\t\t\t\t\t\t\t\t\t\t\t\t\t\t\t\t\t\t\t\t\t\t\t\t\t\t\t\t<h3 class=\"box-heading\">\n\t\t\t\t\t\t\t\t\t\t\t<a aria-label=\"Glad en doorlopend oppervlak\">\t\t\t\t\t\t\t\t\t\t\t\tGlad en doorlopend oppervlak\t\t\t\t\t\t\t\t\t\t\t<\/a>\t\t\t\t\t\t\t\t\t\t<\/h3>\n\t\t\t\t\t\t\t\t\t\t\t\t\t\t\t\t\t\t\t\t\t\t\t\t\t\t\t\t<div class=\"box-description\">Naadloos en stofvrij: de gietvloer biedt een homogeen resultaat en optimaal comfort.<\/div>\n\t\t\t\t\t\t\t\t\t\t\t\t\t\t\t\t\t\t\t\t\t\t\t\t\t\t<\/div>\n\t\t\t\t\t\t\t<\/div>\n\t\t\t\t\t\t<\/div>\t\t\t\t\t<\/div>\n\t\t\t\t\t\t\t\t\t<div class=\"wf-cell shown\">\n\t\t\t\t\t\t<div class=\"the7-icon-box-grid\">\t\t\t\t\t\t\t<div class=\"box-content-wrapper\">\n\t\t\t\t\t\t\t\t\t\t\t\t\t\t\t\t<div class=\"box-content\">\n\t\t\t\t\t\t\t\t\t\t\t\t\t\t\t\t\t\t\t\t\t\t\t\t\t\t\t\t\t<h3 class=\"box-heading\">\n\t\t\t\t\t\t\t\t\t\t\t<a aria-label=\"Minimaal onderhoud\">\t\t\t\t\t\t\t\t\t\t\t\tMinimaal onderhoud\t\t\t\t\t\t\t\t\t\t\t<\/a>\t\t\t\t\t\t\t\t\t\t<\/h3>\n\t\t\t\t\t\t\t\t\t\t\t\t\t\t\t\t\t\t\t\t\t\t\t\t\t\t\t\t<div class=\"box-description\">Eenvoudig te reinigen, optimale hygi\u00ebne en uitstekende weerstand tegen vlekken en alledaagse producten.<\/div>\n\t\t\t\t\t\t\t\t\t\t\t\t\t\t\t\t\t\t\t\t\t\t\t\t\t\t<\/div>\n\t\t\t\t\t\t\t<\/div>\n\t\t\t\t\t\t<\/div>\t\t\t\t\t<\/div>\n\t\t\t\t\t\t\t\t\t<div class=\"wf-cell shown\">\n\t\t\t\t\t\t<div class=\"the7-icon-box-grid\">\t\t\t\t\t\t\t<div class=\"box-content-wrapper\">\n\t\t\t\t\t\t\t\t\t\t\t\t\t\t\t\t<div class=\"box-content\">\n\t\t\t\t\t\t\t\t\t\t\t\t\t\t\t\t\t\t\t\t\t\t\t\t\t\t\t\t\t<h3 class=\"box-heading\">\n\t\t\t\t\t\t\t\t\t\t\t<a aria-label=\"Esthetiek op maat\">\t\t\t\t\t\t\t\t\t\t\t\tEsthetiek op maat\t\t\t\t\t\t\t\t\t\t\t<\/a>\t\t\t\t\t\t\t\t\t\t<\/h3>\n\t\t\t\t\t\t\t\t\t\t\t\t\t\t\t\t\t\t\t\t\t\t\t\t\t\t\t\t<div class=\"box-description\">Ruime keuze aan kleuren, effecten, matte of glanzende afwerkingen voor een modern en gepersonaliseerd resultaat.<\/div>\n\t\t\t\t\t\t\t\t\t\t\t\t\t\t\t\t\t\t\t\t\t\t\t\t\t\t<\/div>\n\t\t\t\t\t\t\t<\/div>\n\t\t\t\t\t\t<\/div>\t\t\t\t\t<\/div>\n\t\t\t\t\t\t\t\t\t<div class=\"wf-cell shown\">\n\t\t\t\t\t\t<div class=\"the7-icon-box-grid\">\t\t\t\t\t\t\t<div class=\"box-content-wrapper\">\n\t\t\t\t\t\t\t\t\t\t\t\t\t\t\t\t<div class=\"box-content\">\n\t\t\t\t\t\t\t\t\t\t\t\t\t\t\t\t\t\t\t\t\t\t\t\t\t\t\t\t\t<h3 class=\"box-heading\">\n\t\t\t\t\t\t\t\t\t\t\t<a href=\"https:\/\/www.emb.be\/servies\/service01\" aria-label=\"Hoge weerstand\">\t\t\t\t\t\t\t\t\t\t\t\tHoge weerstand\t\t\t\t\t\t\t\t\t\t\t<\/a>\t\t\t\t\t\t\t\t\t\t<\/h3>\n\t\t\t\t\t\t\t\t\t\t\t\t\t\t\t\t\t\t\t\t\t\t\t\t\t\t\t\t<div class=\"box-description\">Uitstekende mechanische en chemische bestendigheid, geschikt voor woningen, winkels enz.<\/div>\n\t\t\t\t\t\t\t\t\t\t\t\t\t\t\t\t\t\t\t\t\t\t\t\t\t\t<\/div>\n\t\t\t\t\t\t\t<\/div>\n\t\t\t\t\t\t<\/div>\t\t\t\t\t<\/div>\n\t\t\t\t\t\t\t<\/div>\n\t\t<\/div>\t\t\t\t<\/div>\n\t\t\t\t<\/div>\n\t\t\t\t\t<\/div>\n\t\t<\/div>\n\t\t\t\t\t<\/div>\n\t\t<\/section>\n\t\t\t\t<section class=\"elementor-section elementor-top-section elementor-element elementor-element-5d9bd47a elementor-section-boxed elementor-section-height-default elementor-section-height-default\" data-id=\"5d9bd47a\" data-element_type=\"section\" data-e-type=\"section\" data-settings=\"{&quot;background_background&quot;:&quot;classic&quot;}\">\n\t\t\t\t\t\t<div class=\"elementor-container elementor-column-gap-wider\">\n\t\t\t\t\t<div class=\"elementor-column elementor-col-100 elementor-top-column elementor-element elementor-element-6c42345b\" data-id=\"6c42345b\" data-element_type=\"column\" data-e-type=\"column\">\n\t\t\t<div class=\"elementor-widget-wrap elementor-element-populated\">\n\t\t\t\t\t\t<div class=\"elementor-element elementor-element-70a03bb3 elementor-widget elementor-widget-heading\" data-id=\"70a03bb3\" data-element_type=\"widget\" data-e-type=\"widget\" data-widget_type=\"heading.default\">\n\t\t\t\t\t<h2 class=\"elementor-heading-title elementor-size-default\">Toepassingen en types gietvloeren<\/h2>\t\t\t\t<\/div>\n\t\t\t\t\t<\/div>\n\t\t<\/div>\n\t\t\t\t\t<\/div>\n\t\t<\/section>\n\t\t\t\t<section class=\"elementor-section elementor-top-section elementor-element elementor-element-b027802 elementor-section-boxed elementor-section-height-default elementor-section-height-default\" data-id=\"b027802\" data-element_type=\"section\" data-e-type=\"section\" data-settings=\"{&quot;background_background&quot;:&quot;classic&quot;}\">\n\t\t\t\t\t\t<div class=\"elementor-container elementor-column-gap-wider\">\n\t\t\t\t\t<div class=\"elementor-column elementor-col-50 elementor-top-column elementor-element elementor-element-3948a97d\" data-id=\"3948a97d\" data-element_type=\"column\" data-e-type=\"column\">\n\t\t\t<div class=\"elementor-widget-wrap elementor-element-populated\">\n\t\t\t\t\t\t<div class=\"elementor-element elementor-element-be968b8 elementor-widget-mobile__width-auto elementor-widget elementor-widget-image\" data-id=\"be968b8\" data-element_type=\"widget\" data-e-type=\"widget\" data-widget_type=\"image.default\">\n\t\t\t\t\t\t\t\t\t\t\t\t\t\t\t<img decoding=\"async\" src=\"https:\/\/www.emb.be\/wp-content\/uploads\/elementor\/thumbs\/sol-resine-blanc-piece-lumineuse-bruxelles-02-rme942kl976n166dl77cm5mlzq9aiorfzwxj5l62h4.jpg\" title=\"Witte gietvloer in een lichte kamer met grote raampartijen in Brussel\" alt=\"Witte gietvloer in een lichte kamer met grote raampartijen in Brussel\" loading=\"lazy\" \/>\t\t\t\t\t\t\t\t\t\t\t\t\t\t\t<\/div>\n\t\t\t\t<div class=\"elementor-element elementor-element-50b8bdc2 elementor-widget elementor-widget-spacer\" data-id=\"50b8bdc2\" data-element_type=\"widget\" data-e-type=\"widget\" data-widget_type=\"spacer.default\">\n\t\t\t\t\t\t\t<div class=\"elementor-spacer\">\n\t\t\t<div class=\"elementor-spacer-inner\"><\/div>\n\t\t<\/div>\n\t\t\t\t\t\t<\/div>\n\t\t\t\t<div class=\"elementor-element elementor-element-5de70cce elementor-widget elementor-widget-heading\" data-id=\"5de70cce\" data-element_type=\"widget\" data-e-type=\"widget\" data-widget_type=\"heading.default\">\n\t\t\t\t\t<h3 class=\"elementor-heading-title elementor-size-default\">Toepassingen binnenshuis<\/h3>\t\t\t\t<\/div>\n\t\t\t\t<div class=\"elementor-element elementor-element-566fa3d elementor-widget elementor-widget-spacer\" data-id=\"566fa3d\" data-element_type=\"widget\" data-e-type=\"widget\" data-widget_type=\"spacer.default\">\n\t\t\t\t\t\t\t<div class=\"elementor-spacer\">\n\t\t\t<div class=\"elementor-spacer-inner\"><\/div>\n\t\t<\/div>\n\t\t\t\t\t\t<\/div>\n\t\t\t\t<div class=\"elementor-element elementor-element-4394037e elementor-icon-list--layout-traditional elementor-list-item-link-full_width elementor-widget elementor-widget-icon-list\" data-id=\"4394037e\" data-element_type=\"widget\" data-e-type=\"widget\" data-widget_type=\"icon-list.default\">\n\t\t\t\t\t\t\t<ul class=\"elementor-icon-list-items\">\n\t\t\t\t\t\t\t<li class=\"elementor-icon-list-item\">\n\t\t\t\t\t\t\t\t\t\t\t<span class=\"elementor-icon-list-icon\">\n\t\t\t\t\t\t\t<svg aria-hidden=\"true\" class=\"e-font-icon-svg e-fas-check\" viewBox=\"0 0 512 512\" xmlns=\"http:\/\/www.w3.org\/2000\/svg\"><path d=\"M173.898 439.404l-166.4-166.4c-9.997-9.997-9.997-26.206 0-36.204l36.203-36.204c9.997-9.998 26.207-9.998 36.204 0L192 312.69 432.095 72.596c9.997-9.997 26.207-9.997 36.204 0l36.203 36.204c9.997 9.997 9.997 26.206 0 36.204l-294.4 294.401c-9.998 9.997-26.207 9.997-36.204-.001z\"><\/path><\/svg>\t\t\t\t\t\t<\/span>\n\t\t\t\t\t\t\t\t\t\t<span class=\"elementor-icon-list-text\">Woningen (keuken, woonkamer, wasplaats, kelder)<\/span>\n\t\t\t\t\t\t\t\t\t<\/li>\n\t\t\t\t\t\t\t\t<li class=\"elementor-icon-list-item\">\n\t\t\t\t\t\t\t\t\t\t\t<span class=\"elementor-icon-list-icon\">\n\t\t\t\t\t\t\t<svg aria-hidden=\"true\" class=\"e-font-icon-svg e-fas-check\" viewBox=\"0 0 512 512\" xmlns=\"http:\/\/www.w3.org\/2000\/svg\"><path d=\"M173.898 439.404l-166.4-166.4c-9.997-9.997-9.997-26.206 0-36.204l36.203-36.204c9.997-9.998 26.207-9.998 36.204 0L192 312.69 432.095 72.596c9.997-9.997 26.207-9.997 36.204 0l36.203 36.204c9.997 9.997 9.997 26.206 0 36.204l-294.4 294.401c-9.998 9.997-26.207 9.997-36.204-.001z\"><\/path><\/svg>\t\t\t\t\t\t<\/span>\n\t\t\t\t\t\t\t\t\t\t<span class=\"elementor-icon-list-text\">Garages en technische ruimtes<\/span>\n\t\t\t\t\t\t\t\t\t<\/li>\n\t\t\t\t\t\t\t\t<li class=\"elementor-icon-list-item\">\n\t\t\t\t\t\t\t\t\t\t\t<span class=\"elementor-icon-list-icon\">\n\t\t\t\t\t\t\t<svg aria-hidden=\"true\" class=\"e-font-icon-svg e-fas-check\" viewBox=\"0 0 512 512\" xmlns=\"http:\/\/www.w3.org\/2000\/svg\"><path d=\"M173.898 439.404l-166.4-166.4c-9.997-9.997-9.997-26.206 0-36.204l36.203-36.204c9.997-9.998 26.207-9.998 36.204 0L192 312.69 432.095 72.596c9.997-9.997 26.207-9.997 36.204 0l36.203 36.204c9.997 9.997 9.997 26.206 0 36.204l-294.4 294.401c-9.998 9.997-26.207 9.997-36.204-.001z\"><\/path><\/svg>\t\t\t\t\t\t<\/span>\n\t\t\t\t\t\t\t\t\t\t<span class=\"elementor-icon-list-text\">Winkels en kantoren<\/span>\n\t\t\t\t\t\t\t\t\t<\/li>\n\t\t\t\t\t\t\t\t<li class=\"elementor-icon-list-item\">\n\t\t\t\t\t\t\t\t\t\t\t<span class=\"elementor-icon-list-icon\">\n\t\t\t\t\t\t\t<svg aria-hidden=\"true\" class=\"e-font-icon-svg e-fas-check\" viewBox=\"0 0 512 512\" xmlns=\"http:\/\/www.w3.org\/2000\/svg\"><path d=\"M173.898 439.404l-166.4-166.4c-9.997-9.997-9.997-26.206 0-36.204l36.203-36.204c9.997-9.998 26.207-9.998 36.204 0L192 312.69 432.095 72.596c9.997-9.997 26.207-9.997 36.204 0l36.203 36.204c9.997 9.997 9.997 26.206 0 36.204l-294.4 294.401c-9.998 9.997-26.207 9.997-36.204-.001z\"><\/path><\/svg>\t\t\t\t\t\t<\/span>\n\t\t\t\t\t\t\t\t\t\t<span class=\"elementor-icon-list-text\">Ateliers en lichte industri\u00eble oppervlakken<\/span>\n\t\t\t\t\t\t\t\t\t<\/li>\n\t\t\t\t\t\t\t\t<li class=\"elementor-icon-list-item\">\n\t\t\t\t\t\t\t\t\t\t\t<span class=\"elementor-icon-list-icon\">\n\t\t\t\t\t\t\t<svg aria-hidden=\"true\" class=\"e-font-icon-svg e-fas-check\" viewBox=\"0 0 512 512\" xmlns=\"http:\/\/www.w3.org\/2000\/svg\"><path d=\"M173.898 439.404l-166.4-166.4c-9.997-9.997-9.997-26.206 0-36.204l36.203-36.204c9.997-9.998 26.207-9.998 36.204 0L192 312.69 432.095 72.596c9.997-9.997 26.207-9.997 36.204 0l36.203 36.204c9.997 9.997 9.997 26.206 0 36.204l-294.4 294.401c-9.998 9.997-26.207 9.997-36.204-.001z\"><\/path><\/svg>\t\t\t\t\t\t<\/span>\n\t\t\t\t\t\t\t\t\t\t<span class=\"elementor-icon-list-text\">Ruimtes die hygi\u00ebne en eenvoudig onderhoud vereisen<\/span>\n\t\t\t\t\t\t\t\t\t<\/li>\n\t\t\t\t\t\t<\/ul>\n\t\t\t\t\t\t<\/div>\n\t\t\t\t\t<\/div>\n\t\t<\/div>\n\t\t\t\t<div class=\"elementor-column elementor-col-50 elementor-top-column elementor-element elementor-element-5133046f\" data-id=\"5133046f\" data-element_type=\"column\" data-e-type=\"column\">\n\t\t\t<div class=\"elementor-widget-wrap elementor-element-populated\">\n\t\t\t\t\t\t<div class=\"elementor-element elementor-element-51459d6b elementor-widget-mobile__width-auto elementor-widget elementor-widget-image\" data-id=\"51459d6b\" data-element_type=\"widget\" data-e-type=\"widget\" data-widget_type=\"image.default\">\n\t\t\t\t\t\t\t\t\t\t\t\t\t\t\t<img decoding=\"async\" src=\"https:\/\/www.emb.be\/wp-content\/uploads\/elementor\/thumbs\/sol-resine-blanc-escalier-contemporain-bruxelles-03-rme93zr2op2s2cah1nzgwoc87kn6vlg8ziz2pra8zs.jpg\" title=\"Witte gietvloer in een modern interieur met zwevende trap in Brussel\" alt=\"Witte gietvloer in een modern interieur met zwevende trap in Brussel\" loading=\"lazy\" \/>\t\t\t\t\t\t\t\t\t\t\t\t\t\t\t<\/div>\n\t\t\t\t<div class=\"elementor-element elementor-element-255db256 elementor-widget elementor-widget-spacer\" data-id=\"255db256\" data-element_type=\"widget\" data-e-type=\"widget\" data-widget_type=\"spacer.default\">\n\t\t\t\t\t\t\t<div class=\"elementor-spacer\">\n\t\t\t<div class=\"elementor-spacer-inner\"><\/div>\n\t\t<\/div>\n\t\t\t\t\t\t<\/div>\n\t\t\t\t<div class=\"elementor-element elementor-element-6195e0f5 elementor-widget elementor-widget-heading\" data-id=\"6195e0f5\" data-element_type=\"widget\" data-e-type=\"widget\" data-widget_type=\"heading.default\">\n\t\t\t\t\t<h3 class=\"elementor-heading-title elementor-size-default\">Beschikbare types kunsthars<\/h3>\t\t\t\t<\/div>\n\t\t\t\t<div class=\"elementor-element elementor-element-6039c57c elementor-widget elementor-widget-spacer\" data-id=\"6039c57c\" data-element_type=\"widget\" data-e-type=\"widget\" data-widget_type=\"spacer.default\">\n\t\t\t\t\t\t\t<div class=\"elementor-spacer\">\n\t\t\t<div class=\"elementor-spacer-inner\"><\/div>\n\t\t<\/div>\n\t\t\t\t\t\t<\/div>\n\t\t\t\t<div class=\"elementor-element elementor-element-6dca80f5 elementor-icon-list--layout-traditional elementor-list-item-link-full_width elementor-widget elementor-widget-icon-list\" data-id=\"6dca80f5\" data-element_type=\"widget\" data-e-type=\"widget\" data-widget_type=\"icon-list.default\">\n\t\t\t\t\t\t\t<ul class=\"elementor-icon-list-items\">\n\t\t\t\t\t\t\t<li class=\"elementor-icon-list-item\">\n\t\t\t\t\t\t\t\t\t\t\t<span class=\"elementor-icon-list-icon\">\n\t\t\t\t\t\t\t<svg aria-hidden=\"true\" class=\"e-font-icon-svg e-fas-check\" viewBox=\"0 0 512 512\" xmlns=\"http:\/\/www.w3.org\/2000\/svg\"><path d=\"M173.898 439.404l-166.4-166.4c-9.997-9.997-9.997-26.206 0-36.204l36.203-36.204c9.997-9.998 26.207-9.998 36.204 0L192 312.69 432.095 72.596c9.997-9.997 26.207-9.997 36.204 0l36.203 36.204c9.997 9.997 9.997 26.206 0 36.204l-294.4 294.401c-9.998 9.997-26.207 9.997-36.204-.001z\"><\/path><\/svg>\t\t\t\t\t\t<\/span>\n\t\t\t\t\t\t\t\t\t\t<span class=\"elementor-icon-list-text\">Epoxyhars \u2014 hoge mechanische weerstand<\/span>\n\t\t\t\t\t\t\t\t\t<\/li>\n\t\t\t\t\t\t\t\t<li class=\"elementor-icon-list-item\">\n\t\t\t\t\t\t\t\t\t\t\t<span class=\"elementor-icon-list-icon\">\n\t\t\t\t\t\t\t<svg aria-hidden=\"true\" class=\"e-font-icon-svg e-fas-check\" viewBox=\"0 0 512 512\" xmlns=\"http:\/\/www.w3.org\/2000\/svg\"><path d=\"M173.898 439.404l-166.4-166.4c-9.997-9.997-9.997-26.206 0-36.204l36.203-36.204c9.997-9.998 26.207-9.998 36.204 0L192 312.69 432.095 72.596c9.997-9.997 26.207-9.997 36.204 0l36.203 36.204c9.997 9.997 9.997 26.206 0 36.204l-294.4 294.401c-9.998 9.997-26.207 9.997-36.204-.001z\"><\/path><\/svg>\t\t\t\t\t\t<\/span>\n\t\t\t\t\t\t\t\t\t\t<span class=\"elementor-icon-list-text\">Polyurethaanhars \u2014 flexibeler en comfortabeler<\/span>\n\t\t\t\t\t\t\t\t\t<\/li>\n\t\t\t\t\t\t\t\t<li class=\"elementor-icon-list-item\">\n\t\t\t\t\t\t\t\t\t\t\t<span class=\"elementor-icon-list-icon\">\n\t\t\t\t\t\t\t<svg aria-hidden=\"true\" class=\"e-font-icon-svg e-fas-check\" viewBox=\"0 0 512 512\" xmlns=\"http:\/\/www.w3.org\/2000\/svg\"><path d=\"M173.898 439.404l-166.4-166.4c-9.997-9.997-9.997-26.206 0-36.204l36.203-36.204c9.997-9.998 26.207-9.998 36.204 0L192 312.69 432.095 72.596c9.997-9.997 26.207-9.997 36.204 0l36.203 36.204c9.997 9.997 9.997 26.206 0 36.204l-294.4 294.401c-9.998 9.997-26.207 9.997-36.204-.001z\"><\/path><\/svg>\t\t\t\t\t\t<\/span>\n\t\t\t\t\t\t\t\t\t\t<span class=\"elementor-icon-list-text\">Granito-gietvloer \u2014 decoratief en getextureerd aspect<\/span>\n\t\t\t\t\t\t\t\t\t<\/li>\n\t\t\t\t\t\t\t\t<li class=\"elementor-icon-list-item\">\n\t\t\t\t\t\t\t\t\t\t\t<span class=\"elementor-icon-list-icon\">\n\t\t\t\t\t\t\t<svg aria-hidden=\"true\" class=\"e-font-icon-svg e-fas-check\" viewBox=\"0 0 512 512\" xmlns=\"http:\/\/www.w3.org\/2000\/svg\"><path d=\"M173.898 439.404l-166.4-166.4c-9.997-9.997-9.997-26.206 0-36.204l36.203-36.204c9.997-9.998 26.207-9.998 36.204 0L192 312.69 432.095 72.596c9.997-9.997 26.207-9.997 36.204 0l36.203 36.204c9.997 9.997 9.997 26.206 0 36.204l-294.4 294.401c-9.998 9.997-26.207 9.997-36.204-.001z\"><\/path><\/svg>\t\t\t\t\t\t<\/span>\n\t\t\t\t\t\t\t\t\t\t<span class=\"elementor-icon-list-text\">Matte, satijnen of glanzende afwerkingen<\/span>\n\t\t\t\t\t\t\t\t\t<\/li>\n\t\t\t\t\t\t\t\t<li class=\"elementor-icon-list-item\">\n\t\t\t\t\t\t\t\t\t\t\t<span class=\"elementor-icon-list-icon\">\n\t\t\t\t\t\t\t<svg aria-hidden=\"true\" class=\"e-font-icon-svg e-fas-check\" viewBox=\"0 0 512 512\" xmlns=\"http:\/\/www.w3.org\/2000\/svg\"><path d=\"M173.898 439.404l-166.4-166.4c-9.997-9.997-9.997-26.206 0-36.204l36.203-36.204c9.997-9.998 26.207-9.998 36.204 0L192 312.69 432.095 72.596c9.997-9.997 26.207-9.997 36.204 0l36.203 36.204c9.997 9.997 9.997 26.206 0 36.204l-294.4 294.401c-9.998 9.997-26.207 9.997-36.204-.001z\"><\/path><\/svg>\t\t\t\t\t\t<\/span>\n\t\t\t\t\t\t\t\t\t\t<span class=\"elementor-icon-list-text\">Ruime keuze aan kleuren en nuances<\/span>\n\t\t\t\t\t\t\t\t\t<\/li>\n\t\t\t\t\t\t<\/ul>\n\t\t\t\t\t\t<\/div>\n\t\t\t\t\t<\/div>\n\t\t<\/div>\n\t\t\t\t\t<\/div>\n\t\t<\/section>\n\t\t\t\t<section class=\"elementor-section elementor-top-section elementor-element elementor-element-744671e7 elementor-section-height-min-height elementor-section-items-stretch elementor-section-content-middle elementor-reverse-tablet elementor-reverse-mobile elementor-section-boxed elementor-section-height-default\" data-id=\"744671e7\" data-element_type=\"section\" data-e-type=\"section\">\n\t\t\t\t\t\t<div class=\"elementor-container elementor-column-gap-wider\">\n\t\t\t\t\t<div class=\"elementor-column elementor-col-50 elementor-top-column elementor-element elementor-element-14f64aa9\" data-id=\"14f64aa9\" data-element_type=\"column\" data-e-type=\"column\">\n\t\t\t<div class=\"elementor-widget-wrap elementor-element-populated\">\n\t\t\t\t\t\t<div class=\"elementor-element elementor-element-d62420a elementor-widget elementor-widget-heading\" data-id=\"d62420a\" data-element_type=\"widget\" data-e-type=\"widget\" data-widget_type=\"heading.default\">\n\t\t\t\t\t<h2 class=\"elementor-heading-title elementor-size-default\">Waarom kiezen voor EMB voor uw gietvloer?<\/h2>\t\t\t\t<\/div>\n\t\t\t\t<div class=\"elementor-element elementor-element-2c3179ba elementor-widget elementor-widget-spacer\" data-id=\"2c3179ba\" data-element_type=\"widget\" data-e-type=\"widget\" data-widget_type=\"spacer.default\">\n\t\t\t\t\t\t\t<div class=\"elementor-spacer\">\n\t\t\t<div class=\"elementor-spacer-inner\"><\/div>\n\t\t<\/div>\n\t\t\t\t\t\t<\/div>\n\t\t\t\t<div class=\"elementor-element elementor-element-67272b20 elementor-widget elementor-widget-text-editor\" data-id=\"67272b20\" data-element_type=\"widget\" data-e-type=\"widget\" data-widget_type=\"text-editor.default\">\n\t\t\t\t\t\t\t\t\t<p>Als <strong>gespecialiseerd bedrijf in vloerbekleding<\/strong> in <a href=\"https:\/\/www.bruxelles.be\/\">Brussel<\/a> en Belgi\u00eb begeleidt EMB elk gietvloerproject van studie tot realisatie.<\/p><p>Onze aanpak combineert technische expertise, de keuze van de juiste materialen en aandacht voor de afwerking om een duurzaam, esthetisch resultaat te garanderen dat perfect is afgestemd op het gebruik.<\/p>\t\t\t\t\t\t\t\t<\/div>\n\t\t\t\t<div class=\"elementor-element elementor-element-8888763 elementor-widget elementor-widget-spacer\" data-id=\"8888763\" data-element_type=\"widget\" data-e-type=\"widget\" data-widget_type=\"spacer.default\">\n\t\t\t\t\t\t\t<div class=\"elementor-spacer\">\n\t\t\t<div class=\"elementor-spacer-inner\"><\/div>\n\t\t<\/div>\n\t\t\t\t\t\t<\/div>\n\t\t\t\t<div class=\"elementor-element elementor-element-3225e971 elementor-icon-list--layout-traditional elementor-list-item-link-full_width elementor-widget elementor-widget-icon-list\" data-id=\"3225e971\" data-element_type=\"widget\" data-e-type=\"widget\" data-widget_type=\"icon-list.default\">\n\t\t\t\t\t\t\t<ul class=\"elementor-icon-list-items\">\n\t\t\t\t\t\t\t<li class=\"elementor-icon-list-item\">\n\t\t\t\t\t\t\t\t\t\t\t<span class=\"elementor-icon-list-icon\">\n\t\t\t\t\t\t\t<svg aria-hidden=\"true\" class=\"e-font-icon-svg e-fas-check\" viewBox=\"0 0 512 512\" xmlns=\"http:\/\/www.w3.org\/2000\/svg\"><path d=\"M173.898 439.404l-166.4-166.4c-9.997-9.997-9.997-26.206 0-36.204l36.203-36.204c9.997-9.998 26.207-9.998 36.204 0L192 312.69 432.095 72.596c9.997-9.997 26.207-9.997 36.204 0l36.203 36.204c9.997 9.997 9.997 26.206 0 36.204l-294.4 294.401c-9.998 9.997-26.207 9.997-36.204-.001z\"><\/path><\/svg>\t\t\t\t\t\t<\/span>\n\t\t\t\t\t\t\t\t\t\t<span class=\"elementor-icon-list-text\">Expertise in epoxy- en polyurethaanhars<\/span>\n\t\t\t\t\t\t\t\t\t<\/li>\n\t\t\t\t\t\t\t\t<li class=\"elementor-icon-list-item\">\n\t\t\t\t\t\t\t\t\t\t\t<span class=\"elementor-icon-list-icon\">\n\t\t\t\t\t\t\t<svg aria-hidden=\"true\" class=\"e-font-icon-svg e-fas-check\" viewBox=\"0 0 512 512\" xmlns=\"http:\/\/www.w3.org\/2000\/svg\"><path d=\"M173.898 439.404l-166.4-166.4c-9.997-9.997-9.997-26.206 0-36.204l36.203-36.204c9.997-9.998 26.207-9.998 36.204 0L192 312.69 432.095 72.596c9.997-9.997 26.207-9.997 36.204 0l36.203 36.204c9.997 9.997 9.997 26.206 0 36.204l-294.4 294.401c-9.998 9.997-26.207 9.997-36.204-.001z\"><\/path><\/svg>\t\t\t\t\t\t<\/span>\n\t\t\t\t\t\t\t\t\t\t<span class=\"elementor-icon-list-text\">Technische voorbereiding van de ondergrond en vakkundige uitvoering<\/span>\n\t\t\t\t\t\t\t\t\t<\/li>\n\t\t\t\t\t\t\t\t<li class=\"elementor-icon-list-item\">\n\t\t\t\t\t\t\t\t\t\t\t<span class=\"elementor-icon-list-icon\">\n\t\t\t\t\t\t\t<svg aria-hidden=\"true\" class=\"e-font-icon-svg e-fas-check\" viewBox=\"0 0 512 512\" xmlns=\"http:\/\/www.w3.org\/2000\/svg\"><path d=\"M173.898 439.404l-166.4-166.4c-9.997-9.997-9.997-26.206 0-36.204l36.203-36.204c9.997-9.998 26.207-9.998 36.204 0L192 312.69 432.095 72.596c9.997-9.997 26.207-9.997 36.204 0l36.203 36.204c9.997 9.997 9.997 26.206 0 36.204l-294.4 294.401c-9.998 9.997-26.207 9.997-36.204-.001z\"><\/path><\/svg>\t\t\t\t\t\t<\/span>\n\t\t\t\t\t\t\t\t\t\t<span class=\"elementor-icon-list-text\">Begeleiding bij de keuze van afwerkingen en resultaten<\/span>\n\t\t\t\t\t\t\t\t\t<\/li>\n\t\t\t\t\t\t\t\t<li class=\"elementor-icon-list-item\">\n\t\t\t\t\t\t\t\t\t\t\t<span class=\"elementor-icon-list-icon\">\n\t\t\t\t\t\t\t<svg aria-hidden=\"true\" class=\"e-font-icon-svg e-fas-check\" viewBox=\"0 0 512 512\" xmlns=\"http:\/\/www.w3.org\/2000\/svg\"><path d=\"M173.898 439.404l-166.4-166.4c-9.997-9.997-9.997-26.206 0-36.204l36.203-36.204c9.997-9.998 26.207-9.998 36.204 0L192 312.69 432.095 72.596c9.997-9.997 26.207-9.997 36.204 0l36.203 36.204c9.997 9.997 9.997 26.206 0 36.204l-294.4 294.401c-9.998 9.997-26.207 9.997-36.204-.001z\"><\/path><\/svg>\t\t\t\t\t\t<\/span>\n\t\t\t\t\t\t\t\t\t\t<span class=\"elementor-icon-list-text\">Interventie bij nieuwbouw en renovatie<\/span>\n\t\t\t\t\t\t\t\t\t<\/li>\n\t\t\t\t\t\t<\/ul>\n\t\t\t\t\t\t<\/div>\n\t\t\t\t\t<\/div>\n\t\t<\/div>\n\t\t\t\t<div class=\"elementor-column elementor-col-50 elementor-top-column elementor-element elementor-element-24c6c678\" data-id=\"24c6c678\" data-element_type=\"column\" data-e-type=\"column\">\n\t\t\t<div class=\"elementor-widget-wrap elementor-element-populated\">\n\t\t\t\t\t\t<div class=\"elementor-element elementor-element-29382a1c elementor-widget__width-initial elementor-widget-mobile__width-auto elementor-widget elementor-widget-image\" data-id=\"29382a1c\" data-element_type=\"widget\" data-e-type=\"widget\" data-widget_type=\"image.default\">\n\t\t\t\t\t\t\t\t\t\t\t\t\t\t\t<img decoding=\"async\" src=\"https:\/\/www.emb.be\/wp-content\/uploads\/elementor\/thumbs\/sol-beton-lave-exterieur-bruxelles-belgique-rip7vqycl8q5d4g3bzriz9os3db1dyrrpcjawd5gr4.jpg\" title=\"uitgewassen beton buiten voor omgevingen en trappen in Brussel\" alt=\"uitgewassen beton buiten voor omgevingen en trappen in Brussel\" loading=\"lazy\" \/>\t\t\t\t\t\t\t\t\t\t\t\t\t\t\t<\/div>\n\t\t\t\t\t<\/div>\n\t\t<\/div>\n\t\t\t\t\t<\/div>\n\t\t<\/section>\n\t\t<div class=\"elementor-element elementor-element-5321b4a5 e-con-full e-flex e-con e-parent\" data-id=\"5321b4a5\" data-element_type=\"container\" data-e-type=\"container\" data-settings=\"{&quot;animation&quot;:&quot;none&quot;,&quot;background_background&quot;:&quot;classic&quot;}\">\n\t\t<div class=\"elementor-element elementor-element-8f2f2ec e-con-full animated-slow e-transform e-flex e-con e-child\" data-id=\"8f2f2ec\" data-element_type=\"container\" data-e-type=\"container\" data-settings=\"{&quot;background_background&quot;:&quot;classic&quot;,&quot;animation&quot;:&quot;none&quot;,&quot;_transform_scaleX_effect_hover&quot;:{&quot;unit&quot;:&quot;px&quot;,&quot;size&quot;:&quot;&quot;,&quot;sizes&quot;:[]},&quot;_transform_scaleX_effect_hover_tablet&quot;:{&quot;unit&quot;:&quot;px&quot;,&quot;size&quot;:&quot;&quot;,&quot;sizes&quot;:[]},&quot;_transform_scaleX_effect_hover_mobile&quot;:{&quot;unit&quot;:&quot;px&quot;,&quot;size&quot;:&quot;&quot;,&quot;sizes&quot;:[]},&quot;_transform_scaleY_effect_hover&quot;:{&quot;unit&quot;:&quot;px&quot;,&quot;size&quot;:&quot;&quot;,&quot;sizes&quot;:[]},&quot;_transform_scaleY_effect_hover_tablet&quot;:{&quot;unit&quot;:&quot;px&quot;,&quot;size&quot;:&quot;&quot;,&quot;sizes&quot;:[]},&quot;_transform_scaleY_effect_hover_mobile&quot;:{&quot;unit&quot;:&quot;px&quot;,&quot;size&quot;:&quot;&quot;,&quot;sizes&quot;:[]}}\">\n\t\t\t\t<\/div>\n\t\t<div class=\"elementor-element elementor-element-669d96a6 e-con-full e-flex e-con e-child\" data-id=\"669d96a6\" data-element_type=\"container\" data-e-type=\"container\">\n\t\t\t\t<div class=\"elementor-element elementor-element-63108cf1 elementor-widget elementor-widget-heading\" data-id=\"63108cf1\" data-element_type=\"widget\" data-e-type=\"widget\" data-widget_type=\"heading.default\">\n\t\t\t\t\t<h2 class=\"elementor-heading-title elementor-size-default\">De voordelen van een gietvloer<\/h2>\t\t\t\t<\/div>\n\t\t\t\t<div class=\"elementor-element elementor-element-6c81868c elementor-widget elementor-widget-spacer\" data-id=\"6c81868c\" data-element_type=\"widget\" data-e-type=\"widget\" data-widget_type=\"spacer.default\">\n\t\t\t\t\t\t\t<div class=\"elementor-spacer\">\n\t\t\t<div class=\"elementor-spacer-inner\"><\/div>\n\t\t<\/div>\n\t\t\t\t\t\t<\/div>\n\t\t\t\t<div class=\"elementor-element elementor-element-727c476d elementor-widget elementor-widget-text-editor\" data-id=\"727c476d\" data-element_type=\"widget\" data-e-type=\"widget\" data-widget_type=\"text-editor.default\">\n\t\t\t\t\t\t\t\t\t<p>De <strong>gietvloer is een duurzame en esthetische oplossing<\/strong> die geschikt is voor tal van residenti\u00eble en professionele projecten. Het combineert technische prestaties met onderhoudsgemak en een grote vrijheid in personalisatie. <\/p>\t\t\t\t\t\t\t\t<\/div>\n\t\t\t\t<div class=\"elementor-element elementor-element-7e4f7787 elementor-widget elementor-widget-spacer\" data-id=\"7e4f7787\" data-element_type=\"widget\" data-e-type=\"widget\" data-widget_type=\"spacer.default\">\n\t\t\t\t\t\t\t<div class=\"elementor-spacer\">\n\t\t\t<div class=\"elementor-spacer-inner\"><\/div>\n\t\t<\/div>\n\t\t\t\t\t\t<\/div>\n\t\t\t\t<div class=\"elementor-element elementor-element-3f23b57d icon-position-mobile-left icon-vertical-align-center content-align-left icon-box-vertical-align-top icon-position-left elementor-widget elementor-widget-the7_icon_box_grid_widget\" data-id=\"3f23b57d\" data-element_type=\"widget\" data-e-type=\"widget\" data-widget_type=\"the7_icon_box_grid_widget.default\">\n\t\t\t\t<div class=\"elementor-widget-container\">\n\t\t\t\t\t<div class=\"the7-box-grid-wrapper the7-elementor-widget loading-effect-none the7_icon_box_grid_widget-3f23b57d\">\t\t\t<div class=\"dt-css-grid\">\n\t\t\t\t\t\t\t\t\t<div class=\"wf-cell shown\">\n\t\t\t\t\t\t<a class=\"the7-icon-box-grid box-hover\" aria-label=\"Glad en naadloos oppervlak\">\t\t\t\t\t\t\t<div class=\"box-content-wrapper\">\n\t\t\t\t\t\t\t\t\t\t\t\t\t\t\t\t\t<div class=\"elementor-icon-div\">\t\t\t\t\t\t\t\t\t\t<div class=\"elementor-icon\">\n\t\t\t\t\t\t\t\t\t\t\t\t\t\t\t\t\t\t\t\t\t<\/div>\n\t\t\t\t\t\t\t\t\t<\/div>\t\t\t\t\t\t\t\t\t\t\t\t\t\t\t\t<div class=\"box-content\">\n\t\t\t\t\t\t\t\t\t\t\t\t\t\t\t\t\t\t\t\t\t\t\t\t\t\t\t\t\t<div class=\"box-heading\">\n\t\t\t\t\t\t\t\t\t\t\t\t\t\t\t\t\t\t\t\t\t\t\tGlad en naadloos oppervlak\t\t\t\t\t\t\t\t\t\t\t\t\t\t\t\t\t\t\t\t\t<\/div>\n\t\t\t\t\t\t\t\t\t\t\t\t\t\t\t\t\t\t\t\t\t\t\t\t\t\t\t\t\t\t\t\t\t\t\t<\/div>\n\t\t\t\t\t\t\t<\/div>\n\t\t\t\t\t\t<\/a>\t\t\t\t\t<\/div>\n\t\t\t\t\t\t\t\t\t<div class=\"wf-cell shown\">\n\t\t\t\t\t\t<a class=\"the7-icon-box-grid box-hover\" aria-label=\"Eenvoudig en hygi\u00ebnisch onderhoud\">\t\t\t\t\t\t\t<div class=\"box-content-wrapper\">\n\t\t\t\t\t\t\t\t\t\t\t\t\t\t\t\t\t<div class=\"elementor-icon-div\">\t\t\t\t\t\t\t\t\t\t<div class=\"elementor-icon\">\n\t\t\t\t\t\t\t\t\t\t\t\t\t\t\t\t\t\t\t\t\t<\/div>\n\t\t\t\t\t\t\t\t\t<\/div>\t\t\t\t\t\t\t\t\t\t\t\t\t\t\t\t<div class=\"box-content\">\n\t\t\t\t\t\t\t\t\t\t\t\t\t\t\t\t\t\t\t\t\t\t\t\t\t\t\t\t\t<div class=\"box-heading\">\n\t\t\t\t\t\t\t\t\t\t\t\t\t\t\t\t\t\t\t\t\t\t\tEenvoudig en hygi\u00ebnisch onderhoud\t\t\t\t\t\t\t\t\t\t\t\t\t\t\t\t\t\t\t\t\t<\/div>\n\t\t\t\t\t\t\t\t\t\t\t\t\t\t\t\t\t\t\t\t\t\t\t\t\t\t\t\t\t\t\t\t\t\t\t<\/div>\n\t\t\t\t\t\t\t<\/div>\n\t\t\t\t\t\t<\/a>\t\t\t\t\t<\/div>\n\t\t\t\t\t\t\t\t\t<div class=\"wf-cell shown\">\n\t\t\t\t\t\t<a class=\"the7-icon-box-grid box-hover\" aria-label=\"Hoge weerstand tegen slijtage en producten\">\t\t\t\t\t\t\t<div class=\"box-content-wrapper\">\n\t\t\t\t\t\t\t\t\t\t\t\t\t\t\t\t\t<div class=\"elementor-icon-div\">\t\t\t\t\t\t\t\t\t\t<div class=\"elementor-icon\">\n\t\t\t\t\t\t\t\t\t\t\t\t\t\t\t\t\t\t\t\t\t<\/div>\n\t\t\t\t\t\t\t\t\t<\/div>\t\t\t\t\t\t\t\t\t\t\t\t\t\t\t\t<div class=\"box-content\">\n\t\t\t\t\t\t\t\t\t\t\t\t\t\t\t\t\t\t\t\t\t\t\t\t\t\t\t\t\t<div class=\"box-heading\">\n\t\t\t\t\t\t\t\t\t\t\t\t\t\t\t\t\t\t\t\t\t\t\tHoge weerstand tegen slijtage en producten\t\t\t\t\t\t\t\t\t\t\t\t\t\t\t\t\t\t\t\t\t<\/div>\n\t\t\t\t\t\t\t\t\t\t\t\t\t\t\t\t\t\t\t\t\t\t\t\t\t\t\t\t\t\t\t\t\t\t\t<\/div>\n\t\t\t\t\t\t\t<\/div>\n\t\t\t\t\t\t<\/a>\t\t\t\t\t<\/div>\n\t\t\t\t\t\t\t\t\t<div class=\"wf-cell shown\">\n\t\t\t\t\t\t<a class=\"the7-icon-box-grid box-hover\" aria-label=\"Geringe dikte, ideaal bij renovatie\">\t\t\t\t\t\t\t<div class=\"box-content-wrapper\">\n\t\t\t\t\t\t\t\t\t\t\t\t\t\t\t\t\t<div class=\"elementor-icon-div\">\t\t\t\t\t\t\t\t\t\t<div class=\"elementor-icon\">\n\t\t\t\t\t\t\t\t\t\t\t\t\t\t\t\t\t\t\t\t\t<\/div>\n\t\t\t\t\t\t\t\t\t<\/div>\t\t\t\t\t\t\t\t\t\t\t\t\t\t\t\t<div class=\"box-content\">\n\t\t\t\t\t\t\t\t\t\t\t\t\t\t\t\t\t\t\t\t\t\t\t\t\t\t\t\t\t<div class=\"box-heading\">\n\t\t\t\t\t\t\t\t\t\t\t\t\t\t\t\t\t\t\t\t\t\t\tGeringe dikte, ideaal bij renovatie\t\t\t\t\t\t\t\t\t\t\t\t\t\t\t\t\t\t\t\t\t<\/div>\n\t\t\t\t\t\t\t\t\t\t\t\t\t\t\t\t\t\t\t\t\t\t\t\t\t\t\t\t\t\t\t\t\t\t\t<\/div>\n\t\t\t\t\t\t\t<\/div>\n\t\t\t\t\t\t<\/a>\t\t\t\t\t<\/div>\n\t\t\t\t\t\t\t\t\t<div class=\"wf-cell shown\">\n\t\t\t\t\t\t<a class=\"the7-icon-box-grid box-hover\" aria-label=\"Compatibel met vloerverwarming\">\t\t\t\t\t\t\t<div class=\"box-content-wrapper\">\n\t\t\t\t\t\t\t\t\t\t\t\t\t\t\t\t\t<div class=\"elementor-icon-div\">\t\t\t\t\t\t\t\t\t\t<div class=\"elementor-icon\">\n\t\t\t\t\t\t\t\t\t\t\t\t\t\t\t\t\t\t\t\t\t<\/div>\n\t\t\t\t\t\t\t\t\t<\/div>\t\t\t\t\t\t\t\t\t\t\t\t\t\t\t\t<div class=\"box-content\">\n\t\t\t\t\t\t\t\t\t\t\t\t\t\t\t\t\t\t\t\t\t\t\t\t\t\t\t\t\t<div class=\"box-heading\">\n\t\t\t\t\t\t\t\t\t\t\t\t\t\t\t\t\t\t\t\t\t\t\tCompatibel met vloerverwarming\t\t\t\t\t\t\t\t\t\t\t\t\t\t\t\t\t\t\t\t\t<\/div>\n\t\t\t\t\t\t\t\t\t\t\t\t\t\t\t\t\t\t\t\t\t\t\t\t\t\t\t\t\t\t\t\t\t\t\t<\/div>\n\t\t\t\t\t\t\t<\/div>\n\t\t\t\t\t\t<\/a>\t\t\t\t\t<\/div>\n\t\t\t\t\t\t\t\t\t<div class=\"wf-cell shown\">\n\t\t\t\t\t\t<a class=\"the7-icon-box-grid box-hover\" aria-label=\"Ruime keuze aan kleuren en afwerkingen\">\t\t\t\t\t\t\t<div class=\"box-content-wrapper\">\n\t\t\t\t\t\t\t\t\t\t\t\t\t\t\t\t\t<div class=\"elementor-icon-div\">\t\t\t\t\t\t\t\t\t\t<div class=\"elementor-icon\">\n\t\t\t\t\t\t\t\t\t\t\t\t\t\t\t\t\t\t\t\t\t<\/div>\n\t\t\t\t\t\t\t\t\t<\/div>\t\t\t\t\t\t\t\t\t\t\t\t\t\t\t\t<div class=\"box-content\">\n\t\t\t\t\t\t\t\t\t\t\t\t\t\t\t\t\t\t\t\t\t\t\t\t\t\t\t\t\t<div class=\"box-heading\">\n\t\t\t\t\t\t\t\t\t\t\t\t\t\t\t\t\t\t\t\t\t\t\tRuime keuze aan kleuren en afwerkingen\t\t\t\t\t\t\t\t\t\t\t\t\t\t\t\t\t\t\t\t\t<\/div>\n\t\t\t\t\t\t\t\t\t\t\t\t\t\t\t\t\t\t\t\t\t\t\t\t\t\t\t\t\t\t\t\t\t\t\t<\/div>\n\t\t\t\t\t\t\t<\/div>\n\t\t\t\t\t\t<\/a>\t\t\t\t\t<\/div>\n\t\t\t\t\t\t\t<\/div>\n\t\t<\/div>\t\t\t\t<\/div>\n\t\t\t\t<\/div>\n\t\t\t\t<div class=\"elementor-element elementor-element-34456271 elementor-widget elementor-widget-spacer\" data-id=\"34456271\" data-element_type=\"widget\" data-e-type=\"widget\" data-widget_type=\"spacer.default\">\n\t\t\t\t\t\t\t<div class=\"elementor-spacer\">\n\t\t\t<div class=\"elementor-spacer-inner\"><\/div>\n\t\t<\/div>\n\t\t\t\t\t\t<\/div>\n\t\t\t\t<\/div>\n\t\t\t\t<\/div>\n\t\t<div class=\"elementor-element elementor-element-1352c6b4 e-con-full e-flex e-con e-parent\" data-id=\"1352c6b4\" data-element_type=\"container\" data-e-type=\"container\" data-settings=\"{&quot;animation&quot;:&quot;none&quot;,&quot;background_background&quot;:&quot;classic&quot;}\">\n\t\t<div class=\"elementor-element elementor-element-7237f189 e-con-full e-flex e-con e-child\" data-id=\"7237f189\" data-element_type=\"container\" data-e-type=\"container\" data-settings=\"{&quot;background_background&quot;:&quot;classic&quot;}\">\n\t\t\t\t<\/div>\n\t\t<div class=\"elementor-element elementor-element-1df88331 e-con-full e-flex e-con e-child\" data-id=\"1df88331\" data-element_type=\"container\" data-e-type=\"container\">\n\t\t\t\t<div class=\"elementor-element elementor-element-2d1796fa elementor-widget elementor-widget-heading\" data-id=\"2d1796fa\" data-element_type=\"widget\" data-e-type=\"widget\" data-widget_type=\"heading.default\">\n\t\t\t\t\t<h2 class=\"elementor-heading-title elementor-size-default\">Welke gietvloer is het meest geschikt voor uw project?<\/h2>\t\t\t\t<\/div>\n\t\t\t\t<div class=\"elementor-element elementor-element-3b0a657 elementor-widget elementor-widget-spacer\" data-id=\"3b0a657\" data-element_type=\"widget\" data-e-type=\"widget\" data-widget_type=\"spacer.default\">\n\t\t\t\t\t\t\t<div class=\"elementor-spacer\">\n\t\t\t<div class=\"elementor-spacer-inner\"><\/div>\n\t\t<\/div>\n\t\t\t\t\t\t<\/div>\n\t\t\t\t<div class=\"elementor-element elementor-element-2bf4539 elementor-widget elementor-widget-text-editor\" data-id=\"2bf4539\" data-element_type=\"widget\" data-e-type=\"widget\" data-widget_type=\"text-editor.default\">\n\t\t\t\t\t\t\t\t\t<p>Elk project heeft andere vereisten. De keuze van het type hars hangt af van het gebruik van de vloer, de bestaande ondergrond en het gewenste resultaat. <\/p>\t\t\t\t\t\t\t\t<\/div>\n\t\t\t\t<div class=\"elementor-element elementor-element-7257b7c0 elementor-widget elementor-widget-spacer\" data-id=\"7257b7c0\" data-element_type=\"widget\" data-e-type=\"widget\" data-widget_type=\"spacer.default\">\n\t\t\t\t\t\t\t<div class=\"elementor-spacer\">\n\t\t\t<div class=\"elementor-spacer-inner\"><\/div>\n\t\t<\/div>\n\t\t\t\t\t\t<\/div>\n\t\t\t\t<div class=\"elementor-element elementor-element-76655d3d icon-position-mobile-left content-align-left icon-box-vertical-align-top icon-position-left icon-vertical-align-start elementor-widget elementor-widget-the7_icon_box_grid_widget\" data-id=\"76655d3d\" data-element_type=\"widget\" data-e-type=\"widget\" data-widget_type=\"the7_icon_box_grid_widget.default\">\n\t\t\t\t<div class=\"elementor-widget-container\">\n\t\t\t\t\t<div class=\"the7-box-grid-wrapper the7-elementor-widget loading-effect-none the7_icon_box_grid_widget-76655d3d\">\t\t\t<div class=\"dt-css-grid\">\n\t\t\t\t\t\t\t\t\t<div class=\"wf-cell shown\">\n\t\t\t\t\t\t<a class=\"the7-icon-box-grid box-hover\" aria-label=\"Epoxyhars\">\t\t\t\t\t\t\t<div class=\"box-content-wrapper\">\n\t\t\t\t\t\t\t\t\t\t\t\t\t\t\t\t\t<div class=\"elementor-icon-div\">\t\t\t\t\t\t\t\t\t\t<div class=\"elementor-icon\">\n\t\t\t\t\t\t\t\t\t\t\t\t\t\t\t\t\t\t\t\t\t<\/div>\n\t\t\t\t\t\t\t\t\t<\/div>\t\t\t\t\t\t\t\t\t\t\t\t\t\t\t\t<div class=\"box-content\">\n\t\t\t\t\t\t\t\t\t\t\t\t\t\t\t\t\t\t\t\t\t\t\t\t\t\t\t\t\t<h3 class=\"box-heading\">\n\t\t\t\t\t\t\t\t\t\t\t\t\t\t\t\t\t\t\t\t\t\t\tEpoxyhars\t\t\t\t\t\t\t\t\t\t\t\t\t\t\t\t\t\t\t\t\t<\/h3>\n\t\t\t\t\t\t\t\t\t\t\t\t\t\t\t\t\t\t\t\t\t\t\t\t\t\t\t\t<div class=\"box-description\">Ideaal voor oppervlakken die onderhevig zijn aan zware mechanische belastingen: garages, ateliers, technische zones en professionele omgevingen.<\/div>\n\t\t\t\t\t\t\t\t\t\t\t\t\t\t\t\t\t\t\t\t\t\t\t\t\t\t<\/div>\n\t\t\t\t\t\t\t<\/div>\n\t\t\t\t\t\t<\/a>\t\t\t\t\t<\/div>\n\t\t\t\t\t\t\t\t\t<div class=\"wf-cell shown\">\n\t\t\t\t\t\t<a class=\"the7-icon-box-grid box-hover\" aria-label=\"Polyurethaanhars\">\t\t\t\t\t\t\t<div class=\"box-content-wrapper\">\n\t\t\t\t\t\t\t\t\t\t\t\t\t\t\t\t\t<div class=\"elementor-icon-div\">\t\t\t\t\t\t\t\t\t\t<div class=\"elementor-icon\">\n\t\t\t\t\t\t\t\t\t\t\t\t\t\t\t\t\t\t\t\t\t<\/div>\n\t\t\t\t\t\t\t\t\t<\/div>\t\t\t\t\t\t\t\t\t\t\t\t\t\t\t\t<div class=\"box-content\">\n\t\t\t\t\t\t\t\t\t\t\t\t\t\t\t\t\t\t\t\t\t\t\t\t\t\t\t\t\t<h3 class=\"box-heading\">\n\t\t\t\t\t\t\t\t\t\t\t\t\t\t\t\t\t\t\t\t\t\t\tPolyurethaanhars\t\t\t\t\t\t\t\t\t\t\t\t\t\t\t\t\t\t\t\t\t<\/h3>\n\t\t\t\t\t\t\t\t\t\t\t\t\t\t\t\t\t\t\t\t\t\t\t\t\t\t\t\t<div class=\"box-description\">Geschikt voor woningen en leefruimtes; biedt meer flexibiliteit, comfort en een duurzaam esthetisch resultaat.<\/div>\n\t\t\t\t\t\t\t\t\t\t\t\t\t\t\t\t\t\t\t\t\t\t\t\t\t\t<\/div>\n\t\t\t\t\t\t\t<\/div>\n\t\t\t\t\t\t<\/a>\t\t\t\t\t<\/div>\n\t\t\t\t\t\t\t\t\t<div class=\"wf-cell shown\">\n\t\t\t\t\t\t<a class=\"the7-icon-box-grid box-hover\" aria-label=\"Granito-gietvloer\">\t\t\t\t\t\t\t<div class=\"box-content-wrapper\">\n\t\t\t\t\t\t\t\t\t\t\t\t\t\t\t\t\t<div class=\"elementor-icon-div\">\t\t\t\t\t\t\t\t\t\t<div class=\"elementor-icon\">\n\t\t\t\t\t\t\t\t\t\t\t\t\t\t\t\t\t\t\t\t\t<\/div>\n\t\t\t\t\t\t\t\t\t<\/div>\t\t\t\t\t\t\t\t\t\t\t\t\t\t\t\t<div class=\"box-content\">\n\t\t\t\t\t\t\t\t\t\t\t\t\t\t\t\t\t\t\t\t\t\t\t\t\t\t\t\t\t<h3 class=\"box-heading\">\n\t\t\t\t\t\t\t\t\t\t\t\t\t\t\t\t\t\t\t\t\t\t\tGranito-gietvloer\t\t\t\t\t\t\t\t\t\t\t\t\t\t\t\t\t\t\t\t\t<\/h3>\n\t\t\t\t\t\t\t\t\t\t\t\t\t\t\t\t\t\t\t\t\t\t\t\t\t\t\t\t<div class=\"box-description\">Decoratieve oplossing met een getextureerd aspect, vaak gekozen voor designprojecten of ruimtes met een sterke visuele identiteit.<\/div>\n\t\t\t\t\t\t\t\t\t\t\t\t\t\t\t\t\t\t\t\t\t\t\t\t\t\t<\/div>\n\t\t\t\t\t\t\t<\/div>\n\t\t\t\t\t\t<\/a>\t\t\t\t\t<\/div>\n\t\t\t\t\t\t\t<\/div>\n\t\t<\/div>\t\t\t\t<\/div>\n\t\t\t\t<\/div>\n\t\t\t\t<div class=\"elementor-element elementor-element-7187158b elementor-widget elementor-widget-spacer\" data-id=\"7187158b\" data-element_type=\"widget\" data-e-type=\"widget\" data-widget_type=\"spacer.default\">\n\t\t\t\t\t\t\t<div class=\"elementor-spacer\">\n\t\t\t<div class=\"elementor-spacer-inner\"><\/div>\n\t\t<\/div>\n\t\t\t\t\t\t<\/div>\n\t\t\t\t<\/div>\n\t\t\t\t<\/div>\n\t\t\t\t<section class=\"elementor-section elementor-top-section elementor-element elementor-element-19618eb9 elementor-section-boxed elementor-section-height-default elementor-section-height-default\" data-id=\"19618eb9\" data-element_type=\"section\" data-e-type=\"section\">\n\t\t\t\t\t\t<div class=\"elementor-container elementor-column-gap-wider\">\n\t\t\t\t\t<div class=\"elementor-column elementor-col-100 elementor-top-column elementor-element elementor-element-67dda490\" data-id=\"67dda490\" data-element_type=\"column\" data-e-type=\"column\">\n\t\t\t<div class=\"elementor-widget-wrap elementor-element-populated\">\n\t\t\t\t\t\t<div class=\"elementor-element elementor-element-5df71852 elementor-widget elementor-widget-heading\" data-id=\"5df71852\" data-element_type=\"widget\" data-e-type=\"widget\" data-widget_type=\"heading.default\">\n\t\t\t\t\t<h2 class=\"elementor-heading-title elementor-size-default\">Realisaties van gietvloeren<\/h2>\t\t\t\t<\/div>\n\t\t\t\t\t<\/div>\n\t\t<\/div>\n\t\t\t\t\t<\/div>\n\t\t<\/section>\n\t\t\t\t<section class=\"elementor-section elementor-top-section elementor-element elementor-element-16309c21 elementor-section-boxed elementor-section-height-default elementor-section-height-default\" data-id=\"16309c21\" data-element_type=\"section\" data-e-type=\"section\">\n\t\t\t\t\t\t<div class=\"elementor-container elementor-column-gap-wider\">\n\t\t\t\t\t<div class=\"elementor-column elementor-col-100 elementor-top-column elementor-element elementor-element-1953caf5\" data-id=\"1953caf5\" data-element_type=\"column\" data-e-type=\"column\">\n\t\t\t<div class=\"elementor-widget-wrap elementor-element-populated\">\n\t\t\t\t\t\t<div class=\"elementor-element elementor-element-53a2da25 img-align-top slide-h-position-center image-vertical-align-center arrows-relative-to-image icon-box-vertical-align-top preserve-img-ratio-cover bullets-small-dot-stroke elementor-widget elementor-widget-the7-elements-simple-posts-carousel\" data-id=\"53a2da25\" data-element_type=\"widget\" data-e-type=\"widget\" data-settings=\"{&quot;widget_columns&quot;:3,&quot;gap_between_posts&quot;:{&quot;unit&quot;:&quot;px&quot;,&quot;size&quot;:45,&quot;sizes&quot;:[]},&quot;widget_columns_tablet&quot;:2,&quot;widget_columns_mobile&quot;:1,&quot;gap_between_posts_tablet&quot;:{&quot;unit&quot;:&quot;px&quot;,&quot;size&quot;:&quot;&quot;,&quot;sizes&quot;:[]},&quot;gap_between_posts_mobile&quot;:{&quot;unit&quot;:&quot;px&quot;,&quot;size&quot;:&quot;&quot;,&quot;sizes&quot;:[]}}\" data-widget_type=\"the7-elements-simple-posts-carousel.default\">\n\t\t\t\t<div class=\"elementor-widget-container\">\n\t\t\t\t\t<div class=\"disable-arrows-hover-bg owl-carousel the7-elementor-widget the7-simple-widget-posts-carousel elementor-owl-carousel-call loading-effect-none classic-layout-list the7-elements-simple-posts-carousel-53a2da25\" data-scroll-mode=\"1\" data-auto-height=\"false\" data-speed=\"600\" data-autoplay=\"false\" data-autoplay_speed=\"\"><article class=\"post visible wrapper dt-owl-item-wrap post-94313 dt_portfolio type-dt_portfolio status-publish has-post-thumbnail hentry dt_portfolio_category-betonvloeren\">\n\t\t\t\t<div class=\"post-content-wrapper\">\n\t\t\t\t\t\t\t\t\t\t\t<div class=\"the7-simple-post-thumb\">\n\t\t\t\t\t\t\t<a class=\"post-thumbnail-rollover layzr-bg img-css-resize-wrapper\" aria-label=\"Berichtafbeelding\" href=\"https:\/\/www.emb.be\/nl\/project\/minhardur-vloer-handmatig-gladgestreken-tint-lrg-in-een-privevilla\/\"><img fetchpriority=\"high\" decoding=\"async\" width=\"1600\" height=\"1066\" src=\"data:image\/svg+xml,%3Csvg%20xmlns%3D&#039;http%3A%2F%2Fwww.w3.org%2F2000%2Fsvg&#039;%20viewBox%3D&#039;0%200%201600%201066&#039;%2F%3E\" class=\"attachment-full size-full preload-me aspect lazy lazy-load\" alt=\"\" sizes=\"(max-width: 1600px) 100vw, 1600px\" style=\"--ratio: 1600 \/ 1066;\" data-src=\"https:\/\/www.emb.be\/wp-content\/uploads\/2026\/04\/prive-minhardur-lrg-entree-01.jpg\" loading=\"eager\" data-srcset=\"https:\/\/www.emb.be\/wp-content\/uploads\/2026\/04\/prive-minhardur-lrg-entree-01.jpg 1600w, https:\/\/www.emb.be\/wp-content\/uploads\/2026\/04\/prive-minhardur-lrg-entree-01-300x200.jpg 300w, https:\/\/www.emb.be\/wp-content\/uploads\/2026\/04\/prive-minhardur-lrg-entree-01-1024x682.jpg 1024w, https:\/\/www.emb.be\/wp-content\/uploads\/2026\/04\/prive-minhardur-lrg-entree-01-768x512.jpg 768w, https:\/\/www.emb.be\/wp-content\/uploads\/2026\/04\/prive-minhardur-lrg-entree-01-1536x1023.jpg 1536w\" \/><span class=\"the7-hover-icon\"><i aria-hidden=\"true\" class=\"feather feather-more-horizontal\"><\/i><\/span><\/a>\t\t\t\t\t\t<\/div>\n\t\t\t\t\t\n\t\t\t\t\t<div class=\"post-entry-content\">\n\t\t\t\t\t\t<h5 class=\"heading\"><a href=\"https:\/\/www.emb.be\/nl\/project\/minhardur-vloer-handmatig-gladgestreken-tint-lrg-in-een-privevilla\/\" rel=\"bookmark\" title=\"MinHardur-vloer handmatig gladgestreken, tint LRG, in een priv\u00e9villa\" class=\"post-title\">MinHardur-vloer handmatig gladgestreken, tint LRG, in een priv\u00e9villa<\/a><\/h5><div class=\"entry-meta\"><span class=\"meta-item category-link\"><a href=\"https:\/\/www.emb.be\/nl\/realisatie-categorie\/betonvloeren\/\" rel=\"tag\">Betonvloeren<\/a><\/span><\/div><div class=\"details-wrap\"><a href=\"https:\/\/www.emb.be\/nl\/project\/minhardur-vloer-handmatig-gladgestreken-tint-lrg-in-een-privevilla\/\" target=\"\" aria-label=\"Lesen Sie mehr \u00fcber MinHardur-vloer handmatig gladgestreken, tint LRG, in een priv\u00e9villa\" class=\"box-button elementor-button elementor-size-xs\">Bekijk de realisatie<\/a><\/div>\t\t\t\t\t<\/div>\n\t\t\t\t<\/div>\n\n\t\t\t<\/article><article class=\"post visible wrapper dt-owl-item-wrap post-94299 dt_portfolio type-dt_portfolio status-publish has-post-thumbnail hentry dt_portfolio_category-afwerkingen-alternatieven\">\n\t\t\t\t<div class=\"post-content-wrapper\">\n\t\t\t\t\t\t\t\t\t\t\t<div class=\"the7-simple-post-thumb\">\n\t\t\t\t\t\t\t<a class=\"post-thumbnail-rollover layzr-bg img-css-resize-wrapper\" aria-label=\"Berichtafbeelding\" href=\"https:\/\/www.emb.be\/nl\/project\/microtopping-voor-de-kantoren-van-group-s-ursulinenstraat\/\"><img decoding=\"async\" width=\"1600\" height=\"1066\" src=\"data:image\/svg+xml,%3Csvg%20xmlns%3D&#039;http%3A%2F%2Fwww.w3.org%2F2000%2Fsvg&#039;%20viewBox%3D&#039;0%200%201600%201066&#039;%2F%3E\" class=\"attachment-full size-full preload-me aspect lazy lazy-load\" alt=\"\" sizes=\"(max-width: 1600px) 100vw, 1600px\" style=\"--ratio: 1600 \/ 1066;\" data-src=\"https:\/\/www.emb.be\/wp-content\/uploads\/2026\/04\/group-s-ursulines-detail-plinthe-microtopping-06.jpg\" loading=\"eager\" data-srcset=\"https:\/\/www.emb.be\/wp-content\/uploads\/2026\/04\/group-s-ursulines-detail-plinthe-microtopping-06.jpg 1600w, https:\/\/www.emb.be\/wp-content\/uploads\/2026\/04\/group-s-ursulines-detail-plinthe-microtopping-06-300x200.jpg 300w, https:\/\/www.emb.be\/wp-content\/uploads\/2026\/04\/group-s-ursulines-detail-plinthe-microtopping-06-1024x682.jpg 1024w, https:\/\/www.emb.be\/wp-content\/uploads\/2026\/04\/group-s-ursulines-detail-plinthe-microtopping-06-768x512.jpg 768w, https:\/\/www.emb.be\/wp-content\/uploads\/2026\/04\/group-s-ursulines-detail-plinthe-microtopping-06-1536x1023.jpg 1536w\" \/><span class=\"the7-hover-icon\"><i aria-hidden=\"true\" class=\"feather feather-more-horizontal\"><\/i><\/span><\/a>\t\t\t\t\t\t<\/div>\n\t\t\t\t\t\n\t\t\t\t\t<div class=\"post-entry-content\">\n\t\t\t\t\t\t<h5 class=\"heading\"><a href=\"https:\/\/www.emb.be\/nl\/project\/microtopping-voor-de-kantoren-van-group-s-ursulinenstraat\/\" rel=\"bookmark\" title=\"Microtopping voor de kantoren van Group S, Ursulinenstraat\" class=\"post-title\">Microtopping voor de kantoren van Group S, Ursulinenstraat<\/a><\/h5><div class=\"entry-meta\"><span class=\"meta-item category-link\"><a href=\"https:\/\/www.emb.be\/nl\/realisatie-categorie\/afwerkingen-alternatieven\/\" rel=\"tag\">Afwerkingen &amp; alternatieven<\/a><\/span><\/div><div class=\"details-wrap\"><a href=\"https:\/\/www.emb.be\/nl\/project\/microtopping-voor-de-kantoren-van-group-s-ursulinenstraat\/\" target=\"\" aria-label=\"Lesen Sie mehr \u00fcber Microtopping voor de kantoren van Group S, Ursulinenstraat\" class=\"box-button elementor-button elementor-size-xs\">Bekijk de realisatie<\/a><\/div>\t\t\t\t\t<\/div>\n\t\t\t\t<\/div>\n\n\t\t\t<\/article><article class=\"post visible wrapper dt-owl-item-wrap post-94342 dt_portfolio type-dt_portfolio status-publish has-post-thumbnail hentry dt_portfolio_category-betonvloeren\">\n\t\t\t\t<div class=\"post-content-wrapper\">\n\t\t\t\t\t\t\t\t\t\t\t<div class=\"the7-simple-post-thumb\">\n\t\t\t\t\t\t\t<a class=\"post-thumbnail-rollover layzr-bg img-css-resize-wrapper\" aria-label=\"Berichtafbeelding\" href=\"https:\/\/www.emb.be\/nl\/project\/handmatig-minhardur-binnenvloer-voor-architectenwoning\/\"><img decoding=\"async\" width=\"1200\" height=\"1600\" src=\"data:image\/svg+xml,%3Csvg%20xmlns%3D&#039;http%3A%2F%2Fwww.w3.org%2F2000%2Fsvg&#039;%20viewBox%3D&#039;0%200%201200%201600&#039;%2F%3E\" class=\"attachment-full size-full preload-me aspect lazy lazy-load\" alt=\"Sol en b\u00e9ton int\u00e9rieur MinHardur manuel dans un espace de vie haut de gamme\" sizes=\"(max-width: 1200px) 100vw, 1200px\" style=\"--ratio: 1200 \/ 1600;\" data-src=\"https:\/\/www.emb.be\/wp-content\/uploads\/2026\/04\/beton-interieur-minhardur-manuel-espace-vie-03.jpg\" loading=\"eager\" data-srcset=\"https:\/\/www.emb.be\/wp-content\/uploads\/2026\/04\/beton-interieur-minhardur-manuel-espace-vie-03.jpg 1200w, https:\/\/www.emb.be\/wp-content\/uploads\/2026\/04\/beton-interieur-minhardur-manuel-espace-vie-03-225x300.jpg 225w, https:\/\/www.emb.be\/wp-content\/uploads\/2026\/04\/beton-interieur-minhardur-manuel-espace-vie-03-768x1024.jpg 768w, https:\/\/www.emb.be\/wp-content\/uploads\/2026\/04\/beton-interieur-minhardur-manuel-espace-vie-03-1152x1536.jpg 1152w\" \/><span class=\"the7-hover-icon\"><i aria-hidden=\"true\" class=\"feather feather-more-horizontal\"><\/i><\/span><\/a>\t\t\t\t\t\t<\/div>\n\t\t\t\t\t\n\t\t\t\t\t<div class=\"post-entry-content\">\n\t\t\t\t\t\t<h5 class=\"heading\"><a href=\"https:\/\/www.emb.be\/nl\/project\/handmatig-minhardur-binnenvloer-voor-architectenwoning\/\" rel=\"bookmark\" title=\"Handmatig MinHardur binnenvloer voor architectenwoning\" class=\"post-title\">Handmatig MinHardur binnenvloer voor architectenwoning<\/a><\/h5><div class=\"entry-meta\"><span class=\"meta-item category-link\"><a href=\"https:\/\/www.emb.be\/nl\/realisatie-categorie\/betonvloeren\/\" rel=\"tag\">Betonvloeren<\/a><\/span><\/div><div class=\"details-wrap\"><a href=\"https:\/\/www.emb.be\/nl\/project\/handmatig-minhardur-binnenvloer-voor-architectenwoning\/\" target=\"\" aria-label=\"Lesen Sie mehr \u00fcber Handmatig MinHardur binnenvloer voor architectenwoning\" class=\"box-button elementor-button elementor-size-xs\">Bekijk de realisatie<\/a><\/div>\t\t\t\t\t<\/div>\n\t\t\t\t<\/div>\n\n\t\t\t<\/article><article class=\"post visible wrapper dt-owl-item-wrap post-94391 dt_portfolio type-dt_portfolio status-publish has-post-thumbnail hentry dt_portfolio_category-betonvloeren\">\n\t\t\t\t<div class=\"post-content-wrapper\">\n\t\t\t\t\t\t\t\t\t\t\t<div class=\"the7-simple-post-thumb\">\n\t\t\t\t\t\t\t<a class=\"post-thumbnail-rollover layzr-bg img-css-resize-wrapper\" aria-label=\"Berichtafbeelding\" href=\"https:\/\/www.emb.be\/nl\/project\/handmatig-gevlinderd-binnenbeton-in-een-hedendaagse-villa\/\"><img decoding=\"async\" width=\"1066\" height=\"1600\" src=\"data:image\/svg+xml,%3Csvg%20xmlns%3D&#039;http%3A%2F%2Fwww.w3.org%2F2000%2Fsvg&#039;%20viewBox%3D&#039;0%200%201066%201600&#039;%2F%3E\" class=\"attachment-full size-full preload-me aspect lazy lazy-load\" alt=\"Sol en b\u00e9ton int\u00e9rieur liss\u00e9 manuellement dans une villa contemporaine avec finition gris clair\" sizes=\"(max-width: 1066px) 100vw, 1066px\" style=\"--ratio: 1066 \/ 1600;\" data-src=\"https:\/\/www.emb.be\/wp-content\/uploads\/2026\/04\/beton-interieur-lissage-manuel-villa-01.jpg\" loading=\"eager\" data-srcset=\"https:\/\/www.emb.be\/wp-content\/uploads\/2026\/04\/beton-interieur-lissage-manuel-villa-01.jpg 1066w, https:\/\/www.emb.be\/wp-content\/uploads\/2026\/04\/beton-interieur-lissage-manuel-villa-01-200x300.jpg 200w, https:\/\/www.emb.be\/wp-content\/uploads\/2026\/04\/beton-interieur-lissage-manuel-villa-01-682x1024.jpg 682w, https:\/\/www.emb.be\/wp-content\/uploads\/2026\/04\/beton-interieur-lissage-manuel-villa-01-768x1153.jpg 768w, https:\/\/www.emb.be\/wp-content\/uploads\/2026\/04\/beton-interieur-lissage-manuel-villa-01-1023x1536.jpg 1023w\" \/><span class=\"the7-hover-icon\"><i aria-hidden=\"true\" class=\"feather feather-more-horizontal\"><\/i><\/span><\/a>\t\t\t\t\t\t<\/div>\n\t\t\t\t\t\n\t\t\t\t\t<div class=\"post-entry-content\">\n\t\t\t\t\t\t<h5 class=\"heading\"><a href=\"https:\/\/www.emb.be\/nl\/project\/handmatig-gevlinderd-binnenbeton-in-een-hedendaagse-villa\/\" rel=\"bookmark\" title=\"Handmatig gevlinderd binnenbeton in een hedendaagse villa\" class=\"post-title\">Handmatig gevlinderd binnenbeton in een hedendaagse villa<\/a><\/h5><div class=\"entry-meta\"><span class=\"meta-item category-link\"><a href=\"https:\/\/www.emb.be\/nl\/realisatie-categorie\/betonvloeren\/\" rel=\"tag\">Betonvloeren<\/a><\/span><\/div><div class=\"details-wrap\"><a href=\"https:\/\/www.emb.be\/nl\/project\/handmatig-gevlinderd-binnenbeton-in-een-hedendaagse-villa\/\" target=\"\" aria-label=\"Lesen Sie mehr \u00fcber Handmatig gevlinderd binnenbeton in een hedendaagse villa\" class=\"box-button elementor-button elementor-size-xs\">Bekijk de realisatie<\/a><\/div>\t\t\t\t\t<\/div>\n\t\t\t\t<\/div>\n\n\t\t\t<\/article><article class=\"post visible wrapper dt-owl-item-wrap post-94456 dt_portfolio type-dt_portfolio status-publish has-post-thumbnail hentry dt_portfolio_category-betonvloeren dt_portfolio_category-decoratief-beton\">\n\t\t\t\t<div class=\"post-content-wrapper\">\n\t\t\t\t\t\t\t\t\t\t\t<div class=\"the7-simple-post-thumb\">\n\t\t\t\t\t\t\t<a class=\"post-thumbnail-rollover layzr-bg img-css-resize-wrapper\" aria-label=\"Berichtafbeelding\" href=\"https:\/\/www.emb.be\/nl\/project\/elsene-ter-kamerenboslaan\/\"><img decoding=\"async\" width=\"2048\" height=\"1365\" src=\"data:image\/svg+xml,%3Csvg%20xmlns%3D&#039;http%3A%2F%2Fwww.w3.org%2F2000%2Fsvg&#039;%20viewBox%3D&#039;0%200%202048%201365&#039;%2F%3E\" class=\"attachment-full size-full preload-me aspect lazy lazy-load\" alt=\"abords en b\u00e9ton lav\u00e9 r\u00e9sistants trafic quotidien\" sizes=\"(max-width: 2048px) 100vw, 2048px\" style=\"--ratio: 2048 \/ 1365;\" data-src=\"https:\/\/www.emb.be\/wp-content\/uploads\/2026\/02\/abords-en-beton-lave-resistants-trafic-quotidien.jpg\" loading=\"eager\" data-srcset=\"https:\/\/www.emb.be\/wp-content\/uploads\/2026\/02\/abords-en-beton-lave-resistants-trafic-quotidien.jpg 2048w, https:\/\/www.emb.be\/wp-content\/uploads\/2026\/02\/abords-en-beton-lave-resistants-trafic-quotidien-300x200.jpg 300w, https:\/\/www.emb.be\/wp-content\/uploads\/2026\/02\/abords-en-beton-lave-resistants-trafic-quotidien-1024x683.jpg 1024w, https:\/\/www.emb.be\/wp-content\/uploads\/2026\/02\/abords-en-beton-lave-resistants-trafic-quotidien-768x512.jpg 768w, https:\/\/www.emb.be\/wp-content\/uploads\/2026\/02\/abords-en-beton-lave-resistants-trafic-quotidien-1536x1024.jpg 1536w, https:\/\/www.emb.be\/wp-content\/uploads\/2026\/02\/abords-en-beton-lave-resistants-trafic-quotidien-1000x667.jpg 1000w\" \/><span class=\"the7-hover-icon\"><i aria-hidden=\"true\" class=\"feather feather-more-horizontal\"><\/i><\/span><\/a>\t\t\t\t\t\t<\/div>\n\t\t\t\t\t\n\t\t\t\t\t<div class=\"post-entry-content\">\n\t\t\t\t\t\t<h5 class=\"heading\"><a href=\"https:\/\/www.emb.be\/nl\/project\/elsene-ter-kamerenboslaan\/\" rel=\"bookmark\" title=\"Elsene (Ter Kamerenboslaan)\" class=\"post-title\">Elsene (Ter Kamerenboslaan)<\/a><\/h5><div class=\"entry-meta\"><span class=\"meta-item category-link\"><a href=\"https:\/\/www.emb.be\/nl\/realisatie-categorie\/betonvloeren\/\" rel=\"tag\">Betonvloeren<\/a>, <a href=\"https:\/\/www.emb.be\/nl\/realisatie-categorie\/decoratief-beton\/\" rel=\"tag\">Decoratief beton<\/a><\/span><\/div><div class=\"details-wrap\"><a href=\"https:\/\/www.emb.be\/nl\/project\/elsene-ter-kamerenboslaan\/\" target=\"\" aria-label=\"Lesen Sie mehr \u00fcber Elsene (Ter Kamerenboslaan)\" class=\"box-button elementor-button elementor-size-xs\">Bekijk de realisatie<\/a><\/div>\t\t\t\t\t<\/div>\n\t\t\t\t<\/div>\n\n\t\t\t<\/article><article class=\"post visible wrapper dt-owl-item-wrap post-94444 dt_portfolio type-dt_portfolio status-publish has-post-thumbnail hentry dt_portfolio_category-betonvloeren dt_portfolio_category-technisch-beton\">\n\t\t\t\t<div class=\"post-content-wrapper\">\n\t\t\t\t\t\t\t\t\t\t\t<div class=\"the7-simple-post-thumb\">\n\t\t\t\t\t\t\t<a class=\"post-thumbnail-rollover layzr-bg img-css-resize-wrapper\" aria-label=\"Berichtafbeelding\" href=\"https:\/\/www.emb.be\/nl\/project\/geribbelde-betonoprit-residentiele-buitenruimte\/\"><img decoding=\"async\" width=\"2048\" height=\"1365\" src=\"data:image\/svg+xml,%3Csvg%20xmlns%3D&#039;http%3A%2F%2Fwww.w3.org%2F2000%2Fsvg&#039;%20viewBox%3D&#039;0%200%202048%201365&#039;%2F%3E\" class=\"attachment-full size-full preload-me aspect lazy lazy-load\" alt=\"Acc\u00e8s garage b\u00e9ton stri\u00e9 le long fa\u00e7ade r\u00e9sidentielle\" sizes=\"(max-width: 2048px) 100vw, 2048px\" style=\"--ratio: 2048 \/ 1365;\" data-src=\"https:\/\/www.emb.be\/wp-content\/uploads\/2020\/04\/Acces-garage-beton-strie-le-long-facade-residentielle.jpg\" loading=\"eager\" data-srcset=\"https:\/\/www.emb.be\/wp-content\/uploads\/2020\/04\/Acces-garage-beton-strie-le-long-facade-residentielle.jpg 2048w, https:\/\/www.emb.be\/wp-content\/uploads\/2020\/04\/Acces-garage-beton-strie-le-long-facade-residentielle-300x200.jpg 300w, https:\/\/www.emb.be\/wp-content\/uploads\/2020\/04\/Acces-garage-beton-strie-le-long-facade-residentielle-1024x683.jpg 1024w, https:\/\/www.emb.be\/wp-content\/uploads\/2020\/04\/Acces-garage-beton-strie-le-long-facade-residentielle-768x512.jpg 768w, https:\/\/www.emb.be\/wp-content\/uploads\/2020\/04\/Acces-garage-beton-strie-le-long-facade-residentielle-1536x1024.jpg 1536w\" \/><span class=\"the7-hover-icon\"><i aria-hidden=\"true\" class=\"feather feather-more-horizontal\"><\/i><\/span><\/a>\t\t\t\t\t\t<\/div>\n\t\t\t\t\t\n\t\t\t\t\t<div class=\"post-entry-content\">\n\t\t\t\t\t\t<h5 class=\"heading\"><a href=\"https:\/\/www.emb.be\/nl\/project\/geribbelde-betonoprit-residentiele-buitenruimte\/\" rel=\"bookmark\" title=\"Geribbelde betonoprit (residenti\u00eble buitenruimte)\" class=\"post-title\">Geribbelde betonoprit (residenti\u00eble buitenruimte)<\/a><\/h5><div class=\"entry-meta\"><span class=\"meta-item category-link\"><a href=\"https:\/\/www.emb.be\/nl\/realisatie-categorie\/betonvloeren\/\" rel=\"tag\">Betonvloeren<\/a>, <a href=\"https:\/\/www.emb.be\/nl\/realisatie-categorie\/technisch-beton\/\" rel=\"tag\">Technisch beton<\/a><\/span><\/div><div class=\"details-wrap\"><a href=\"https:\/\/www.emb.be\/nl\/project\/geribbelde-betonoprit-residentiele-buitenruimte\/\" target=\"\" aria-label=\"Lesen Sie mehr \u00fcber Geribbelde betonoprit (residenti\u00eble buitenruimte)\" class=\"box-button elementor-button elementor-size-xs\">Bekijk de realisatie<\/a><\/div>\t\t\t\t\t<\/div>\n\t\t\t\t<\/div>\n\n\t\t\t<\/article><article class=\"post visible wrapper dt-owl-item-wrap post-94420 dt_portfolio type-dt_portfolio status-publish has-post-thumbnail hentry dt_portfolio_category-betonvloeren dt_portfolio_category-technisch-beton\">\n\t\t\t\t<div class=\"post-content-wrapper\">\n\t\t\t\t\t\t\t\t\t\t\t<div class=\"the7-simple-post-thumb\">\n\t\t\t\t\t\t\t<a class=\"post-thumbnail-rollover layzr-bg img-css-resize-wrapper\" aria-label=\"Berichtafbeelding\" href=\"https:\/\/www.emb.be\/nl\/project\/cai-residentieel-project-in-fleurus\/\"><img decoding=\"async\" width=\"2048\" height=\"1365\" src=\"data:image\/svg+xml,%3Csvg%20xmlns%3D&#039;http%3A%2F%2Fwww.w3.org%2F2000%2Fsvg&#039;%20viewBox%3D&#039;0%200%202048%201365&#039;%2F%3E\" class=\"attachment-full size-full preload-me aspect lazy lazy-load\" alt=\"\" sizes=\"(max-width: 2048px) 100vw, 2048px\" style=\"--ratio: 2048 \/ 1365;\" data-src=\"https:\/\/www.emb.be\/wp-content\/uploads\/2019\/04\/Entree-de-parking-souterrain-en-beton-brosse-antiderapant.jpg\" loading=\"eager\" data-srcset=\"https:\/\/www.emb.be\/wp-content\/uploads\/2019\/04\/Entree-de-parking-souterrain-en-beton-brosse-antiderapant.jpg 2048w, https:\/\/www.emb.be\/wp-content\/uploads\/2019\/04\/Entree-de-parking-souterrain-en-beton-brosse-antiderapant-300x200.jpg 300w, https:\/\/www.emb.be\/wp-content\/uploads\/2019\/04\/Entree-de-parking-souterrain-en-beton-brosse-antiderapant-1024x683.jpg 1024w, https:\/\/www.emb.be\/wp-content\/uploads\/2019\/04\/Entree-de-parking-souterrain-en-beton-brosse-antiderapant-768x512.jpg 768w, https:\/\/www.emb.be\/wp-content\/uploads\/2019\/04\/Entree-de-parking-souterrain-en-beton-brosse-antiderapant-1536x1024.jpg 1536w\" \/><span class=\"the7-hover-icon\"><i aria-hidden=\"true\" class=\"feather feather-more-horizontal\"><\/i><\/span><\/a>\t\t\t\t\t\t<\/div>\n\t\t\t\t\t\n\t\t\t\t\t<div class=\"post-entry-content\">\n\t\t\t\t\t\t<h5 class=\"heading\"><a href=\"https:\/\/www.emb.be\/nl\/project\/cai-residentieel-project-in-fleurus\/\" rel=\"bookmark\" title=\"CAI \u2013 Residentieel project in Fleurus\" class=\"post-title\">CAI \u2013 Residentieel project in Fleurus<\/a><\/h5><div class=\"entry-meta\"><span class=\"meta-item category-link\"><a href=\"https:\/\/www.emb.be\/nl\/realisatie-categorie\/betonvloeren\/\" rel=\"tag\">Betonvloeren<\/a>, <a href=\"https:\/\/www.emb.be\/nl\/realisatie-categorie\/technisch-beton\/\" rel=\"tag\">Technisch beton<\/a><\/span><\/div><div class=\"details-wrap\"><a href=\"https:\/\/www.emb.be\/nl\/project\/cai-residentieel-project-in-fleurus\/\" target=\"\" aria-label=\"Lesen Sie mehr \u00fcber CAI \u2013 Residentieel project in Fleurus\" class=\"box-button elementor-button elementor-size-xs\">Bekijk de realisatie<\/a><\/div>\t\t\t\t\t<\/div>\n\t\t\t\t<\/div>\n\n\t\t\t<\/article><article class=\"post visible wrapper dt-owl-item-wrap post-94471 dt_portfolio type-dt_portfolio status-publish has-post-thumbnail hentry dt_portfolio_category-afwerkingen-alternatieven dt_portfolio_category-decoratief-beton\">\n\t\t\t\t<div class=\"post-content-wrapper\">\n\t\t\t\t\t\t\t\t\t\t\t<div class=\"the7-simple-post-thumb\">\n\t\t\t\t\t\t\t<a class=\"post-thumbnail-rollover layzr-bg img-css-resize-wrapper\" aria-label=\"Berichtafbeelding\" href=\"https:\/\/www.emb.be\/nl\/project\/privewoning-court-saint-etienne\/\"><img decoding=\"async\" width=\"2048\" height=\"1365\" src=\"data:image\/svg+xml,%3Csvg%20xmlns%3D&#039;http%3A%2F%2Fwww.w3.org%2F2000%2Fsvg&#039;%20viewBox%3D&#039;0%200%202048%201365&#039;%2F%3E\" class=\"attachment-full size-full preload-me aspect lazy lazy-load\" alt=\"\" sizes=\"(max-width: 2048px) 100vw, 2048px\" style=\"--ratio: 2048 \/ 1365;\" data-src=\"https:\/\/www.emb.be\/wp-content\/uploads\/2019\/04\/Salon-moderne-avec-sol-en-beton-decoratif-fonce-effet-Blue-Stone.jpg\" loading=\"eager\" data-srcset=\"https:\/\/www.emb.be\/wp-content\/uploads\/2019\/04\/Salon-moderne-avec-sol-en-beton-decoratif-fonce-effet-Blue-Stone.jpg 2048w, https:\/\/www.emb.be\/wp-content\/uploads\/2019\/04\/Salon-moderne-avec-sol-en-beton-decoratif-fonce-effet-Blue-Stone-300x200.jpg 300w, https:\/\/www.emb.be\/wp-content\/uploads\/2019\/04\/Salon-moderne-avec-sol-en-beton-decoratif-fonce-effet-Blue-Stone-1024x683.jpg 1024w, https:\/\/www.emb.be\/wp-content\/uploads\/2019\/04\/Salon-moderne-avec-sol-en-beton-decoratif-fonce-effet-Blue-Stone-768x512.jpg 768w, https:\/\/www.emb.be\/wp-content\/uploads\/2019\/04\/Salon-moderne-avec-sol-en-beton-decoratif-fonce-effet-Blue-Stone-1536x1024.jpg 1536w\" \/><span class=\"the7-hover-icon\"><i aria-hidden=\"true\" class=\"feather feather-more-horizontal\"><\/i><\/span><\/a>\t\t\t\t\t\t<\/div>\n\t\t\t\t\t\n\t\t\t\t\t<div class=\"post-entry-content\">\n\t\t\t\t\t\t<h5 class=\"heading\"><a href=\"https:\/\/www.emb.be\/nl\/project\/privewoning-court-saint-etienne\/\" rel=\"bookmark\" title=\"Priv\u00e9woning \u2013 Court-Saint-\u00c9tienne\" class=\"post-title\">Priv\u00e9woning \u2013 Court-Saint-\u00c9tienne<\/a><\/h5><div class=\"entry-meta\"><span class=\"meta-item category-link\"><a href=\"https:\/\/www.emb.be\/nl\/realisatie-categorie\/afwerkingen-alternatieven\/\" rel=\"tag\">Afwerkingen &amp; alternatieven<\/a>, <a href=\"https:\/\/www.emb.be\/nl\/realisatie-categorie\/decoratief-beton\/\" rel=\"tag\">Decoratief beton<\/a><\/span><\/div><div class=\"details-wrap\"><a href=\"https:\/\/www.emb.be\/nl\/project\/privewoning-court-saint-etienne\/\" target=\"\" aria-label=\"Lesen Sie mehr \u00fcber Priv\u00e9woning \u2013 Court-Saint-\u00c9tienne\" class=\"box-button elementor-button elementor-size-xs\">Bekijk de realisatie<\/a><\/div>\t\t\t\t\t<\/div>\n\t\t\t\t<\/div>\n\n\t\t\t<\/article><article class=\"post visible wrapper dt-owl-item-wrap post-94524 dt_portfolio type-dt_portfolio status-publish has-post-thumbnail hentry dt_portfolio_category-afwerkingen-alternatieven dt_portfolio_category-decoratief-beton\">\n\t\t\t\t<div class=\"post-content-wrapper\">\n\t\t\t\t\t\t\t\t\t\t\t<div class=\"the7-simple-post-thumb\">\n\t\t\t\t\t\t\t<a class=\"post-thumbnail-rollover layzr-bg img-css-resize-wrapper\" aria-label=\"Berichtafbeelding\" href=\"https:\/\/www.emb.be\/nl\/project\/privewoning-granito-terrazzo-buitenvloeren\/\"><img decoding=\"async\" width=\"2048\" height=\"1365\" src=\"data:image\/svg+xml,%3Csvg%20xmlns%3D&#039;http%3A%2F%2Fwww.w3.org%2F2000%2Fsvg&#039;%20viewBox%3D&#039;0%200%202048%201365&#039;%2F%3E\" class=\"attachment-full size-full preload-me aspect lazy lazy-load\" alt=\"Rev\u00eatement de sol en granito pour entr\u00e9e d\u2019immeuble r\u00e9sidentiel\" sizes=\"(max-width: 2048px) 100vw, 2048px\" style=\"--ratio: 2048 \/ 1365;\" data-src=\"https:\/\/www.emb.be\/wp-content\/uploads\/2019\/01\/Revetement-de-sol-en-granito-pour-entree-dimmeuble-residentiel.jpg\" loading=\"eager\" data-srcset=\"https:\/\/www.emb.be\/wp-content\/uploads\/2019\/01\/Revetement-de-sol-en-granito-pour-entree-dimmeuble-residentiel.jpg 2048w, https:\/\/www.emb.be\/wp-content\/uploads\/2019\/01\/Revetement-de-sol-en-granito-pour-entree-dimmeuble-residentiel-300x200.jpg 300w, https:\/\/www.emb.be\/wp-content\/uploads\/2019\/01\/Revetement-de-sol-en-granito-pour-entree-dimmeuble-residentiel-1024x683.jpg 1024w, https:\/\/www.emb.be\/wp-content\/uploads\/2019\/01\/Revetement-de-sol-en-granito-pour-entree-dimmeuble-residentiel-768x512.jpg 768w, https:\/\/www.emb.be\/wp-content\/uploads\/2019\/01\/Revetement-de-sol-en-granito-pour-entree-dimmeuble-residentiel-1536x1024.jpg 1536w\" \/><span class=\"the7-hover-icon\"><i aria-hidden=\"true\" class=\"feather feather-more-horizontal\"><\/i><\/span><\/a>\t\t\t\t\t\t<\/div>\n\t\t\t\t\t\n\t\t\t\t\t<div class=\"post-entry-content\">\n\t\t\t\t\t\t<h5 class=\"heading\"><a href=\"https:\/\/www.emb.be\/nl\/project\/privewoning-granito-terrazzo-buitenvloeren\/\" rel=\"bookmark\" title=\"Priv\u00e9woning \u2013 Granito \/ terrazzo buitenvloeren\" class=\"post-title\">Priv\u00e9woning \u2013 Granito \/ terrazzo buitenvloeren<\/a><\/h5><div class=\"entry-meta\"><span class=\"meta-item category-link\"><a href=\"https:\/\/www.emb.be\/nl\/realisatie-categorie\/afwerkingen-alternatieven\/\" rel=\"tag\">Afwerkingen &amp; alternatieven<\/a>, <a href=\"https:\/\/www.emb.be\/nl\/realisatie-categorie\/decoratief-beton\/\" rel=\"tag\">Decoratief beton<\/a><\/span><\/div><div class=\"details-wrap\"><a href=\"https:\/\/www.emb.be\/nl\/project\/privewoning-granito-terrazzo-buitenvloeren\/\" target=\"\" aria-label=\"Lesen Sie mehr \u00fcber Priv\u00e9woning \u2013 Granito \/ terrazzo buitenvloeren\" class=\"box-button elementor-button elementor-size-xs\">Bekijk de realisatie<\/a><\/div>\t\t\t\t\t<\/div>\n\t\t\t\t<\/div>\n\n\t\t\t<\/article><article class=\"post visible wrapper dt-owl-item-wrap post-94567 dt_portfolio type-dt_portfolio status-publish has-post-thumbnail hentry dt_portfolio_category-betonvloeren\">\n\t\t\t\t<div class=\"post-content-wrapper\">\n\t\t\t\t\t\t\t\t\t\t\t<div class=\"the7-simple-post-thumb\">\n\t\t\t\t\t\t\t<a class=\"post-thumbnail-rollover layzr-bg img-css-resize-wrapper\" aria-label=\"Berichtafbeelding\" href=\"https:\/\/www.emb.be\/nl\/project\/d-rigo-decoratieve-betonvloer\/\"><img decoding=\"async\" width=\"2048\" height=\"1365\" src=\"data:image\/svg+xml,%3Csvg%20xmlns%3D&#039;http%3A%2F%2Fwww.w3.org%2F2000%2Fsvg&#039;%20viewBox%3D&#039;0%200%202048%201365&#039;%2F%3E\" class=\"attachment-full size-full preload-me aspect lazy lazy-load\" alt=\"D\u00e9tail b\u00e9ton MinHardur teint\u00e9 pour surface commerciale premium\" sizes=\"(max-width: 2048px) 100vw, 2048px\" style=\"--ratio: 2048 \/ 1365;\" data-src=\"https:\/\/www.emb.be\/wp-content\/uploads\/2018\/04\/Detail-beton-MinHardur-teinte-pour-surface-commerciale-premium.jpg\" loading=\"eager\" data-srcset=\"https:\/\/www.emb.be\/wp-content\/uploads\/2018\/04\/Detail-beton-MinHardur-teinte-pour-surface-commerciale-premium.jpg 2048w, https:\/\/www.emb.be\/wp-content\/uploads\/2018\/04\/Detail-beton-MinHardur-teinte-pour-surface-commerciale-premium-300x200.jpg 300w, https:\/\/www.emb.be\/wp-content\/uploads\/2018\/04\/Detail-beton-MinHardur-teinte-pour-surface-commerciale-premium-1024x683.jpg 1024w, https:\/\/www.emb.be\/wp-content\/uploads\/2018\/04\/Detail-beton-MinHardur-teinte-pour-surface-commerciale-premium-768x512.jpg 768w, https:\/\/www.emb.be\/wp-content\/uploads\/2018\/04\/Detail-beton-MinHardur-teinte-pour-surface-commerciale-premium-1536x1024.jpg 1536w\" \/><span class=\"the7-hover-icon\"><i aria-hidden=\"true\" class=\"feather feather-more-horizontal\"><\/i><\/span><\/a>\t\t\t\t\t\t<\/div>\n\t\t\t\t\t\n\t\t\t\t\t<div class=\"post-entry-content\">\n\t\t\t\t\t\t<h5 class=\"heading\"><a href=\"https:\/\/www.emb.be\/nl\/project\/d-rigo-decoratieve-betonvloer\/\" rel=\"bookmark\" title=\"D. Rigo \u2013 decoratieve betonvloer\" class=\"post-title\">D. Rigo \u2013 decoratieve betonvloer<\/a><\/h5><div class=\"entry-meta\"><span class=\"meta-item category-link\"><a href=\"https:\/\/www.emb.be\/nl\/realisatie-categorie\/betonvloeren\/\" rel=\"tag\">Betonvloeren<\/a><\/span><\/div><div class=\"details-wrap\"><a href=\"https:\/\/www.emb.be\/nl\/project\/d-rigo-decoratieve-betonvloer\/\" target=\"\" aria-label=\"Lesen Sie mehr \u00fcber D. Rigo \u2013 decoratieve betonvloer\" class=\"box-button elementor-button elementor-size-xs\">Bekijk de realisatie<\/a><\/div>\t\t\t\t\t<\/div>\n\t\t\t\t<\/div>\n\n\t\t\t<\/article><article class=\"post visible wrapper dt-owl-item-wrap post-94547 dt_portfolio type-dt_portfolio status-publish has-post-thumbnail hentry dt_portfolio_category-betonvloeren dt_portfolio_category-decoratief-beton\">\n\t\t\t\t<div class=\"post-content-wrapper\">\n\t\t\t\t\t\t\t\t\t\t\t<div class=\"the7-simple-post-thumb\">\n\t\t\t\t\t\t\t<a class=\"post-thumbnail-rollover layzr-bg img-css-resize-wrapper\" aria-label=\"Berichtafbeelding\" href=\"https:\/\/www.emb.be\/nl\/project\/team-construct-betonnen-binnenvloer\/\"><img decoding=\"async\" width=\"2048\" height=\"1365\" src=\"data:image\/svg+xml,%3Csvg%20xmlns%3D&#039;http%3A%2F%2Fwww.w3.org%2F2000%2Fsvg&#039;%20viewBox%3D&#039;0%200%202048%201365&#039;%2F%3E\" class=\"attachment-full size-full preload-me aspect lazy lazy-load\" alt=\"Sol b\u00e9ton esth\u00e9tique pour espace d\u2019exposition b\u00e2timent\" sizes=\"(max-width: 2048px) 100vw, 2048px\" style=\"--ratio: 2048 \/ 1365;\" data-src=\"https:\/\/www.emb.be\/wp-content\/uploads\/2018\/04\/Sol-beton-esthetique-pour-espace-dexposition-batiment.jpg\" loading=\"eager\" data-srcset=\"https:\/\/www.emb.be\/wp-content\/uploads\/2018\/04\/Sol-beton-esthetique-pour-espace-dexposition-batiment.jpg 2048w, https:\/\/www.emb.be\/wp-content\/uploads\/2018\/04\/Sol-beton-esthetique-pour-espace-dexposition-batiment-300x200.jpg 300w, https:\/\/www.emb.be\/wp-content\/uploads\/2018\/04\/Sol-beton-esthetique-pour-espace-dexposition-batiment-1024x683.jpg 1024w, https:\/\/www.emb.be\/wp-content\/uploads\/2018\/04\/Sol-beton-esthetique-pour-espace-dexposition-batiment-768x512.jpg 768w, https:\/\/www.emb.be\/wp-content\/uploads\/2018\/04\/Sol-beton-esthetique-pour-espace-dexposition-batiment-1536x1024.jpg 1536w\" \/><span class=\"the7-hover-icon\"><i aria-hidden=\"true\" class=\"feather feather-more-horizontal\"><\/i><\/span><\/a>\t\t\t\t\t\t<\/div>\n\t\t\t\t\t\n\t\t\t\t\t<div class=\"post-entry-content\">\n\t\t\t\t\t\t<h5 class=\"heading\"><a href=\"https:\/\/www.emb.be\/nl\/project\/team-construct-betonnen-binnenvloer\/\" rel=\"bookmark\" title=\"Team Construct \u2013 betonnen binnenvloer\" class=\"post-title\">Team Construct \u2013 betonnen binnenvloer<\/a><\/h5><div class=\"entry-meta\"><span class=\"meta-item category-link\"><a href=\"https:\/\/www.emb.be\/nl\/realisatie-categorie\/betonvloeren\/\" rel=\"tag\">Betonvloeren<\/a>, <a href=\"https:\/\/www.emb.be\/nl\/realisatie-categorie\/decoratief-beton\/\" rel=\"tag\">Decoratief beton<\/a><\/span><\/div><div class=\"details-wrap\"><a href=\"https:\/\/www.emb.be\/nl\/project\/team-construct-betonnen-binnenvloer\/\" target=\"\" aria-label=\"Lesen Sie mehr \u00fcber Team Construct \u2013 betonnen binnenvloer\" class=\"box-button elementor-button elementor-size-xs\">Bekijk de realisatie<\/a><\/div>\t\t\t\t\t<\/div>\n\t\t\t\t<\/div>\n\n\t\t\t<\/article><\/div><div class=\"owl-nav disabled\"><div class=\"owl-prev\" role=\"button\" tabindex=\"0\" aria-label=\"Prev slide\"><i class=\"feather feather-chevron-left\"><\/i><\/div><div class=\"owl-next\" role=\"button\" tabindex=\"0\" aria-label=\"Next slide\"><i class=\"feather feather-chevron-right\"><\/i><\/div><\/div>\t\t\t\t<\/div>\n\t\t\t\t<\/div>\n\t\t\t\t\t<\/div>\n\t\t<\/div>\n\t\t\t\t\t<\/div>\n\t\t<\/section>\n\t\t\t\t<section class=\"elementor-section elementor-top-section elementor-element elementor-element-5b0342ef elementor-section-height-min-height elementor-section-items-stretch elementor-section-content-middle elementor-section-boxed elementor-section-height-default\" data-id=\"5b0342ef\" data-element_type=\"section\" data-e-type=\"section\">\n\t\t\t\t\t\t<div class=\"elementor-container elementor-column-gap-wider\">\n\t\t\t\t\t<div class=\"elementor-column elementor-col-50 elementor-top-column elementor-element elementor-element-2a63705e\" data-id=\"2a63705e\" data-element_type=\"column\" data-e-type=\"column\">\n\t\t\t<div class=\"elementor-widget-wrap elementor-element-populated\">\n\t\t\t\t\t\t<div class=\"elementor-element elementor-element-42765576 elementor-widget__width-initial elementor-widget-mobile__width-auto elementor-widget elementor-widget-image\" data-id=\"42765576\" data-element_type=\"widget\" data-e-type=\"widget\" data-widget_type=\"image.default\">\n\t\t\t\t\t\t\t\t\t\t\t\t\t\t\t<img decoding=\"async\" src=\"https:\/\/www.emb.be\/wp-content\/uploads\/elementor\/thumbs\/emb-camions-entrepot-bruxelles-03-rmdyxo3i8qmdjq5bzsess2w3fkv1w95f5lca1iy7m8.jpg\" title=\"EMB-vrachtwagens geparkeerd in het magazijn in Brussel met belettering voor chapewerken, isolatie en betonvloeren\" alt=\"EMB-vrachtwagens geparkeerd in het magazijn in Brussel met belettering voor chapewerken, isolatie en betonvloeren\" loading=\"lazy\" \/>\t\t\t\t\t\t\t\t\t\t\t\t\t\t\t<\/div>\n\t\t\t\t\t<\/div>\n\t\t<\/div>\n\t\t\t\t<div class=\"elementor-column elementor-col-50 elementor-top-column elementor-element elementor-element-3a7016a\" data-id=\"3a7016a\" data-element_type=\"column\" data-e-type=\"column\">\n\t\t\t<div class=\"elementor-widget-wrap elementor-element-populated\">\n\t\t\t\t\t\t<div class=\"elementor-element elementor-element-18bde205 elementor-widget elementor-widget-heading\" data-id=\"18bde205\" data-element_type=\"widget\" data-e-type=\"widget\" data-widget_type=\"heading.default\">\n\t\t\t\t\t<h2 class=\"elementor-heading-title elementor-size-default\">Een project voor een gietvloer? Laten we erover praten. <\/h2>\t\t\t\t<\/div>\n\t\t\t\t<div class=\"elementor-element elementor-element-2f4441bc elementor-widget elementor-widget-spacer\" data-id=\"2f4441bc\" data-element_type=\"widget\" data-e-type=\"widget\" data-widget_type=\"spacer.default\">\n\t\t\t\t\t\t\t<div class=\"elementor-spacer\">\n\t\t\t<div class=\"elementor-spacer-inner\"><\/div>\n\t\t<\/div>\n\t\t\t\t\t\t<\/div>\n\t\t\t\t<div class=\"elementor-element elementor-element-15f2554b elementor-widget elementor-widget-text-editor\" data-id=\"15f2554b\" data-element_type=\"widget\" data-e-type=\"widget\" data-widget_type=\"text-editor.default\">\n\t\t\t\t\t\t\t\t\t<p>Woning, garage, winkel of technische ruimte: wij adviseren u en realiseren een oplossing in kunsthars op maat van uw project in Brussel en heel Belgi\u00eb.<\/p>\t\t\t\t\t\t\t\t<\/div>\n\t\t\t\t<div class=\"elementor-element elementor-element-762182ac elementor-widget elementor-widget-spacer\" data-id=\"762182ac\" data-element_type=\"widget\" data-e-type=\"widget\" data-widget_type=\"spacer.default\">\n\t\t\t\t\t\t\t<div class=\"elementor-spacer\">\n\t\t\t<div class=\"elementor-spacer-inner\"><\/div>\n\t\t<\/div>\n\t\t\t\t\t\t<\/div>\n\t\t\t\t<div class=\"elementor-element elementor-element-7ed735ac elementor-widget__width-auto elementor-mobile-align-center elementor-widget-mobile__width-inherit elementor-widget elementor-widget-the7_button_widget\" data-id=\"7ed735ac\" data-element_type=\"widget\" data-e-type=\"widget\" data-widget_type=\"the7_button_widget.default\">\n\t\t\t\t<div class=\"elementor-widget-container\">\n\t\t\t\t\t<div class=\"elementor-button-wrapper\"><a href=\"tel:+3222151949\" class=\"box-button elementor-button elementor-size-lg\">+32 (0) 2 215 19 49<i aria-hidden=\"true\" class=\"elementor-button-icon feather feather-phone\"><\/i><\/a><\/div>\t\t\t\t<\/div>\n\t\t\t\t<\/div>\n\t\t\t\t<div class=\"elementor-element elementor-element-49f487fd elementor-widget__width-auto elementor-mobile-align-center elementor-widget-mobile__width-inherit elementor-widget elementor-widget-the7_button_widget\" data-id=\"49f487fd\" data-element_type=\"widget\" data-e-type=\"widget\" data-widget_type=\"the7_button_widget.default\">\n\t\t\t\t<div class=\"elementor-widget-container\">\n\t\t\t\t\t<div class=\"elementor-button-wrapper\"><a href=\"https:\/\/www.emb.be\/contact\/\" class=\"box-button elementor-button elementor-size-lg\">Een offerte aanvragen<i aria-hidden=\"true\" class=\"elementor-button-icon feather feather-arrow-right\"><\/i><\/a><\/div>\t\t\t\t<\/div>\n\t\t\t\t<\/div>\n\t\t\t\t\t<\/div>\n\t\t<\/div>\n\t\t\t\t\t<\/div>\n\t\t<\/section>\n\t\t\t\t<\/div>\n\t\t","protected":false},"excerpt":{"rendered":"<p>Gietvloeren in Brussel voor particulieren en professionals De gietvloer is tegenwoordig een van de meest performante oplossingen voor een duurzame, esthetische en onderhoudsvriendelijke vloerbekleding. Hij is geschikt voor zowel woningen als professionele omgevingen en biedt een uitstekende mechanische en chemische weerstand. Samengesteld uit epoxyhars (stijver) of polyurethaan (flexibeler), zorgt dit type vloer voor een naadloos,&hellip;<\/p>\n","protected":false},"author":2,"featured_media":0,"parent":0,"menu_order":0,"comment_status":"closed","ping_status":"closed","template":"","meta":{"footnotes":""},"class_list":["post-94092","page","type-page","status-publish","hentry"],"yoast_head":"<!-- This site is optimized with the Yoast SEO plugin v27.4 - https:\/\/yoast.com\/product\/yoast-seo-wordpress\/ -->\n<title>Gietvloeren in Brussel | Epoxy &amp; PU | Particulieren en bedrijven - EMB<\/title>\n<meta name=\"description\" content=\"Gespecialiseerd bedrijf in gietvloeren in Brussel: epoxy, polyurethaan en industri\u00eble coatings. Woningen, garages en bedrijven.\" \/>\n<meta name=\"robots\" content=\"index, follow, max-snippet:-1, max-image-preview:large, max-video-preview:-1\" \/>\n<link rel=\"canonical\" href=\"https:\/\/www.emb.be\/nl\/gietvloeren\/\" \/>\n<meta property=\"og:locale\" content=\"nl_NL\" \/>\n<meta property=\"og:type\" content=\"article\" \/>\n<meta property=\"og:title\" content=\"Gietvloeren in Brussel | Epoxy &amp; PU | Particulieren en bedrijven - EMB\" \/>\n<meta property=\"og:description\" content=\"Gespecialiseerd bedrijf in gietvloeren in Brussel: epoxy, polyurethaan en industri\u00eble coatings. Woningen, garages en bedrijven.\" \/>\n<meta property=\"og:url\" content=\"https:\/\/www.emb.be\/nl\/gietvloeren\/\" \/>\n<meta property=\"og:site_name\" content=\"EMB\" \/>\n<meta property=\"article:publisher\" content=\"https:\/\/www.facebook.com\/emb.belgium\/\" \/>\n<meta property=\"article:modified_time\" content=\"2026-04-26T10:46:56+00:00\" \/>\n<meta property=\"og:image\" content=\"https:\/\/www.emb.be\/wp-content\/uploads\/2026\/02\/Sol-en-beton-lisse-interieur-dans-un-salon-contemporain-revetement-beton-1024x682.jpg\" \/>\n<meta name=\"twitter:card\" content=\"summary_large_image\" \/>\n<meta name=\"twitter:title\" content=\"Gietvloeren in Brussel | Epoxy &amp; PU | Particulieren en bedrijven - EMB\" \/>\n<meta name=\"twitter:description\" content=\"Gespecialiseerd bedrijf in gietvloeren in Brussel: epoxy, polyurethaan en industri\u00eble coatings. Woningen, garages en bedrijven.\" \/>\n<meta name=\"twitter:image\" content=\"https:\/\/www.emb.be\/wp-content\/uploads\/2026\/02\/Sol-en-beton-lisse-interieur-dans-un-salon-contemporain-revetement-beton-1024x682.jpg\" \/>\n<meta name=\"twitter:label1\" content=\"Geschatte leestijd\" \/>\n\t<meta name=\"twitter:data1\" content=\"3 minuut\" \/>\n<script type=\"application\/ld+json\" class=\"yoast-schema-graph\">{\"@context\":\"https:\\\/\\\/schema.org\",\"@graph\":[{\"@type\":\"WebPage\",\"@id\":\"https:\\\/\\\/www.emb.be\\\/nl\\\/gietvloeren\\\/\",\"url\":\"https:\\\/\\\/www.emb.be\\\/nl\\\/gietvloeren\\\/\",\"name\":\"Gietvloeren in Brussel | Epoxy & PU | Particulieren en bedrijven - EMB\",\"isPartOf\":{\"@id\":\"https:\\\/\\\/www.emb.be\\\/nl\\\/#website\"},\"primaryImageOfPage\":{\"@id\":\"https:\\\/\\\/www.emb.be\\\/nl\\\/gietvloeren\\\/#primaryimage\"},\"image\":{\"@id\":\"https:\\\/\\\/www.emb.be\\\/nl\\\/gietvloeren\\\/#primaryimage\"},\"thumbnailUrl\":\"https:\\\/\\\/www.emb.be\\\/wp-content\\\/uploads\\\/elementor\\\/thumbs\\\/sol-resine-blanc-espace-exposition-bruxelles-01-rme940ozx64kkg05rn9634smcx64xej8iuu2mxrci8.jpg\",\"datePublished\":\"2026-02-17T11:14:55+00:00\",\"dateModified\":\"2026-04-26T10:46:56+00:00\",\"description\":\"Gespecialiseerd bedrijf in gietvloeren in Brussel: epoxy, polyurethaan en industri\u00eble coatings. Woningen, garages en bedrijven.\",\"breadcrumb\":{\"@id\":\"https:\\\/\\\/www.emb.be\\\/nl\\\/gietvloeren\\\/#breadcrumb\"},\"inLanguage\":\"nl-NL\",\"potentialAction\":[{\"@type\":\"ReadAction\",\"target\":[\"https:\\\/\\\/www.emb.be\\\/nl\\\/gietvloeren\\\/\"]}]},{\"@type\":\"ImageObject\",\"inLanguage\":\"nl-NL\",\"@id\":\"https:\\\/\\\/www.emb.be\\\/nl\\\/gietvloeren\\\/#primaryimage\",\"url\":\"https:\\\/\\\/www.emb.be\\\/wp-content\\\/uploads\\\/elementor\\\/thumbs\\\/sol-resine-blanc-espace-exposition-bruxelles-01-rme940ozx64kkg05rn9634smcx64xej8iuu2mxrci8.jpg\",\"contentUrl\":\"https:\\\/\\\/www.emb.be\\\/wp-content\\\/uploads\\\/elementor\\\/thumbs\\\/sol-resine-blanc-espace-exposition-bruxelles-01-rme940ozx64kkg05rn9634smcx64xej8iuu2mxrci8.jpg\"},{\"@type\":\"BreadcrumbList\",\"@id\":\"https:\\\/\\\/www.emb.be\\\/nl\\\/gietvloeren\\\/#breadcrumb\",\"itemListElement\":[{\"@type\":\"ListItem\",\"position\":1,\"name\":\"Accueil\",\"item\":\"https:\\\/\\\/www.emb.be\\\/nl\\\/\"},{\"@type\":\"ListItem\",\"position\":2,\"name\":\"Gietvloeren\"}]},{\"@type\":\"WebSite\",\"@id\":\"https:\\\/\\\/www.emb.be\\\/nl\\\/#website\",\"url\":\"https:\\\/\\\/www.emb.be\\\/nl\\\/\",\"name\":\"EMB\",\"description\":\"\",\"publisher\":{\"@id\":\"https:\\\/\\\/www.emb.be\\\/nl\\\/#organization\"},\"potentialAction\":[{\"@type\":\"SearchAction\",\"target\":{\"@type\":\"EntryPoint\",\"urlTemplate\":\"https:\\\/\\\/www.emb.be\\\/nl\\\/?s={search_term_string}\"},\"query-input\":{\"@type\":\"PropertyValueSpecification\",\"valueRequired\":true,\"valueName\":\"search_term_string\"}}],\"inLanguage\":\"nl-NL\"},{\"@type\":\"Organization\",\"@id\":\"https:\\\/\\\/www.emb.be\\\/nl\\\/#organization\",\"name\":\"EMB\",\"url\":\"https:\\\/\\\/www.emb.be\\\/nl\\\/\",\"logo\":{\"@type\":\"ImageObject\",\"inLanguage\":\"nl-NL\",\"@id\":\"https:\\\/\\\/www.emb.be\\\/nl\\\/#\\\/schema\\\/logo\\\/image\\\/\",\"url\":\"https:\\\/\\\/www.emb.be\\\/wp-content\\\/uploads\\\/2026\\\/02\\\/favicon_emb.png\",\"contentUrl\":\"https:\\\/\\\/www.emb.be\\\/wp-content\\\/uploads\\\/2026\\\/02\\\/favicon_emb.png\",\"width\":500,\"height\":500,\"caption\":\"EMB\"},\"image\":{\"@id\":\"https:\\\/\\\/www.emb.be\\\/nl\\\/#\\\/schema\\\/logo\\\/image\\\/\"},\"sameAs\":[\"https:\\\/\\\/www.facebook.com\\\/emb.belgium\\\/\",\"https:\\\/\\\/be.linkedin.com\\\/company\\\/emb-entreprises-miot\"]}]}<\/script>\n<!-- \/ Yoast SEO plugin. -->","yoast_head_json":{"title":"Gietvloeren in Brussel | Epoxy & PU | Particulieren en bedrijven - EMB","description":"Gespecialiseerd bedrijf in gietvloeren in Brussel: epoxy, polyurethaan en industri\u00eble coatings. Woningen, garages en bedrijven.","robots":{"index":"index","follow":"follow","max-snippet":"max-snippet:-1","max-image-preview":"max-image-preview:large","max-video-preview":"max-video-preview:-1"},"canonical":"https:\/\/www.emb.be\/nl\/gietvloeren\/","og_locale":"nl_NL","og_type":"article","og_title":"Gietvloeren in Brussel | Epoxy & PU | Particulieren en bedrijven - EMB","og_description":"Gespecialiseerd bedrijf in gietvloeren in Brussel: epoxy, polyurethaan en industri\u00eble coatings. Woningen, garages en bedrijven.","og_url":"https:\/\/www.emb.be\/nl\/gietvloeren\/","og_site_name":"EMB","article_publisher":"https:\/\/www.facebook.com\/emb.belgium\/","article_modified_time":"2026-04-26T10:46:56+00:00","og_image":[{"url":"https:\/\/www.emb.be\/wp-content\/uploads\/2026\/02\/Sol-en-beton-lisse-interieur-dans-un-salon-contemporain-revetement-beton-1024x682.jpg","type":"","width":"","height":""}],"twitter_card":"summary_large_image","twitter_title":"Gietvloeren in Brussel | Epoxy & PU | Particulieren en bedrijven - EMB","twitter_description":"Gespecialiseerd bedrijf in gietvloeren in Brussel: epoxy, polyurethaan en industri\u00eble coatings. Woningen, garages en bedrijven.","twitter_image":"https:\/\/www.emb.be\/wp-content\/uploads\/2026\/02\/Sol-en-beton-lisse-interieur-dans-un-salon-contemporain-revetement-beton-1024x682.jpg","twitter_misc":{"Geschatte leestijd":"3 minuut"},"schema":{"@context":"https:\/\/schema.org","@graph":[{"@type":"WebPage","@id":"https:\/\/www.emb.be\/nl\/gietvloeren\/","url":"https:\/\/www.emb.be\/nl\/gietvloeren\/","name":"Gietvloeren in Brussel | Epoxy & PU | Particulieren en bedrijven - EMB","isPartOf":{"@id":"https:\/\/www.emb.be\/nl\/#website"},"primaryImageOfPage":{"@id":"https:\/\/www.emb.be\/nl\/gietvloeren\/#primaryimage"},"image":{"@id":"https:\/\/www.emb.be\/nl\/gietvloeren\/#primaryimage"},"thumbnailUrl":"https:\/\/www.emb.be\/wp-content\/uploads\/elementor\/thumbs\/sol-resine-blanc-espace-exposition-bruxelles-01-rme940ozx64kkg05rn9634smcx64xej8iuu2mxrci8.jpg","datePublished":"2026-02-17T11:14:55+00:00","dateModified":"2026-04-26T10:46:56+00:00","description":"Gespecialiseerd bedrijf in gietvloeren in Brussel: epoxy, polyurethaan en industri\u00eble coatings. Woningen, garages en bedrijven.","breadcrumb":{"@id":"https:\/\/www.emb.be\/nl\/gietvloeren\/#breadcrumb"},"inLanguage":"nl-NL","potentialAction":[{"@type":"ReadAction","target":["https:\/\/www.emb.be\/nl\/gietvloeren\/"]}]},{"@type":"ImageObject","inLanguage":"nl-NL","@id":"https:\/\/www.emb.be\/nl\/gietvloeren\/#primaryimage","url":"https:\/\/www.emb.be\/wp-content\/uploads\/elementor\/thumbs\/sol-resine-blanc-espace-exposition-bruxelles-01-rme940ozx64kkg05rn9634smcx64xej8iuu2mxrci8.jpg","contentUrl":"https:\/\/www.emb.be\/wp-content\/uploads\/elementor\/thumbs\/sol-resine-blanc-espace-exposition-bruxelles-01-rme940ozx64kkg05rn9634smcx64xej8iuu2mxrci8.jpg"},{"@type":"BreadcrumbList","@id":"https:\/\/www.emb.be\/nl\/gietvloeren\/#breadcrumb","itemListElement":[{"@type":"ListItem","position":1,"name":"Accueil","item":"https:\/\/www.emb.be\/nl\/"},{"@type":"ListItem","position":2,"name":"Gietvloeren"}]},{"@type":"WebSite","@id":"https:\/\/www.emb.be\/nl\/#website","url":"https:\/\/www.emb.be\/nl\/","name":"EMB","description":"","publisher":{"@id":"https:\/\/www.emb.be\/nl\/#organization"},"potentialAction":[{"@type":"SearchAction","target":{"@type":"EntryPoint","urlTemplate":"https:\/\/www.emb.be\/nl\/?s={search_term_string}"},"query-input":{"@type":"PropertyValueSpecification","valueRequired":true,"valueName":"search_term_string"}}],"inLanguage":"nl-NL"},{"@type":"Organization","@id":"https:\/\/www.emb.be\/nl\/#organization","name":"EMB","url":"https:\/\/www.emb.be\/nl\/","logo":{"@type":"ImageObject","inLanguage":"nl-NL","@id":"https:\/\/www.emb.be\/nl\/#\/schema\/logo\/image\/","url":"https:\/\/www.emb.be\/wp-content\/uploads\/2026\/02\/favicon_emb.png","contentUrl":"https:\/\/www.emb.be\/wp-content\/uploads\/2026\/02\/favicon_emb.png","width":500,"height":500,"caption":"EMB"},"image":{"@id":"https:\/\/www.emb.be\/nl\/#\/schema\/logo\/image\/"},"sameAs":["https:\/\/www.facebook.com\/emb.belgium\/","https:\/\/be.linkedin.com\/company\/emb-entreprises-miot"]}]}},"_links":{"self":[{"href":"https:\/\/www.emb.be\/nl\/wp-json\/wp\/v2\/pages\/94092","targetHints":{"allow":["GET"]}}],"collection":[{"href":"https:\/\/www.emb.be\/nl\/wp-json\/wp\/v2\/pages"}],"about":[{"href":"https:\/\/www.emb.be\/nl\/wp-json\/wp\/v2\/types\/page"}],"author":[{"embeddable":true,"href":"https:\/\/www.emb.be\/nl\/wp-json\/wp\/v2\/users\/2"}],"replies":[{"embeddable":true,"href":"https:\/\/www.emb.be\/nl\/wp-json\/wp\/v2\/comments?post=94092"}],"version-history":[{"count":1,"href":"https:\/\/www.emb.be\/nl\/wp-json\/wp\/v2\/pages\/94092\/revisions"}],"predecessor-version":[{"id":94099,"href":"https:\/\/www.emb.be\/nl\/wp-json\/wp\/v2\/pages\/94092\/revisions\/94099"}],"wp:attachment":[{"href":"https:\/\/www.emb.be\/nl\/wp-json\/wp\/v2\/media?parent=94092"}],"curies":[{"name":"wp","href":"https:\/\/api.w.org\/{rel}","templated":true}]}}