{"id":94146,"date":"2020-04-21T10:23:48","date_gmt":"2020-04-21T10:23:48","guid":{"rendered":"https:\/\/www.emb.be\/realisaties\/"},"modified":"2026-04-26T10:47:52","modified_gmt":"2026-04-26T10:47:52","slug":"realisaties","status":"publish","type":"page","link":"https:\/\/www.emb.be\/nl\/realisaties\/","title":{"rendered":"Realisaties"},"content":{"rendered":"\t\t<div data-elementor-type=\"wp-page\" data-elementor-id=\"94146\" class=\"elementor elementor-94146 elementor-2592\" data-elementor-post-type=\"page\">\n\t\t\t\t\t\t<section class=\"elementor-section elementor-top-section elementor-element elementor-element-9e597f2 elementor-section-height-min-height elementor-section-items-stretch elementor-section-content-middle elementor-section-boxed elementor-section-height-default\" data-id=\"9e597f2\" data-element_type=\"section\" data-e-type=\"section\" data-settings=\"{&quot;background_background&quot;:&quot;classic&quot;}\">\n\t\t\t\t\t\t<div class=\"elementor-container elementor-column-gap-wider\">\n\t\t\t\t\t<div class=\"elementor-column elementor-col-100 elementor-top-column elementor-element elementor-element-f2e507a\" data-id=\"f2e507a\" data-element_type=\"column\" data-e-type=\"column\" data-settings=\"{&quot;background_background&quot;:&quot;classic&quot;}\">\n\t\t\t<div class=\"elementor-widget-wrap elementor-element-populated\">\n\t\t\t\t\t\t<div class=\"elementor-element elementor-element-5b35a10 img-align-top slide-h-position-center icon-box-vertical-align-top image-vertical-align-start preserve-img-ratio-cover elementor-widget elementor-widget-the7-elements-simple-posts\" data-id=\"5b35a10\" data-element_type=\"widget\" data-e-type=\"widget\" data-widget_type=\"the7-elements-simple-posts.default\">\n\t\t\t\t<div class=\"elementor-widget-container\">\n\t\t\t\t\t<div class=\"the7-simple-widget-posts the7-elementor-widget the7-elements-simple-posts-5b35a10\" data-post-limit=\"-1\" data-pagination-mode=\"standard\" data-scroll-offset=\"\">\t\t\t<div class=\"dt-css-grid custom-pagination-handler\" data-columns=\"{&quot;d&quot;:3,&quot;t&quot;:2,&quot;p&quot;:1,&quot;wd&quot;:&quot;&quot;}\">\n\t\t\t\t\t\t\t\t\t<div class=\"wf-cell visible \">\n\t\t\t\t\t\t<article class=\"post visible wrapper post-94313 dt_portfolio type-dt_portfolio status-publish has-post-thumbnail hentry dt_portfolio_category-betonvloeren\">\n\n\t\t\t\t\t\t\t<div class=\"post-content-wrapper\">\n\t\t\t\t\t\t\t\t\t\t\t\t\t\t\t\t\t<div class=\"the7-simple-post-thumb\">\n\t\t\t\t\t\t\t\t\t\t<a class=\"post-thumbnail-rollover layzr-bg img-css-resize-wrapper\" aria-label=\"Berichtafbeelding\" href=\"https:\/\/www.emb.be\/nl\/project\/minhardur-vloer-handmatig-gladgestreken-tint-lrg-in-een-privevilla\/\"><img fetchpriority=\"high\" decoding=\"async\" width=\"1600\" height=\"1066\" src=\"data:image\/svg+xml,%3Csvg%20xmlns%3D&#039;http%3A%2F%2Fwww.w3.org%2F2000%2Fsvg&#039;%20viewBox%3D&#039;0%200%201600%201066&#039;%2F%3E\" class=\"attachment-full size-full preload-me aspect lazy lazy-load\" alt=\"\" sizes=\"(max-width: 1600px) 100vw, 1600px\" style=\"--ratio: 1600 \/ 1066;\" data-src=\"https:\/\/www.emb.be\/wp-content\/uploads\/2026\/04\/prive-minhardur-lrg-entree-01.jpg\" loading=\"eager\" data-srcset=\"https:\/\/www.emb.be\/wp-content\/uploads\/2026\/04\/prive-minhardur-lrg-entree-01.jpg 1600w, https:\/\/www.emb.be\/wp-content\/uploads\/2026\/04\/prive-minhardur-lrg-entree-01-300x200.jpg 300w, https:\/\/www.emb.be\/wp-content\/uploads\/2026\/04\/prive-minhardur-lrg-entree-01-1024x682.jpg 1024w, https:\/\/www.emb.be\/wp-content\/uploads\/2026\/04\/prive-minhardur-lrg-entree-01-768x512.jpg 768w, https:\/\/www.emb.be\/wp-content\/uploads\/2026\/04\/prive-minhardur-lrg-entree-01-1536x1023.jpg 1536w\" \/><span class=\"the7-hover-icon\"><i aria-hidden=\"true\" class=\"feather feather-more-horizontal\"><\/i><\/span><\/a>\t\t\t\t\t\t\t\t\t<\/div>\n\t\t\t\t\t\t\t\t\t\t\t\t\t\t\t\t<div class=\"post-entry-content\">\n\t\t\t\t\t\t\t\t\t<h5 class=\"heading\"><a href=\"https:\/\/www.emb.be\/nl\/project\/minhardur-vloer-handmatig-gladgestreken-tint-lrg-in-een-privevilla\/\" rel=\"bookmark\" title=\"MinHardur-vloer handmatig gladgestreken, tint LRG, in een priv\u00e9villa\" class=\"post-title\">MinHardur-vloer handmatig gladgestreken, tint LRG, in een priv\u00e9villa<\/a><\/h5><p class=\"short-description\">Realisatie van een MinHardur-vloer, handmatig gladgestreken, tint LRG, in een hedendaagse priv\u00e9woning. De lichte en doorlopende afwerking versterkt de volumes, het natuurlijke licht en de architecturale samenhang tussen de leefruimtes, circulatieruimtes en de slaapkamers. <\/p>\t\t\t\t\t\t\t\t<\/div>\n\t\t\t\t\t\t\t<\/div>\n\t\t\t\t\t\t<\/article>\n\t\t\t\t\t<\/div>\t\t\t\t\t\t\t\t\t\t<div class=\"wf-cell visible \">\n\t\t\t\t\t\t<article class=\"post visible wrapper post-94299 dt_portfolio type-dt_portfolio status-publish has-post-thumbnail hentry dt_portfolio_category-afwerkingen-alternatieven\">\n\n\t\t\t\t\t\t\t<div class=\"post-content-wrapper\">\n\t\t\t\t\t\t\t\t\t\t\t\t\t\t\t\t\t<div class=\"the7-simple-post-thumb\">\n\t\t\t\t\t\t\t\t\t\t<a class=\"post-thumbnail-rollover layzr-bg img-css-resize-wrapper\" aria-label=\"Berichtafbeelding\" href=\"https:\/\/www.emb.be\/nl\/project\/microtopping-voor-de-kantoren-van-group-s-ursulinenstraat\/\"><img decoding=\"async\" width=\"1600\" height=\"1066\" src=\"data:image\/svg+xml,%3Csvg%20xmlns%3D&#039;http%3A%2F%2Fwww.w3.org%2F2000%2Fsvg&#039;%20viewBox%3D&#039;0%200%201600%201066&#039;%2F%3E\" class=\"attachment-full size-full preload-me aspect lazy lazy-load\" alt=\"\" sizes=\"(max-width: 1600px) 100vw, 1600px\" style=\"--ratio: 1600 \/ 1066;\" data-src=\"https:\/\/www.emb.be\/wp-content\/uploads\/2026\/04\/group-s-ursulines-detail-plinthe-microtopping-06.jpg\" loading=\"eager\" data-srcset=\"https:\/\/www.emb.be\/wp-content\/uploads\/2026\/04\/group-s-ursulines-detail-plinthe-microtopping-06.jpg 1600w, https:\/\/www.emb.be\/wp-content\/uploads\/2026\/04\/group-s-ursulines-detail-plinthe-microtopping-06-300x200.jpg 300w, https:\/\/www.emb.be\/wp-content\/uploads\/2026\/04\/group-s-ursulines-detail-plinthe-microtopping-06-1024x682.jpg 1024w, https:\/\/www.emb.be\/wp-content\/uploads\/2026\/04\/group-s-ursulines-detail-plinthe-microtopping-06-768x512.jpg 768w, https:\/\/www.emb.be\/wp-content\/uploads\/2026\/04\/group-s-ursulines-detail-plinthe-microtopping-06-1536x1023.jpg 1536w\" \/><span class=\"the7-hover-icon\"><i aria-hidden=\"true\" class=\"feather feather-more-horizontal\"><\/i><\/span><\/a>\t\t\t\t\t\t\t\t\t<\/div>\n\t\t\t\t\t\t\t\t\t\t\t\t\t\t\t\t<div class=\"post-entry-content\">\n\t\t\t\t\t\t\t\t\t<h5 class=\"heading\"><a href=\"https:\/\/www.emb.be\/nl\/project\/microtopping-voor-de-kantoren-van-group-s-ursulinenstraat\/\" rel=\"bookmark\" title=\"Microtopping voor de kantoren van Group S, Ursulinenstraat\" class=\"post-title\">Microtopping voor de kantoren van Group S, Ursulinenstraat<\/a><\/h5><p class=\"short-description\">Realisatie van een lichte microtoppingvloer in de kantoren van Group S, Ursulinenstraat, met een doorlopende, minerale afwerking die licht, soberheid en samenhang brengt in alle onthaal-, werk- en circulatieruimtes.<\/p>\t\t\t\t\t\t\t\t<\/div>\n\t\t\t\t\t\t\t<\/div>\n\t\t\t\t\t\t<\/article>\n\t\t\t\t\t<\/div>\t\t\t\t\t\t\t\t\t\t<div class=\"wf-cell visible \">\n\t\t\t\t\t\t<article class=\"post visible wrapper post-94255 dt_portfolio type-dt_portfolio status-publish has-post-thumbnail hentry dt_portfolio_category-technisch-beton\">\n\n\t\t\t\t\t\t\t<div class=\"post-content-wrapper\">\n\t\t\t\t\t\t\t\t\t\t\t\t\t\t\t\t\t<div class=\"the7-simple-post-thumb\">\n\t\t\t\t\t\t\t\t\t\t<a class=\"post-thumbnail-rollover layzr-bg img-css-resize-wrapper\" aria-label=\"Berichtafbeelding\" href=\"https:\/\/www.emb.be\/nl\/project\/geribbelde-betonnen-helling-voor-ondergrondse-parking-in-evere\/\"><img decoding=\"async\" width=\"1600\" height=\"1066\" src=\"data:image\/svg+xml,%3Csvg%20xmlns%3D&#039;http%3A%2F%2Fwww.w3.org%2F2000%2Fsvg&#039;%20viewBox%3D&#039;0%200%201600%201066&#039;%2F%3E\" class=\"attachment-full size-full preload-me aspect lazy lazy-load\" alt=\"\" sizes=\"(max-width: 1600px) 100vw, 1600px\" style=\"--ratio: 1600 \/ 1066;\" data-src=\"https:\/\/www.emb.be\/wp-content\/uploads\/2026\/04\/evere-rampe-striee-vue-aerienne-01.jpg\" loading=\"eager\" data-srcset=\"https:\/\/www.emb.be\/wp-content\/uploads\/2026\/04\/evere-rampe-striee-vue-aerienne-01.jpg 1600w, https:\/\/www.emb.be\/wp-content\/uploads\/2026\/04\/evere-rampe-striee-vue-aerienne-01-300x200.jpg 300w, https:\/\/www.emb.be\/wp-content\/uploads\/2026\/04\/evere-rampe-striee-vue-aerienne-01-1024x682.jpg 1024w, https:\/\/www.emb.be\/wp-content\/uploads\/2026\/04\/evere-rampe-striee-vue-aerienne-01-768x512.jpg 768w, https:\/\/www.emb.be\/wp-content\/uploads\/2026\/04\/evere-rampe-striee-vue-aerienne-01-1536x1023.jpg 1536w\" \/><span class=\"the7-hover-icon\"><i aria-hidden=\"true\" class=\"feather feather-more-horizontal\"><\/i><\/span><\/a>\t\t\t\t\t\t\t\t\t<\/div>\n\t\t\t\t\t\t\t\t\t\t\t\t\t\t\t\t<div class=\"post-entry-content\">\n\t\t\t\t\t\t\t\t\t<h5 class=\"heading\"><a href=\"https:\/\/www.emb.be\/nl\/project\/geribbelde-betonnen-helling-voor-ondergrondse-parking-in-evere\/\" rel=\"bookmark\" title=\"Geribbelde betonnen helling voor ondergrondse parking in Evere\" class=\"post-title\">Geribbelde betonnen helling voor ondergrondse parking in Evere<\/a><\/h5><p class=\"short-description\">Realisatie van een geribbelde betonnen helling voor de toegang tot een ondergrondse parking in Evere, met antislipafwerking, afwateringsgoten, wielgeleiding en technische bochten aangepast aan intensief gebruik.<\/p>\t\t\t\t\t\t\t\t<\/div>\n\t\t\t\t\t\t\t<\/div>\n\t\t\t\t\t\t<\/article>\n\t\t\t\t\t<\/div>\t\t\t\t\t\t\t\t\t\t<div class=\"wf-cell visible \">\n\t\t\t\t\t\t<article class=\"post visible wrapper post-94356 dt_portfolio type-dt_portfolio status-publish has-post-thumbnail hentry dt_portfolio_category-exterieur\">\n\n\t\t\t\t\t\t\t<div class=\"post-content-wrapper\">\n\t\t\t\t\t\t\t\t\t\t\t\t\t\t\t\t\t<div class=\"the7-simple-post-thumb\">\n\t\t\t\t\t\t\t\t\t\t<a class=\"post-thumbnail-rollover layzr-bg img-css-resize-wrapper\" aria-label=\"Berichtafbeelding\" href=\"https:\/\/www.emb.be\/nl\/project\/oprit-en-privebinnenplaats-in-uitgewassen-beton\/\"><img decoding=\"async\" width=\"1296\" height=\"863\" src=\"data:image\/svg+xml,%3Csvg%20xmlns%3D&#039;http%3A%2F%2Fwww.w3.org%2F2000%2Fsvg&#039;%20viewBox%3D&#039;0%200%201296%20863&#039;%2F%3E\" class=\"attachment-full size-full preload-me aspect lazy lazy-load\" alt=\"\" sizes=\"(max-width: 1296px) 100vw, 1296px\" style=\"--ratio: 1296 \/ 863;\" data-src=\"https:\/\/www.emb.be\/wp-content\/uploads\/2026\/04\/prive-beton-lave-vue-aerienne-01.jpg\" loading=\"eager\" data-srcset=\"https:\/\/www.emb.be\/wp-content\/uploads\/2026\/04\/prive-beton-lave-vue-aerienne-01.jpg 1296w, https:\/\/www.emb.be\/wp-content\/uploads\/2026\/04\/prive-beton-lave-vue-aerienne-01-300x200.jpg 300w, https:\/\/www.emb.be\/wp-content\/uploads\/2026\/04\/prive-beton-lave-vue-aerienne-01-1024x682.jpg 1024w, https:\/\/www.emb.be\/wp-content\/uploads\/2026\/04\/prive-beton-lave-vue-aerienne-01-768x511.jpg 768w\" \/><span class=\"the7-hover-icon\"><i aria-hidden=\"true\" class=\"feather feather-more-horizontal\"><\/i><\/span><\/a>\t\t\t\t\t\t\t\t\t<\/div>\n\t\t\t\t\t\t\t\t\t\t\t\t\t\t\t\t<div class=\"post-entry-content\">\n\t\t\t\t\t\t\t\t\t<h5 class=\"heading\"><a href=\"https:\/\/www.emb.be\/nl\/project\/oprit-en-privebinnenplaats-in-uitgewassen-beton\/\" rel=\"bookmark\" title=\"Oprit en priv\u00e9binnenplaats in uitgewassen beton\" class=\"post-title\">Oprit en priv\u00e9binnenplaats in uitgewassen beton<\/a><\/h5><p class=\"short-description\">Realisatie van een toegangsweg, een binnenplaats en verkeerszones in uitgewassen beton voor een priv\u00e9-eigendom, met een minerale afwerking met zichtbare granulaten die de architectuur accentueert en een uitstekende duurzaamheid garandeert.<\/p>\t\t\t\t\t\t\t\t<\/div>\n\t\t\t\t\t\t\t<\/div>\n\t\t\t\t\t\t<\/article>\n\t\t\t\t\t<\/div>\t\t\t\t\t\t\t\t\t\t<div class=\"wf-cell visible \">\n\t\t\t\t\t\t<article class=\"post visible wrapper post-94277 dt_portfolio type-dt_portfolio status-publish has-post-thumbnail hentry dt_portfolio_category-exterieur\">\n\n\t\t\t\t\t\t\t<div class=\"post-content-wrapper\">\n\t\t\t\t\t\t\t\t\t\t\t\t\t\t\t\t\t<div class=\"the7-simple-post-thumb\">\n\t\t\t\t\t\t\t\t\t\t<a class=\"post-thumbnail-rollover layzr-bg img-css-resize-wrapper\" aria-label=\"Berichtafbeelding\" href=\"https:\/\/www.emb.be\/nl\/project\/buitenaanleg-in-gewassen-beton-bij-het-ceria-in-anderlecht\/\"><img decoding=\"async\" width=\"1600\" height=\"1066\" src=\"data:image\/svg+xml,%3Csvg%20xmlns%3D&#039;http%3A%2F%2Fwww.w3.org%2F2000%2Fsvg&#039;%20viewBox%3D&#039;0%200%201600%201066&#039;%2F%3E\" class=\"attachment-full size-full preload-me aspect lazy lazy-load\" alt=\"\" sizes=\"(max-width: 1600px) 100vw, 1600px\" style=\"--ratio: 1600 \/ 1066;\" data-src=\"https:\/\/www.emb.be\/wp-content\/uploads\/2026\/04\/ceria-anderlecht-esplanade-beton-lave-02.jpg\" loading=\"eager\" data-srcset=\"https:\/\/www.emb.be\/wp-content\/uploads\/2026\/04\/ceria-anderlecht-esplanade-beton-lave-02.jpg 1600w, https:\/\/www.emb.be\/wp-content\/uploads\/2026\/04\/ceria-anderlecht-esplanade-beton-lave-02-300x200.jpg 300w, https:\/\/www.emb.be\/wp-content\/uploads\/2026\/04\/ceria-anderlecht-esplanade-beton-lave-02-1024x682.jpg 1024w, https:\/\/www.emb.be\/wp-content\/uploads\/2026\/04\/ceria-anderlecht-esplanade-beton-lave-02-768x512.jpg 768w, https:\/\/www.emb.be\/wp-content\/uploads\/2026\/04\/ceria-anderlecht-esplanade-beton-lave-02-1536x1023.jpg 1536w\" \/><span class=\"the7-hover-icon\"><i aria-hidden=\"true\" class=\"feather feather-more-horizontal\"><\/i><\/span><\/a>\t\t\t\t\t\t\t\t\t<\/div>\n\t\t\t\t\t\t\t\t\t\t\t\t\t\t\t\t<div class=\"post-entry-content\">\n\t\t\t\t\t\t\t\t\t<h5 class=\"heading\"><a href=\"https:\/\/www.emb.be\/nl\/project\/buitenaanleg-in-gewassen-beton-bij-het-ceria-in-anderlecht\/\" rel=\"bookmark\" title=\"Buitenaanleg in gewassen beton bij het CERIA in Anderlecht\" class=\"post-title\">Buitenaanleg in gewassen beton bij het CERIA in Anderlecht<\/a><\/h5><p class=\"short-description\">Realisatie van buitenaanleg in gewassen beton op de site van het CERIA in Anderlecht, met een minerale afwerking met zichtbare granulaten, geschikt voor voetgangersverkeer, grote esplanades en technische aansluitingen aan de voet van de gevel.<\/p>\t\t\t\t\t\t\t\t<\/div>\n\t\t\t\t\t\t\t<\/div>\n\t\t\t\t\t\t<\/article>\n\t\t\t\t\t<\/div>\t\t\t\t\t\t\t\t\t\t<div class=\"wf-cell visible \">\n\t\t\t\t\t\t<article class=\"post visible wrapper post-94342 dt_portfolio type-dt_portfolio status-publish has-post-thumbnail hentry dt_portfolio_category-betonvloeren\">\n\n\t\t\t\t\t\t\t<div class=\"post-content-wrapper\">\n\t\t\t\t\t\t\t\t\t\t\t\t\t\t\t\t\t<div class=\"the7-simple-post-thumb\">\n\t\t\t\t\t\t\t\t\t\t<a class=\"post-thumbnail-rollover layzr-bg img-css-resize-wrapper\" aria-label=\"Berichtafbeelding\" href=\"https:\/\/www.emb.be\/nl\/project\/handmatig-minhardur-binnenvloer-voor-architectenwoning\/\"><img decoding=\"async\" width=\"1200\" height=\"1600\" src=\"data:image\/svg+xml,%3Csvg%20xmlns%3D&#039;http%3A%2F%2Fwww.w3.org%2F2000%2Fsvg&#039;%20viewBox%3D&#039;0%200%201200%201600&#039;%2F%3E\" class=\"attachment-full size-full preload-me aspect lazy lazy-load\" alt=\"Sol en b\u00e9ton int\u00e9rieur MinHardur manuel dans un espace de vie haut de gamme\" sizes=\"(max-width: 1200px) 100vw, 1200px\" style=\"--ratio: 1200 \/ 1600;\" data-src=\"https:\/\/www.emb.be\/wp-content\/uploads\/2026\/04\/beton-interieur-minhardur-manuel-espace-vie-03.jpg\" loading=\"eager\" data-srcset=\"https:\/\/www.emb.be\/wp-content\/uploads\/2026\/04\/beton-interieur-minhardur-manuel-espace-vie-03.jpg 1200w, https:\/\/www.emb.be\/wp-content\/uploads\/2026\/04\/beton-interieur-minhardur-manuel-espace-vie-03-225x300.jpg 225w, https:\/\/www.emb.be\/wp-content\/uploads\/2026\/04\/beton-interieur-minhardur-manuel-espace-vie-03-768x1024.jpg 768w, https:\/\/www.emb.be\/wp-content\/uploads\/2026\/04\/beton-interieur-minhardur-manuel-espace-vie-03-1152x1536.jpg 1152w\" \/><span class=\"the7-hover-icon\"><i aria-hidden=\"true\" class=\"feather feather-more-horizontal\"><\/i><\/span><\/a>\t\t\t\t\t\t\t\t\t<\/div>\n\t\t\t\t\t\t\t\t\t\t\t\t\t\t\t\t<div class=\"post-entry-content\">\n\t\t\t\t\t\t\t\t\t<h5 class=\"heading\"><a href=\"https:\/\/www.emb.be\/nl\/project\/handmatig-minhardur-binnenvloer-voor-architectenwoning\/\" rel=\"bookmark\" title=\"Handmatig MinHardur binnenvloer voor architectenwoning\" class=\"post-title\">Handmatig MinHardur binnenvloer voor architectenwoning<\/a><\/h5><p class=\"short-description\">Realisatie van een handmatig afgewerkte MinHardur binnenvloer in een architectenwoning, met een lichtgrijze, minerale, doorlopende en verfijnde uitstraling, perfect afgestemd op open volumes en eigentijdse afwerkingen.<\/p>\t\t\t\t\t\t\t\t<\/div>\n\t\t\t\t\t\t\t<\/div>\n\t\t\t\t\t\t<\/article>\n\t\t\t\t\t<\/div>\t\t\t\t\t\t\t\t<\/div>\n\t\t<div class=\"paginator filter-decorations filter-pointer-underline filter-animation-fade\" role=\"navigation\"><a href=\"https:\/\/www.emb.be\/nl\/wp-json\/wp\/v2\/pages\/94146\/\" class=\"page-numbers filter-item act\" data-page-num=\"1\">1<\/a><a href=\"https:\/\/www.emb.be\/nl\/wp-json\/wp\/v2\/pages\/94146\/page\/2\/\" class=\"page-numbers filter-item \" data-page-num=\"2\">2<\/a><a href=\"https:\/\/www.emb.be\/nl\/wp-json\/wp\/v2\/pages\/94146\/page\/3\/\" class=\"page-numbers filter-item \" data-page-num=\"3\">3<\/a><a href=\"https:\/\/www.emb.be\/nl\/wp-json\/wp\/v2\/pages\/94146\/page\/2\/\" class=\"page-numbers nav-next filter-item\" data-page-num=\"2\" >\u2192<\/a><\/div><\/div>\t\t\t\t<\/div>\n\t\t\t\t<\/div>\n\t\t\t\t\t<\/div>\n\t\t<\/div>\n\t\t\t\t\t<\/div>\n\t\t<\/section>\n\t\t\t\t<\/div>\n\t\t","protected":false},"excerpt":{"rendered":"<p>Sol MinHardur liss\u00e9 manuellement teinte LRG dans une villa priv\u00e9e R\u00e9alisation d\u2019un sol MinHardur liss\u00e9 manuellement, teinte LRG, dans une habitation priv\u00e9e contemporaine. La finition claire et continue renforce les volumes, la lumi\u00e8re naturelle et la coh\u00e9rence architecturale entre les espaces de vie, de circulation et les pi\u00e8ces de nuit. Microtopping pour les bureaux de&hellip;<\/p>\n","protected":false},"author":2,"featured_media":0,"parent":0,"menu_order":8,"comment_status":"closed","ping_status":"closed","template":"","meta":{"footnotes":""},"class_list":["post-94146","page","type-page","status-publish","hentry"],"yoast_head":"<!-- This site is optimized with the Yoast SEO plugin v27.4 - https:\/\/yoast.com\/product\/yoast-seo-wordpress\/ -->\n<title>Realisaties - EMB<\/title>\n<meta name=\"robots\" content=\"index, follow, max-snippet:-1, max-image-preview:large, max-video-preview:-1\" \/>\n<link rel=\"canonical\" href=\"https:\/\/www.emb.be\/nl\/realisaties\/\" \/>\n<meta property=\"og:locale\" content=\"nl_NL\" \/>\n<meta property=\"og:type\" content=\"article\" \/>\n<meta property=\"og:title\" content=\"Realisaties - EMB\" \/>\n<meta property=\"og:description\" content=\"Sol MinHardur liss\u00e9 manuellement teinte LRG dans une villa priv\u00e9e R\u00e9alisation d\u2019un sol MinHardur liss\u00e9 manuellement, teinte LRG, dans une habitation priv\u00e9e contemporaine. La finition claire et continue renforce les volumes, la lumi\u00e8re naturelle et la coh\u00e9rence architecturale entre les espaces de vie, de circulation et les pi\u00e8ces de nuit. Microtopping pour les bureaux de&hellip;\" \/>\n<meta property=\"og:url\" content=\"https:\/\/www.emb.be\/nl\/realisaties\/\" \/>\n<meta property=\"og:site_name\" content=\"EMB\" \/>\n<meta property=\"article:publisher\" content=\"https:\/\/www.facebook.com\/emb.belgium\/\" \/>\n<meta property=\"article:modified_time\" content=\"2026-04-26T10:47:52+00:00\" \/>\n<meta property=\"og:image\" content=\"https:\/\/www.emb.be\/wp-content\/uploads\/2026\/03\/Lissage-et-nivellement-de-chape-beton-\u2013-entreprise-specialisee-en-beton-lisse.jpg\" \/>\n\t<meta property=\"og:image:width\" content=\"1772\" \/>\n\t<meta property=\"og:image:height\" content=\"1181\" \/>\n\t<meta property=\"og:image:type\" content=\"image\/jpeg\" \/>\n<meta name=\"twitter:card\" content=\"summary_large_image\" \/>\n<meta name=\"twitter:label1\" content=\"Geschatte leestijd\" \/>\n\t<meta name=\"twitter:data1\" content=\"2 minuut\" \/>\n<script type=\"application\/ld+json\" class=\"yoast-schema-graph\">{\"@context\":\"https:\\\/\\\/schema.org\",\"@graph\":[{\"@type\":\"WebPage\",\"@id\":\"https:\\\/\\\/www.emb.be\\\/nl\\\/realisaties\\\/\",\"url\":\"https:\\\/\\\/www.emb.be\\\/nl\\\/realisaties\\\/\",\"name\":\"Realisaties - EMB\",\"isPartOf\":{\"@id\":\"https:\\\/\\\/www.emb.be\\\/nl\\\/#website\"},\"datePublished\":\"2020-04-21T10:23:48+00:00\",\"dateModified\":\"2026-04-26T10:47:52+00:00\",\"breadcrumb\":{\"@id\":\"https:\\\/\\\/www.emb.be\\\/nl\\\/realisaties\\\/#breadcrumb\"},\"inLanguage\":\"nl-NL\",\"potentialAction\":[{\"@type\":\"ReadAction\",\"target\":[\"https:\\\/\\\/www.emb.be\\\/nl\\\/realisaties\\\/\"]}]},{\"@type\":\"BreadcrumbList\",\"@id\":\"https:\\\/\\\/www.emb.be\\\/nl\\\/realisaties\\\/#breadcrumb\",\"itemListElement\":[{\"@type\":\"ListItem\",\"position\":1,\"name\":\"Accueil\",\"item\":\"https:\\\/\\\/www.emb.be\\\/nl\\\/\"},{\"@type\":\"ListItem\",\"position\":2,\"name\":\"Realisaties\"}]},{\"@type\":\"WebSite\",\"@id\":\"https:\\\/\\\/www.emb.be\\\/nl\\\/#website\",\"url\":\"https:\\\/\\\/www.emb.be\\\/nl\\\/\",\"name\":\"EMB\",\"description\":\"\",\"publisher\":{\"@id\":\"https:\\\/\\\/www.emb.be\\\/nl\\\/#organization\"},\"potentialAction\":[{\"@type\":\"SearchAction\",\"target\":{\"@type\":\"EntryPoint\",\"urlTemplate\":\"https:\\\/\\\/www.emb.be\\\/nl\\\/?s={search_term_string}\"},\"query-input\":{\"@type\":\"PropertyValueSpecification\",\"valueRequired\":true,\"valueName\":\"search_term_string\"}}],\"inLanguage\":\"nl-NL\"},{\"@type\":\"Organization\",\"@id\":\"https:\\\/\\\/www.emb.be\\\/nl\\\/#organization\",\"name\":\"EMB\",\"url\":\"https:\\\/\\\/www.emb.be\\\/nl\\\/\",\"logo\":{\"@type\":\"ImageObject\",\"inLanguage\":\"nl-NL\",\"@id\":\"https:\\\/\\\/www.emb.be\\\/nl\\\/#\\\/schema\\\/logo\\\/image\\\/\",\"url\":\"https:\\\/\\\/www.emb.be\\\/wp-content\\\/uploads\\\/2026\\\/02\\\/favicon_emb.png\",\"contentUrl\":\"https:\\\/\\\/www.emb.be\\\/wp-content\\\/uploads\\\/2026\\\/02\\\/favicon_emb.png\",\"width\":500,\"height\":500,\"caption\":\"EMB\"},\"image\":{\"@id\":\"https:\\\/\\\/www.emb.be\\\/nl\\\/#\\\/schema\\\/logo\\\/image\\\/\"},\"sameAs\":[\"https:\\\/\\\/www.facebook.com\\\/emb.belgium\\\/\",\"https:\\\/\\\/be.linkedin.com\\\/company\\\/emb-entreprises-miot\"]}]}<\/script>\n<!-- \/ Yoast SEO plugin. -->","yoast_head_json":{"title":"Realisaties - EMB","robots":{"index":"index","follow":"follow","max-snippet":"max-snippet:-1","max-image-preview":"max-image-preview:large","max-video-preview":"max-video-preview:-1"},"canonical":"https:\/\/www.emb.be\/nl\/realisaties\/","og_locale":"nl_NL","og_type":"article","og_title":"Realisaties - EMB","og_description":"Sol MinHardur liss\u00e9 manuellement teinte LRG dans une villa priv\u00e9e R\u00e9alisation d\u2019un sol MinHardur liss\u00e9 manuellement, teinte LRG, dans une habitation priv\u00e9e contemporaine. La finition claire et continue renforce les volumes, la lumi\u00e8re naturelle et la coh\u00e9rence architecturale entre les espaces de vie, de circulation et les pi\u00e8ces de nuit. Microtopping pour les bureaux de&hellip;","og_url":"https:\/\/www.emb.be\/nl\/realisaties\/","og_site_name":"EMB","article_publisher":"https:\/\/www.facebook.com\/emb.belgium\/","article_modified_time":"2026-04-26T10:47:52+00:00","og_image":[{"width":1772,"height":1181,"url":"https:\/\/www.emb.be\/wp-content\/uploads\/2026\/03\/Lissage-et-nivellement-de-chape-beton-\u2013-entreprise-specialisee-en-beton-lisse.jpg","type":"image\/jpeg"}],"twitter_card":"summary_large_image","twitter_misc":{"Geschatte leestijd":"2 minuut"},"schema":{"@context":"https:\/\/schema.org","@graph":[{"@type":"WebPage","@id":"https:\/\/www.emb.be\/nl\/realisaties\/","url":"https:\/\/www.emb.be\/nl\/realisaties\/","name":"Realisaties - EMB","isPartOf":{"@id":"https:\/\/www.emb.be\/nl\/#website"},"datePublished":"2020-04-21T10:23:48+00:00","dateModified":"2026-04-26T10:47:52+00:00","breadcrumb":{"@id":"https:\/\/www.emb.be\/nl\/realisaties\/#breadcrumb"},"inLanguage":"nl-NL","potentialAction":[{"@type":"ReadAction","target":["https:\/\/www.emb.be\/nl\/realisaties\/"]}]},{"@type":"BreadcrumbList","@id":"https:\/\/www.emb.be\/nl\/realisaties\/#breadcrumb","itemListElement":[{"@type":"ListItem","position":1,"name":"Accueil","item":"https:\/\/www.emb.be\/nl\/"},{"@type":"ListItem","position":2,"name":"Realisaties"}]},{"@type":"WebSite","@id":"https:\/\/www.emb.be\/nl\/#website","url":"https:\/\/www.emb.be\/nl\/","name":"EMB","description":"","publisher":{"@id":"https:\/\/www.emb.be\/nl\/#organization"},"potentialAction":[{"@type":"SearchAction","target":{"@type":"EntryPoint","urlTemplate":"https:\/\/www.emb.be\/nl\/?s={search_term_string}"},"query-input":{"@type":"PropertyValueSpecification","valueRequired":true,"valueName":"search_term_string"}}],"inLanguage":"nl-NL"},{"@type":"Organization","@id":"https:\/\/www.emb.be\/nl\/#organization","name":"EMB","url":"https:\/\/www.emb.be\/nl\/","logo":{"@type":"ImageObject","inLanguage":"nl-NL","@id":"https:\/\/www.emb.be\/nl\/#\/schema\/logo\/image\/","url":"https:\/\/www.emb.be\/wp-content\/uploads\/2026\/02\/favicon_emb.png","contentUrl":"https:\/\/www.emb.be\/wp-content\/uploads\/2026\/02\/favicon_emb.png","width":500,"height":500,"caption":"EMB"},"image":{"@id":"https:\/\/www.emb.be\/nl\/#\/schema\/logo\/image\/"},"sameAs":["https:\/\/www.facebook.com\/emb.belgium\/","https:\/\/be.linkedin.com\/company\/emb-entreprises-miot"]}]}},"_links":{"self":[{"href":"https:\/\/www.emb.be\/nl\/wp-json\/wp\/v2\/pages\/94146","targetHints":{"allow":["GET"]}}],"collection":[{"href":"https:\/\/www.emb.be\/nl\/wp-json\/wp\/v2\/pages"}],"about":[{"href":"https:\/\/www.emb.be\/nl\/wp-json\/wp\/v2\/types\/page"}],"author":[{"embeddable":true,"href":"https:\/\/www.emb.be\/nl\/wp-json\/wp\/v2\/users\/2"}],"replies":[{"embeddable":true,"href":"https:\/\/www.emb.be\/nl\/wp-json\/wp\/v2\/comments?post=94146"}],"version-history":[{"count":1,"href":"https:\/\/www.emb.be\/nl\/wp-json\/wp\/v2\/pages\/94146\/revisions"}],"predecessor-version":[{"id":94147,"href":"https:\/\/www.emb.be\/nl\/wp-json\/wp\/v2\/pages\/94146\/revisions\/94147"}],"wp:attachment":[{"href":"https:\/\/www.emb.be\/nl\/wp-json\/wp\/v2\/media?parent=94146"}],"curies":[{"name":"wp","href":"https:\/\/api.w.org\/{rel}","templated":true}]}}