{"id":94148,"date":"2026-02-17T12:52:42","date_gmt":"2026-02-17T12:52:42","guid":{"rendered":"https:\/\/www.emb.be\/dekvloeren\/"},"modified":"2026-04-26T10:47:52","modified_gmt":"2026-04-26T10:47:52","slug":"dekvloeren","status":"publish","type":"page","link":"https:\/\/www.emb.be\/nl\/dekvloeren\/","title":{"rendered":"Dekvloeren"},"content":{"rendered":"\t\t<div data-elementor-type=\"wp-page\" data-elementor-id=\"94148\" class=\"elementor elementor-94148 elementor-93284\" data-elementor-post-type=\"page\">\n\t\t\t\t\t\t<section class=\"elementor-section elementor-top-section elementor-element elementor-element-1452912f elementor-section-height-min-height elementor-section-items-stretch elementor-section-content-middle elementor-reverse-tablet elementor-reverse-mobile elementor-section-boxed elementor-section-height-default\" data-id=\"1452912f\" data-element_type=\"section\" data-e-type=\"section\">\n\t\t\t\t\t\t<div class=\"elementor-container elementor-column-gap-wider\">\n\t\t\t\t\t<div class=\"elementor-column elementor-col-50 elementor-top-column elementor-element elementor-element-3940c65e\" data-id=\"3940c65e\" data-element_type=\"column\" data-e-type=\"column\">\n\t\t\t<div class=\"elementor-widget-wrap elementor-element-populated\">\n\t\t\t\t\t\t<div class=\"elementor-element elementor-element-62d66adc elementor-widget elementor-widget-heading\" data-id=\"62d66adc\" data-element_type=\"widget\" data-e-type=\"widget\" data-widget_type=\"heading.default\">\n\t\t\t\t\t<h2 class=\"elementor-heading-title elementor-size-default\">Dekvloeren in Brussel voor woningen en professionele projecten<\/h2>\t\t\t\t<\/div>\n\t\t\t\t<div class=\"elementor-element elementor-element-5fe7e114 elementor-widget elementor-widget-spacer\" data-id=\"5fe7e114\" data-element_type=\"widget\" data-e-type=\"widget\" data-widget_type=\"spacer.default\">\n\t\t\t\t\t\t\t<div class=\"elementor-spacer\">\n\t\t\t<div class=\"elementor-spacer-inner\"><\/div>\n\t\t<\/div>\n\t\t\t\t\t\t<\/div>\n\t\t\t\t<div class=\"elementor-element elementor-element-102ead1d elementor-widget elementor-widget-text-editor\" data-id=\"102ead1d\" data-element_type=\"widget\" data-e-type=\"widget\" data-widget_type=\"text-editor.default\">\n\t\t\t\t\t\t\t\t\t<p>De <strong>dekvloer<\/strong> is bestemd om de definitieve afwerking te ontvangen en blijft dus onzichtbaar zodra de werf voltooid is. Haar rol is echter fundamenteel: zij zorgt voor de nivellering van het oppervlak en de duurzaamheid van de nadien aangebrachte afwerking. <\/p><p>De uitvoering ervan moet voldoen aan de technische voorschriften van Buildwise (ex-WTCB), met name inzake druk- en treksterkte.<\/p><p>Afhankelijk van het type project, de droogbeperkingen en de geplande afwerking, is de keuze van het cement, de toevoegingen en de versterking (wapening of vezels) bepalend.<\/p>\t\t\t\t\t\t\t\t<\/div>\n\t\t\t\t<div class=\"elementor-element elementor-element-3237c5d1 elementor-widget elementor-widget-spacer\" data-id=\"3237c5d1\" data-element_type=\"widget\" data-e-type=\"widget\" data-widget_type=\"spacer.default\">\n\t\t\t\t\t\t\t<div class=\"elementor-spacer\">\n\t\t\t<div class=\"elementor-spacer-inner\"><\/div>\n\t\t<\/div>\n\t\t\t\t\t\t<\/div>\n\t\t\t\t\t<\/div>\n\t\t<\/div>\n\t\t\t\t<div class=\"elementor-column elementor-col-50 elementor-top-column elementor-element elementor-element-1a1b8551\" data-id=\"1a1b8551\" data-element_type=\"column\" data-e-type=\"column\">\n\t\t\t<div class=\"elementor-widget-wrap elementor-element-populated\">\n\t\t\t\t\t\t<div class=\"elementor-element elementor-element-54f95dfb elementor-widget__width-initial elementor-widget-mobile__width-auto elementor-widget elementor-widget-image\" data-id=\"54f95dfb\" data-element_type=\"widget\" data-e-type=\"widget\" data-widget_type=\"image.default\">\n\t\t\t\t\t\t\t\t\t\t\t\t\t\t\t<img decoding=\"async\" src=\"https:\/\/www.emb.be\/wp-content\/uploads\/elementor\/thumbs\/chantier-chape-bruxelles-camion-emb-01-rme9dzrcfvs3rhiliygnjm6pa40cls4p881jymyyhc.jpg\" title=\"Dekvloerwerf in Brussel met EMB-vrachtwagen op bouwplaats\" alt=\"Dekvloerwerf in Brussel met EMB-vrachtwagen op bouwplaats\" loading=\"lazy\" \/>\t\t\t\t\t\t\t\t\t\t\t\t\t\t\t<\/div>\n\t\t\t\t\t<\/div>\n\t\t<\/div>\n\t\t\t\t\t<\/div>\n\t\t<\/section>\n\t\t\t\t<section class=\"elementor-section elementor-top-section elementor-element elementor-element-2d7ac945 elementor-section-boxed elementor-section-height-default elementor-section-height-default\" data-id=\"2d7ac945\" data-element_type=\"section\" data-e-type=\"section\">\n\t\t\t\t\t\t<div class=\"elementor-container elementor-column-gap-wider\">\n\t\t\t\t\t<div class=\"elementor-column elementor-col-100 elementor-top-column elementor-element elementor-element-58fc67d8\" data-id=\"58fc67d8\" data-element_type=\"column\" data-e-type=\"column\">\n\t\t\t<div class=\"elementor-widget-wrap elementor-element-populated\">\n\t\t\t\t\t\t<div class=\"elementor-element elementor-element-42e0574b elementor-widget elementor-widget-heading\" data-id=\"42e0574b\" data-element_type=\"widget\" data-e-type=\"widget\" data-widget_type=\"heading.default\">\n\t\t\t\t\t<h2 class=\"elementor-heading-title elementor-size-default\">De dekvloer: wat u moet weten<\/h2>\t\t\t\t<\/div>\n\t\t\t\t<div class=\"elementor-element elementor-element-92c8261 content-align-center icon-position-top icon-vertical-align-center icon-box-vertical-align-center elementor-widget elementor-widget-the7_icon_box_grid_widget\" data-id=\"92c8261\" data-element_type=\"widget\" data-e-type=\"widget\" data-widget_type=\"the7_icon_box_grid_widget.default\">\n\t\t\t\t<div class=\"elementor-widget-container\">\n\t\t\t\t\t<div class=\"the7-box-grid-wrapper the7-elementor-widget loading-effect-none the7_icon_box_grid_widget-92c8261\">\t\t\t<div class=\"dt-css-grid\">\n\t\t\t\t\t\t\t\t\t<div class=\"wf-cell shown\">\n\t\t\t\t\t\t<div class=\"the7-icon-box-grid\">\t\t\t\t\t\t\t<div class=\"box-content-wrapper\">\n\t\t\t\t\t\t\t\t\t\t\t\t\t\t\t\t<div class=\"box-content\">\n\t\t\t\t\t\t\t\t\t\t\t\t\t\t\t\t\t\t\t\t\t\t\t\t\t\t\t\t\t<h3 class=\"box-heading\">\n\t\t\t\t\t\t\t\t\t\t\t<a aria-label=\"Drager van de afwerking\">\t\t\t\t\t\t\t\t\t\t\t\tDrager van de afwerking\t\t\t\t\t\t\t\t\t\t\t<\/a>\t\t\t\t\t\t\t\t\t\t<\/h3>\n\t\t\t\t\t\t\t\t\t\t\t\t\t\t\t\t\t\t\t\t\t\t\t\t\t\t\t\t<div class=\"box-description\">De dekvloer vormt de basis waarop de definitieve afwerking wordt aangebracht en garandeert de duurzaamheid van de vloer in de tijd.<\/div>\n\t\t\t\t\t\t\t\t\t\t\t\t\t\t\t\t\t\t\t\t\t\t\t\t\t\t<\/div>\n\t\t\t\t\t\t\t<\/div>\n\t\t\t\t\t\t<\/div>\t\t\t\t\t<\/div>\n\t\t\t\t\t\t\t\t\t<div class=\"wf-cell shown\">\n\t\t\t\t\t\t<div class=\"the7-icon-box-grid\">\t\t\t\t\t\t\t<div class=\"box-content-wrapper\">\n\t\t\t\t\t\t\t\t\t\t\t\t\t\t\t\t<div class=\"box-content\">\n\t\t\t\t\t\t\t\t\t\t\t\t\t\t\t\t\t\t\t\t\t\t\t\t\t\t\t\t\t<h3 class=\"box-heading\">\n\t\t\t\t\t\t\t\t\t\t\t<a aria-label=\"Nauwkeurige nivellering\">\t\t\t\t\t\t\t\t\t\t\t\tNauwkeurige nivellering\t\t\t\t\t\t\t\t\t\t\t<\/a>\t\t\t\t\t\t\t\t\t\t<\/h3>\n\t\t\t\t\t\t\t\t\t\t\t\t\t\t\t\t\t\t\t\t\t\t\t\t\t\t\t\t<div class=\"box-description\">Zij corrigeert de oneffenheden van de ondergrond en maakt het mogelijk een vlak oppervlak te verkrijgen v\u00f3\u00f3r het aanbrengen van de afwerking.<\/div>\n\t\t\t\t\t\t\t\t\t\t\t\t\t\t\t\t\t\t\t\t\t\t\t\t\t\t<\/div>\n\t\t\t\t\t\t\t<\/div>\n\t\t\t\t\t\t<\/div>\t\t\t\t\t<\/div>\n\t\t\t\t\t\t\t\t\t<div class=\"wf-cell shown\">\n\t\t\t\t\t\t<div class=\"the7-icon-box-grid\">\t\t\t\t\t\t\t<div class=\"box-content-wrapper\">\n\t\t\t\t\t\t\t\t\t\t\t\t\t\t\t\t<div class=\"box-content\">\n\t\t\t\t\t\t\t\t\t\t\t\t\t\t\t\t\t\t\t\t\t\t\t\t\t\t\t\t\t<h3 class=\"box-heading\">\n\t\t\t\t\t\t\t\t\t\t\t<a aria-label=\"Verbeterde isolatie\">\t\t\t\t\t\t\t\t\t\t\t\tVerbeterde isolatie\t\t\t\t\t\t\t\t\t\t\t<\/a>\t\t\t\t\t\t\t\t\t\t<\/h3>\n\t\t\t\t\t\t\t\t\t\t\t\t\t\t\t\t\t\t\t\t\t\t\t\t\t\t\t\t<div class=\"box-description\">Afhankelijk van de gekozen oplossing draagt de dekvloer bij tot de thermische en akoestische isolatie van het gebouw.<\/div>\n\t\t\t\t\t\t\t\t\t\t\t\t\t\t\t\t\t\t\t\t\t\t\t\t\t\t<\/div>\n\t\t\t\t\t\t\t<\/div>\n\t\t\t\t\t\t<\/div>\t\t\t\t\t<\/div>\n\t\t\t\t\t\t\t\t\t<div class=\"wf-cell shown\">\n\t\t\t\t\t\t<div class=\"the7-icon-box-grid\">\t\t\t\t\t\t\t<div class=\"box-content-wrapper\">\n\t\t\t\t\t\t\t\t\t\t\t\t\t\t\t\t<div class=\"box-content\">\n\t\t\t\t\t\t\t\t\t\t\t\t\t\t\t\t\t\t\t\t\t\t\t\t\t\t\t\t\t<h3 class=\"box-heading\">\n\t\t\t\t\t\t\t\t\t\t\t<a href=\"https:\/\/www.emb.be\/servies\/service01\" aria-label=\"Duurzame weerstand\">\t\t\t\t\t\t\t\t\t\t\t\tDuurzame weerstand\t\t\t\t\t\t\t\t\t\t\t<\/a>\t\t\t\t\t\t\t\t\t\t<\/h3>\n\t\t\t\t\t\t\t\t\t\t\t\t\t\t\t\t\t\t\t\t\t\t\t\t\t\t\t\t<div class=\"box-description\">Een dekvloer die voldoet aan de technische normen waarborgt stevigheid, hechting en een lange levensduur van de vloer.<\/div>\n\t\t\t\t\t\t\t\t\t\t\t\t\t\t\t\t\t\t\t\t\t\t\t\t\t\t<\/div>\n\t\t\t\t\t\t\t<\/div>\n\t\t\t\t\t\t<\/div>\t\t\t\t\t<\/div>\n\t\t\t\t\t\t\t<\/div>\n\t\t<\/div>\t\t\t\t<\/div>\n\t\t\t\t<\/div>\n\t\t\t\t\t<\/div>\n\t\t<\/div>\n\t\t\t\t\t<\/div>\n\t\t<\/section>\n\t\t\t\t<section class=\"elementor-section elementor-top-section elementor-element elementor-element-70df996f elementor-section-boxed elementor-section-height-default elementor-section-height-default\" data-id=\"70df996f\" data-element_type=\"section\" data-e-type=\"section\" data-settings=\"{&quot;background_background&quot;:&quot;classic&quot;}\">\n\t\t\t\t\t\t<div class=\"elementor-container elementor-column-gap-wider\">\n\t\t\t\t\t<div class=\"elementor-column elementor-col-100 elementor-top-column elementor-element elementor-element-55529ad7\" data-id=\"55529ad7\" data-element_type=\"column\" data-e-type=\"column\">\n\t\t\t<div class=\"elementor-widget-wrap elementor-element-populated\">\n\t\t\t\t\t\t<div class=\"elementor-element elementor-element-766811e8 elementor-widget elementor-widget-heading\" data-id=\"766811e8\" data-element_type=\"widget\" data-e-type=\"widget\" data-widget_type=\"heading.default\">\n\t\t\t\t\t<h2 class=\"elementor-heading-title elementor-size-default\">Toepassingen en types dekvloeren<\/h2>\t\t\t\t<\/div>\n\t\t\t\t\t<\/div>\n\t\t<\/div>\n\t\t\t\t\t<\/div>\n\t\t<\/section>\n\t\t\t\t<section class=\"elementor-section elementor-top-section elementor-element elementor-element-45d991e8 elementor-section-boxed elementor-section-height-default elementor-section-height-default\" data-id=\"45d991e8\" data-element_type=\"section\" data-e-type=\"section\" data-settings=\"{&quot;background_background&quot;:&quot;classic&quot;}\">\n\t\t\t\t\t\t<div class=\"elementor-container elementor-column-gap-wider\">\n\t\t\t\t\t<div class=\"elementor-column elementor-col-50 elementor-top-column elementor-element elementor-element-4a07707c\" data-id=\"4a07707c\" data-element_type=\"column\" data-e-type=\"column\">\n\t\t\t<div class=\"elementor-widget-wrap elementor-element-populated\">\n\t\t\t\t\t\t<div class=\"elementor-element elementor-element-451a47b elementor-widget-mobile__width-auto elementor-widget elementor-widget-image\" data-id=\"451a47b\" data-element_type=\"widget\" data-e-type=\"widget\" data-widget_type=\"image.default\">\n\t\t\t\t\t\t\t\t\t\t\t\t\t\t\t<img decoding=\"async\" src=\"https:\/\/www.emb.be\/wp-content\/uploads\/elementor\/thumbs\/chape-traditionnelle-grand-plateau-bruxelles-02-rme9e0p3l2svwlq6i007i598bj84zd96d5hj00f2mg.jpg\" title=\"Traditionele dekvloer in uitvoering in een groot binnenplateau in Brussel\" alt=\"Traditionele dekvloer in uitvoering in een groot binnenplateau in Brussel\" loading=\"lazy\" \/>\t\t\t\t\t\t\t\t\t\t\t\t\t\t\t<\/div>\n\t\t\t\t<div class=\"elementor-element elementor-element-6eef9a89 elementor-widget elementor-widget-spacer\" data-id=\"6eef9a89\" data-element_type=\"widget\" data-e-type=\"widget\" data-widget_type=\"spacer.default\">\n\t\t\t\t\t\t\t<div class=\"elementor-spacer\">\n\t\t\t<div class=\"elementor-spacer-inner\"><\/div>\n\t\t<\/div>\n\t\t\t\t\t\t<\/div>\n\t\t\t\t<div class=\"elementor-element elementor-element-57a00551 elementor-widget elementor-widget-heading\" data-id=\"57a00551\" data-element_type=\"widget\" data-e-type=\"widget\" data-widget_type=\"heading.default\">\n\t\t\t\t\t<h3 class=\"elementor-heading-title elementor-size-default\">Toepassingen van dekvloeren<\/h3>\t\t\t\t<\/div>\n\t\t\t\t<div class=\"elementor-element elementor-element-102ba30 elementor-widget elementor-widget-spacer\" data-id=\"102ba30\" data-element_type=\"widget\" data-e-type=\"widget\" data-widget_type=\"spacer.default\">\n\t\t\t\t\t\t\t<div class=\"elementor-spacer\">\n\t\t\t<div class=\"elementor-spacer-inner\"><\/div>\n\t\t<\/div>\n\t\t\t\t\t\t<\/div>\n\t\t\t\t<div class=\"elementor-element elementor-element-3e55a088 elementor-icon-list--layout-traditional elementor-list-item-link-full_width elementor-widget elementor-widget-icon-list\" data-id=\"3e55a088\" data-element_type=\"widget\" data-e-type=\"widget\" data-widget_type=\"icon-list.default\">\n\t\t\t\t\t\t\t<ul class=\"elementor-icon-list-items\">\n\t\t\t\t\t\t\t<li class=\"elementor-icon-list-item\">\n\t\t\t\t\t\t\t\t\t\t\t<span class=\"elementor-icon-list-icon\">\n\t\t\t\t\t\t\t<svg aria-hidden=\"true\" class=\"e-font-icon-svg e-fas-check\" viewBox=\"0 0 512 512\" xmlns=\"http:\/\/www.w3.org\/2000\/svg\"><path d=\"M173.898 439.404l-166.4-166.4c-9.997-9.997-9.997-26.206 0-36.204l36.203-36.204c9.997-9.998 26.207-9.998 36.204 0L192 312.69 432.095 72.596c9.997-9.997 26.207-9.997 36.204 0l36.203 36.204c9.997 9.997 9.997 26.206 0 36.204l-294.4 294.401c-9.998 9.997-26.207 9.997-36.204-.001z\"><\/path><\/svg>\t\t\t\t\t\t<\/span>\n\t\t\t\t\t\t\t\t\t\t<span class=\"elementor-icon-list-text\">Woningen (nieuwbouw en renovatie)<\/span>\n\t\t\t\t\t\t\t\t\t<\/li>\n\t\t\t\t\t\t\t\t<li class=\"elementor-icon-list-item\">\n\t\t\t\t\t\t\t\t\t\t\t<span class=\"elementor-icon-list-icon\">\n\t\t\t\t\t\t\t<svg aria-hidden=\"true\" class=\"e-font-icon-svg e-fas-check\" viewBox=\"0 0 512 512\" xmlns=\"http:\/\/www.w3.org\/2000\/svg\"><path d=\"M173.898 439.404l-166.4-166.4c-9.997-9.997-9.997-26.206 0-36.204l36.203-36.204c9.997-9.998 26.207-9.998 36.204 0L192 312.69 432.095 72.596c9.997-9.997 26.207-9.997 36.204 0l36.203 36.204c9.997 9.997 9.997 26.206 0 36.204l-294.4 294.401c-9.998 9.997-26.207 9.997-36.204-.001z\"><\/path><\/svg>\t\t\t\t\t\t<\/span>\n\t\t\t\t\t\t\t\t\t\t<span class=\"elementor-icon-list-text\">Residenti\u00eble gebouwen<\/span>\n\t\t\t\t\t\t\t\t\t<\/li>\n\t\t\t\t\t\t\t\t<li class=\"elementor-icon-list-item\">\n\t\t\t\t\t\t\t\t\t\t\t<span class=\"elementor-icon-list-icon\">\n\t\t\t\t\t\t\t<svg aria-hidden=\"true\" class=\"e-font-icon-svg e-fas-check\" viewBox=\"0 0 512 512\" xmlns=\"http:\/\/www.w3.org\/2000\/svg\"><path d=\"M173.898 439.404l-166.4-166.4c-9.997-9.997-9.997-26.206 0-36.204l36.203-36.204c9.997-9.998 26.207-9.998 36.204 0L192 312.69 432.095 72.596c9.997-9.997 26.207-9.997 36.204 0l36.203 36.204c9.997 9.997 9.997 26.206 0 36.204l-294.4 294.401c-9.998 9.997-26.207 9.997-36.204-.001z\"><\/path><\/svg>\t\t\t\t\t\t<\/span>\n\t\t\t\t\t\t\t\t\t\t<span class=\"elementor-icon-list-text\">Winkels en kantoren<\/span>\n\t\t\t\t\t\t\t\t\t<\/li>\n\t\t\t\t\t\t\t\t<li class=\"elementor-icon-list-item\">\n\t\t\t\t\t\t\t\t\t\t\t<span class=\"elementor-icon-list-icon\">\n\t\t\t\t\t\t\t<svg aria-hidden=\"true\" class=\"e-font-icon-svg e-fas-check\" viewBox=\"0 0 512 512\" xmlns=\"http:\/\/www.w3.org\/2000\/svg\"><path d=\"M173.898 439.404l-166.4-166.4c-9.997-9.997-9.997-26.206 0-36.204l36.203-36.204c9.997-9.998 26.207-9.998 36.204 0L192 312.69 432.095 72.596c9.997-9.997 26.207-9.997 36.204 0l36.203 36.204c9.997 9.997 9.997 26.206 0 36.204l-294.4 294.401c-9.998 9.997-26.207 9.997-36.204-.001z\"><\/path><\/svg>\t\t\t\t\t\t<\/span>\n\t\t\t\t\t\t\t\t\t\t<span class=\"elementor-icon-list-text\">Industri\u00eble en technische gebouwen<\/span>\n\t\t\t\t\t\t\t\t\t<\/li>\n\t\t\t\t\t\t\t\t<li class=\"elementor-icon-list-item\">\n\t\t\t\t\t\t\t\t\t\t\t<span class=\"elementor-icon-list-icon\">\n\t\t\t\t\t\t\t<svg aria-hidden=\"true\" class=\"e-font-icon-svg e-fas-check\" viewBox=\"0 0 512 512\" xmlns=\"http:\/\/www.w3.org\/2000\/svg\"><path d=\"M173.898 439.404l-166.4-166.4c-9.997-9.997-9.997-26.206 0-36.204l36.203-36.204c9.997-9.998 26.207-9.998 36.204 0L192 312.69 432.095 72.596c9.997-9.997 26.207-9.997 36.204 0l36.203 36.204c9.997 9.997 9.997 26.206 0 36.204l-294.4 294.401c-9.998 9.997-26.207 9.997-36.204-.001z\"><\/path><\/svg>\t\t\t\t\t\t<\/span>\n\t\t\t\t\t\t\t\t\t\t<span class=\"elementor-icon-list-text\">Terrassen en specifieke buitenruimtes<\/span>\n\t\t\t\t\t\t\t\t\t<\/li>\n\t\t\t\t\t\t<\/ul>\n\t\t\t\t\t\t<\/div>\n\t\t\t\t\t<\/div>\n\t\t<\/div>\n\t\t\t\t<div class=\"elementor-column elementor-col-50 elementor-top-column elementor-element elementor-element-1535a1da\" data-id=\"1535a1da\" data-element_type=\"column\" data-e-type=\"column\">\n\t\t\t<div class=\"elementor-widget-wrap elementor-element-populated\">\n\t\t\t\t\t\t<div class=\"elementor-element elementor-element-3172081a elementor-widget-mobile__width-auto elementor-widget elementor-widget-image\" data-id=\"3172081a\" data-element_type=\"widget\" data-e-type=\"widget\" data-widget_type=\"image.default\">\n\t\t\t\t\t\t\t\t\t\t\t\t\t\t\t<img decoding=\"async\" src=\"https:\/\/www.emb.be\/wp-content\/uploads\/elementor\/thumbs\/Mise-en-place-dune-chape-seche-\u2013-preparation-du-sol-interieur-rk46s6jek9zm1m1haa4z2p0ac4wgbn92r4vhps3u2w.jpg\" title=\"Plaatsing van een droge dekvloer \u2013 voorbereiding van de binnenvloer\" alt=\"Plaatsing van een droge dekvloer \u2013 voorbereiding van de binnenvloer\" loading=\"lazy\" \/>\t\t\t\t\t\t\t\t\t\t\t\t\t\t\t<\/div>\n\t\t\t\t<div class=\"elementor-element elementor-element-4821810c elementor-widget elementor-widget-spacer\" data-id=\"4821810c\" data-element_type=\"widget\" data-e-type=\"widget\" data-widget_type=\"spacer.default\">\n\t\t\t\t\t\t\t<div class=\"elementor-spacer\">\n\t\t\t<div class=\"elementor-spacer-inner\"><\/div>\n\t\t<\/div>\n\t\t\t\t\t\t<\/div>\n\t\t\t\t<div class=\"elementor-element elementor-element-5273701e elementor-widget elementor-widget-heading\" data-id=\"5273701e\" data-element_type=\"widget\" data-e-type=\"widget\" data-widget_type=\"heading.default\">\n\t\t\t\t\t<h3 class=\"elementor-heading-title elementor-size-default\">Beschikbare types dekvloeren<\/h3>\t\t\t\t<\/div>\n\t\t\t\t<div class=\"elementor-element elementor-element-4e71310d elementor-widget elementor-widget-spacer\" data-id=\"4e71310d\" data-element_type=\"widget\" data-e-type=\"widget\" data-widget_type=\"spacer.default\">\n\t\t\t\t\t\t\t<div class=\"elementor-spacer\">\n\t\t\t<div class=\"elementor-spacer-inner\"><\/div>\n\t\t<\/div>\n\t\t\t\t\t\t<\/div>\n\t\t\t\t<div class=\"elementor-element elementor-element-46768bcc elementor-icon-list--layout-traditional elementor-list-item-link-full_width elementor-widget elementor-widget-icon-list\" data-id=\"46768bcc\" data-element_type=\"widget\" data-e-type=\"widget\" data-widget_type=\"icon-list.default\">\n\t\t\t\t\t\t\t<ul class=\"elementor-icon-list-items\">\n\t\t\t\t\t\t\t<li class=\"elementor-icon-list-item\">\n\t\t\t\t\t\t\t\t\t\t\t<span class=\"elementor-icon-list-icon\">\n\t\t\t\t\t\t\t<svg aria-hidden=\"true\" class=\"e-font-icon-svg e-fas-check\" viewBox=\"0 0 512 512\" xmlns=\"http:\/\/www.w3.org\/2000\/svg\"><path d=\"M173.898 439.404l-166.4-166.4c-9.997-9.997-9.997-26.206 0-36.204l36.203-36.204c9.997-9.998 26.207-9.998 36.204 0L192 312.69 432.095 72.596c9.997-9.997 26.207-9.997 36.204 0l36.203 36.204c9.997 9.997 9.997 26.206 0 36.204l-294.4 294.401c-9.998 9.997-26.207 9.997-36.204-.001z\"><\/path><\/svg>\t\t\t\t\t\t<\/span>\n\t\t\t\t\t\t\t\t\t\t<span class=\"elementor-icon-list-text\">Traditionele dekvloer<\/span>\n\t\t\t\t\t\t\t\t\t<\/li>\n\t\t\t\t\t\t\t\t<li class=\"elementor-icon-list-item\">\n\t\t\t\t\t\t\t\t\t\t\t<span class=\"elementor-icon-list-icon\">\n\t\t\t\t\t\t\t<svg aria-hidden=\"true\" class=\"e-font-icon-svg e-fas-check\" viewBox=\"0 0 512 512\" xmlns=\"http:\/\/www.w3.org\/2000\/svg\"><path d=\"M173.898 439.404l-166.4-166.4c-9.997-9.997-9.997-26.206 0-36.204l36.203-36.204c9.997-9.998 26.207-9.998 36.204 0L192 312.69 432.095 72.596c9.997-9.997 26.207-9.997 36.204 0l36.203 36.204c9.997 9.997 9.997 26.206 0 36.204l-294.4 294.401c-9.998 9.997-26.207 9.997-36.204-.001z\"><\/path><\/svg>\t\t\t\t\t\t<\/span>\n\t\t\t\t\t\t\t\t\t\t<span class=\"elementor-icon-list-text\">Zeer dunne dekvloer<\/span>\n\t\t\t\t\t\t\t\t\t<\/li>\n\t\t\t\t\t\t\t\t<li class=\"elementor-icon-list-item\">\n\t\t\t\t\t\t\t\t\t\t\t<span class=\"elementor-icon-list-icon\">\n\t\t\t\t\t\t\t<svg aria-hidden=\"true\" class=\"e-font-icon-svg e-fas-check\" viewBox=\"0 0 512 512\" xmlns=\"http:\/\/www.w3.org\/2000\/svg\"><path d=\"M173.898 439.404l-166.4-166.4c-9.997-9.997-9.997-26.206 0-36.204l36.203-36.204c9.997-9.998 26.207-9.998 36.204 0L192 312.69 432.095 72.596c9.997-9.997 26.207-9.997 36.204 0l36.203 36.204c9.997 9.997 9.997 26.206 0 36.204l-294.4 294.401c-9.998 9.997-26.207 9.997-36.204-.001z\"><\/path><\/svg>\t\t\t\t\t\t<\/span>\n\t\t\t\t\t\t\t\t\t\t<span class=\"elementor-icon-list-text\">Sneldrogende dekvloer<\/span>\n\t\t\t\t\t\t\t\t\t<\/li>\n\t\t\t\t\t\t\t\t<li class=\"elementor-icon-list-item\">\n\t\t\t\t\t\t\t\t\t\t\t<span class=\"elementor-icon-list-icon\">\n\t\t\t\t\t\t\t<svg aria-hidden=\"true\" class=\"e-font-icon-svg e-fas-check\" viewBox=\"0 0 512 512\" xmlns=\"http:\/\/www.w3.org\/2000\/svg\"><path d=\"M173.898 439.404l-166.4-166.4c-9.997-9.997-9.997-26.206 0-36.204l36.203-36.204c9.997-9.998 26.207-9.998 36.204 0L192 312.69 432.095 72.596c9.997-9.997 26.207-9.997 36.204 0l36.203 36.204c9.997 9.997 9.997 26.206 0 36.204l-294.4 294.401c-9.998 9.997-26.207 9.997-36.204-.001z\"><\/path><\/svg>\t\t\t\t\t\t<\/span>\n\t\t\t\t\t\t\t\t\t\t<span class=\"elementor-icon-list-text\">Dekvloer met hoge weerstand<\/span>\n\t\t\t\t\t\t\t\t\t<\/li>\n\t\t\t\t\t\t\t\t<li class=\"elementor-icon-list-item\">\n\t\t\t\t\t\t\t\t\t\t\t<span class=\"elementor-icon-list-icon\">\n\t\t\t\t\t\t\t<svg aria-hidden=\"true\" class=\"e-font-icon-svg e-fas-check\" viewBox=\"0 0 512 512\" xmlns=\"http:\/\/www.w3.org\/2000\/svg\"><path d=\"M173.898 439.404l-166.4-166.4c-9.997-9.997-9.997-26.206 0-36.204l36.203-36.204c9.997-9.998 26.207-9.998 36.204 0L192 312.69 432.095 72.596c9.997-9.997 26.207-9.997 36.204 0l36.203 36.204c9.997 9.997 9.997 26.206 0 36.204l-294.4 294.401c-9.998 9.997-26.207 9.997-36.204-.001z\"><\/path><\/svg>\t\t\t\t\t\t<\/span>\n\t\t\t\t\t\t\t\t\t\t<span class=\"elementor-icon-list-text\">Droge dekvloer (in panelen)<\/span>\n\t\t\t\t\t\t\t\t\t<\/li>\n\t\t\t\t\t\t\t\t<li class=\"elementor-icon-list-item\">\n\t\t\t\t\t\t\t\t\t\t\t<span class=\"elementor-icon-list-icon\">\n\t\t\t\t\t\t\t<svg aria-hidden=\"true\" class=\"e-font-icon-svg e-fas-check\" viewBox=\"0 0 512 512\" xmlns=\"http:\/\/www.w3.org\/2000\/svg\"><path d=\"M173.898 439.404l-166.4-166.4c-9.997-9.997-9.997-26.206 0-36.204l36.203-36.204c9.997-9.998 26.207-9.998 36.204 0L192 312.69 432.095 72.596c9.997-9.997 26.207-9.997 36.204 0l36.203 36.204c9.997 9.997 9.997 26.206 0 36.204l-294.4 294.401c-9.998 9.997-26.207 9.997-36.204-.001z\"><\/path><\/svg>\t\t\t\t\t\t<\/span>\n\t\t\t\t\t\t\t\t\t\t<span class=\"elementor-icon-list-text\">Hellingsdekvloer<\/span>\n\t\t\t\t\t\t\t\t\t<\/li>\n\t\t\t\t\t\t\t\t<li class=\"elementor-icon-list-item\">\n\t\t\t\t\t\t\t\t\t\t\t<span class=\"elementor-icon-list-icon\">\n\t\t\t\t\t\t\t<svg aria-hidden=\"true\" class=\"e-font-icon-svg e-fas-check\" viewBox=\"0 0 512 512\" xmlns=\"http:\/\/www.w3.org\/2000\/svg\"><path d=\"M173.898 439.404l-166.4-166.4c-9.997-9.997-9.997-26.206 0-36.204l36.203-36.204c9.997-9.998 26.207-9.998 36.204 0L192 312.69 432.095 72.596c9.997-9.997 26.207-9.997 36.204 0l36.203 36.204c9.997 9.997 9.997 26.206 0 36.204l-294.4 294.401c-9.998 9.997-26.207 9.997-36.204-.001z\"><\/path><\/svg>\t\t\t\t\t\t<\/span>\n\t\t\t\t\t\t\t\t\t\t<span class=\"elementor-icon-list-text\">Oppervlaktevereffening<\/span>\n\t\t\t\t\t\t\t\t\t<\/li>\n\t\t\t\t\t\t\t\t<li class=\"elementor-icon-list-item\">\n\t\t\t\t\t\t\t\t\t\t\t<span class=\"elementor-icon-list-icon\">\n\t\t\t\t\t\t\t<svg aria-hidden=\"true\" class=\"e-font-icon-svg e-fas-check\" viewBox=\"0 0 512 512\" xmlns=\"http:\/\/www.w3.org\/2000\/svg\"><path d=\"M173.898 439.404l-166.4-166.4c-9.997-9.997-9.997-26.206 0-36.204l36.203-36.204c9.997-9.998 26.207-9.998 36.204 0L192 312.69 432.095 72.596c9.997-9.997 26.207-9.997 36.204 0l36.203 36.204c9.997 9.997 9.997 26.206 0 36.204l-294.4 294.401c-9.998 9.997-26.207 9.997-36.204-.001z\"><\/path><\/svg>\t\t\t\t\t\t<\/span>\n\t\t\t\t\t\t\t\t\t\t<span class=\"elementor-icon-list-text\">Vulling in gestabiliseerd materiaal<\/span>\n\t\t\t\t\t\t\t\t\t<\/li>\n\t\t\t\t\t\t<\/ul>\n\t\t\t\t\t\t<\/div>\n\t\t\t\t\t<\/div>\n\t\t<\/div>\n\t\t\t\t\t<\/div>\n\t\t<\/section>\n\t\t\t\t<section class=\"elementor-section elementor-top-section elementor-element elementor-element-23492411 elementor-section-height-min-height elementor-section-items-stretch elementor-section-content-middle elementor-reverse-tablet elementor-reverse-mobile elementor-section-boxed elementor-section-height-default\" data-id=\"23492411\" data-element_type=\"section\" data-e-type=\"section\">\n\t\t\t\t\t\t<div class=\"elementor-container elementor-column-gap-wider\">\n\t\t\t\t\t<div class=\"elementor-column elementor-col-50 elementor-top-column elementor-element elementor-element-18fe310a\" data-id=\"18fe310a\" data-element_type=\"column\" data-e-type=\"column\">\n\t\t\t<div class=\"elementor-widget-wrap elementor-element-populated\">\n\t\t\t\t\t\t<div class=\"elementor-element elementor-element-249eee59 elementor-widget elementor-widget-heading\" data-id=\"249eee59\" data-element_type=\"widget\" data-e-type=\"widget\" data-widget_type=\"heading.default\">\n\t\t\t\t\t<h2 class=\"elementor-heading-title elementor-size-default\">Waarom een beroep doen op EMB voor uw dekvloer in Brussel?<\/h2>\t\t\t\t<\/div>\n\t\t\t\t<div class=\"elementor-element elementor-element-1fce0011 elementor-widget elementor-widget-spacer\" data-id=\"1fce0011\" data-element_type=\"widget\" data-e-type=\"widget\" data-widget_type=\"spacer.default\">\n\t\t\t\t\t\t\t<div class=\"elementor-spacer\">\n\t\t\t<div class=\"elementor-spacer-inner\"><\/div>\n\t\t<\/div>\n\t\t\t\t\t\t<\/div>\n\t\t\t\t<div class=\"elementor-element elementor-element-7d03c71f elementor-widget elementor-widget-text-editor\" data-id=\"7d03c71f\" data-element_type=\"widget\" data-e-type=\"widget\" data-widget_type=\"text-editor.default\">\n\t\t\t\t\t\t\t\t\t<p>Als <strong>dekvloerbedrijf<\/strong> in <a href=\"https:\/\/www.bruxelles.be\/\">Brussel<\/a> begeleidt EMB elk project van de technische studie tot de uitvoering, zowel voor woningen als voor professionele gebouwen in Belgi\u00eb.<\/p><p>De kwaliteit van een dekvloer hangt af van de naleving van de technische voorschriften, de keuze van de materialen en de precisie van de uitvoering. Onze aanpak garandeert een stabiele, duurzame basis die perfect is aangepast aan de definitieve afwerking. <\/p>\t\t\t\t\t\t\t\t<\/div>\n\t\t\t\t<div class=\"elementor-element elementor-element-31e42f23 elementor-widget elementor-widget-spacer\" data-id=\"31e42f23\" data-element_type=\"widget\" data-e-type=\"widget\" data-widget_type=\"spacer.default\">\n\t\t\t\t\t\t\t<div class=\"elementor-spacer\">\n\t\t\t<div class=\"elementor-spacer-inner\"><\/div>\n\t\t<\/div>\n\t\t\t\t\t\t<\/div>\n\t\t\t\t<div class=\"elementor-element elementor-element-314d8fb elementor-icon-list--layout-traditional elementor-list-item-link-full_width elementor-widget elementor-widget-icon-list\" data-id=\"314d8fb\" data-element_type=\"widget\" data-e-type=\"widget\" data-widget_type=\"icon-list.default\">\n\t\t\t\t\t\t\t<ul class=\"elementor-icon-list-items\">\n\t\t\t\t\t\t\t<li class=\"elementor-icon-list-item\">\n\t\t\t\t\t\t\t\t\t\t\t<span class=\"elementor-icon-list-icon\">\n\t\t\t\t\t\t\t<svg aria-hidden=\"true\" class=\"e-font-icon-svg e-fas-check\" viewBox=\"0 0 512 512\" xmlns=\"http:\/\/www.w3.org\/2000\/svg\"><path d=\"M173.898 439.404l-166.4-166.4c-9.997-9.997-9.997-26.206 0-36.204l36.203-36.204c9.997-9.998 26.207-9.998 36.204 0L192 312.69 432.095 72.596c9.997-9.997 26.207-9.997 36.204 0l36.203 36.204c9.997 9.997 9.997 26.206 0 36.204l-294.4 294.401c-9.998 9.997-26.207 9.997-36.204-.001z\"><\/path><\/svg>\t\t\t\t\t\t<\/span>\n\t\t\t\t\t\t\t\t\t\t<span class=\"elementor-icon-list-text\">Beheersing van de verschillende types dekvloeren<\/span>\n\t\t\t\t\t\t\t\t\t<\/li>\n\t\t\t\t\t\t\t\t<li class=\"elementor-icon-list-item\">\n\t\t\t\t\t\t\t\t\t\t\t<span class=\"elementor-icon-list-icon\">\n\t\t\t\t\t\t\t<svg aria-hidden=\"true\" class=\"e-font-icon-svg e-fas-check\" viewBox=\"0 0 512 512\" xmlns=\"http:\/\/www.w3.org\/2000\/svg\"><path d=\"M173.898 439.404l-166.4-166.4c-9.997-9.997-9.997-26.206 0-36.204l36.203-36.204c9.997-9.998 26.207-9.998 36.204 0L192 312.69 432.095 72.596c9.997-9.997 26.207-9.997 36.204 0l36.203 36.204c9.997 9.997 9.997 26.206 0 36.204l-294.4 294.401c-9.998 9.997-26.207 9.997-36.204-.001z\"><\/path><\/svg>\t\t\t\t\t\t<\/span>\n\t\t\t\t\t\t\t\t\t\t<span class=\"elementor-icon-list-text\">Naleving van de technische voorschriften (Buildwise \u2013 ex WTCB)<\/span>\n\t\t\t\t\t\t\t\t\t<\/li>\n\t\t\t\t\t\t\t\t<li class=\"elementor-icon-list-item\">\n\t\t\t\t\t\t\t\t\t\t\t<span class=\"elementor-icon-list-icon\">\n\t\t\t\t\t\t\t<svg aria-hidden=\"true\" class=\"e-font-icon-svg e-fas-check\" viewBox=\"0 0 512 512\" xmlns=\"http:\/\/www.w3.org\/2000\/svg\"><path d=\"M173.898 439.404l-166.4-166.4c-9.997-9.997-9.997-26.206 0-36.204l36.203-36.204c9.997-9.998 26.207-9.998 36.204 0L192 312.69 432.095 72.596c9.997-9.997 26.207-9.997 36.204 0l36.203 36.204c9.997 9.997 9.997 26.206 0 36.204l-294.4 294.401c-9.998 9.997-26.207 9.997-36.204-.001z\"><\/path><\/svg>\t\t\t\t\t\t<\/span>\n\t\t\t\t\t\t\t\t\t\t<span class=\"elementor-icon-list-text\">Keuze van materialen volgens de beperkingen van de werf<\/span>\n\t\t\t\t\t\t\t\t\t<\/li>\n\t\t\t\t\t\t\t\t<li class=\"elementor-icon-list-item\">\n\t\t\t\t\t\t\t\t\t\t\t<span class=\"elementor-icon-list-icon\">\n\t\t\t\t\t\t\t<svg aria-hidden=\"true\" class=\"e-font-icon-svg e-fas-check\" viewBox=\"0 0 512 512\" xmlns=\"http:\/\/www.w3.org\/2000\/svg\"><path d=\"M173.898 439.404l-166.4-166.4c-9.997-9.997-9.997-26.206 0-36.204l36.203-36.204c9.997-9.998 26.207-9.998 36.204 0L192 312.69 432.095 72.596c9.997-9.997 26.207-9.997 36.204 0l36.203 36.204c9.997 9.997 9.997 26.206 0 36.204l-294.4 294.401c-9.998 9.997-26.207 9.997-36.204-.001z\"><\/path><\/svg>\t\t\t\t\t\t<\/span>\n\t\t\t\t\t\t\t\t\t\t<span class=\"elementor-icon-list-text\">Tussenkomst bij nieuwbouw en renovatie<\/span>\n\t\t\t\t\t\t\t\t\t<\/li>\n\t\t\t\t\t\t<\/ul>\n\t\t\t\t\t\t<\/div>\n\t\t\t\t\t<\/div>\n\t\t<\/div>\n\t\t\t\t<div class=\"elementor-column elementor-col-50 elementor-top-column elementor-element elementor-element-71760392\" data-id=\"71760392\" data-element_type=\"column\" data-e-type=\"column\">\n\t\t\t<div class=\"elementor-widget-wrap elementor-element-populated\">\n\t\t\t\t\t\t<div class=\"elementor-element elementor-element-18cf194a elementor-widget__width-initial elementor-widget-mobile__width-auto elementor-widget elementor-widget-image\" data-id=\"18cf194a\" data-element_type=\"widget\" data-e-type=\"widget\" data-widget_type=\"image.default\">\n\t\t\t\t\t\t\t\t\t\t\t\t\t\t\t<img decoding=\"async\" src=\"https:\/\/www.emb.be\/wp-content\/uploads\/elementor\/thumbs\/sol-beton-lave-exterieur-bruxelles-belgique-rip7vqycl8q5d4g3bzriz9os3db1dyrrpcjawd5gr4.jpg\" title=\"uitgewassen beton buiten voor omgevingen en trappen in Brussel\" alt=\"uitgewassen beton buiten voor omgevingen en trappen in Brussel\" loading=\"lazy\" \/>\t\t\t\t\t\t\t\t\t\t\t\t\t\t\t<\/div>\n\t\t\t\t\t<\/div>\n\t\t<\/div>\n\t\t\t\t\t<\/div>\n\t\t<\/section>\n\t\t<div class=\"elementor-element elementor-element-508f737b e-con-full e-flex e-con e-parent\" data-id=\"508f737b\" data-element_type=\"container\" data-e-type=\"container\" data-settings=\"{&quot;animation&quot;:&quot;none&quot;,&quot;background_background&quot;:&quot;classic&quot;}\">\n\t\t<div class=\"elementor-element elementor-element-69c5eadf e-con-full animated-slow e-transform e-flex e-con e-child\" data-id=\"69c5eadf\" data-element_type=\"container\" data-e-type=\"container\" data-settings=\"{&quot;background_background&quot;:&quot;classic&quot;,&quot;animation&quot;:&quot;none&quot;,&quot;_transform_scaleX_effect_hover&quot;:{&quot;unit&quot;:&quot;px&quot;,&quot;size&quot;:&quot;&quot;,&quot;sizes&quot;:[]},&quot;_transform_scaleX_effect_hover_tablet&quot;:{&quot;unit&quot;:&quot;px&quot;,&quot;size&quot;:&quot;&quot;,&quot;sizes&quot;:[]},&quot;_transform_scaleX_effect_hover_mobile&quot;:{&quot;unit&quot;:&quot;px&quot;,&quot;size&quot;:&quot;&quot;,&quot;sizes&quot;:[]},&quot;_transform_scaleY_effect_hover&quot;:{&quot;unit&quot;:&quot;px&quot;,&quot;size&quot;:&quot;&quot;,&quot;sizes&quot;:[]},&quot;_transform_scaleY_effect_hover_tablet&quot;:{&quot;unit&quot;:&quot;px&quot;,&quot;size&quot;:&quot;&quot;,&quot;sizes&quot;:[]},&quot;_transform_scaleY_effect_hover_mobile&quot;:{&quot;unit&quot;:&quot;px&quot;,&quot;size&quot;:&quot;&quot;,&quot;sizes&quot;:[]}}\">\n\t\t\t\t<\/div>\n\t\t<div class=\"elementor-element elementor-element-22570202 e-con-full e-flex e-con e-child\" data-id=\"22570202\" data-element_type=\"container\" data-e-type=\"container\">\n\t\t\t\t<div class=\"elementor-element elementor-element-2e9b2893 elementor-widget elementor-widget-heading\" data-id=\"2e9b2893\" data-element_type=\"widget\" data-e-type=\"widget\" data-widget_type=\"heading.default\">\n\t\t\t\t\t<h2 class=\"elementor-heading-title elementor-size-default\">Een dekvloer aangepast aan uw project maakt het verschil<\/h2>\t\t\t\t<\/div>\n\t\t\t\t<div class=\"elementor-element elementor-element-6c53659a elementor-widget elementor-widget-spacer\" data-id=\"6c53659a\" data-element_type=\"widget\" data-e-type=\"widget\" data-widget_type=\"spacer.default\">\n\t\t\t\t\t\t\t<div class=\"elementor-spacer\">\n\t\t\t<div class=\"elementor-spacer-inner\"><\/div>\n\t\t<\/div>\n\t\t\t\t\t\t<\/div>\n\t\t\t\t<div class=\"elementor-element elementor-element-69641beb elementor-widget elementor-widget-text-editor\" data-id=\"69641beb\" data-element_type=\"widget\" data-e-type=\"widget\" data-widget_type=\"text-editor.default\">\n\t\t\t\t\t\t\t\t\t<p>De kwaliteit van een vloer hangt rechtstreeks af van de dekvloer die hem ondersteunt. Een slechte uitvoering kan leiden tot scheuren, vlakheidsproblemen of hechtingsproblemen van de definitieve afwerking. <\/p><p>EMB analyseert elk project om de meest geschikte technische oplossing te kiezen, een beheerste droging te garanderen en de duurzaamheid van de vloer in de tijd te verzekeren.<\/p>\t\t\t\t\t\t\t\t<\/div>\n\t\t\t\t<div class=\"elementor-element elementor-element-6b0e03c3 elementor-widget elementor-widget-spacer\" data-id=\"6b0e03c3\" data-element_type=\"widget\" data-e-type=\"widget\" data-widget_type=\"spacer.default\">\n\t\t\t\t\t\t\t<div class=\"elementor-spacer\">\n\t\t\t<div class=\"elementor-spacer-inner\"><\/div>\n\t\t<\/div>\n\t\t\t\t\t\t<\/div>\n\t\t\t\t<div class=\"elementor-element elementor-element-4fedb662 icon-position-mobile-left icon-vertical-align-center content-align-left icon-box-vertical-align-top icon-position-left elementor-widget elementor-widget-the7_icon_box_grid_widget\" data-id=\"4fedb662\" data-element_type=\"widget\" data-e-type=\"widget\" data-widget_type=\"the7_icon_box_grid_widget.default\">\n\t\t\t\t<div class=\"elementor-widget-container\">\n\t\t\t\t\t<div class=\"the7-box-grid-wrapper the7-elementor-widget loading-effect-none the7_icon_box_grid_widget-4fedb662\">\t\t\t<div class=\"dt-css-grid\">\n\t\t\t\t\t\t\t\t\t<div class=\"wf-cell shown\">\n\t\t\t\t\t\t<a class=\"the7-icon-box-grid box-hover\" aria-label=\"Analyse van de bestaande ondergrond\">\t\t\t\t\t\t\t<div class=\"box-content-wrapper\">\n\t\t\t\t\t\t\t\t\t\t\t\t\t\t\t\t\t<div class=\"elementor-icon-div\">\t\t\t\t\t\t\t\t\t\t<div class=\"elementor-icon\">\n\t\t\t\t\t\t\t\t\t\t\t\t\t\t\t\t\t\t\t\t\t<\/div>\n\t\t\t\t\t\t\t\t\t<\/div>\t\t\t\t\t\t\t\t\t\t\t\t\t\t\t\t<div class=\"box-content\">\n\t\t\t\t\t\t\t\t\t\t\t\t\t\t\t\t\t\t\t\t\t\t\t\t\t\t\t\t\t<div class=\"box-heading\">\n\t\t\t\t\t\t\t\t\t\t\t\t\t\t\t\t\t\t\t\t\t\t\tAnalyse van de bestaande ondergrond\t\t\t\t\t\t\t\t\t\t\t\t\t\t\t\t\t\t\t\t\t<\/div>\n\t\t\t\t\t\t\t\t\t\t\t\t\t\t\t\t\t\t\t\t\t\t\t\t\t\t\t\t\t\t\t\t\t\t\t<\/div>\n\t\t\t\t\t\t\t<\/div>\n\t\t\t\t\t\t<\/a>\t\t\t\t\t<\/div>\n\t\t\t\t\t\t\t\t\t<div class=\"wf-cell shown\">\n\t\t\t\t\t\t<a class=\"the7-icon-box-grid box-hover\" aria-label=\"Keuze van het type dekvloer volgens het project\">\t\t\t\t\t\t\t<div class=\"box-content-wrapper\">\n\t\t\t\t\t\t\t\t\t\t\t\t\t\t\t\t\t<div class=\"elementor-icon-div\">\t\t\t\t\t\t\t\t\t\t<div class=\"elementor-icon\">\n\t\t\t\t\t\t\t\t\t\t\t\t\t\t\t\t\t\t\t\t\t<\/div>\n\t\t\t\t\t\t\t\t\t<\/div>\t\t\t\t\t\t\t\t\t\t\t\t\t\t\t\t<div class=\"box-content\">\n\t\t\t\t\t\t\t\t\t\t\t\t\t\t\t\t\t\t\t\t\t\t\t\t\t\t\t\t\t<div class=\"box-heading\">\n\t\t\t\t\t\t\t\t\t\t\t\t\t\t\t\t\t\t\t\t\t\t\tKeuze van het type dekvloer volgens het project\t\t\t\t\t\t\t\t\t\t\t\t\t\t\t\t\t\t\t\t\t<\/div>\n\t\t\t\t\t\t\t\t\t\t\t\t\t\t\t\t\t\t\t\t\t\t\t\t\t\t\t\t\t\t\t\t\t\t\t<\/div>\n\t\t\t\t\t\t\t<\/div>\n\t\t\t\t\t\t<\/a>\t\t\t\t\t<\/div>\n\t\t\t\t\t\t\t\t\t<div class=\"wf-cell shown\">\n\t\t\t\t\t\t<a class=\"the7-icon-box-grid box-hover\" aria-label=\"Naleving van de technische voorschriften\">\t\t\t\t\t\t\t<div class=\"box-content-wrapper\">\n\t\t\t\t\t\t\t\t\t\t\t\t\t\t\t\t\t<div class=\"elementor-icon-div\">\t\t\t\t\t\t\t\t\t\t<div class=\"elementor-icon\">\n\t\t\t\t\t\t\t\t\t\t\t\t\t\t\t\t\t\t\t\t\t<\/div>\n\t\t\t\t\t\t\t\t\t<\/div>\t\t\t\t\t\t\t\t\t\t\t\t\t\t\t\t<div class=\"box-content\">\n\t\t\t\t\t\t\t\t\t\t\t\t\t\t\t\t\t\t\t\t\t\t\t\t\t\t\t\t\t<div class=\"box-heading\">\n\t\t\t\t\t\t\t\t\t\t\t\t\t\t\t\t\t\t\t\t\t\t\tNaleving van de technische voorschriften\t\t\t\t\t\t\t\t\t\t\t\t\t\t\t\t\t\t\t\t\t<\/div>\n\t\t\t\t\t\t\t\t\t\t\t\t\t\t\t\t\t\t\t\t\t\t\t\t\t\t\t\t\t\t\t\t\t\t\t<\/div>\n\t\t\t\t\t\t\t<\/div>\n\t\t\t\t\t\t<\/a>\t\t\t\t\t<\/div>\n\t\t\t\t\t\t\t\t\t<div class=\"wf-cell shown\">\n\t\t\t\t\t\t<a class=\"the7-icon-box-grid box-hover\" aria-label=\"Nauwkeurige en gecontroleerde uitvoering\">\t\t\t\t\t\t\t<div class=\"box-content-wrapper\">\n\t\t\t\t\t\t\t\t\t\t\t\t\t\t\t\t\t<div class=\"elementor-icon-div\">\t\t\t\t\t\t\t\t\t\t<div class=\"elementor-icon\">\n\t\t\t\t\t\t\t\t\t\t\t\t\t\t\t\t\t\t\t\t\t<\/div>\n\t\t\t\t\t\t\t\t\t<\/div>\t\t\t\t\t\t\t\t\t\t\t\t\t\t\t\t<div class=\"box-content\">\n\t\t\t\t\t\t\t\t\t\t\t\t\t\t\t\t\t\t\t\t\t\t\t\t\t\t\t\t\t<div class=\"box-heading\">\n\t\t\t\t\t\t\t\t\t\t\t\t\t\t\t\t\t\t\t\t\t\t\tNauwkeurige en gecontroleerde uitvoering\t\t\t\t\t\t\t\t\t\t\t\t\t\t\t\t\t\t\t\t\t<\/div>\n\t\t\t\t\t\t\t\t\t\t\t\t\t\t\t\t\t\t\t\t\t\t\t\t\t\t\t\t\t\t\t\t\t\t\t<\/div>\n\t\t\t\t\t\t\t<\/div>\n\t\t\t\t\t\t<\/a>\t\t\t\t\t<\/div>\n\t\t\t\t\t\t\t\t\t<div class=\"wf-cell shown\">\n\t\t\t\t\t\t<a class=\"the7-icon-box-grid box-hover\" aria-label=\"Ideale voorbereiding v\u00f3\u00f3r definitieve afwerking\">\t\t\t\t\t\t\t<div class=\"box-content-wrapper\">\n\t\t\t\t\t\t\t\t\t\t\t\t\t\t\t\t\t<div class=\"elementor-icon-div\">\t\t\t\t\t\t\t\t\t\t<div class=\"elementor-icon\">\n\t\t\t\t\t\t\t\t\t\t\t\t\t\t\t\t\t\t\t\t\t<\/div>\n\t\t\t\t\t\t\t\t\t<\/div>\t\t\t\t\t\t\t\t\t\t\t\t\t\t\t\t<div class=\"box-content\">\n\t\t\t\t\t\t\t\t\t\t\t\t\t\t\t\t\t\t\t\t\t\t\t\t\t\t\t\t\t<div class=\"box-heading\">\n\t\t\t\t\t\t\t\t\t\t\t\t\t\t\t\t\t\t\t\t\t\t\tIdeale voorbereiding v\u00f3\u00f3r definitieve afwerking\t\t\t\t\t\t\t\t\t\t\t\t\t\t\t\t\t\t\t\t\t<\/div>\n\t\t\t\t\t\t\t\t\t\t\t\t\t\t\t\t\t\t\t\t\t\t\t\t\t\t\t\t\t\t\t\t\t\t\t<\/div>\n\t\t\t\t\t\t\t<\/div>\n\t\t\t\t\t\t<\/a>\t\t\t\t\t<\/div>\n\t\t\t\t\t\t\t<\/div>\n\t\t<\/div>\t\t\t\t<\/div>\n\t\t\t\t<\/div>\n\t\t\t\t<div class=\"elementor-element elementor-element-1f0b4567 elementor-widget elementor-widget-spacer\" data-id=\"1f0b4567\" data-element_type=\"widget\" data-e-type=\"widget\" data-widget_type=\"spacer.default\">\n\t\t\t\t\t\t\t<div class=\"elementor-spacer\">\n\t\t\t<div class=\"elementor-spacer-inner\"><\/div>\n\t\t<\/div>\n\t\t\t\t\t\t<\/div>\n\t\t\t\t<\/div>\n\t\t\t\t<\/div>\n\t\t\t\t<section class=\"elementor-section elementor-top-section elementor-element elementor-element-79171b1b elementor-section-boxed elementor-section-height-default elementor-section-height-default\" data-id=\"79171b1b\" data-element_type=\"section\" data-e-type=\"section\">\n\t\t\t\t\t\t<div class=\"elementor-container elementor-column-gap-wider\">\n\t\t\t\t\t<div class=\"elementor-column elementor-col-100 elementor-top-column elementor-element elementor-element-5bc6b2b6\" data-id=\"5bc6b2b6\" data-element_type=\"column\" data-e-type=\"column\">\n\t\t\t<div class=\"elementor-widget-wrap elementor-element-populated\">\n\t\t\t\t\t\t<div class=\"elementor-element elementor-element-15e3eb91 elementor-widget elementor-widget-heading\" data-id=\"15e3eb91\" data-element_type=\"widget\" data-e-type=\"widget\" data-widget_type=\"heading.default\">\n\t\t\t\t\t<h2 class=\"elementor-heading-title elementor-size-default\">Realisaties van dekvloeren<\/h2>\t\t\t\t<\/div>\n\t\t\t\t\t<\/div>\n\t\t<\/div>\n\t\t\t\t\t<\/div>\n\t\t<\/section>\n\t\t\t\t<section class=\"elementor-section elementor-top-section elementor-element elementor-element-11b61e41 elementor-section-boxed elementor-section-height-default elementor-section-height-default\" data-id=\"11b61e41\" data-element_type=\"section\" data-e-type=\"section\">\n\t\t\t\t\t\t<div class=\"elementor-container elementor-column-gap-wider\">\n\t\t\t\t\t<div class=\"elementor-column elementor-col-100 elementor-top-column elementor-element elementor-element-307c0707\" data-id=\"307c0707\" data-element_type=\"column\" data-e-type=\"column\">\n\t\t\t<div class=\"elementor-widget-wrap elementor-element-populated\">\n\t\t\t\t\t\t<div class=\"elementor-element elementor-element-45a81b1a img-align-top slide-h-position-center image-vertical-align-center arrows-relative-to-image icon-box-vertical-align-top preserve-img-ratio-cover bullets-small-dot-stroke elementor-widget elementor-widget-the7-elements-simple-posts-carousel\" data-id=\"45a81b1a\" data-element_type=\"widget\" data-e-type=\"widget\" data-settings=\"{&quot;widget_columns&quot;:3,&quot;gap_between_posts&quot;:{&quot;unit&quot;:&quot;px&quot;,&quot;size&quot;:45,&quot;sizes&quot;:[]},&quot;widget_columns_tablet&quot;:2,&quot;widget_columns_mobile&quot;:1,&quot;gap_between_posts_tablet&quot;:{&quot;unit&quot;:&quot;px&quot;,&quot;size&quot;:&quot;&quot;,&quot;sizes&quot;:[]},&quot;gap_between_posts_mobile&quot;:{&quot;unit&quot;:&quot;px&quot;,&quot;size&quot;:&quot;&quot;,&quot;sizes&quot;:[]}}\" data-widget_type=\"the7-elements-simple-posts-carousel.default\">\n\t\t\t\t<div class=\"elementor-widget-container\">\n\t\t\t\t\t<div class=\"disable-arrows-hover-bg owl-carousel the7-elementor-widget the7-simple-widget-posts-carousel elementor-owl-carousel-call loading-effect-none classic-layout-list the7-elements-simple-posts-carousel-45a81b1a\" data-scroll-mode=\"1\" data-auto-height=\"false\" data-speed=\"600\" data-autoplay=\"false\" data-autoplay_speed=\"\"><article class=\"post visible wrapper dt-owl-item-wrap post-94313 dt_portfolio type-dt_portfolio status-publish has-post-thumbnail hentry dt_portfolio_category-betonvloeren\">\n\t\t\t\t<div class=\"post-content-wrapper\">\n\t\t\t\t\t\t\t\t\t\t\t<div class=\"the7-simple-post-thumb\">\n\t\t\t\t\t\t\t<a class=\"post-thumbnail-rollover layzr-bg img-css-resize-wrapper\" aria-label=\"Berichtafbeelding\" href=\"https:\/\/www.emb.be\/nl\/project\/minhardur-vloer-handmatig-gladgestreken-tint-lrg-in-een-privevilla\/\"><img fetchpriority=\"high\" decoding=\"async\" width=\"1600\" height=\"1066\" src=\"data:image\/svg+xml,%3Csvg%20xmlns%3D&#039;http%3A%2F%2Fwww.w3.org%2F2000%2Fsvg&#039;%20viewBox%3D&#039;0%200%201600%201066&#039;%2F%3E\" class=\"attachment-full size-full preload-me aspect lazy lazy-load\" alt=\"\" sizes=\"(max-width: 1600px) 100vw, 1600px\" style=\"--ratio: 1600 \/ 1066;\" data-src=\"https:\/\/www.emb.be\/wp-content\/uploads\/2026\/04\/prive-minhardur-lrg-entree-01.jpg\" loading=\"eager\" data-srcset=\"https:\/\/www.emb.be\/wp-content\/uploads\/2026\/04\/prive-minhardur-lrg-entree-01.jpg 1600w, https:\/\/www.emb.be\/wp-content\/uploads\/2026\/04\/prive-minhardur-lrg-entree-01-300x200.jpg 300w, https:\/\/www.emb.be\/wp-content\/uploads\/2026\/04\/prive-minhardur-lrg-entree-01-1024x682.jpg 1024w, https:\/\/www.emb.be\/wp-content\/uploads\/2026\/04\/prive-minhardur-lrg-entree-01-768x512.jpg 768w, https:\/\/www.emb.be\/wp-content\/uploads\/2026\/04\/prive-minhardur-lrg-entree-01-1536x1023.jpg 1536w\" \/><span class=\"the7-hover-icon\"><i aria-hidden=\"true\" class=\"feather feather-more-horizontal\"><\/i><\/span><\/a>\t\t\t\t\t\t<\/div>\n\t\t\t\t\t\n\t\t\t\t\t<div class=\"post-entry-content\">\n\t\t\t\t\t\t<h5 class=\"heading\"><a href=\"https:\/\/www.emb.be\/nl\/project\/minhardur-vloer-handmatig-gladgestreken-tint-lrg-in-een-privevilla\/\" rel=\"bookmark\" title=\"MinHardur-vloer handmatig gladgestreken, tint LRG, in een priv\u00e9villa\" class=\"post-title\">MinHardur-vloer handmatig gladgestreken, tint LRG, in een priv\u00e9villa<\/a><\/h5><div class=\"entry-meta\"><span class=\"meta-item category-link\"><a href=\"https:\/\/www.emb.be\/nl\/realisatie-categorie\/betonvloeren\/\" rel=\"tag\">Betonvloeren<\/a><\/span><\/div><div class=\"details-wrap\"><a href=\"https:\/\/www.emb.be\/nl\/project\/minhardur-vloer-handmatig-gladgestreken-tint-lrg-in-een-privevilla\/\" target=\"\" aria-label=\"Lesen Sie mehr \u00fcber MinHardur-vloer handmatig gladgestreken, tint LRG, in een priv\u00e9villa\" class=\"box-button elementor-button elementor-size-xs\">Bekijk de realisatie<\/a><\/div>\t\t\t\t\t<\/div>\n\t\t\t\t<\/div>\n\n\t\t\t<\/article><article class=\"post visible wrapper dt-owl-item-wrap post-94255 dt_portfolio type-dt_portfolio status-publish has-post-thumbnail hentry dt_portfolio_category-technisch-beton\">\n\t\t\t\t<div class=\"post-content-wrapper\">\n\t\t\t\t\t\t\t\t\t\t\t<div class=\"the7-simple-post-thumb\">\n\t\t\t\t\t\t\t<a class=\"post-thumbnail-rollover layzr-bg img-css-resize-wrapper\" aria-label=\"Berichtafbeelding\" href=\"https:\/\/www.emb.be\/nl\/project\/geribbelde-betonnen-helling-voor-ondergrondse-parking-in-evere\/\"><img decoding=\"async\" width=\"1600\" height=\"1066\" src=\"data:image\/svg+xml,%3Csvg%20xmlns%3D&#039;http%3A%2F%2Fwww.w3.org%2F2000%2Fsvg&#039;%20viewBox%3D&#039;0%200%201600%201066&#039;%2F%3E\" class=\"attachment-full size-full preload-me aspect lazy lazy-load\" alt=\"\" sizes=\"(max-width: 1600px) 100vw, 1600px\" style=\"--ratio: 1600 \/ 1066;\" data-src=\"https:\/\/www.emb.be\/wp-content\/uploads\/2026\/04\/evere-rampe-striee-vue-aerienne-01.jpg\" loading=\"eager\" data-srcset=\"https:\/\/www.emb.be\/wp-content\/uploads\/2026\/04\/evere-rampe-striee-vue-aerienne-01.jpg 1600w, https:\/\/www.emb.be\/wp-content\/uploads\/2026\/04\/evere-rampe-striee-vue-aerienne-01-300x200.jpg 300w, https:\/\/www.emb.be\/wp-content\/uploads\/2026\/04\/evere-rampe-striee-vue-aerienne-01-1024x682.jpg 1024w, https:\/\/www.emb.be\/wp-content\/uploads\/2026\/04\/evere-rampe-striee-vue-aerienne-01-768x512.jpg 768w, https:\/\/www.emb.be\/wp-content\/uploads\/2026\/04\/evere-rampe-striee-vue-aerienne-01-1536x1023.jpg 1536w\" \/><span class=\"the7-hover-icon\"><i aria-hidden=\"true\" class=\"feather feather-more-horizontal\"><\/i><\/span><\/a>\t\t\t\t\t\t<\/div>\n\t\t\t\t\t\n\t\t\t\t\t<div class=\"post-entry-content\">\n\t\t\t\t\t\t<h5 class=\"heading\"><a href=\"https:\/\/www.emb.be\/nl\/project\/geribbelde-betonnen-helling-voor-ondergrondse-parking-in-evere\/\" rel=\"bookmark\" title=\"Geribbelde betonnen helling voor ondergrondse parking in Evere\" class=\"post-title\">Geribbelde betonnen helling voor ondergrondse parking in Evere<\/a><\/h5><div class=\"entry-meta\"><span class=\"meta-item category-link\"><a href=\"https:\/\/www.emb.be\/nl\/realisatie-categorie\/technisch-beton\/\" rel=\"tag\">Technisch beton<\/a><\/span><\/div><div class=\"details-wrap\"><a href=\"https:\/\/www.emb.be\/nl\/project\/geribbelde-betonnen-helling-voor-ondergrondse-parking-in-evere\/\" target=\"\" aria-label=\"Lesen Sie mehr \u00fcber Geribbelde betonnen helling voor ondergrondse parking in Evere\" class=\"box-button elementor-button elementor-size-xs\">Bekijk de realisatie<\/a><\/div>\t\t\t\t\t<\/div>\n\t\t\t\t<\/div>\n\n\t\t\t<\/article><article class=\"post visible wrapper dt-owl-item-wrap post-94356 dt_portfolio type-dt_portfolio status-publish has-post-thumbnail hentry dt_portfolio_category-exterieur\">\n\t\t\t\t<div class=\"post-content-wrapper\">\n\t\t\t\t\t\t\t\t\t\t\t<div class=\"the7-simple-post-thumb\">\n\t\t\t\t\t\t\t<a class=\"post-thumbnail-rollover layzr-bg img-css-resize-wrapper\" aria-label=\"Berichtafbeelding\" href=\"https:\/\/www.emb.be\/nl\/project\/oprit-en-privebinnenplaats-in-uitgewassen-beton\/\"><img decoding=\"async\" width=\"1296\" height=\"863\" src=\"data:image\/svg+xml,%3Csvg%20xmlns%3D&#039;http%3A%2F%2Fwww.w3.org%2F2000%2Fsvg&#039;%20viewBox%3D&#039;0%200%201296%20863&#039;%2F%3E\" class=\"attachment-full size-full preload-me aspect lazy lazy-load\" alt=\"\" sizes=\"(max-width: 1296px) 100vw, 1296px\" style=\"--ratio: 1296 \/ 863;\" data-src=\"https:\/\/www.emb.be\/wp-content\/uploads\/2026\/04\/prive-beton-lave-vue-aerienne-01.jpg\" loading=\"eager\" data-srcset=\"https:\/\/www.emb.be\/wp-content\/uploads\/2026\/04\/prive-beton-lave-vue-aerienne-01.jpg 1296w, https:\/\/www.emb.be\/wp-content\/uploads\/2026\/04\/prive-beton-lave-vue-aerienne-01-300x200.jpg 300w, https:\/\/www.emb.be\/wp-content\/uploads\/2026\/04\/prive-beton-lave-vue-aerienne-01-1024x682.jpg 1024w, https:\/\/www.emb.be\/wp-content\/uploads\/2026\/04\/prive-beton-lave-vue-aerienne-01-768x511.jpg 768w\" \/><span class=\"the7-hover-icon\"><i aria-hidden=\"true\" class=\"feather feather-more-horizontal\"><\/i><\/span><\/a>\t\t\t\t\t\t<\/div>\n\t\t\t\t\t\n\t\t\t\t\t<div class=\"post-entry-content\">\n\t\t\t\t\t\t<h5 class=\"heading\"><a href=\"https:\/\/www.emb.be\/nl\/project\/oprit-en-privebinnenplaats-in-uitgewassen-beton\/\" rel=\"bookmark\" title=\"Oprit en priv\u00e9binnenplaats in uitgewassen beton\" class=\"post-title\">Oprit en priv\u00e9binnenplaats in uitgewassen beton<\/a><\/h5><div class=\"entry-meta\"><span class=\"meta-item category-link\"><a href=\"https:\/\/www.emb.be\/nl\/realisatie-categorie\/exterieur\/\" rel=\"tag\">Exterieur<\/a><\/span><\/div><div class=\"details-wrap\"><a href=\"https:\/\/www.emb.be\/nl\/project\/oprit-en-privebinnenplaats-in-uitgewassen-beton\/\" target=\"\" aria-label=\"Lesen Sie mehr \u00fcber Oprit en priv\u00e9binnenplaats in uitgewassen beton\" class=\"box-button elementor-button elementor-size-xs\">Bekijk de realisatie<\/a><\/div>\t\t\t\t\t<\/div>\n\t\t\t\t<\/div>\n\n\t\t\t<\/article><article class=\"post visible wrapper dt-owl-item-wrap post-94277 dt_portfolio type-dt_portfolio status-publish has-post-thumbnail hentry dt_portfolio_category-exterieur\">\n\t\t\t\t<div class=\"post-content-wrapper\">\n\t\t\t\t\t\t\t\t\t\t\t<div class=\"the7-simple-post-thumb\">\n\t\t\t\t\t\t\t<a class=\"post-thumbnail-rollover layzr-bg img-css-resize-wrapper\" aria-label=\"Berichtafbeelding\" href=\"https:\/\/www.emb.be\/nl\/project\/buitenaanleg-in-gewassen-beton-bij-het-ceria-in-anderlecht\/\"><img decoding=\"async\" width=\"1600\" height=\"1066\" src=\"data:image\/svg+xml,%3Csvg%20xmlns%3D&#039;http%3A%2F%2Fwww.w3.org%2F2000%2Fsvg&#039;%20viewBox%3D&#039;0%200%201600%201066&#039;%2F%3E\" class=\"attachment-full size-full preload-me aspect lazy lazy-load\" alt=\"\" sizes=\"(max-width: 1600px) 100vw, 1600px\" style=\"--ratio: 1600 \/ 1066;\" data-src=\"https:\/\/www.emb.be\/wp-content\/uploads\/2026\/04\/ceria-anderlecht-esplanade-beton-lave-02.jpg\" loading=\"eager\" data-srcset=\"https:\/\/www.emb.be\/wp-content\/uploads\/2026\/04\/ceria-anderlecht-esplanade-beton-lave-02.jpg 1600w, https:\/\/www.emb.be\/wp-content\/uploads\/2026\/04\/ceria-anderlecht-esplanade-beton-lave-02-300x200.jpg 300w, https:\/\/www.emb.be\/wp-content\/uploads\/2026\/04\/ceria-anderlecht-esplanade-beton-lave-02-1024x682.jpg 1024w, https:\/\/www.emb.be\/wp-content\/uploads\/2026\/04\/ceria-anderlecht-esplanade-beton-lave-02-768x512.jpg 768w, https:\/\/www.emb.be\/wp-content\/uploads\/2026\/04\/ceria-anderlecht-esplanade-beton-lave-02-1536x1023.jpg 1536w\" \/><span class=\"the7-hover-icon\"><i aria-hidden=\"true\" class=\"feather feather-more-horizontal\"><\/i><\/span><\/a>\t\t\t\t\t\t<\/div>\n\t\t\t\t\t\n\t\t\t\t\t<div class=\"post-entry-content\">\n\t\t\t\t\t\t<h5 class=\"heading\"><a href=\"https:\/\/www.emb.be\/nl\/project\/buitenaanleg-in-gewassen-beton-bij-het-ceria-in-anderlecht\/\" rel=\"bookmark\" title=\"Buitenaanleg in gewassen beton bij het CERIA in Anderlecht\" class=\"post-title\">Buitenaanleg in gewassen beton bij het CERIA in Anderlecht<\/a><\/h5><div class=\"entry-meta\"><span class=\"meta-item category-link\"><a href=\"https:\/\/www.emb.be\/nl\/realisatie-categorie\/exterieur\/\" rel=\"tag\">Exterieur<\/a><\/span><\/div><div class=\"details-wrap\"><a href=\"https:\/\/www.emb.be\/nl\/project\/buitenaanleg-in-gewassen-beton-bij-het-ceria-in-anderlecht\/\" target=\"\" aria-label=\"Lesen Sie mehr \u00fcber Buitenaanleg in gewassen beton bij het CERIA in Anderlecht\" class=\"box-button elementor-button elementor-size-xs\">Bekijk de realisatie<\/a><\/div>\t\t\t\t\t<\/div>\n\t\t\t\t<\/div>\n\n\t\t\t<\/article><article class=\"post visible wrapper dt-owl-item-wrap post-94342 dt_portfolio type-dt_portfolio status-publish has-post-thumbnail hentry dt_portfolio_category-betonvloeren\">\n\t\t\t\t<div class=\"post-content-wrapper\">\n\t\t\t\t\t\t\t\t\t\t\t<div class=\"the7-simple-post-thumb\">\n\t\t\t\t\t\t\t<a class=\"post-thumbnail-rollover layzr-bg img-css-resize-wrapper\" aria-label=\"Berichtafbeelding\" href=\"https:\/\/www.emb.be\/nl\/project\/handmatig-minhardur-binnenvloer-voor-architectenwoning\/\"><img decoding=\"async\" width=\"1200\" height=\"1600\" src=\"data:image\/svg+xml,%3Csvg%20xmlns%3D&#039;http%3A%2F%2Fwww.w3.org%2F2000%2Fsvg&#039;%20viewBox%3D&#039;0%200%201200%201600&#039;%2F%3E\" class=\"attachment-full size-full preload-me aspect lazy lazy-load\" alt=\"Sol en b\u00e9ton int\u00e9rieur MinHardur manuel dans un espace de vie haut de gamme\" sizes=\"(max-width: 1200px) 100vw, 1200px\" style=\"--ratio: 1200 \/ 1600;\" data-src=\"https:\/\/www.emb.be\/wp-content\/uploads\/2026\/04\/beton-interieur-minhardur-manuel-espace-vie-03.jpg\" loading=\"eager\" data-srcset=\"https:\/\/www.emb.be\/wp-content\/uploads\/2026\/04\/beton-interieur-minhardur-manuel-espace-vie-03.jpg 1200w, https:\/\/www.emb.be\/wp-content\/uploads\/2026\/04\/beton-interieur-minhardur-manuel-espace-vie-03-225x300.jpg 225w, https:\/\/www.emb.be\/wp-content\/uploads\/2026\/04\/beton-interieur-minhardur-manuel-espace-vie-03-768x1024.jpg 768w, https:\/\/www.emb.be\/wp-content\/uploads\/2026\/04\/beton-interieur-minhardur-manuel-espace-vie-03-1152x1536.jpg 1152w\" \/><span class=\"the7-hover-icon\"><i aria-hidden=\"true\" class=\"feather feather-more-horizontal\"><\/i><\/span><\/a>\t\t\t\t\t\t<\/div>\n\t\t\t\t\t\n\t\t\t\t\t<div class=\"post-entry-content\">\n\t\t\t\t\t\t<h5 class=\"heading\"><a href=\"https:\/\/www.emb.be\/nl\/project\/handmatig-minhardur-binnenvloer-voor-architectenwoning\/\" rel=\"bookmark\" title=\"Handmatig MinHardur binnenvloer voor architectenwoning\" class=\"post-title\">Handmatig MinHardur binnenvloer voor architectenwoning<\/a><\/h5><div class=\"entry-meta\"><span class=\"meta-item category-link\"><a href=\"https:\/\/www.emb.be\/nl\/realisatie-categorie\/betonvloeren\/\" rel=\"tag\">Betonvloeren<\/a><\/span><\/div><div class=\"details-wrap\"><a href=\"https:\/\/www.emb.be\/nl\/project\/handmatig-minhardur-binnenvloer-voor-architectenwoning\/\" target=\"\" aria-label=\"Lesen Sie mehr \u00fcber Handmatig MinHardur binnenvloer voor architectenwoning\" class=\"box-button elementor-button elementor-size-xs\">Bekijk de realisatie<\/a><\/div>\t\t\t\t\t<\/div>\n\t\t\t\t<\/div>\n\n\t\t\t<\/article><article class=\"post visible wrapper dt-owl-item-wrap post-94391 dt_portfolio type-dt_portfolio status-publish has-post-thumbnail hentry dt_portfolio_category-betonvloeren\">\n\t\t\t\t<div class=\"post-content-wrapper\">\n\t\t\t\t\t\t\t\t\t\t\t<div class=\"the7-simple-post-thumb\">\n\t\t\t\t\t\t\t<a class=\"post-thumbnail-rollover layzr-bg img-css-resize-wrapper\" aria-label=\"Berichtafbeelding\" href=\"https:\/\/www.emb.be\/nl\/project\/handmatig-gevlinderd-binnenbeton-in-een-hedendaagse-villa\/\"><img decoding=\"async\" width=\"1066\" height=\"1600\" src=\"data:image\/svg+xml,%3Csvg%20xmlns%3D&#039;http%3A%2F%2Fwww.w3.org%2F2000%2Fsvg&#039;%20viewBox%3D&#039;0%200%201066%201600&#039;%2F%3E\" class=\"attachment-full size-full preload-me aspect lazy lazy-load\" alt=\"Sol en b\u00e9ton int\u00e9rieur liss\u00e9 manuellement dans une villa contemporaine avec finition gris clair\" sizes=\"(max-width: 1066px) 100vw, 1066px\" style=\"--ratio: 1066 \/ 1600;\" data-src=\"https:\/\/www.emb.be\/wp-content\/uploads\/2026\/04\/beton-interieur-lissage-manuel-villa-01.jpg\" loading=\"eager\" data-srcset=\"https:\/\/www.emb.be\/wp-content\/uploads\/2026\/04\/beton-interieur-lissage-manuel-villa-01.jpg 1066w, https:\/\/www.emb.be\/wp-content\/uploads\/2026\/04\/beton-interieur-lissage-manuel-villa-01-200x300.jpg 200w, https:\/\/www.emb.be\/wp-content\/uploads\/2026\/04\/beton-interieur-lissage-manuel-villa-01-682x1024.jpg 682w, https:\/\/www.emb.be\/wp-content\/uploads\/2026\/04\/beton-interieur-lissage-manuel-villa-01-768x1153.jpg 768w, https:\/\/www.emb.be\/wp-content\/uploads\/2026\/04\/beton-interieur-lissage-manuel-villa-01-1023x1536.jpg 1023w\" \/><span class=\"the7-hover-icon\"><i aria-hidden=\"true\" class=\"feather feather-more-horizontal\"><\/i><\/span><\/a>\t\t\t\t\t\t<\/div>\n\t\t\t\t\t\n\t\t\t\t\t<div class=\"post-entry-content\">\n\t\t\t\t\t\t<h5 class=\"heading\"><a href=\"https:\/\/www.emb.be\/nl\/project\/handmatig-gevlinderd-binnenbeton-in-een-hedendaagse-villa\/\" rel=\"bookmark\" title=\"Handmatig gevlinderd binnenbeton in een hedendaagse villa\" class=\"post-title\">Handmatig gevlinderd binnenbeton in een hedendaagse villa<\/a><\/h5><div class=\"entry-meta\"><span class=\"meta-item category-link\"><a href=\"https:\/\/www.emb.be\/nl\/realisatie-categorie\/betonvloeren\/\" rel=\"tag\">Betonvloeren<\/a><\/span><\/div><div class=\"details-wrap\"><a href=\"https:\/\/www.emb.be\/nl\/project\/handmatig-gevlinderd-binnenbeton-in-een-hedendaagse-villa\/\" target=\"\" aria-label=\"Lesen Sie mehr \u00fcber Handmatig gevlinderd binnenbeton in een hedendaagse villa\" class=\"box-button elementor-button elementor-size-xs\">Bekijk de realisatie<\/a><\/div>\t\t\t\t\t<\/div>\n\t\t\t\t<\/div>\n\n\t\t\t<\/article><article class=\"post visible wrapper dt-owl-item-wrap post-94385 dt_portfolio type-dt_portfolio status-publish has-post-thumbnail hentry dt_portfolio_category-technisch-beton\">\n\t\t\t\t<div class=\"post-content-wrapper\">\n\t\t\t\t\t\t\t\t\t\t\t<div class=\"the7-simple-post-thumb\">\n\t\t\t\t\t\t\t<a class=\"post-thumbnail-rollover layzr-bg img-css-resize-wrapper\" aria-label=\"Berichtafbeelding\" href=\"https:\/\/www.emb.be\/nl\/project\/buitenhelling-in-gebezemd-beton-voor-garage-toegang\/\"><img decoding=\"async\" width=\"1600\" height=\"1200\" src=\"data:image\/svg+xml,%3Csvg%20xmlns%3D&#039;http%3A%2F%2Fwww.w3.org%2F2000%2Fsvg&#039;%20viewBox%3D&#039;0%200%201600%201200&#039;%2F%3E\" class=\"attachment-full size-full preload-me aspect lazy lazy-load\" alt=\"Rampe de garage en b\u00e9ton stri\u00e9 avec pente technique et finition antid\u00e9rapante en ext\u00e9rieur\" sizes=\"(max-width: 1600px) 100vw, 1600px\" style=\"--ratio: 1600 \/ 1200;\" data-src=\"https:\/\/www.emb.be\/wp-content\/uploads\/2026\/04\/rampe-beton-striee-garage-exterieur-02.jpg\" loading=\"eager\" data-srcset=\"https:\/\/www.emb.be\/wp-content\/uploads\/2026\/04\/rampe-beton-striee-garage-exterieur-02.jpg 1600w, https:\/\/www.emb.be\/wp-content\/uploads\/2026\/04\/rampe-beton-striee-garage-exterieur-02-300x225.jpg 300w, https:\/\/www.emb.be\/wp-content\/uploads\/2026\/04\/rampe-beton-striee-garage-exterieur-02-1024x768.jpg 1024w, https:\/\/www.emb.be\/wp-content\/uploads\/2026\/04\/rampe-beton-striee-garage-exterieur-02-768x576.jpg 768w, https:\/\/www.emb.be\/wp-content\/uploads\/2026\/04\/rampe-beton-striee-garage-exterieur-02-1536x1152.jpg 1536w\" \/><span class=\"the7-hover-icon\"><i aria-hidden=\"true\" class=\"feather feather-more-horizontal\"><\/i><\/span><\/a>\t\t\t\t\t\t<\/div>\n\t\t\t\t\t\n\t\t\t\t\t<div class=\"post-entry-content\">\n\t\t\t\t\t\t<h5 class=\"heading\"><a href=\"https:\/\/www.emb.be\/nl\/project\/buitenhelling-in-gebezemd-beton-voor-garage-toegang\/\" rel=\"bookmark\" title=\"Buitenhelling in gebezemd beton voor garage-toegang\" class=\"post-title\">Buitenhelling in gebezemd beton voor garage-toegang<\/a><\/h5><div class=\"entry-meta\"><span class=\"meta-item category-link\"><a href=\"https:\/\/www.emb.be\/nl\/realisatie-categorie\/technisch-beton\/\" rel=\"tag\">Technisch beton<\/a><\/span><\/div><div class=\"details-wrap\"><a href=\"https:\/\/www.emb.be\/nl\/project\/buitenhelling-in-gebezemd-beton-voor-garage-toegang\/\" target=\"\" aria-label=\"Lesen Sie mehr \u00fcber Buitenhelling in gebezemd beton voor garage-toegang\" class=\"box-button elementor-button elementor-size-xs\">Bekijk de realisatie<\/a><\/div>\t\t\t\t\t<\/div>\n\t\t\t\t<\/div>\n\n\t\t\t<\/article><article class=\"post visible wrapper dt-owl-item-wrap post-94456 dt_portfolio type-dt_portfolio status-publish has-post-thumbnail hentry dt_portfolio_category-betonvloeren dt_portfolio_category-decoratief-beton\">\n\t\t\t\t<div class=\"post-content-wrapper\">\n\t\t\t\t\t\t\t\t\t\t\t<div class=\"the7-simple-post-thumb\">\n\t\t\t\t\t\t\t<a class=\"post-thumbnail-rollover layzr-bg img-css-resize-wrapper\" aria-label=\"Berichtafbeelding\" href=\"https:\/\/www.emb.be\/nl\/project\/elsene-ter-kamerenboslaan\/\"><img decoding=\"async\" width=\"2048\" height=\"1365\" src=\"data:image\/svg+xml,%3Csvg%20xmlns%3D&#039;http%3A%2F%2Fwww.w3.org%2F2000%2Fsvg&#039;%20viewBox%3D&#039;0%200%202048%201365&#039;%2F%3E\" class=\"attachment-full size-full preload-me aspect lazy lazy-load\" alt=\"abords en b\u00e9ton lav\u00e9 r\u00e9sistants trafic quotidien\" sizes=\"(max-width: 2048px) 100vw, 2048px\" style=\"--ratio: 2048 \/ 1365;\" data-src=\"https:\/\/www.emb.be\/wp-content\/uploads\/2026\/02\/abords-en-beton-lave-resistants-trafic-quotidien.jpg\" loading=\"eager\" data-srcset=\"https:\/\/www.emb.be\/wp-content\/uploads\/2026\/02\/abords-en-beton-lave-resistants-trafic-quotidien.jpg 2048w, https:\/\/www.emb.be\/wp-content\/uploads\/2026\/02\/abords-en-beton-lave-resistants-trafic-quotidien-300x200.jpg 300w, https:\/\/www.emb.be\/wp-content\/uploads\/2026\/02\/abords-en-beton-lave-resistants-trafic-quotidien-1024x683.jpg 1024w, https:\/\/www.emb.be\/wp-content\/uploads\/2026\/02\/abords-en-beton-lave-resistants-trafic-quotidien-768x512.jpg 768w, https:\/\/www.emb.be\/wp-content\/uploads\/2026\/02\/abords-en-beton-lave-resistants-trafic-quotidien-1536x1024.jpg 1536w, https:\/\/www.emb.be\/wp-content\/uploads\/2026\/02\/abords-en-beton-lave-resistants-trafic-quotidien-1000x667.jpg 1000w\" \/><span class=\"the7-hover-icon\"><i aria-hidden=\"true\" class=\"feather feather-more-horizontal\"><\/i><\/span><\/a>\t\t\t\t\t\t<\/div>\n\t\t\t\t\t\n\t\t\t\t\t<div class=\"post-entry-content\">\n\t\t\t\t\t\t<h5 class=\"heading\"><a href=\"https:\/\/www.emb.be\/nl\/project\/elsene-ter-kamerenboslaan\/\" rel=\"bookmark\" title=\"Elsene (Ter Kamerenboslaan)\" class=\"post-title\">Elsene (Ter Kamerenboslaan)<\/a><\/h5><div class=\"entry-meta\"><span class=\"meta-item category-link\"><a href=\"https:\/\/www.emb.be\/nl\/realisatie-categorie\/betonvloeren\/\" rel=\"tag\">Betonvloeren<\/a>, <a href=\"https:\/\/www.emb.be\/nl\/realisatie-categorie\/decoratief-beton\/\" rel=\"tag\">Decoratief beton<\/a><\/span><\/div><div class=\"details-wrap\"><a href=\"https:\/\/www.emb.be\/nl\/project\/elsene-ter-kamerenboslaan\/\" target=\"\" aria-label=\"Lesen Sie mehr \u00fcber Elsene (Ter Kamerenboslaan)\" class=\"box-button elementor-button elementor-size-xs\">Bekijk de realisatie<\/a><\/div>\t\t\t\t\t<\/div>\n\t\t\t\t<\/div>\n\n\t\t\t<\/article><article class=\"post visible wrapper dt-owl-item-wrap post-94444 dt_portfolio type-dt_portfolio status-publish has-post-thumbnail hentry dt_portfolio_category-betonvloeren dt_portfolio_category-technisch-beton\">\n\t\t\t\t<div class=\"post-content-wrapper\">\n\t\t\t\t\t\t\t\t\t\t\t<div class=\"the7-simple-post-thumb\">\n\t\t\t\t\t\t\t<a class=\"post-thumbnail-rollover layzr-bg img-css-resize-wrapper\" aria-label=\"Berichtafbeelding\" href=\"https:\/\/www.emb.be\/nl\/project\/geribbelde-betonoprit-residentiele-buitenruimte\/\"><img decoding=\"async\" width=\"2048\" height=\"1365\" src=\"data:image\/svg+xml,%3Csvg%20xmlns%3D&#039;http%3A%2F%2Fwww.w3.org%2F2000%2Fsvg&#039;%20viewBox%3D&#039;0%200%202048%201365&#039;%2F%3E\" class=\"attachment-full size-full preload-me aspect lazy lazy-load\" alt=\"Acc\u00e8s garage b\u00e9ton stri\u00e9 le long fa\u00e7ade r\u00e9sidentielle\" sizes=\"(max-width: 2048px) 100vw, 2048px\" style=\"--ratio: 2048 \/ 1365;\" data-src=\"https:\/\/www.emb.be\/wp-content\/uploads\/2020\/04\/Acces-garage-beton-strie-le-long-facade-residentielle.jpg\" loading=\"eager\" data-srcset=\"https:\/\/www.emb.be\/wp-content\/uploads\/2020\/04\/Acces-garage-beton-strie-le-long-facade-residentielle.jpg 2048w, https:\/\/www.emb.be\/wp-content\/uploads\/2020\/04\/Acces-garage-beton-strie-le-long-facade-residentielle-300x200.jpg 300w, https:\/\/www.emb.be\/wp-content\/uploads\/2020\/04\/Acces-garage-beton-strie-le-long-facade-residentielle-1024x683.jpg 1024w, https:\/\/www.emb.be\/wp-content\/uploads\/2020\/04\/Acces-garage-beton-strie-le-long-facade-residentielle-768x512.jpg 768w, https:\/\/www.emb.be\/wp-content\/uploads\/2020\/04\/Acces-garage-beton-strie-le-long-facade-residentielle-1536x1024.jpg 1536w\" \/><span class=\"the7-hover-icon\"><i aria-hidden=\"true\" class=\"feather feather-more-horizontal\"><\/i><\/span><\/a>\t\t\t\t\t\t<\/div>\n\t\t\t\t\t\n\t\t\t\t\t<div class=\"post-entry-content\">\n\t\t\t\t\t\t<h5 class=\"heading\"><a href=\"https:\/\/www.emb.be\/nl\/project\/geribbelde-betonoprit-residentiele-buitenruimte\/\" rel=\"bookmark\" title=\"Geribbelde betonoprit (residenti\u00eble buitenruimte)\" class=\"post-title\">Geribbelde betonoprit (residenti\u00eble buitenruimte)<\/a><\/h5><div class=\"entry-meta\"><span class=\"meta-item category-link\"><a href=\"https:\/\/www.emb.be\/nl\/realisatie-categorie\/betonvloeren\/\" rel=\"tag\">Betonvloeren<\/a>, <a href=\"https:\/\/www.emb.be\/nl\/realisatie-categorie\/technisch-beton\/\" rel=\"tag\">Technisch beton<\/a><\/span><\/div><div class=\"details-wrap\"><a href=\"https:\/\/www.emb.be\/nl\/project\/geribbelde-betonoprit-residentiele-buitenruimte\/\" target=\"\" aria-label=\"Lesen Sie mehr \u00fcber Geribbelde betonoprit (residenti\u00eble buitenruimte)\" class=\"box-button elementor-button elementor-size-xs\">Bekijk de realisatie<\/a><\/div>\t\t\t\t\t<\/div>\n\t\t\t\t<\/div>\n\n\t\t\t<\/article><article class=\"post visible wrapper dt-owl-item-wrap post-94420 dt_portfolio type-dt_portfolio status-publish has-post-thumbnail hentry dt_portfolio_category-betonvloeren dt_portfolio_category-technisch-beton\">\n\t\t\t\t<div class=\"post-content-wrapper\">\n\t\t\t\t\t\t\t\t\t\t\t<div class=\"the7-simple-post-thumb\">\n\t\t\t\t\t\t\t<a class=\"post-thumbnail-rollover layzr-bg img-css-resize-wrapper\" aria-label=\"Berichtafbeelding\" href=\"https:\/\/www.emb.be\/nl\/project\/cai-residentieel-project-in-fleurus\/\"><img decoding=\"async\" width=\"2048\" height=\"1365\" src=\"data:image\/svg+xml,%3Csvg%20xmlns%3D&#039;http%3A%2F%2Fwww.w3.org%2F2000%2Fsvg&#039;%20viewBox%3D&#039;0%200%202048%201365&#039;%2F%3E\" class=\"attachment-full size-full preload-me aspect lazy lazy-load\" alt=\"\" sizes=\"(max-width: 2048px) 100vw, 2048px\" style=\"--ratio: 2048 \/ 1365;\" data-src=\"https:\/\/www.emb.be\/wp-content\/uploads\/2019\/04\/Entree-de-parking-souterrain-en-beton-brosse-antiderapant.jpg\" loading=\"eager\" data-srcset=\"https:\/\/www.emb.be\/wp-content\/uploads\/2019\/04\/Entree-de-parking-souterrain-en-beton-brosse-antiderapant.jpg 2048w, https:\/\/www.emb.be\/wp-content\/uploads\/2019\/04\/Entree-de-parking-souterrain-en-beton-brosse-antiderapant-300x200.jpg 300w, https:\/\/www.emb.be\/wp-content\/uploads\/2019\/04\/Entree-de-parking-souterrain-en-beton-brosse-antiderapant-1024x683.jpg 1024w, https:\/\/www.emb.be\/wp-content\/uploads\/2019\/04\/Entree-de-parking-souterrain-en-beton-brosse-antiderapant-768x512.jpg 768w, https:\/\/www.emb.be\/wp-content\/uploads\/2019\/04\/Entree-de-parking-souterrain-en-beton-brosse-antiderapant-1536x1024.jpg 1536w\" \/><span class=\"the7-hover-icon\"><i aria-hidden=\"true\" class=\"feather feather-more-horizontal\"><\/i><\/span><\/a>\t\t\t\t\t\t<\/div>\n\t\t\t\t\t\n\t\t\t\t\t<div class=\"post-entry-content\">\n\t\t\t\t\t\t<h5 class=\"heading\"><a href=\"https:\/\/www.emb.be\/nl\/project\/cai-residentieel-project-in-fleurus\/\" rel=\"bookmark\" title=\"CAI \u2013 Residentieel project in Fleurus\" class=\"post-title\">CAI \u2013 Residentieel project in Fleurus<\/a><\/h5><div class=\"entry-meta\"><span class=\"meta-item category-link\"><a href=\"https:\/\/www.emb.be\/nl\/realisatie-categorie\/betonvloeren\/\" rel=\"tag\">Betonvloeren<\/a>, <a href=\"https:\/\/www.emb.be\/nl\/realisatie-categorie\/technisch-beton\/\" rel=\"tag\">Technisch beton<\/a><\/span><\/div><div class=\"details-wrap\"><a href=\"https:\/\/www.emb.be\/nl\/project\/cai-residentieel-project-in-fleurus\/\" target=\"\" aria-label=\"Lesen Sie mehr \u00fcber CAI \u2013 Residentieel project in Fleurus\" class=\"box-button elementor-button elementor-size-xs\">Bekijk de realisatie<\/a><\/div>\t\t\t\t\t<\/div>\n\t\t\t\t<\/div>\n\n\t\t\t<\/article><article class=\"post visible wrapper dt-owl-item-wrap post-94471 dt_portfolio type-dt_portfolio status-publish has-post-thumbnail hentry dt_portfolio_category-afwerkingen-alternatieven dt_portfolio_category-decoratief-beton\">\n\t\t\t\t<div class=\"post-content-wrapper\">\n\t\t\t\t\t\t\t\t\t\t\t<div class=\"the7-simple-post-thumb\">\n\t\t\t\t\t\t\t<a class=\"post-thumbnail-rollover layzr-bg img-css-resize-wrapper\" aria-label=\"Berichtafbeelding\" href=\"https:\/\/www.emb.be\/nl\/project\/privewoning-court-saint-etienne\/\"><img decoding=\"async\" width=\"2048\" height=\"1365\" src=\"data:image\/svg+xml,%3Csvg%20xmlns%3D&#039;http%3A%2F%2Fwww.w3.org%2F2000%2Fsvg&#039;%20viewBox%3D&#039;0%200%202048%201365&#039;%2F%3E\" class=\"attachment-full size-full preload-me aspect lazy lazy-load\" alt=\"\" sizes=\"(max-width: 2048px) 100vw, 2048px\" style=\"--ratio: 2048 \/ 1365;\" data-src=\"https:\/\/www.emb.be\/wp-content\/uploads\/2019\/04\/Salon-moderne-avec-sol-en-beton-decoratif-fonce-effet-Blue-Stone.jpg\" loading=\"eager\" data-srcset=\"https:\/\/www.emb.be\/wp-content\/uploads\/2019\/04\/Salon-moderne-avec-sol-en-beton-decoratif-fonce-effet-Blue-Stone.jpg 2048w, https:\/\/www.emb.be\/wp-content\/uploads\/2019\/04\/Salon-moderne-avec-sol-en-beton-decoratif-fonce-effet-Blue-Stone-300x200.jpg 300w, https:\/\/www.emb.be\/wp-content\/uploads\/2019\/04\/Salon-moderne-avec-sol-en-beton-decoratif-fonce-effet-Blue-Stone-1024x683.jpg 1024w, https:\/\/www.emb.be\/wp-content\/uploads\/2019\/04\/Salon-moderne-avec-sol-en-beton-decoratif-fonce-effet-Blue-Stone-768x512.jpg 768w, https:\/\/www.emb.be\/wp-content\/uploads\/2019\/04\/Salon-moderne-avec-sol-en-beton-decoratif-fonce-effet-Blue-Stone-1536x1024.jpg 1536w\" \/><span class=\"the7-hover-icon\"><i aria-hidden=\"true\" class=\"feather feather-more-horizontal\"><\/i><\/span><\/a>\t\t\t\t\t\t<\/div>\n\t\t\t\t\t\n\t\t\t\t\t<div class=\"post-entry-content\">\n\t\t\t\t\t\t<h5 class=\"heading\"><a href=\"https:\/\/www.emb.be\/nl\/project\/privewoning-court-saint-etienne\/\" rel=\"bookmark\" title=\"Priv\u00e9woning \u2013 Court-Saint-\u00c9tienne\" class=\"post-title\">Priv\u00e9woning \u2013 Court-Saint-\u00c9tienne<\/a><\/h5><div class=\"entry-meta\"><span class=\"meta-item category-link\"><a href=\"https:\/\/www.emb.be\/nl\/realisatie-categorie\/afwerkingen-alternatieven\/\" rel=\"tag\">Afwerkingen &amp; alternatieven<\/a>, <a href=\"https:\/\/www.emb.be\/nl\/realisatie-categorie\/decoratief-beton\/\" rel=\"tag\">Decoratief beton<\/a><\/span><\/div><div class=\"details-wrap\"><a href=\"https:\/\/www.emb.be\/nl\/project\/privewoning-court-saint-etienne\/\" target=\"\" aria-label=\"Lesen Sie mehr \u00fcber Priv\u00e9woning \u2013 Court-Saint-\u00c9tienne\" class=\"box-button elementor-button elementor-size-xs\">Bekijk de realisatie<\/a><\/div>\t\t\t\t\t<\/div>\n\t\t\t\t<\/div>\n\n\t\t\t<\/article><article class=\"post visible wrapper dt-owl-item-wrap post-94524 dt_portfolio type-dt_portfolio status-publish has-post-thumbnail hentry dt_portfolio_category-afwerkingen-alternatieven dt_portfolio_category-decoratief-beton\">\n\t\t\t\t<div class=\"post-content-wrapper\">\n\t\t\t\t\t\t\t\t\t\t\t<div class=\"the7-simple-post-thumb\">\n\t\t\t\t\t\t\t<a class=\"post-thumbnail-rollover layzr-bg img-css-resize-wrapper\" aria-label=\"Berichtafbeelding\" href=\"https:\/\/www.emb.be\/nl\/project\/privewoning-granito-terrazzo-buitenvloeren\/\"><img decoding=\"async\" width=\"2048\" height=\"1365\" src=\"data:image\/svg+xml,%3Csvg%20xmlns%3D&#039;http%3A%2F%2Fwww.w3.org%2F2000%2Fsvg&#039;%20viewBox%3D&#039;0%200%202048%201365&#039;%2F%3E\" class=\"attachment-full size-full preload-me aspect lazy lazy-load\" alt=\"Rev\u00eatement de sol en granito pour entr\u00e9e d\u2019immeuble r\u00e9sidentiel\" sizes=\"(max-width: 2048px) 100vw, 2048px\" style=\"--ratio: 2048 \/ 1365;\" data-src=\"https:\/\/www.emb.be\/wp-content\/uploads\/2019\/01\/Revetement-de-sol-en-granito-pour-entree-dimmeuble-residentiel.jpg\" loading=\"eager\" data-srcset=\"https:\/\/www.emb.be\/wp-content\/uploads\/2019\/01\/Revetement-de-sol-en-granito-pour-entree-dimmeuble-residentiel.jpg 2048w, https:\/\/www.emb.be\/wp-content\/uploads\/2019\/01\/Revetement-de-sol-en-granito-pour-entree-dimmeuble-residentiel-300x200.jpg 300w, https:\/\/www.emb.be\/wp-content\/uploads\/2019\/01\/Revetement-de-sol-en-granito-pour-entree-dimmeuble-residentiel-1024x683.jpg 1024w, https:\/\/www.emb.be\/wp-content\/uploads\/2019\/01\/Revetement-de-sol-en-granito-pour-entree-dimmeuble-residentiel-768x512.jpg 768w, https:\/\/www.emb.be\/wp-content\/uploads\/2019\/01\/Revetement-de-sol-en-granito-pour-entree-dimmeuble-residentiel-1536x1024.jpg 1536w\" \/><span class=\"the7-hover-icon\"><i aria-hidden=\"true\" class=\"feather feather-more-horizontal\"><\/i><\/span><\/a>\t\t\t\t\t\t<\/div>\n\t\t\t\t\t\n\t\t\t\t\t<div class=\"post-entry-content\">\n\t\t\t\t\t\t<h5 class=\"heading\"><a href=\"https:\/\/www.emb.be\/nl\/project\/privewoning-granito-terrazzo-buitenvloeren\/\" rel=\"bookmark\" title=\"Priv\u00e9woning \u2013 Granito \/ terrazzo buitenvloeren\" class=\"post-title\">Priv\u00e9woning \u2013 Granito \/ terrazzo buitenvloeren<\/a><\/h5><div class=\"entry-meta\"><span class=\"meta-item category-link\"><a href=\"https:\/\/www.emb.be\/nl\/realisatie-categorie\/afwerkingen-alternatieven\/\" rel=\"tag\">Afwerkingen &amp; alternatieven<\/a>, <a href=\"https:\/\/www.emb.be\/nl\/realisatie-categorie\/decoratief-beton\/\" rel=\"tag\">Decoratief beton<\/a><\/span><\/div><div class=\"details-wrap\"><a href=\"https:\/\/www.emb.be\/nl\/project\/privewoning-granito-terrazzo-buitenvloeren\/\" target=\"\" aria-label=\"Lesen Sie mehr \u00fcber Priv\u00e9woning \u2013 Granito \/ terrazzo buitenvloeren\" class=\"box-button elementor-button elementor-size-xs\">Bekijk de realisatie<\/a><\/div>\t\t\t\t\t<\/div>\n\t\t\t\t<\/div>\n\n\t\t\t<\/article><\/div><div class=\"owl-nav disabled\"><div class=\"owl-prev\" role=\"button\" tabindex=\"0\" aria-label=\"Prev slide\"><i class=\"feather feather-chevron-left\"><\/i><\/div><div class=\"owl-next\" role=\"button\" tabindex=\"0\" aria-label=\"Next slide\"><i class=\"feather feather-chevron-right\"><\/i><\/div><\/div>\t\t\t\t<\/div>\n\t\t\t\t<\/div>\n\t\t\t\t\t<\/div>\n\t\t<\/div>\n\t\t\t\t\t<\/div>\n\t\t<\/section>\n\t\t\t\t<section class=\"elementor-section elementor-top-section elementor-element elementor-element-7381eb56 elementor-section-height-min-height elementor-section-items-stretch elementor-section-content-middle elementor-section-boxed elementor-section-height-default\" data-id=\"7381eb56\" data-element_type=\"section\" data-e-type=\"section\">\n\t\t\t\t\t\t<div class=\"elementor-container elementor-column-gap-wider\">\n\t\t\t\t\t<div class=\"elementor-column elementor-col-50 elementor-top-column elementor-element elementor-element-4533a7f3\" data-id=\"4533a7f3\" data-element_type=\"column\" data-e-type=\"column\">\n\t\t\t<div class=\"elementor-widget-wrap elementor-element-populated\">\n\t\t\t\t\t\t<div class=\"elementor-element elementor-element-15084786 elementor-widget__width-initial elementor-widget-mobile__width-auto elementor-widget elementor-widget-image\" data-id=\"15084786\" data-element_type=\"widget\" data-e-type=\"widget\" data-widget_type=\"image.default\">\n\t\t\t\t\t\t\t\t\t\t\t\t\t\t\t<img decoding=\"async\" src=\"https:\/\/www.emb.be\/wp-content\/uploads\/elementor\/thumbs\/emb-camion-livraison-chape-beton-bruxelles-02-rmdyxn5o1wl3846p5a067l4mu6zook1otgosk8zlsg.jpg\" title=\"EMB-vrachtwagen op het bedrijfsterrein in Brussel voor levering in verband met dekvloeren en betonvloeren\" alt=\"EMB-vrachtwagen op het bedrijfsterrein in Brussel voor levering in verband met dekvloeren en betonvloeren\" loading=\"lazy\" \/>\t\t\t\t\t\t\t\t\t\t\t\t\t\t\t<\/div>\n\t\t\t\t\t<\/div>\n\t\t<\/div>\n\t\t\t\t<div class=\"elementor-column elementor-col-50 elementor-top-column elementor-element elementor-element-5d23bb2\" data-id=\"5d23bb2\" data-element_type=\"column\" data-e-type=\"column\">\n\t\t\t<div class=\"elementor-widget-wrap elementor-element-populated\">\n\t\t\t\t\t\t<div class=\"elementor-element elementor-element-403874c elementor-widget elementor-widget-heading\" data-id=\"403874c\" data-element_type=\"widget\" data-e-type=\"widget\" data-widget_type=\"heading.default\">\n\t\t\t\t\t<h2 class=\"elementor-heading-title elementor-size-default\">Een dekvloerproject in Brussel? Laten we erover praten. <\/h2>\t\t\t\t<\/div>\n\t\t\t\t<div class=\"elementor-element elementor-element-34789085 elementor-widget elementor-widget-spacer\" data-id=\"34789085\" data-element_type=\"widget\" data-e-type=\"widget\" data-widget_type=\"spacer.default\">\n\t\t\t\t\t\t\t<div class=\"elementor-spacer\">\n\t\t\t<div class=\"elementor-spacer-inner\"><\/div>\n\t\t<\/div>\n\t\t\t\t\t\t<\/div>\n\t\t\t\t<div class=\"elementor-element elementor-element-5d943a3b elementor-widget elementor-widget-text-editor\" data-id=\"5d943a3b\" data-element_type=\"widget\" data-e-type=\"widget\" data-widget_type=\"text-editor.default\">\n\t\t\t\t\t\t\t\t\t<p>Elke werf vereist een aangepaste technische oplossing. Onze teams begeleiden u bij de keuze van het type dekvloer, de materialen en de uitvoering om een duurzame en conforme vloer te garanderen. <\/p>\t\t\t\t\t\t\t\t<\/div>\n\t\t\t\t<div class=\"elementor-element elementor-element-dc449ae elementor-widget elementor-widget-spacer\" data-id=\"dc449ae\" data-element_type=\"widget\" data-e-type=\"widget\" data-widget_type=\"spacer.default\">\n\t\t\t\t\t\t\t<div class=\"elementor-spacer\">\n\t\t\t<div class=\"elementor-spacer-inner\"><\/div>\n\t\t<\/div>\n\t\t\t\t\t\t<\/div>\n\t\t\t\t<div class=\"elementor-element elementor-element-769de075 elementor-widget__width-auto elementor-mobile-align-center elementor-widget-mobile__width-inherit elementor-widget elementor-widget-the7_button_widget\" data-id=\"769de075\" data-element_type=\"widget\" data-e-type=\"widget\" data-widget_type=\"the7_button_widget.default\">\n\t\t\t\t<div class=\"elementor-widget-container\">\n\t\t\t\t\t<div class=\"elementor-button-wrapper\"><a href=\"tel:+3222151949\" class=\"box-button elementor-button elementor-size-lg\">+32 (0) 2 215 19 49<i aria-hidden=\"true\" class=\"elementor-button-icon feather feather-phone\"><\/i><\/a><\/div>\t\t\t\t<\/div>\n\t\t\t\t<\/div>\n\t\t\t\t<div class=\"elementor-element elementor-element-4a3c5ad4 elementor-widget__width-auto elementor-mobile-align-center elementor-widget-mobile__width-inherit elementor-widget elementor-widget-the7_button_widget\" data-id=\"4a3c5ad4\" data-element_type=\"widget\" data-e-type=\"widget\" data-widget_type=\"the7_button_widget.default\">\n\t\t\t\t<div class=\"elementor-widget-container\">\n\t\t\t\t\t<div class=\"elementor-button-wrapper\"><a href=\"https:\/\/www.emb.be\/contact\/\" class=\"box-button elementor-button elementor-size-lg\">Vraag een offerte aan<i aria-hidden=\"true\" class=\"elementor-button-icon feather feather-arrow-right\"><\/i><\/a><\/div>\t\t\t\t<\/div>\n\t\t\t\t<\/div>\n\t\t\t\t\t<\/div>\n\t\t<\/div>\n\t\t\t\t\t<\/div>\n\t\t<\/section>\n\t\t\t\t<\/div>\n\t\t","protected":false},"excerpt":{"rendered":"<p>Dekvloeren in Brussel voor woningen en professionele projecten De dekvloer is bestemd om de definitieve afwerking te ontvangen en blijft dus onzichtbaar zodra de werf voltooid is. Haar rol is echter fundamenteel: zij zorgt voor de nivellering van het oppervlak en de duurzaamheid van de nadien aangebrachte afwerking. De uitvoering ervan moet voldoen aan de&hellip;<\/p>\n","protected":false},"author":2,"featured_media":94159,"parent":0,"menu_order":0,"comment_status":"closed","ping_status":"closed","template":"","meta":{"footnotes":""},"class_list":["post-94148","page","type-page","status-publish","has-post-thumbnail","hentry"],"yoast_head":"<!-- This site is optimized with the Yoast SEO plugin v27.4 - https:\/\/yoast.com\/product\/yoast-seo-wordpress\/ -->\n<title>Dekvloeren in Brussel | Plaatsing van traditionele en isolerende dekvloer - EMB<\/title>\n<meta name=\"description\" content=\"Gespecialiseerd bedrijf in dekvloeren in Brussel: traditionele, isolerende en nivellerende dekvloer. Woningen en professionele projecten.\" \/>\n<meta name=\"robots\" content=\"index, follow, max-snippet:-1, max-image-preview:large, max-video-preview:-1\" \/>\n<link rel=\"canonical\" href=\"https:\/\/www.emb.be\/nl\/dekvloeren\/\" \/>\n<meta property=\"og:locale\" content=\"nl_NL\" \/>\n<meta property=\"og:type\" content=\"article\" \/>\n<meta property=\"og:title\" content=\"Dekvloeren in Brussel | Plaatsing van traditionele en isolerende dekvloer - EMB\" \/>\n<meta property=\"og:description\" content=\"Gespecialiseerd bedrijf in dekvloeren in Brussel: traditionele, isolerende en nivellerende dekvloer. Oplossingen voor woningen en professionele projecten.\" \/>\n<meta property=\"og:url\" content=\"https:\/\/www.emb.be\/nl\/dekvloeren\/\" \/>\n<meta property=\"og:site_name\" content=\"EMB\" \/>\n<meta property=\"article:publisher\" content=\"https:\/\/www.facebook.com\/emb.belgium\/\" \/>\n<meta property=\"article:modified_time\" content=\"2026-04-26T10:47:52+00:00\" \/>\n<meta property=\"og:image\" content=\"https:\/\/www.emb.be\/wp-content\/uploads\/2026\/02\/sol-en-beton-exterieur-maison-entree-garage-beton-1024x576.jpg\" \/>\n<meta name=\"twitter:card\" content=\"summary_large_image\" \/>\n<meta name=\"twitter:title\" content=\"Dekvloeren in Brussel | Plaatsing van traditionele en isolerende dekvloer - EMB\" \/>\n<meta name=\"twitter:description\" content=\"Gespecialiseerd bedrijf in dekvloeren in Brussel: traditionele, isolerende en nivellerende dekvloer. Oplossingen voor woningen en professionele projecten. Snelle offerte.\" \/>\n<meta name=\"twitter:image\" content=\"https:\/\/www.emb.be\/wp-content\/uploads\/2026\/02\/sol-en-beton-exterieur-maison-entree-garage-beton-1024x576.jpg\" \/>\n<meta name=\"twitter:label1\" content=\"Geschatte leestijd\" \/>\n\t<meta name=\"twitter:data1\" content=\"3 minuut\" \/>\n<script type=\"application\/ld+json\" class=\"yoast-schema-graph\">{\"@context\":\"https:\\\/\\\/schema.org\",\"@graph\":[{\"@type\":\"WebPage\",\"@id\":\"https:\\\/\\\/www.emb.be\\\/nl\\\/dekvloeren\\\/\",\"url\":\"https:\\\/\\\/www.emb.be\\\/nl\\\/dekvloeren\\\/\",\"name\":\"Dekvloeren in Brussel | Plaatsing van traditionele en isolerende dekvloer - EMB\",\"isPartOf\":{\"@id\":\"https:\\\/\\\/www.emb.be\\\/nl\\\/#website\"},\"primaryImageOfPage\":{\"@id\":\"https:\\\/\\\/www.emb.be\\\/nl\\\/dekvloeren\\\/#primaryimage\"},\"image\":{\"@id\":\"https:\\\/\\\/www.emb.be\\\/nl\\\/dekvloeren\\\/#primaryimage\"},\"thumbnailUrl\":\"https:\\\/\\\/www.emb.be\\\/wp-content\\\/uploads\\\/2024\\\/11\\\/artisans-specialises-en-beton-lisse-et-chapes-en-intervention-sur-chantier.jpg\",\"datePublished\":\"2026-02-17T12:52:42+00:00\",\"dateModified\":\"2026-04-26T10:47:52+00:00\",\"description\":\"Gespecialiseerd bedrijf in dekvloeren in Brussel: traditionele, isolerende en nivellerende dekvloer. Woningen en professionele projecten.\",\"breadcrumb\":{\"@id\":\"https:\\\/\\\/www.emb.be\\\/nl\\\/dekvloeren\\\/#breadcrumb\"},\"inLanguage\":\"nl-NL\",\"potentialAction\":[{\"@type\":\"ReadAction\",\"target\":[\"https:\\\/\\\/www.emb.be\\\/nl\\\/dekvloeren\\\/\"]}]},{\"@type\":\"ImageObject\",\"inLanguage\":\"nl-NL\",\"@id\":\"https:\\\/\\\/www.emb.be\\\/nl\\\/dekvloeren\\\/#primaryimage\",\"url\":\"https:\\\/\\\/www.emb.be\\\/wp-content\\\/uploads\\\/2024\\\/11\\\/artisans-specialises-en-beton-lisse-et-chapes-en-intervention-sur-chantier.jpg\",\"contentUrl\":\"https:\\\/\\\/www.emb.be\\\/wp-content\\\/uploads\\\/2024\\\/11\\\/artisans-specialises-en-beton-lisse-et-chapes-en-intervention-sur-chantier.jpg\",\"width\":1365,\"height\":2048,\"caption\":\"gespecialiseerde ambachtslieden in gepolijst beton en dekvloeren, tijdens tussenkomst op de werf\"},{\"@type\":\"BreadcrumbList\",\"@id\":\"https:\\\/\\\/www.emb.be\\\/nl\\\/dekvloeren\\\/#breadcrumb\",\"itemListElement\":[{\"@type\":\"ListItem\",\"position\":1,\"name\":\"Accueil\",\"item\":\"https:\\\/\\\/www.emb.be\\\/nl\\\/\"},{\"@type\":\"ListItem\",\"position\":2,\"name\":\"Dekvloeren\"}]},{\"@type\":\"WebSite\",\"@id\":\"https:\\\/\\\/www.emb.be\\\/nl\\\/#website\",\"url\":\"https:\\\/\\\/www.emb.be\\\/nl\\\/\",\"name\":\"EMB\",\"description\":\"\",\"publisher\":{\"@id\":\"https:\\\/\\\/www.emb.be\\\/nl\\\/#organization\"},\"potentialAction\":[{\"@type\":\"SearchAction\",\"target\":{\"@type\":\"EntryPoint\",\"urlTemplate\":\"https:\\\/\\\/www.emb.be\\\/nl\\\/?s={search_term_string}\"},\"query-input\":{\"@type\":\"PropertyValueSpecification\",\"valueRequired\":true,\"valueName\":\"search_term_string\"}}],\"inLanguage\":\"nl-NL\"},{\"@type\":\"Organization\",\"@id\":\"https:\\\/\\\/www.emb.be\\\/nl\\\/#organization\",\"name\":\"EMB\",\"url\":\"https:\\\/\\\/www.emb.be\\\/nl\\\/\",\"logo\":{\"@type\":\"ImageObject\",\"inLanguage\":\"nl-NL\",\"@id\":\"https:\\\/\\\/www.emb.be\\\/nl\\\/#\\\/schema\\\/logo\\\/image\\\/\",\"url\":\"https:\\\/\\\/www.emb.be\\\/wp-content\\\/uploads\\\/2026\\\/02\\\/favicon_emb.png\",\"contentUrl\":\"https:\\\/\\\/www.emb.be\\\/wp-content\\\/uploads\\\/2026\\\/02\\\/favicon_emb.png\",\"width\":500,\"height\":500,\"caption\":\"EMB\"},\"image\":{\"@id\":\"https:\\\/\\\/www.emb.be\\\/nl\\\/#\\\/schema\\\/logo\\\/image\\\/\"},\"sameAs\":[\"https:\\\/\\\/www.facebook.com\\\/emb.belgium\\\/\",\"https:\\\/\\\/be.linkedin.com\\\/company\\\/emb-entreprises-miot\"]}]}<\/script>\n<!-- \/ Yoast SEO plugin. -->","yoast_head_json":{"title":"Dekvloeren in Brussel | Plaatsing van traditionele en isolerende dekvloer - EMB","description":"Gespecialiseerd bedrijf in dekvloeren in Brussel: traditionele, isolerende en nivellerende dekvloer. Woningen en professionele projecten.","robots":{"index":"index","follow":"follow","max-snippet":"max-snippet:-1","max-image-preview":"max-image-preview:large","max-video-preview":"max-video-preview:-1"},"canonical":"https:\/\/www.emb.be\/nl\/dekvloeren\/","og_locale":"nl_NL","og_type":"article","og_title":"Dekvloeren in Brussel | Plaatsing van traditionele en isolerende dekvloer - EMB","og_description":"Gespecialiseerd bedrijf in dekvloeren in Brussel: traditionele, isolerende en nivellerende dekvloer. Oplossingen voor woningen en professionele projecten.","og_url":"https:\/\/www.emb.be\/nl\/dekvloeren\/","og_site_name":"EMB","article_publisher":"https:\/\/www.facebook.com\/emb.belgium\/","article_modified_time":"2026-04-26T10:47:52+00:00","og_image":[{"url":"https:\/\/www.emb.be\/wp-content\/uploads\/2026\/02\/sol-en-beton-exterieur-maison-entree-garage-beton-1024x576.jpg","type":"","width":"","height":""}],"twitter_card":"summary_large_image","twitter_title":"Dekvloeren in Brussel | Plaatsing van traditionele en isolerende dekvloer - EMB","twitter_description":"Gespecialiseerd bedrijf in dekvloeren in Brussel: traditionele, isolerende en nivellerende dekvloer. Oplossingen voor woningen en professionele projecten. Snelle offerte.","twitter_image":"https:\/\/www.emb.be\/wp-content\/uploads\/2026\/02\/sol-en-beton-exterieur-maison-entree-garage-beton-1024x576.jpg","twitter_misc":{"Geschatte leestijd":"3 minuut"},"schema":{"@context":"https:\/\/schema.org","@graph":[{"@type":"WebPage","@id":"https:\/\/www.emb.be\/nl\/dekvloeren\/","url":"https:\/\/www.emb.be\/nl\/dekvloeren\/","name":"Dekvloeren in Brussel | Plaatsing van traditionele en isolerende dekvloer - EMB","isPartOf":{"@id":"https:\/\/www.emb.be\/nl\/#website"},"primaryImageOfPage":{"@id":"https:\/\/www.emb.be\/nl\/dekvloeren\/#primaryimage"},"image":{"@id":"https:\/\/www.emb.be\/nl\/dekvloeren\/#primaryimage"},"thumbnailUrl":"https:\/\/www.emb.be\/wp-content\/uploads\/2024\/11\/artisans-specialises-en-beton-lisse-et-chapes-en-intervention-sur-chantier.jpg","datePublished":"2026-02-17T12:52:42+00:00","dateModified":"2026-04-26T10:47:52+00:00","description":"Gespecialiseerd bedrijf in dekvloeren in Brussel: traditionele, isolerende en nivellerende dekvloer. Woningen en professionele projecten.","breadcrumb":{"@id":"https:\/\/www.emb.be\/nl\/dekvloeren\/#breadcrumb"},"inLanguage":"nl-NL","potentialAction":[{"@type":"ReadAction","target":["https:\/\/www.emb.be\/nl\/dekvloeren\/"]}]},{"@type":"ImageObject","inLanguage":"nl-NL","@id":"https:\/\/www.emb.be\/nl\/dekvloeren\/#primaryimage","url":"https:\/\/www.emb.be\/wp-content\/uploads\/2024\/11\/artisans-specialises-en-beton-lisse-et-chapes-en-intervention-sur-chantier.jpg","contentUrl":"https:\/\/www.emb.be\/wp-content\/uploads\/2024\/11\/artisans-specialises-en-beton-lisse-et-chapes-en-intervention-sur-chantier.jpg","width":1365,"height":2048,"caption":"gespecialiseerde ambachtslieden in gepolijst beton en dekvloeren, tijdens tussenkomst op de werf"},{"@type":"BreadcrumbList","@id":"https:\/\/www.emb.be\/nl\/dekvloeren\/#breadcrumb","itemListElement":[{"@type":"ListItem","position":1,"name":"Accueil","item":"https:\/\/www.emb.be\/nl\/"},{"@type":"ListItem","position":2,"name":"Dekvloeren"}]},{"@type":"WebSite","@id":"https:\/\/www.emb.be\/nl\/#website","url":"https:\/\/www.emb.be\/nl\/","name":"EMB","description":"","publisher":{"@id":"https:\/\/www.emb.be\/nl\/#organization"},"potentialAction":[{"@type":"SearchAction","target":{"@type":"EntryPoint","urlTemplate":"https:\/\/www.emb.be\/nl\/?s={search_term_string}"},"query-input":{"@type":"PropertyValueSpecification","valueRequired":true,"valueName":"search_term_string"}}],"inLanguage":"nl-NL"},{"@type":"Organization","@id":"https:\/\/www.emb.be\/nl\/#organization","name":"EMB","url":"https:\/\/www.emb.be\/nl\/","logo":{"@type":"ImageObject","inLanguage":"nl-NL","@id":"https:\/\/www.emb.be\/nl\/#\/schema\/logo\/image\/","url":"https:\/\/www.emb.be\/wp-content\/uploads\/2026\/02\/favicon_emb.png","contentUrl":"https:\/\/www.emb.be\/wp-content\/uploads\/2026\/02\/favicon_emb.png","width":500,"height":500,"caption":"EMB"},"image":{"@id":"https:\/\/www.emb.be\/nl\/#\/schema\/logo\/image\/"},"sameAs":["https:\/\/www.facebook.com\/emb.belgium\/","https:\/\/be.linkedin.com\/company\/emb-entreprises-miot"]}]}},"_links":{"self":[{"href":"https:\/\/www.emb.be\/nl\/wp-json\/wp\/v2\/pages\/94148","targetHints":{"allow":["GET"]}}],"collection":[{"href":"https:\/\/www.emb.be\/nl\/wp-json\/wp\/v2\/pages"}],"about":[{"href":"https:\/\/www.emb.be\/nl\/wp-json\/wp\/v2\/types\/page"}],"author":[{"embeddable":true,"href":"https:\/\/www.emb.be\/nl\/wp-json\/wp\/v2\/users\/2"}],"replies":[{"embeddable":true,"href":"https:\/\/www.emb.be\/nl\/wp-json\/wp\/v2\/comments?post=94148"}],"version-history":[{"count":1,"href":"https:\/\/www.emb.be\/nl\/wp-json\/wp\/v2\/pages\/94148\/revisions"}],"predecessor-version":[{"id":94161,"href":"https:\/\/www.emb.be\/nl\/wp-json\/wp\/v2\/pages\/94148\/revisions\/94161"}],"wp:featuredmedia":[{"embeddable":true,"href":"https:\/\/www.emb.be\/nl\/wp-json\/wp\/v2\/media\/94159"}],"wp:attachment":[{"href":"https:\/\/www.emb.be\/nl\/wp-json\/wp\/v2\/media?parent=94148"}],"curies":[{"name":"wp","href":"https:\/\/api.w.org\/{rel}","templated":true}]}}